{"id":8,"date":"2024-02-22T13:07:39","date_gmt":"2024-02-22T12:07:39","guid":{"rendered":"https:\/\/dlf.uzh.ch\/sites\/wunderzeichenbuch\/?page_id=8"},"modified":"2024-07-03T15:06:06","modified_gmt":"2024-07-03T13:06:06","slug":"uber-das-wunderzeichenbuch","status":"publish","type":"page","link":"https:\/\/dlf.uzh.ch\/sites\/wunderzeichenbuch\/main\/uber-das-wunderzeichenbuch\/","title":{"rendered":"\u00dcber das Wunderzeichenbuch"},"content":{"rendered":"\n<p><br>Das Augsburger Wunderzeichenbuch ist eine faszinierende historische Quelle, die einzigartige Einblicke in die Vorstellungswelt der Fr\u00fchen Neuzeit mit wundersamen Ereignissen. <\/p>\n\n\n\n<p>Im Folgenden wird zuerst ein Einblick in die Prodigien und Wunderzeichenb\u00fccher allgemein gegeben und im Anschluss auf die Quelle des Augsburger Wunderzeichenbuches genauer eingegangen. <\/p>\n\n\n\n<hr class=\"wp-block-separator has-alpha-channel-opacity\" style=\"margin-top:var(--wp--preset--spacing--50);margin-bottom:var(--wp--preset--spacing--50)\" \/>\n\n\n\n<details class=\"wp-block-details has-medium-font-size is-layout-flow wp-block-details-is-layout-flow\"><summary>Wunder, Prodigien und Wunderzeichenb\u00fccher<\/summary>\n<p>Das Interesse an wundersamen Ereignissen und Naturph\u00e4nomenen wie Kometen, Erdbeben oder Wundergeburten reicht bis in die Antike zur\u00fcck. Bereits bei Autoren wie Homer, Herodot und Titus Livius wurden solche Ereignisse als Omen oder Vorzeichen f\u00fcr die Zukunft interpretiert. Diese Faszination findet sich in einer Vielzahl von Aufzeichnungen wieder, die von der Antike \u00fcber das Mittelalter bis in die Neuzeit reichen und zur Textgattung der \u00abWunderzeichenb\u00fccher\u00bb oder \u00abProdigiensammlungen\u00bb gez\u00e4hlt werden.<sup data-fn=\"fbd5e84a-8fae-4a71-ada8-9c34686c5faa\" class=\"fn\"><a href=\"#fbd5e84a-8fae-4a71-ada8-9c34686c5faa\" id=\"fbd5e84a-8fae-4a71-ada8-9c34686c5faa-link\">1<\/a><\/sup><\/p>\n\n\n\n<p>Zu den bekanntesten Wunderzeichenb\u00fcchern z\u00e4hlen Werke wie das \u00abliber prodigiorum\u00bb von Iulius Obsequens aus dem 4. Jahrhundert, Sebastian Brandts \u00abvaria carmina\u00bb (1457\/8\u20131521), Jakob Mennels \u00abde signis, portentis\u00bb (1460\u20131526) und die<a href=\"https:\/\/www.zb.uzh.ch\/de\/zuerich\/zuerich-wick\" data-type=\"link\" data-id=\"https:\/\/www.zb.uzh.ch\/de\/zuerich\/zuerich-wick\"> \u00abWickiana\u00bb von Johann Jakob Wick<\/a> (1522\u20131588). Die Verbreitung von Flugschriften in der Fr\u00fchen Neuzeit trug dazu bei, das Interesse an Wundern und Prodigien zu f\u00f6rdern, insbesondere in protestantischen Kreisen wie denen von Heinrich Bullinger oder Melanchthon.<sup data-fn=\"10f12619-8750-47f5-bdfa-59d97561fd9f\" class=\"fn\"><a href=\"#10f12619-8750-47f5-bdfa-59d97561fd9f\" id=\"10f12619-8750-47f5-bdfa-59d97561fd9f-link\">2<\/a><\/sup><\/p>\n\n\n\n<p>Diese Berichte \u00fcber Wunder hatten oft eine ermahnende Funktion. Sie riefen im Sinne der Eschatologie zur Busse, zur Besserung und zur Vorbereitung auf die Endzeit auf. Durch ihre Darstellung von unerkl\u00e4rlichen Ereignissen trugen sie zur Formung der religi\u00f6sen und gesellschaftlichen Vorstellungen ihrer Zeit bei.<sup data-fn=\"9bc22004-63b6-45a0-8132-a2e85823a85e\" class=\"fn\"><a href=\"#9bc22004-63b6-45a0-8132-a2e85823a85e\" id=\"9bc22004-63b6-45a0-8132-a2e85823a85e-link\">3<\/a><\/sup><\/p>\n\n\n\n<p><\/p>\n<\/details>\n\n\n\n<hr class=\"wp-block-separator has-alpha-channel-opacity\" style=\"margin-top:var(--wp--preset--spacing--50);margin-bottom:var(--wp--preset--spacing--50)\" \/>\n\n\n\n<details class=\"wp-block-details has-medium-font-size is-layout-flow wp-block-details-is-layout-flow\"><summary>Das Augsburger Wunderzeichenbuch<\/summary>\n<p>Das Augsburger Wunderzeichenbuch wurde im Jahr 2008 bei einer Auktion (wieder)entdeckt und befindet sich nun im Privatbesitz der Mickey Cartin Collection. Die Kunsthistoriker Till-Holger Borchert und Joshua P. Waterman haben es erm\u00f6glicht, eine Faksimile-Edition davon zu erstellen. Auf dieser Edition basiert auch der gr\u00f6sste Teil dieses Projekts (siehe Bibliographie). Das Manuskript, dessen Herstellungsort Augsburg vermutet wird, stammt aus dem 16. Jahrhundert, einer Zeit, die als Bl\u00fctezeit der Wunderzeichenb\u00fccher bekannt ist.<\/p>\n\n\n\n<p>Augsburg war nicht nur ein bedeutendes politisches, religi\u00f6ses und finanzielles Zentrum, sondern auch ein wichtiger Standort f\u00fcr die Produktion von Flugbl\u00e4ttern und Wunderzeichenberichten, neben St\u00e4dten wie N\u00fcrnberg, Strassburg, Frankfurt, K\u00f6ln und Prag. Die genauen Umst\u00e4nde der Entstehung des Augsburger Wunderzeichenbuches sind jedoch unklar. Es wird vermutet, dass Hans Burkmair der J\u00fcngere, Hans Hohlbein der J\u00fcngere und Hans Sebald Beham m\u00f6glicherweise an seiner Erstellung beteiligt waren.<\/p>\n\n\n\n<p>Das Augsburger Wunderzeichenbuch unterscheidet sich von anderen Werken seiner Zeit durch seine farbenpr\u00e4chtigen Illustrationen in Gouache und Aquarell, im Gegensatz zu den meist einfarbigen Flugbl\u00e4ttern. Der Text des Werkes verzichtet auf eine explizite Deutung und Mahnung, vermutlich um Redundanz zu vermeiden. Die einzelnen Folios folgen dem typischen Aufbau von \u00dcberschrift, Darstellung und Beschreibung, wobei die Texte im Vergleich zu anderen Flugbl\u00e4ttern oder Wunderzeichenb\u00fcchern knapper gehalten sind und auf ein Vorwort oder eine Widmung verzichten. Das Werk ist aber nicht vollst\u00e4ndig erhalten, da einige Folia im Laufe des 19. Jahrhunderts aus dem Korpus entfernt wurden und seitdem unauffindbar sind.<sup data-fn=\"5d6db517-49ff-4a6e-91f5-c4b18ecfa393\" class=\"fn\"><a href=\"#5d6db517-49ff-4a6e-91f5-c4b18ecfa393\" id=\"5d6db517-49ff-4a6e-91f5-c4b18ecfa393-link\">4<\/a><\/sup><\/p>\n\n\n\n<p>Der chronologische Aufbau des Augsburger Wunderzeichenbuches orientiert sich an dem Ordnungssystem der Weltgeschichte und der biblischen Heilsgeschichte. Es beginnt mit den Wunderzeichen des Alten Testaments, zeigt dann Wunder von 73 v. Chr. bis 1552 n. Chr., wobei meist nur ein Ereignis pro Seite dargestellt wird, und schliesst mit Zeichen aus der Offenbarung des Johannes, die noch in der Zukunft erwartet werden. Die Grundlage f\u00fcr die insgesamt 167 Folia des Werkes sind vermutlich Chroniken, andere Flugbl\u00e4tter, Kupferstiche, Darstellungen und Notizen. Die biblischen Darstellungen im ersten und letzten Teil basieren wahrscheinlich auf der Z\u00fcrcher Bibel gedruckt bei Christoph Froschauer. <\/p>\n\n\n\n<p><\/p>\n<\/details>\n\n\n\n<hr class=\"wp-block-separator has-alpha-channel-opacity\" style=\"margin-top:var(--wp--preset--spacing--50);margin-bottom:var(--wp--preset--spacing--50)\" \/>\n\n\n\n<details id=\"weitere-folia\" class=\"wp-block-details has-medium-font-size is-layout-flow wp-block-details-is-layout-flow\"><summary>Weitere Folia des Augsburger Wunderzeichenbuches<\/summary>\n<p>Die folgenden Folia sind auf der Karte nicht auffindbar, da sie keine (explizite) geografische Verortung haben. Um der Vollst\u00e4ndigkeit wegen, sind hier diese Folia in einem Tabellenformat ersichtlich.<\/p>\n\n\n\n<h4 class=\"wp-block-heading\">Folia mit Wunderzeichen aus dem Alten Testament<\/h4>\n\n\n\n<figure class=\"wp-block-table\"><table><tbody><tr><td><img loading=\"lazy\" decoding=\"async\" width=\"944\" height=\"655\" class=\"wp-image-215\" style=\"width: 15000px\" src=\"https:\/\/dlf.uzh.ch\/sites\/wunderzeichenbuch\/files\/2024\/03\/Image01.jpg\" alt=\"\" srcset=\"https:\/\/dlf.uzh.ch\/sites\/wunderzeichenbuch\/files\/2024\/03\/Image01.jpg 944w, https:\/\/dlf.uzh.ch\/sites\/wunderzeichenbuch\/files\/2024\/03\/Image01-300x208.jpg 300w, https:\/\/dlf.uzh.ch\/sites\/wunderzeichenbuch\/files\/2024\/03\/Image01-768x533.jpg 768w\" sizes=\"auto, (max-width: 944px) 100vw, 944px\" \/><\/td><td><strong>Die Sintflut<\/strong><\/td><td>Genesis 7,11-14<\/td><td>In den sechshundertsten Lebensjahr Noahs am siebziehnten Tag des zweiten Monats, an diesem Tag brachen alle Brunnen der gro\u00dfen Tiefe auf und taten sich die Fenster des Himmes auf, und ein Regen kam auf Erden vierzig Tage und vierzig N\u00e4chte. An eben diesem Tage ging Noah in die Arche mit Sem, Ham und Jafet, seinen S\u00f6hnen, und mit seiner Frau und den drei Frauen seiner S\u00f6hne; dazu alles wilde Getier nach seiner Art, alles Vieh nach seiner Art, Gew\u00fcrm, das auf Erden kriecht, nach seiner Art und V\u00f6gel nach ihrer Art, alles, was fliegen konnte, alles was [\u2026].<\/td><td>Folio 1<\/td><\/tr><tr><td><img loading=\"lazy\" decoding=\"async\" width=\"944\" height=\"655\" class=\"wp-image-216\" style=\"width: 15000px\" src=\"https:\/\/dlf.uzh.ch\/sites\/wunderzeichenbuch\/files\/2024\/03\/Image02.jpg\" alt=\"\" srcset=\"https:\/\/dlf.uzh.ch\/sites\/wunderzeichenbuch\/files\/2024\/03\/Image02.jpg 944w, https:\/\/dlf.uzh.ch\/sites\/wunderzeichenbuch\/files\/2024\/03\/Image02-300x208.jpg 300w, https:\/\/dlf.uzh.ch\/sites\/wunderzeichenbuch\/files\/2024\/03\/Image02-768x533.jpg 768w\" sizes=\"auto, (max-width: 944px) 100vw, 944px\" \/><\/td><td><strong>Das Zeichen des Bundes<\/strong><\/td><td>Genesis 9,12-15<\/td><td>Und Gott sprach: Das ist das Zeichen des Bundes, den ich geschlossen habe zwischen mir und euch und allem lebendigen Getier bei euch auf ewig: Meinen Bogen habe ich in die Wolken gesetzt; der soll das Zeichen sein des Bundes zwischen mir und der Erde. Und wenn es kommt, dass ich Wetterwolken \u00fcber die Erde f\u00fchre, so soll man meinen Bogen sehen in den Wolken. Als dann will ich gedenken an meinen Bund [&#8230;].<\/td><td>Folio 2<\/td><\/tr><tr><td><img loading=\"lazy\" decoding=\"async\" width=\"934\" height=\"655\" class=\"wp-image-219\" style=\"width: 15000px\" src=\"https:\/\/dlf.uzh.ch\/sites\/wunderzeichenbuch\/files\/2024\/03\/Image05.jpg\" alt=\"\" srcset=\"https:\/\/dlf.uzh.ch\/sites\/wunderzeichenbuch\/files\/2024\/03\/Image05.jpg 934w, https:\/\/dlf.uzh.ch\/sites\/wunderzeichenbuch\/files\/2024\/03\/Image05-300x210.jpg 300w, https:\/\/dlf.uzh.ch\/sites\/wunderzeichenbuch\/files\/2024\/03\/Image05-768x539.jpg 768w\" sizes=\"auto, (max-width: 934px) 100vw, 934px\" \/><\/td><td><strong>Mannaregen<\/strong><\/td><td>Exodus 16,14-16<\/td><td>Und als der Tau weg war, siehe, da lag s in der W\u00fcste rund und klein wie Reif auf der Erde. Und als es die Israeliten sahen, sprachen sie untereinander: Man hu? Denn sie wussten nicht, was es war. Mose aber sprach zu ihnen: Es ist das Brot, das euch der HERR zu essen gegeben hat. Das ist&#8217;s aber, was der HERR geboten hat: Ein jeder sammle, soviel er zum Essen braucht, einen Krug voll f\u00fcr jeden nach der Zahl der Leute in seinem Zelte.<\/td><td>Folio 6<\/td><\/tr><tr><td><img loading=\"lazy\" decoding=\"async\" width=\"944\" height=\"661\" class=\"wp-image-220\" style=\"width: 15000px\" src=\"https:\/\/dlf.uzh.ch\/sites\/wunderzeichenbuch\/files\/2024\/03\/Image06.jpg\" alt=\"\" srcset=\"https:\/\/dlf.uzh.ch\/sites\/wunderzeichenbuch\/files\/2024\/03\/Image06.jpg 944w, https:\/\/dlf.uzh.ch\/sites\/wunderzeichenbuch\/files\/2024\/03\/Image06-300x210.jpg 300w, https:\/\/dlf.uzh.ch\/sites\/wunderzeichenbuch\/files\/2024\/03\/Image06-768x538.jpg 768w\" sizes=\"auto, (max-width: 944px) 100vw, 944px\" \/><\/td><td><strong>Moses und die S\u00f6hne Levis<\/strong><\/td><td>Numeri 16,4-7<\/td><td>Als Mose das h\u00f6rte, fiel er auf sein Angesicht und sprach zu Korach und zu seiner ganzen Rotte: Morgen wird der HERR kundtun, wer ihm geh\u00f6rt, wer heilig ist und zu ihm nahen soll; wen er erw\u00e4hlt, der soll zu ihm nahen. Dies tut morgen: Nehmt euch Pfannen, Korach und seine ganze Rotte, und legt Feuer hinein und tut R\u00e4ucherwerk darauf vor dem HERRN. Wen dann der HERR erw\u00e4hlt, der ist heilig. Ihr geht zu weit, ihr S\u00f6hne Levi!<\/td><td>Folio 7<\/td><\/tr><tr><td><img loading=\"lazy\" decoding=\"async\" width=\"944\" height=\"661\" class=\"wp-image-221\" style=\"width: 15000px\" src=\"https:\/\/dlf.uzh.ch\/sites\/wunderzeichenbuch\/files\/2024\/03\/Image07.jpg\" alt=\"\" srcset=\"https:\/\/dlf.uzh.ch\/sites\/wunderzeichenbuch\/files\/2024\/03\/Image07.jpg 944w, https:\/\/dlf.uzh.ch\/sites\/wunderzeichenbuch\/files\/2024\/03\/Image07-300x210.jpg 300w, https:\/\/dlf.uzh.ch\/sites\/wunderzeichenbuch\/files\/2024\/03\/Image07-768x538.jpg 768w\" sizes=\"auto, (max-width: 944px) 100vw, 944px\" \/><\/td><td><strong>Elija und Elischa<\/strong><\/td><td>2. K\u00f6nige 2,11-12<\/td><td>Und als sie miteinander gingen und redeten, siehe, da kam ein feuriger Wagen mit feurigen Rossen, die schieden die beiden voneinander. Und Elia fuhr im Wetter gen Himmel. Elisa aber sah es und schrie. Mein Vater, mein Vater, du Wagen Israels [&#8230;].<\/td><td>Folio 8<\/td><\/tr><tr><td><img loading=\"lazy\" decoding=\"async\" width=\"944\" height=\"661\" class=\"wp-image-223\" style=\"width: 15000px\" src=\"https:\/\/dlf.uzh.ch\/sites\/wunderzeichenbuch\/files\/2024\/03\/Image09.jpg\" alt=\"\" srcset=\"https:\/\/dlf.uzh.ch\/sites\/wunderzeichenbuch\/files\/2024\/03\/Image09.jpg 944w, https:\/\/dlf.uzh.ch\/sites\/wunderzeichenbuch\/files\/2024\/03\/Image09-300x210.jpg 300w, https:\/\/dlf.uzh.ch\/sites\/wunderzeichenbuch\/files\/2024\/03\/Image09-768x538.jpg 768w\" sizes=\"auto, (max-width: 944px) 100vw, 944px\" \/><\/td><td><strong>Jesaja und die Sonnenuhr<\/strong><\/td><td>Jesaja 38,4-8<\/td><td>Da geschah das Wort des HERRN zu Jesaja: Geh hin und sage Hiskia: So spricht der HERR, der Gott deines Vaters David: Ich habe dein Gebet geh\u00f6rt und deine Tr\u00e4nengesehen. Siehe, ich will deinen Tagen noch f\u00fcnfzehn Jahre zulegen und will dich samt dieser Stadt erretten aus der Hand des K\u00f6nigs von Assyrien und will diese Stadt beschirmen. Und dies sei dir das Zeichen von dem HERRN, dass der HERR tun wird, was er zugesagt hat: Siehe, ich will den Schatten an der Sonnenuhr des Ahas zehn Striche zur\u00fcckziehen, \u00fcber die er gelaufen ist. Und die Sonne lief zehn Striche zur\u00fcck an der Sonnenuhr, \u00fcber die sie gelaufen war.<\/td><td>Folio 10<\/td><\/tr><tr><td><img loading=\"lazy\" decoding=\"async\" width=\"944\" height=\"661\" class=\"wp-image-224\" style=\"width: 15000px\" src=\"https:\/\/dlf.uzh.ch\/sites\/wunderzeichenbuch\/files\/2024\/03\/Image10.jpg\" alt=\"\" srcset=\"https:\/\/dlf.uzh.ch\/sites\/wunderzeichenbuch\/files\/2024\/03\/Image10.jpg 944w, https:\/\/dlf.uzh.ch\/sites\/wunderzeichenbuch\/files\/2024\/03\/Image10-300x210.jpg 300w, https:\/\/dlf.uzh.ch\/sites\/wunderzeichenbuch\/files\/2024\/03\/Image10-768x538.jpg 768w\" sizes=\"auto, (max-width: 944px) 100vw, 944px\" \/><\/td><td><strong>Vision des Jeremia<\/strong><\/td><td>Jeremia 1,11-14<\/td><td>Und es geschah des HERRN Wort zu mir: Jeremia, was siehst du? Ich sprach: Ich sehe einen erwachenden Zweig. Und der HERR sprach zu mir: Du hast recht gesehen; denn ich will wachen \u00fcber meinem Wort, dass ich&#8217;s tue. Und es geschah des HERRN Wort zum zweiten Mal zu mir: Was siehst du? Ich sprach: Ich sehe einen siedenden Kessel \u00fcberkochen von Norden her. Und der HERR sprach zu mir: Von Norden her wird das Unheil losbrechen \u00fcber alle, die im Lande wohnen.<\/td><td>Folio 11<\/td><\/tr><tr><td><img loading=\"lazy\" decoding=\"async\" width=\"944\" height=\"661\" class=\"wp-image-235\" style=\"width: 15000px\" src=\"https:\/\/dlf.uzh.ch\/sites\/wunderzeichenbuch\/files\/2024\/03\/Image11.jpg\" alt=\"\" srcset=\"https:\/\/dlf.uzh.ch\/sites\/wunderzeichenbuch\/files\/2024\/03\/Image11.jpg 944w, https:\/\/dlf.uzh.ch\/sites\/wunderzeichenbuch\/files\/2024\/03\/Image11-300x210.jpg 300w, https:\/\/dlf.uzh.ch\/sites\/wunderzeichenbuch\/files\/2024\/03\/Image11-768x538.jpg 768w\" sizes=\"auto, (max-width: 944px) 100vw, 944px\" \/><\/td><td><strong>Vision des Daniel<\/strong><\/td><td>Daniel 7,1-4<\/td><td>Im ersten Jahr Belsazars, des K\u00f6nigs von Babel, hatte Daniel einen Traum und Gesichte auf seinem Bett; und er schrieb den Traum auf und dies ist sein Inhalt: Ich, Daniel, sah ein Gesicht in der Nacht, und siehe, die vier Winde unter dem Himmel w\u00fchlten das gro\u00dfe Meer auf. Und vier gro\u00dfe Tiere stiegen herauf aus dem Meer, ein jedes anders als das andere. Das erste war wie ein L\u00f6we und hatte Fl\u00fcgel wie ein Adler. Ich sah, wie ihm die Fl\u00fcgel genommen wurden. Und es wurde von der Erde aufgehoben und auf zwei F\u00fc\u00dfe gestellt wie ein Mensch, und es wurde ihm ein menschliches Herz gegeben.<\/td><td>Folio 12<\/td><\/tr><tr><td><img loading=\"lazy\" decoding=\"async\" width=\"944\" height=\"661\" class=\"wp-image-257\" style=\"width: 15000px\" src=\"https:\/\/dlf.uzh.ch\/sites\/wunderzeichenbuch\/files\/2024\/03\/Image13.jpg\" alt=\"\" srcset=\"https:\/\/dlf.uzh.ch\/sites\/wunderzeichenbuch\/files\/2024\/03\/Image13.jpg 944w, https:\/\/dlf.uzh.ch\/sites\/wunderzeichenbuch\/files\/2024\/03\/Image13-300x210.jpg 300w, https:\/\/dlf.uzh.ch\/sites\/wunderzeichenbuch\/files\/2024\/03\/Image13-768x538.jpg 768w\" sizes=\"auto, (max-width: 944px) 100vw, 944px\" \/><\/td><td><strong>Jona und der Wal<\/strong><\/td><td>Jona 1,15-17<\/td><td>Und sie nahmen Jona und warfen ihn ins Meer. Da wurde das Meer still und lie\u00df ab von seinem W\u00fcten. Und die Leute f\u00fcrchteten den HERRN sehr und brachten dem HERRN Opfer dar und taten Gel\u00fcbde. Aber der HERR lie\u00df einen gro\u00dfen Fisch kommen, Jona zu verschlingen. Und Jona war im Leibe des Fisches drei Tage und drei N\u00e4chte.<\/td><td>Folio 14<\/td><\/tr><\/tbody><\/table><\/figure>\n\n\n\n<h4 class=\"wp-block-heading\">Folia mit Wunderzeichen von der Antike bis in das 16. Jahrhundert<\/h4>\n\n\n\n<figure class=\"wp-block-table\"><table><tbody><tr><td><img loading=\"lazy\" decoding=\"async\" width=\"944\" height=\"658\" class=\"wp-image-297\" style=\"width: 15000px\" src=\"https:\/\/dlf.uzh.ch\/sites\/wunderzeichenbuch\/files\/2024\/03\/Image19.jpg\" alt=\"\" srcset=\"https:\/\/dlf.uzh.ch\/sites\/wunderzeichenbuch\/files\/2024\/03\/Image19.jpg 944w, https:\/\/dlf.uzh.ch\/sites\/wunderzeichenbuch\/files\/2024\/03\/Image19-300x209.jpg 300w, https:\/\/dlf.uzh.ch\/sites\/wunderzeichenbuch\/files\/2024\/03\/Image19-768x535.jpg 768w\" sizes=\"auto, (max-width: 944px) 100vw, 944px\" \/><\/td><td><strong>Blutendes Brot und Hagel<\/strong><\/td><td>73 v. Chr.<\/td><td>Im Jahr 73 vor Christi Geburt floss dort, wo man miteinander zechte und Brot a\u00df, Blut aus dem Brot wie aus einer Wunde. Auch gab es einen so grausamen Hagel, dass es sieben Tage hintereinander Steine schlug und Bruchst\u00fccke von richtigen Steinen darin gefunden wurden und recht spitze Steine, sodass davon das Erdreich zerst\u00f6rt wurde.<\/td><td>Folio 21<\/td><\/tr><tr><td><img loading=\"lazy\" decoding=\"async\" width=\"944\" height=\"666\" class=\"wp-image-309\" style=\"width: 15000px\" src=\"https:\/\/dlf.uzh.ch\/sites\/wunderzeichenbuch\/files\/2024\/03\/Image31.jpg\" alt=\"\" srcset=\"https:\/\/dlf.uzh.ch\/sites\/wunderzeichenbuch\/files\/2024\/03\/Image31.jpg 944w, https:\/\/dlf.uzh.ch\/sites\/wunderzeichenbuch\/files\/2024\/03\/Image31-300x212.jpg 300w, https:\/\/dlf.uzh.ch\/sites\/wunderzeichenbuch\/files\/2024\/03\/Image31-768x542.jpg 768w\" sizes=\"auto, (max-width: 944px) 100vw, 944px\" \/><\/td><td><strong>Nachtszene mit ungew\u00f6hnlichem Stern, zwei Monden und Lichtbalken<\/strong><\/td><td><br>1103<\/td><td><br>Im 1103. Jahr n. Chr. erschien am Freitag in der ersten Fastenwoche ein ungew\u00f6hnlicher Stern um den Abend herum. Der stand in Richtung S\u00fcden und Westen. Er leuchtete f\u00fcnfundzwanzig Tage immer zu der gleichen Stunde. Im S\u00fcden kam ein gro\u00dfer Lichtbalken entgegen. Danach, am Gr\u00fcndonnerstag, wurden zwei Monde gesehen, einer im Osten.<\/td><td>Folio 37<\/td><\/tr><tr><td><img loading=\"lazy\" decoding=\"async\" width=\"944\" height=\"666\" class=\"wp-image-312\" style=\"width: 15000px\" src=\"https:\/\/dlf.uzh.ch\/sites\/wunderzeichenbuch\/files\/2024\/03\/Image34.jpg\" alt=\"\" srcset=\"https:\/\/dlf.uzh.ch\/sites\/wunderzeichenbuch\/files\/2024\/03\/Image34.jpg 944w, https:\/\/dlf.uzh.ch\/sites\/wunderzeichenbuch\/files\/2024\/03\/Image34-300x212.jpg 300w, https:\/\/dlf.uzh.ch\/sites\/wunderzeichenbuch\/files\/2024\/03\/Image34-768x542.jpg 768w\" sizes=\"auto, (max-width: 944px) 100vw, 944px\" \/><\/td><td><strong>Feurige Pfeile<\/strong><\/td><td><br>1119<\/td><td>Im 1119. Jahr n. Chr. erschienen feurige Pfeile oder Spie\u00dfe am Himmel, \u00fcberall am ganzen Himmel. Und es fielen Sterne vom Himmel, und wenn man Wasser darauf goss, dann gaben sie einen Laut oder Schrei von sich.<\/td><td>Folio 41<\/td><\/tr><tr><td><img loading=\"lazy\" decoding=\"async\" width=\"944\" height=\"666\" class=\"wp-image-313\" style=\"width: 15000px\" src=\"https:\/\/dlf.uzh.ch\/sites\/wunderzeichenbuch\/files\/2024\/03\/Image35.jpg\" alt=\"\" srcset=\"https:\/\/dlf.uzh.ch\/sites\/wunderzeichenbuch\/files\/2024\/03\/Image35.jpg 944w, https:\/\/dlf.uzh.ch\/sites\/wunderzeichenbuch\/files\/2024\/03\/Image35-300x212.jpg 300w, https:\/\/dlf.uzh.ch\/sites\/wunderzeichenbuch\/files\/2024\/03\/Image35-768x542.jpg 768w\" sizes=\"auto, (max-width: 944px) 100vw, 944px\" \/><\/td><td><strong>Erfrorene V\u00f6gel<\/strong><\/td><td>1126<\/td><td>Im 1126. Jahr n. Chr. ereignete sich so ein harter und kalter Winter, dass die V\u00f6gel in der Luft erfroren. Darauf folgte eine solche Hungersnot, dass Vieh und Leute starben und die V\u00f6gel sich gegenseitig in der Luft t\u00f6teten.<\/td><td>Folio 42<\/td><\/tr><tr><td><img loading=\"lazy\" decoding=\"async\" width=\"944\" height=\"666\" class=\"wp-image-315\" style=\"width: 15000px\" src=\"https:\/\/dlf.uzh.ch\/sites\/wunderzeichenbuch\/files\/2024\/03\/Image37.jpg\" alt=\"\" srcset=\"https:\/\/dlf.uzh.ch\/sites\/wunderzeichenbuch\/files\/2024\/03\/Image37.jpg 944w, https:\/\/dlf.uzh.ch\/sites\/wunderzeichenbuch\/files\/2024\/03\/Image37-300x212.jpg 300w, https:\/\/dlf.uzh.ch\/sites\/wunderzeichenbuch\/files\/2024\/03\/Image37-768x542.jpg 768w\" sizes=\"auto, (max-width: 944px) 100vw, 944px\" \/><\/td><td><strong>Nebensonnen<\/strong><\/td><td>1173<\/td><td>Im 1173. Jahr n. Chr. sind im Monat September im Westen, als die Sonne untergehen wollte, drei Sonnen gesehen worden. Und nach zwei Stunden verschwanden die \u00e4u\u00dfersten beiden, und die andere ging danach unter.<\/td><td>Folio 45<\/td><\/tr><tr><td><img loading=\"lazy\" decoding=\"async\" width=\"944\" height=\"666\" class=\"wp-image-323\" style=\"width: 15000px\" src=\"https:\/\/dlf.uzh.ch\/sites\/wunderzeichenbuch\/files\/2024\/03\/Image45.jpg\" alt=\"\" srcset=\"https:\/\/dlf.uzh.ch\/sites\/wunderzeichenbuch\/files\/2024\/03\/Image45.jpg 944w, https:\/\/dlf.uzh.ch\/sites\/wunderzeichenbuch\/files\/2024\/03\/Image45-300x212.jpg 300w, https:\/\/dlf.uzh.ch\/sites\/wunderzeichenbuch\/files\/2024\/03\/Image45-768x542.jpg 768w\" sizes=\"auto, (max-width: 944px) 100vw, 944px\" \/><\/td><td><strong>Blutschnee<\/strong><\/td><td><br>1229<\/td><td>Im 1229. Jahr n. Chr., um den Martinstag, fiel Schnee und wurde sogleich in Blut verwandelt und wurde \u00fcberall als Blut erkannt.<\/td><td>Folio 54<\/td><\/tr><tr><td><img loading=\"lazy\" decoding=\"async\" width=\"944\" height=\"666\" class=\"wp-image-327\" style=\"width: 15000px\" src=\"https:\/\/dlf.uzh.ch\/sites\/wunderzeichenbuch\/files\/2024\/03\/Image49.jpg\" alt=\"\" srcset=\"https:\/\/dlf.uzh.ch\/sites\/wunderzeichenbuch\/files\/2024\/03\/Image49.jpg 944w, https:\/\/dlf.uzh.ch\/sites\/wunderzeichenbuch\/files\/2024\/03\/Image49-300x212.jpg 300w, https:\/\/dlf.uzh.ch\/sites\/wunderzeichenbuch\/files\/2024\/03\/Image49-768x542.jpg 768w\" sizes=\"auto, (max-width: 944px) 100vw, 944px\" \/><\/td><td><strong>Komet<\/strong><\/td><td>1293<\/td><td>Im 1293. Jahr n. Chr. erschien ein beachtlicher, gro\u00dfer Komet w\u00e4hrend drei Monaten, von Osten bis zur Mitte des Himmels steigend, und seine Strahlen im Westen. Und als der Papst Urban starb, verschwand er wieder.<\/td><td>Folio 58<\/td><\/tr><tr><td><img loading=\"lazy\" decoding=\"async\" width=\"944\" height=\"666\" class=\"wp-image-330\" style=\"width: 15000px\" src=\"https:\/\/dlf.uzh.ch\/sites\/wunderzeichenbuch\/files\/2024\/03\/Image52.jpg\" alt=\"\" srcset=\"https:\/\/dlf.uzh.ch\/sites\/wunderzeichenbuch\/files\/2024\/03\/Image52.jpg 944w, https:\/\/dlf.uzh.ch\/sites\/wunderzeichenbuch\/files\/2024\/03\/Image52-300x212.jpg 300w, https:\/\/dlf.uzh.ch\/sites\/wunderzeichenbuch\/files\/2024\/03\/Image52-768x542.jpg 768w\" sizes=\"auto, (max-width: 944px) 100vw, 944px\" \/><\/td><td><strong>Komet<\/strong><\/td><td>1300<\/td><td>Im 1300. Jahr n. Chr. erschien ein furchtbarer Komet am Himmel. Und in diesem Jahr, am Sankt-Andreas-Tag, wurde das Erdreich durch ein Erdbeben ersch\u00fcttert, sodass viele Geb\u00e4ude zerst\u00f6rt wurden. Zu der Zeit wurde das erste Jubeljahr von Papst Bonifatius VIII. eingef\u00fchrt.<\/td><td>Folio 61<\/td><\/tr><tr><td><img loading=\"lazy\" decoding=\"async\" width=\"944\" height=\"666\" class=\"wp-image-336\" style=\"width: 15000px\" src=\"https:\/\/dlf.uzh.ch\/sites\/wunderzeichenbuch\/files\/2024\/03\/Image58.jpg\" alt=\"\" srcset=\"https:\/\/dlf.uzh.ch\/sites\/wunderzeichenbuch\/files\/2024\/03\/Image58.jpg 944w, https:\/\/dlf.uzh.ch\/sites\/wunderzeichenbuch\/files\/2024\/03\/Image58-300x212.jpg 300w, https:\/\/dlf.uzh.ch\/sites\/wunderzeichenbuch\/files\/2024\/03\/Image58-768x542.jpg 768w\" sizes=\"auto, (max-width: 944px) 100vw, 944px\" \/><\/td><td><strong>Komet und feuriger Balken<\/strong><\/td><td>1351<\/td><td>Im 1351. Jahr nach Christi Geburt, im Monat Dezember, wurde gegen Mitternacht ein Komet am Himmel gesehen. Danach kamen starke Winde auf und man sah einen feurigen Balken vom Himmel fallen, was dann gro\u00dfe Uneinigkeit zwischen dem Papst und dem Kaiser angezeigt hat.<\/td><td>Folio 67<\/td><\/tr><tr><td><img loading=\"lazy\" decoding=\"async\" width=\"944\" height=\"666\" class=\"wp-image-338\" style=\"width: 15000px\" src=\"https:\/\/dlf.uzh.ch\/sites\/wunderzeichenbuch\/files\/2024\/03\/Image60.jpg\" alt=\"\" srcset=\"https:\/\/dlf.uzh.ch\/sites\/wunderzeichenbuch\/files\/2024\/03\/Image60.jpg 944w, https:\/\/dlf.uzh.ch\/sites\/wunderzeichenbuch\/files\/2024\/03\/Image60-300x212.jpg 300w, https:\/\/dlf.uzh.ch\/sites\/wunderzeichenbuch\/files\/2024\/03\/Image60-768x542.jpg 768w\" sizes=\"auto, (max-width: 944px) 100vw, 944px\" \/><\/td><td><strong>Sonnenfinsternis<\/strong><\/td><td>1360<\/td><td>Im 1360. Jahr nach Christi Geburt ereignete sich eine solch gro\u00dfe Finsternis der Sonne, dass es am helllichten Tag Nacht war und v\u00f6llig finster. Zu der Zeit starb der Papst Innozenz.<\/td><td>Folio 69<\/td><\/tr><tr><td><img loading=\"lazy\" decoding=\"async\" width=\"944\" height=\"666\" class=\"wp-image-339\" style=\"width: 15000px\" src=\"https:\/\/dlf.uzh.ch\/sites\/wunderzeichenbuch\/files\/2024\/03\/Image61.jpg\" alt=\"\" srcset=\"https:\/\/dlf.uzh.ch\/sites\/wunderzeichenbuch\/files\/2024\/03\/Image61.jpg 944w, https:\/\/dlf.uzh.ch\/sites\/wunderzeichenbuch\/files\/2024\/03\/Image61-300x212.jpg 300w, https:\/\/dlf.uzh.ch\/sites\/wunderzeichenbuch\/files\/2024\/03\/Image61-768x542.jpg 768w\" sizes=\"auto, (max-width: 944px) 100vw, 944px\" \/><\/td><td><strong>Meteroid und Sonnenfinsternis<\/strong><\/td><td>1362 [tats\u00e4chlich: 862]<\/td><td>Im 862. Jahr nach der Geburt Christi, zu der Zeit Ottos [912-973], Herzog von Sachsen, fiel ein Stein &#8211; wunderbar und gro\u00df &#8211; in starkem Wind und Regen vom Himmel. Und an vielen Menschen erschienen kleine blutfarbene Kreuze und an der Sonne eine gro\u00dfe Finsternis.<\/td><td>Folio  70<\/td><\/tr><tr><td><img loading=\"lazy\" decoding=\"async\" width=\"944\" height=\"669\" class=\"wp-image-361\" style=\"width: 15000px\" src=\"https:\/\/dlf.uzh.ch\/sites\/wunderzeichenbuch\/files\/2024\/03\/Image83.jpg\" alt=\"\" srcset=\"https:\/\/dlf.uzh.ch\/sites\/wunderzeichenbuch\/files\/2024\/03\/Image83.jpg 944w, https:\/\/dlf.uzh.ch\/sites\/wunderzeichenbuch\/files\/2024\/03\/Image83-300x213.jpg 300w, https:\/\/dlf.uzh.ch\/sites\/wunderzeichenbuch\/files\/2024\/03\/Image83-768x544.jpg 768w\" sizes=\"auto, (max-width: 944px) 100vw, 944px\" \/><\/td><td><strong>Nebensonnen<\/strong><\/td><td>1519<\/td><td>Im 1519. Jahr, am in. Januar, dem Tag vor Kai[ser] Ma[ximilians] Hinscheiden gesehen worden, zu seinem ruhmvollen Gedenken.<\/td><td>Folio 99<\/td><\/tr><tr><td><img loading=\"lazy\" decoding=\"async\" width=\"1375\" height=\"937\" class=\"wp-image-371\" style=\"width: 15000px\" src=\"https:\/\/dlf.uzh.ch\/sites\/wunderzeichenbuch\/files\/2024\/03\/Image93.jpg\" alt=\"\" srcset=\"https:\/\/dlf.uzh.ch\/sites\/wunderzeichenbuch\/files\/2024\/03\/Image93.jpg 1375w, https:\/\/dlf.uzh.ch\/sites\/wunderzeichenbuch\/files\/2024\/03\/Image93-300x204.jpg 300w, https:\/\/dlf.uzh.ch\/sites\/wunderzeichenbuch\/files\/2024\/03\/Image93-1024x698.jpg 1024w, https:\/\/dlf.uzh.ch\/sites\/wunderzeichenbuch\/files\/2024\/03\/Image93-768x523.jpg 768w\" sizes=\"auto, (max-width: 1375px) 100vw, 1375px\" \/><\/td><td><strong>Komet<\/strong><\/td><td>1527<\/td><td>Im Jahr 1527 sind neben dem Kometen viele Streifen wie lange Spie\u00dfe gesehen worden, dazwischen viele Gesichter und kleine Schwerter vermischt in blassroter Farbe. Zwischen diesen sah man viele gro\u00dfe Flammen, die ganz hell und feurig leuchteten. Und die Gesichter &#8211; hier und da, mit Haaren und B\u00e4rten von einer Farbe wie graue Wolken &#8211; sah man durcheinanderflimmern, als l\u00e4gen sie in flie\u00dfendem Wasser aus Blutstreifen und als ob alles durcheinanderstrebte, was schreckenerregend ausgesehen hat, sodass viele, die es gesehen haben, gestorben sind.<\/td><td>Folio 111<\/td><\/tr><tr><td><img loading=\"lazy\" decoding=\"async\" width=\"944\" height=\"669\" class=\"wp-image-245\" style=\"width: 15000px\" src=\"https:\/\/dlf.uzh.ch\/sites\/wunderzeichenbuch\/files\/2024\/03\/Image119.jpg\" alt=\"\" srcset=\"https:\/\/dlf.uzh.ch\/sites\/wunderzeichenbuch\/files\/2024\/03\/Image119.jpg 944w, https:\/\/dlf.uzh.ch\/sites\/wunderzeichenbuch\/files\/2024\/03\/Image119-300x213.jpg 300w, https:\/\/dlf.uzh.ch\/sites\/wunderzeichenbuch\/files\/2024\/03\/Image119-768x544.jpg 768w\" sizes=\"auto, (max-width: 944px) 100vw, 944px\" \/><\/td><td><strong>Komet<\/strong><\/td><td>1542<\/td><td>Im 1542. Jahr, am Tag Ruperti, dem siebenundzwanzigsten September, ist ein Komet nicht weit vom Mond viele Tage am Himmel gesehen worden, wie hier gemalt ist.<\/td><td>Folio 142<\/td><\/tr><tr><td><img loading=\"lazy\" decoding=\"async\" width=\"944\" height=\"669\" class=\"wp-image-250\" style=\"width: 15000px\" src=\"https:\/\/dlf.uzh.ch\/sites\/wunderzeichenbuch\/files\/2024\/03\/Image123.jpg\" alt=\"\" srcset=\"https:\/\/dlf.uzh.ch\/sites\/wunderzeichenbuch\/files\/2024\/03\/Image123.jpg 944w, https:\/\/dlf.uzh.ch\/sites\/wunderzeichenbuch\/files\/2024\/03\/Image123-300x213.jpg 300w, https:\/\/dlf.uzh.ch\/sites\/wunderzeichenbuch\/files\/2024\/03\/Image123-768x544.jpg 768w\" sizes=\"auto, (max-width: 944px) 100vw, 944px\" \/><\/td><td><strong>Mondfinsternis<\/strong><\/td><td>1544<\/td><td>Im 1544. Jahr, am achten Januar, ist bei Nacht eine Finsternis des Mondes gewesen, sodass der Mond ganz blutig aussah, und hat etwa sechs Stunden und einige Minuten gedauert.<\/td><td>Folio 147<\/td><\/tr><tr><td><img loading=\"lazy\" decoding=\"async\" width=\"944\" height=\"669\" class=\"wp-image-253\" style=\"width: 15000px\" src=\"https:\/\/dlf.uzh.ch\/sites\/wunderzeichenbuch\/files\/2024\/03\/Image126.jpg\" alt=\"\" srcset=\"https:\/\/dlf.uzh.ch\/sites\/wunderzeichenbuch\/files\/2024\/03\/Image126.jpg 944w, https:\/\/dlf.uzh.ch\/sites\/wunderzeichenbuch\/files\/2024\/03\/Image126-300x213.jpg 300w, https:\/\/dlf.uzh.ch\/sites\/wunderzeichenbuch\/files\/2024\/03\/Image126-768x544.jpg 768w\" sizes=\"auto, (max-width: 944px) 100vw, 944px\" \/><\/td><td><strong>Engel auf Regenbogen<\/strong><\/td><td>1545<\/td><td>Und an dem zuvor genannten Tag, da ist eine grausame Finsternis gekommen, dass der Himmel ganz schwarz gewesen ist, sodass man einander nicht sehen konnte. Die Finsternis hat bis zum n\u00e4chsten Tag gedauert &#8211; das ist der drei\u00dfigste M\u00e4rz -, bis um neun Uhr vor Mittag. Dann ist der Tag zur\u00fcckgekommen und drei sch\u00f6ne Regenbogen wurden gesehen, auf denen ein sch\u00f6ner Engel sa\u00df. Den hat man wohl anderthalb Stunden gesehen. Danach ist er wieder verschwunden, und dann ist sch\u00f6nes Wetter gefolgt.<\/td><td>Folio 151<\/td><\/tr><tr><td><img loading=\"lazy\" decoding=\"async\" width=\"944\" height=\"669\" class=\"wp-image-258\" style=\"width: 15000px\" src=\"https:\/\/dlf.uzh.ch\/sites\/wunderzeichenbuch\/files\/2024\/03\/Image130.jpg\" alt=\"\" srcset=\"https:\/\/dlf.uzh.ch\/sites\/wunderzeichenbuch\/files\/2024\/03\/Image130.jpg 944w, https:\/\/dlf.uzh.ch\/sites\/wunderzeichenbuch\/files\/2024\/03\/Image130-300x213.jpg 300w, https:\/\/dlf.uzh.ch\/sites\/wunderzeichenbuch\/files\/2024\/03\/Image130-768x544.jpg 768w\" sizes=\"auto, (max-width: 944px) 100vw, 944px\" \/><\/td><td><strong>Sterne<\/strong><\/td><td>1546<\/td><td>Im 1546. Jahr, am Anfang des Dezembers, sind zwei gewaltige Sterne hier am Himmel einen gro\u00dfen Schritt voneinander entfernt gesehen worden, der kleinere Richtung Westen und der gr\u00f6\u00dfere folgte ihm nach. Der kleinere Stern ist dreimal so gro\u00df gewesen wie sonst ein anderer Stern am Himmel, aber der gr\u00f6\u00dfere wohl achtmal so gro\u00df. Der brannte wie eine Fackel am Himmel. Und von Tag zu Tag gingen sie weiter auseinander, aber der gr\u00f6\u00dfere stieg hinauf in die H\u00f6he \u00fcber den anderen.<\/td><td>Folio 156<\/td><\/tr><tr><td><img loading=\"lazy\" decoding=\"async\" width=\"944\" height=\"669\" class=\"wp-image-265\" style=\"width: 15000px\" src=\"https:\/\/dlf.uzh.ch\/sites\/wunderzeichenbuch\/files\/2024\/03\/Image137.jpg\" alt=\"\" srcset=\"https:\/\/dlf.uzh.ch\/sites\/wunderzeichenbuch\/files\/2024\/03\/Image137.jpg 944w, https:\/\/dlf.uzh.ch\/sites\/wunderzeichenbuch\/files\/2024\/03\/Image137-300x213.jpg 300w, https:\/\/dlf.uzh.ch\/sites\/wunderzeichenbuch\/files\/2024\/03\/Image137-768x544.jpg 768w\" sizes=\"auto, (max-width: 944px) 100vw, 944px\" \/><\/td><td><strong>Nebensonnen und Schwert<\/strong><\/td><td>1549<\/td><td>Im 1549. Jahr, am achtundzwanzigsten Oktober, am Sankt-Simon-und-Judas-Tag, hat man diese Erscheinung hier am Himmel gesehen, n\u00e4mlich drei Sonnen und einen Regenbogen, die jeder gesehen hat. Auch haben etliche ein Schwert dabei gesehen \u00fcber der Sonne.<\/td><td>Folio 164<\/td><\/tr><\/tbody><\/table><\/figure>\n\n\n\n<h4 class=\"wp-block-heading\">Folia mit den Wunderzeichen aus der Offenbarung von Johannes<\/h4>\n\n\n\n<figure class=\"wp-block-table is-style-regular has-small-font-size\"><table><tbody><tr><td><img loading=\"lazy\" decoding=\"async\" width=\"944\" height=\"663\" class=\"wp-image-274\" style=\"width: 15000px\" src=\"https:\/\/dlf.uzh.ch\/sites\/wunderzeichenbuch\/files\/2024\/03\/Image145.jpg\" alt=\"\" srcset=\"https:\/\/dlf.uzh.ch\/sites\/wunderzeichenbuch\/files\/2024\/03\/Image145.jpg 944w, https:\/\/dlf.uzh.ch\/sites\/wunderzeichenbuch\/files\/2024\/03\/Image145-300x211.jpg 300w, https:\/\/dlf.uzh.ch\/sites\/wunderzeichenbuch\/files\/2024\/03\/Image145-768x539.jpg 768w\" sizes=\"auto, (max-width: 944px) 100vw, 944px\" \/><\/td><td><strong>Die Vision des Johannes von Christus und den sieben Leuchtern<\/strong><\/td><td>Offenbarung 1,12-18<\/td><td class=\"has-text-align-left\" data-align=\"left\">[&#8230;] Und als ich mich umwandte, sah ich sieben goldene Leuchter und mitten unter den Leuchtern einen, der war einem Menschensohn gleich, angetan mit einem langen Gewand und geg\u00fcrtet um die Brust mit einem goldenen G\u00fcrtel. Sein Haupt aber und sein Haar war wei\u00df wie wei\u00dfe Wolle, wie der Schnee, und seine Augen wie eine Feuerflamme und seine F\u00fc\u00dfe wie Golderz, das im Ofen gl\u00fcht, und seine Stimme wie gro\u00dfes Wasserrauschen; und er hatte sieben Sterne in seiner rechten Hand, und aus seinem Munde ging ein scharfes, zweischneidiges Schwert[.] Und als ich ihn sah, fiel ich zu seinen F\u00fc\u00dfen wie tot; und er [&#8230;] sprach zu mir: F\u00fcrchte dich nicht! Ich bin der Erste und der Letzte und der Lebendige. Ich war tot, und siehe, ich bin lebendig von Ewigkeit zu Ewigkeit [&#8230;].<\/td><td>Folio 172<\/td><\/tr><tr><td><img loading=\"lazy\" decoding=\"async\" width=\"944\" height=\"663\" class=\"wp-image-275\" style=\"width: 15000px\" src=\"https:\/\/dlf.uzh.ch\/sites\/wunderzeichenbuch\/files\/2024\/03\/Image146.jpg\" alt=\"\" srcset=\"https:\/\/dlf.uzh.ch\/sites\/wunderzeichenbuch\/files\/2024\/03\/Image146.jpg 944w, https:\/\/dlf.uzh.ch\/sites\/wunderzeichenbuch\/files\/2024\/03\/Image146-300x211.jpg 300w, https:\/\/dlf.uzh.ch\/sites\/wunderzeichenbuch\/files\/2024\/03\/Image146-768x539.jpg 768w\" sizes=\"auto, (max-width: 944px) 100vw, 944px\" \/><\/td><td><strong>Johannes und die vierundzwanzig \u00c4ltesten im Himmel<\/strong><\/td><td>Offenbarung 4,2-4<\/td><td class=\"has-text-align-left\" data-align=\"left\">[&#8230;] ein Thron stand im Himmel und auf dem Thron sa\u00df einer. Und der da sa\u00df, war anzusehen wie der Stein Jaspis und Sarder; und ein Regenbogen war um den Thron, anzusehen wie ein Smaragd. Und um den Thron waren vierundzwanzig Throne und auf den Thronen sa\u00dfen vierundzwanzig \u00c4lteste, mit wei\u00dfen Kleidern angetan, und hatten auf ihren H\u00e4uptern goldene Kronen.<\/td><td>Folio 173<\/td><\/tr><tr><td><img loading=\"lazy\" decoding=\"async\" width=\"944\" height=\"663\" class=\"wp-image-276\" style=\"width: 15000px\" src=\"https:\/\/dlf.uzh.ch\/sites\/wunderzeichenbuch\/files\/2024\/03\/Image147.jpg\" alt=\"\" srcset=\"https:\/\/dlf.uzh.ch\/sites\/wunderzeichenbuch\/files\/2024\/03\/Image147.jpg 944w, https:\/\/dlf.uzh.ch\/sites\/wunderzeichenbuch\/files\/2024\/03\/Image147-300x211.jpg 300w, https:\/\/dlf.uzh.ch\/sites\/wunderzeichenbuch\/files\/2024\/03\/Image147-768x539.jpg 768w\" sizes=\"auto, (max-width: 944px) 100vw, 944px\" \/><\/td><td><strong>Vier Reiter<\/strong><\/td><td>Offenbarung 6,3-6<\/td><td class=\"has-text-align-left\" data-align=\"left\">Und als es das zweite Siegel auftat, h\u00f6rte ich die zweite Gestalt sagen: Komm! Und es kam heraus ein zweites Pferd, das war feuerrot. Und dem, der darauf sa\u00df, wurde Macht gegeben, den Frieden von der Erde zu nehmen, dass sie sich untereinander umbr\u00e4chten, und ihm wurde ein gro\u00dfes Schwert gegeben. Und als es das dritte Siegel auftat, h\u00f6rte ich die dritte Gestalt sagen: Komm! Und ich sah, und siehe, ein schwarzes Pferd. Und der darauf sa\u00df, hatte eine Waage in seiner Hand. Und ich h\u00f6rte eine Stimme mitten unter den vier Gestalten sagen: Ein Ma\u00df Weizen f\u00fcr einen Silbergroschen und drei Ma\u00df Gerste f\u00fcr [&#8230;].<\/td><td>Folio 174<\/td><\/tr><tr><td><img loading=\"lazy\" decoding=\"async\" width=\"944\" height=\"653\" class=\"wp-image-277\" style=\"width: 15000px\" src=\"https:\/\/dlf.uzh.ch\/sites\/wunderzeichenbuch\/files\/2024\/03\/Image148.jpg\" alt=\"\" srcset=\"https:\/\/dlf.uzh.ch\/sites\/wunderzeichenbuch\/files\/2024\/03\/Image148.jpg 944w, https:\/\/dlf.uzh.ch\/sites\/wunderzeichenbuch\/files\/2024\/03\/Image148-300x208.jpg 300w, https:\/\/dlf.uzh.ch\/sites\/wunderzeichenbuch\/files\/2024\/03\/Image148-768x531.jpg 768w\" sizes=\"auto, (max-width: 944px) 100vw, 944px\" \/><\/td><td><strong>\u00d6ffnung des f\u00fcnften Siegels<\/strong><\/td><td><br>Offenbarung 6,9-11<\/td><td class=\"has-text-align-left\" data-align=\"left\">Und als es das f\u00fcnfte Siegel auftat, sah ich unten am Altar die Seelen derer, die umgebracht worden waren um des Wortes Gottes und um ihres Zeugnisses willen. Und sie schrien mit lauter Stimme: Herr, du Heiliger und Wahrhaftiger, wie lange richtest du nicht und r\u00e4chst nicht unser Blut an denen, die auf der Erde wohnen? Und ihnen wurde gegeben einem jeden ein wei\u00dfes Gewand, und ihnen wurde gesagt, dass sie ruhen m\u00fcssten noch eine kleine Zeit, bis vollz\u00e4hlig dazuk\u00e4men ihre Mitknechte und Br\u00fcder, die auch noch get\u00f6tet werden sollten wie sie.<\/td><td>Folio 175<\/td><\/tr><tr><td><img loading=\"lazy\" decoding=\"async\" width=\"944\" height=\"658\" class=\"wp-image-278\" style=\"width: 15000px\" src=\"https:\/\/dlf.uzh.ch\/sites\/wunderzeichenbuch\/files\/2024\/03\/Image149.jpg\" alt=\"\" srcset=\"https:\/\/dlf.uzh.ch\/sites\/wunderzeichenbuch\/files\/2024\/03\/Image149.jpg 944w, https:\/\/dlf.uzh.ch\/sites\/wunderzeichenbuch\/files\/2024\/03\/Image149-300x209.jpg 300w, https:\/\/dlf.uzh.ch\/sites\/wunderzeichenbuch\/files\/2024\/03\/Image149-768x535.jpg 768w\" sizes=\"auto, (max-width: 944px) 100vw, 944px\" \/><\/td><td><strong>\u00d6ffnung des sechsten Siegels<\/strong><\/td><td>Offenbarung 6,12-14<\/td><td class=\"has-text-align-left\" data-align=\"left\">Und ich sah: Als es das sechste Siegel auftat, da geschah ein gro\u00dfes Erdbeben, und die Sonne wurde finster wie ein schwarzer Sack, und der ganze Mond wurde wie Blut, und die Sterne des Himmels fielen auf die Erde, wie ein Feigenbaum seine Feigen abwirft, wenn er von starkem Wind bewegt wird. Und der Himmel wich wie eine Schriftrolle, die zusammengerollt wird, und alle Berge und Inseln wurden wegbewegt von ihrem Ort.<\/td><td>Folio 176<\/td><\/tr><tr><td><img loading=\"lazy\" decoding=\"async\" width=\"944\" height=\"658\" class=\"wp-image-280\" style=\"width: 15000px\" src=\"https:\/\/dlf.uzh.ch\/sites\/wunderzeichenbuch\/files\/2024\/03\/Image150.jpg\" alt=\"\" srcset=\"https:\/\/dlf.uzh.ch\/sites\/wunderzeichenbuch\/files\/2024\/03\/Image150.jpg 944w, https:\/\/dlf.uzh.ch\/sites\/wunderzeichenbuch\/files\/2024\/03\/Image150-300x209.jpg 300w, https:\/\/dlf.uzh.ch\/sites\/wunderzeichenbuch\/files\/2024\/03\/Image150-768x535.jpg 768w\" sizes=\"auto, (max-width: 944px) 100vw, 944px\" \/><\/td><td><strong>Vier Engel halten die Winde fest und kennzeichnen die Auserw\u00e4hlten<\/strong><\/td><td>Offenbarung 7,1-3<\/td><td class=\"has-text-align-left\" data-align=\"left\">Danach sah ich vier Engel stehen an den vier Ecken der Erde, die hielten die vier Winde der Erde fest, damit kein Wind \u00fcber die Erde blase noch \u00fcber das Meer noch \u00fcber irgendeinen Baum. Und ich sah einen andern Engel aufsteigen vom Aufgang der Sonne her, der hatte das Siegel des lebendigen Gottes und rief mit gro\u00dfer Stimme zu den vier Engeln, denen Macht gegeben war, der Erde und dem Meer Schaden zu tun: Tut der Erde und dem Meer und den B\u00e4umen keinen Schaden, bis wir versiegeln die Knechte unseres Gottes an ihren Stirnen.<\/td><td>Folio 177<\/td><\/tr><tr><td><img loading=\"lazy\" decoding=\"async\" width=\"944\" height=\"658\" class=\"wp-image-281\" style=\"width: 15000px\" src=\"https:\/\/dlf.uzh.ch\/sites\/wunderzeichenbuch\/files\/2024\/03\/Image151.jpg\" alt=\"\" srcset=\"https:\/\/dlf.uzh.ch\/sites\/wunderzeichenbuch\/files\/2024\/03\/Image151.jpg 944w, https:\/\/dlf.uzh.ch\/sites\/wunderzeichenbuch\/files\/2024\/03\/Image151-300x209.jpg 300w, https:\/\/dlf.uzh.ch\/sites\/wunderzeichenbuch\/files\/2024\/03\/Image151-768x535.jpg 768w\" sizes=\"auto, (max-width: 944px) 100vw, 944px\" \/><\/td><td><strong>Die sieben Posaunen werden den Engeln \u00fcbergeben<\/strong><\/td><td>Offenbarung 8,1-5<\/td><td class=\"has-text-align-left\" data-align=\"left\">Und als das Lamm das siebte Siegel auftat, entstand eine Stille im Himmel [&#8230;] Und ich sah die sieben Engel, die vor Gott stehen, ihnen wurden sieben Posaunen gegeben. Und ein anderer Engel kam, trat an den Altar und hatte ein goldenes R\u00e4uchergef\u00e4\u00df; ihm wurde viel R\u00e4ucherwerk gegeben, dass er es darbringe mit den Gebeten aller Heiligen auf dem goldenen Altar. Und der Rauch des R\u00e4ucherwerks stieg mit den Gebeten der Heiligen von der Hand des Engels hinauf vor Gott. Und der Engel nahm das R\u00e4uchergef\u00e4\u00df und f\u00fcllte es mit Feuer vom Altar und sch\u00fcttete es auf die Erde. Und da geschahen Donner und Stimmen und Blitze und Erdbeben.<\/td><td>Folio 178<\/td><\/tr><tr><td><img loading=\"lazy\" decoding=\"async\" width=\"944\" height=\"658\" class=\"wp-image-282\" style=\"width: 15000px\" src=\"https:\/\/dlf.uzh.ch\/sites\/wunderzeichenbuch\/files\/2024\/03\/Image152.jpg\" alt=\"\" srcset=\"https:\/\/dlf.uzh.ch\/sites\/wunderzeichenbuch\/files\/2024\/03\/Image152.jpg 944w, https:\/\/dlf.uzh.ch\/sites\/wunderzeichenbuch\/files\/2024\/03\/Image152-300x209.jpg 300w, https:\/\/dlf.uzh.ch\/sites\/wunderzeichenbuch\/files\/2024\/03\/Image152-768x535.jpg 768w\" sizes=\"auto, (max-width: 944px) 100vw, 944px\" \/><\/td><td><strong>Der erste Engel bl\u00e4st seine Posaune<\/strong><\/td><td>Offenbarung 8,6-7<\/td><td class=\"has-text-align-left\" data-align=\"left\">Und die sieben Engel mit den sieben Posaunen hatten sich ger\u00fcstet zu blasen. Und der erste blies seine Posaune; und es kam Hagel und Feuer, mit Blut vermengt, und fiel auf die Erde; und der dritte Teil der Erde verbrannte, und der dritte Teil der B\u00e4ume verbrannte, und alles gr\u00fcne Gras verbrannte.<\/td><td>Folio 179<\/td><\/tr><tr><td><img loading=\"lazy\" decoding=\"async\" width=\"944\" height=\"658\" class=\"wp-image-283\" style=\"width: 15000px\" src=\"https:\/\/dlf.uzh.ch\/sites\/wunderzeichenbuch\/files\/2024\/03\/Image153.jpg\" alt=\"\" srcset=\"https:\/\/dlf.uzh.ch\/sites\/wunderzeichenbuch\/files\/2024\/03\/Image153.jpg 944w, https:\/\/dlf.uzh.ch\/sites\/wunderzeichenbuch\/files\/2024\/03\/Image153-300x209.jpg 300w, https:\/\/dlf.uzh.ch\/sites\/wunderzeichenbuch\/files\/2024\/03\/Image153-768x535.jpg 768w\" sizes=\"auto, (max-width: 944px) 100vw, 944px\" \/><\/td><td><strong>Der dritte Engel bl\u00e4st seine Posaune<\/strong><\/td><td>Offenbarung 8,10-11<\/td><td class=\"has-text-align-left\" data-align=\"left\">Und der dritte Engel blies seine Posaune; und es fiel ein gro\u00dfer Stern vom Himmel, der brannte wie eine Fackel und fiel auf den dritten Teil der Wasserstr\u00f6me und auf die Wasserquellen. Und der Name des Sterns hei\u00dft Wermut. Und der dritte Teil der Wasser wurde zu Wermut, und viele Menschen starben von den Wassern, weil sie bitter geworden waren.<\/td><td>Folio 180<\/td><\/tr><tr><td><img loading=\"lazy\" decoding=\"async\" width=\"944\" height=\"658\" class=\"wp-image-284\" style=\"width: 15000px\" src=\"https:\/\/dlf.uzh.ch\/sites\/wunderzeichenbuch\/files\/2024\/03\/Image154.jpg\" alt=\"\" srcset=\"https:\/\/dlf.uzh.ch\/sites\/wunderzeichenbuch\/files\/2024\/03\/Image154.jpg 944w, https:\/\/dlf.uzh.ch\/sites\/wunderzeichenbuch\/files\/2024\/03\/Image154-300x209.jpg 300w, https:\/\/dlf.uzh.ch\/sites\/wunderzeichenbuch\/files\/2024\/03\/Image154-768x535.jpg 768w\" sizes=\"auto, (max-width: 944px) 100vw, 944px\" \/><\/td><td><strong>Der vierte Engel bl\u00e4st seine Posaune<\/strong><\/td><td>Offenbarung 8,12-13<\/td><td class=\"has-text-align-left\" data-align=\"left\">Und der vierte Engel blies seine Posaune; und es wurde geschlagen der dritte Teil der Sonne und der dritte Teil des Mondes und der dritte Teil der Sterne, sodass ihr dritter Teil verfinstert wurde und den dritten Teil des Tages das Licht nicht schien und in der Nacht desgleichen. Und ich sah, und ich h\u00f6rte, wie ein Adler mitten durch den Himmel flog und sagte mit gro\u00dfer Stimme: Weh, weh, weh denen, die auf Erden wohnen wegen der anderen Posaunen [\u2026].<\/td><td>Folio 181<\/td><\/tr><tr><td><img loading=\"lazy\" decoding=\"async\" width=\"944\" height=\"658\" class=\"wp-image-285\" style=\"width: 15000px\" src=\"https:\/\/dlf.uzh.ch\/sites\/wunderzeichenbuch\/files\/2024\/03\/Image155.jpg\" alt=\"\" srcset=\"https:\/\/dlf.uzh.ch\/sites\/wunderzeichenbuch\/files\/2024\/03\/Image155.jpg 944w, https:\/\/dlf.uzh.ch\/sites\/wunderzeichenbuch\/files\/2024\/03\/Image155-300x209.jpg 300w, https:\/\/dlf.uzh.ch\/sites\/wunderzeichenbuch\/files\/2024\/03\/Image155-768x535.jpg 768w\" sizes=\"auto, (max-width: 944px) 100vw, 944px\" \/><\/td><td><strong>Der f\u00fcnfte Engel bl\u00e4st seine Posaune<\/strong><\/td><td>Offenbarung 9,1-4<\/td><td class=\"has-text-align-left\" data-align=\"left\">Und der f\u00fcnfte Engel blies seine Posaune; und ich sah einen Stern, gefallen auf die Erde; und ihm wurde der Schl\u00fcssel zum Brunnen des Abgrunds gegeben. Und er tat den Brunnen auf, und es stieg auf ein Rauch aus dem Brunnen [\u2026], und es wurden verfinstert die Sonne und die Luft von dem Rauch des Brunnens. Und aus dem Rauch kamen Heuschrecken auf die Erde, und ihnen wurde Macht gegeben, wie die Skorpione auf Erden Macht haben. Und es wurde ihnen gesagt, sie sollten nicht Schaden tun dem Gras auf Erden noch allem Gr\u00fcnen noch irgendeinem Baum, sondern allein den Menschen, die nicht das Siegel Gottes haben an ihren Stirnen.<\/td><td>Folio 182<\/td><\/tr><tr><td><img loading=\"lazy\" decoding=\"async\" width=\"944\" height=\"658\" class=\"wp-image-286\" style=\"width: 15000px\" src=\"https:\/\/dlf.uzh.ch\/sites\/wunderzeichenbuch\/files\/2024\/03\/Image156.jpg\" alt=\"\" srcset=\"https:\/\/dlf.uzh.ch\/sites\/wunderzeichenbuch\/files\/2024\/03\/Image156.jpg 944w, https:\/\/dlf.uzh.ch\/sites\/wunderzeichenbuch\/files\/2024\/03\/Image156-300x209.jpg 300w, https:\/\/dlf.uzh.ch\/sites\/wunderzeichenbuch\/files\/2024\/03\/Image156-768x535.jpg 768w\" sizes=\"auto, (max-width: 944px) 100vw, 944px\" \/><\/td><td><strong>Der Kampf der Engel<\/strong><\/td><td>Offenbarung 9,13-17<\/td><td class=\"has-text-align-left\" data-align=\"left\">Und der sechste Engel blies seine Posaune, und ich h\u00f6rte eine Stimme aus dem vier Ecken des goldenen Altars vor Gott; die sprach zu dem sechsten Engel, der die Posaune hatte: Lass los die vier Engel, die gebunden sind an dem gro\u00dfen Strom Euphrat. Und es wurden losgelassen die vier Engel, die bereit waren f\u00fcr die Stunde und den Tag und den Monat und das Jahr, zu t\u00f6ten den dritten Teil der Menschen. Und die Zahl des reitenden Heeres war vieltausendmal tausend; ich h\u00f6rte ihre Zahl. Und so sah ich in dieser Erscheinung die Rosse und die darauf sa\u00dfen: [-] die H\u00e4upter der Rosse waren wie die H\u00e4upter der L\u00f6wen.<\/td><td>Folio 183<\/td><\/tr><tr><td><img loading=\"lazy\" decoding=\"async\" width=\"944\" height=\"658\" class=\"wp-image-287\" style=\"width: 15000px\" src=\"https:\/\/dlf.uzh.ch\/sites\/wunderzeichenbuch\/files\/2024\/03\/Image157.jpg\" alt=\"\" srcset=\"https:\/\/dlf.uzh.ch\/sites\/wunderzeichenbuch\/files\/2024\/03\/Image157.jpg 944w, https:\/\/dlf.uzh.ch\/sites\/wunderzeichenbuch\/files\/2024\/03\/Image157-300x209.jpg 300w, https:\/\/dlf.uzh.ch\/sites\/wunderzeichenbuch\/files\/2024\/03\/Image157-768x535.jpg 768w\" sizes=\"auto, (max-width: 944px) 100vw, 944px\" \/><\/td><td><strong>Johannes und der Engel<\/strong><\/td><td><br>Offenbarung 10,1-4<\/td><td class=\"has-text-align-left\" data-align=\"left\">Und ich sah einen andern starken Engel vom Himmel herabkommen, mit einer Wolke bekleidet, und der Regenbogen auf seinem Haupt und sein Antlitz wie die Sonne und seine F\u00fc\u00dfe wie Feuers\u00e4ulen. Und er hatte in seiner Hand ein B\u00fcchlein, das war aufgetan. Und er setzte seinen rechten Fu\u00df auf das Meer und den linken auf die Erde, und er schrie mit gro\u00dfer Stimme, wie ein L\u00f6we br\u00fcllt. Und als er schrie, erhoben die sieben Donner ihre Stimme. Und als die sieben Donner geredet hatten, wollte ich es aufschreiben. Da h\u00f6rte ich eine Stimme vom Himmel zu mir sagen: Versiegle, was die sieben Donner geredet haben, und schreib es nicht auf?<\/td><td>Folio 184<\/td><\/tr><tr><td><img loading=\"lazy\" decoding=\"async\" width=\"944\" height=\"658\" class=\"wp-image-288\" style=\"width: 15000px\" src=\"https:\/\/dlf.uzh.ch\/sites\/wunderzeichenbuch\/files\/2024\/03\/Image158.jpg\" alt=\"\" srcset=\"https:\/\/dlf.uzh.ch\/sites\/wunderzeichenbuch\/files\/2024\/03\/Image158.jpg 944w, https:\/\/dlf.uzh.ch\/sites\/wunderzeichenbuch\/files\/2024\/03\/Image158-300x209.jpg 300w, https:\/\/dlf.uzh.ch\/sites\/wunderzeichenbuch\/files\/2024\/03\/Image158-768x535.jpg 768w\" sizes=\"auto, (max-width: 944px) 100vw, 944px\" \/><\/td><td><strong>Die Bestie aus dem Abgrund<\/strong><\/td><td>Offenbarung 1,5-8<\/td><td class=\"has-text-align-left\" data-align=\"left\">Und wenn ihnen jemand Schaden tun will, so kommt Feuer aus ihrem Mund und verzehrt ihre Feinde; und wenn ihnen jemand Schaden tun will, muss er so get\u00f6tet werden. Diese haben Macht, den Himmel zu verschlie\u00dfen, damit es nicht regne in den Tagen ihrer Weissagung, und haben Macht \u00fcber die Wasser, sie in Blut zu verwandeln und die Erde zu schlagen mit Plagen aller Art, sooft sie wollen. Und wenn sie ihr Zeugnis vollendet haben, so wird das Tier, das aus dem Abgrund aufsteigt, mit ihnen k\u00e4mpfen und wird sie \u00fcberwinden und wird sie t\u00f6ten. Und ihre Leichname werden liegen auf dem Marktplatz der gro\u00dfen Stadt.<\/td><td>Folio 185<\/td><\/tr><tr><td><img loading=\"lazy\" decoding=\"async\" width=\"944\" height=\"658\" class=\"wp-image-289\" style=\"width: 15000px\" src=\"https:\/\/dlf.uzh.ch\/sites\/wunderzeichenbuch\/files\/2024\/03\/Image159.jpg\" alt=\"\" srcset=\"https:\/\/dlf.uzh.ch\/sites\/wunderzeichenbuch\/files\/2024\/03\/Image159.jpg 944w, https:\/\/dlf.uzh.ch\/sites\/wunderzeichenbuch\/files\/2024\/03\/Image159-300x209.jpg 300w, https:\/\/dlf.uzh.ch\/sites\/wunderzeichenbuch\/files\/2024\/03\/Image159-768x535.jpg 768w\" sizes=\"auto, (max-width: 944px) 100vw, 944px\" \/><\/td><td>Die mit der Sonne bekleidete Frau und der siebenk\u00f6pfige Drache<\/td><td>Offenbarung 12,1-4<\/td><td class=\"has-text-align-left\" data-align=\"left\">Und es erschien ein gro\u00dfes Zeichen am Himmel: eine Frau, mit der Sonne bekleidet, und der Mond unter ihren F\u00fc\u00dfen und auf ihrem Haupt eine Krone von zw\u00f6lf Sternen. Und sie war schwanger und schrie in Kindsn\u00f6ten und hatte gro\u00dfe Qual bei der Geburt. Und es erschien ein anderes Zeichen am Himmel, und siehe, ein gro\u00dfer, roter Drache, der hatte sieben H\u00e4upter und zehn H\u00f6rner und auf seinen H\u00e4uptern sieben Kronen, und sein Schwanz fegte den dritten Teil der Sterne des Himmels hinweg und warf sie auf die Erde [\u2026].<\/td><td>Folio 186<\/td><\/tr><tr><td><img loading=\"lazy\" decoding=\"async\" width=\"944\" height=\"658\" class=\"wp-image-291\" style=\"width: 15000px\" src=\"https:\/\/dlf.uzh.ch\/sites\/wunderzeichenbuch\/files\/2024\/03\/Image160.jpg\" alt=\"\" srcset=\"https:\/\/dlf.uzh.ch\/sites\/wunderzeichenbuch\/files\/2024\/03\/Image160.jpg 944w, https:\/\/dlf.uzh.ch\/sites\/wunderzeichenbuch\/files\/2024\/03\/Image160-300x209.jpg 300w, https:\/\/dlf.uzh.ch\/sites\/wunderzeichenbuch\/files\/2024\/03\/Image160-768x535.jpg 768w\" sizes=\"auto, (max-width: 944px) 100vw, 944px\" \/><\/td><td>Das Meerungeheuer und die Bestie mit zwei H\u00f6rnern wie ein Lamm<\/td><td>Offenbarung 13,1-4<\/td><td class=\"has-text-align-left\" data-align=\"left\">Und ich sah ein Tier aus dem Meer steigen, das hatte zehn H\u00f6rner und sieben H\u00e4upter und auf seinen H\u00f6rnern zehn Kronen [\u2026] Und das Tier, das ich sah, war gleich einem Panther und seine F\u00fc\u00dfe wie B\u00e4renf\u00fc\u00dfe und sein Rachen wie ein L\u00f6wenrachen. Und der Drache gab ihm seine Kraft und seinen Thron und gro\u00dfe Macht. Und ich sah eines seiner H\u00e4upter, als w\u00e4re es t\u00f6dlich verwundet, und seine t\u00f6dliche Wunde wurde heil. Und die ganze Erde wunderte sich \u00fcber das Tier, und sie beteten den Drachen an, weil er dem Tier die Macht gab, und beteten das Tier an und sprachen: Wer ist dem Tier gleich und wer kann mit ihm k\u00e4mpfen?<\/td><td>Folio 187<\/td><\/tr><tr><td><img loading=\"lazy\" decoding=\"async\" width=\"944\" height=\"658\" class=\"wp-image-292\" style=\"width: 15000px\" src=\"https:\/\/dlf.uzh.ch\/sites\/wunderzeichenbuch\/files\/2024\/03\/Image161.jpg\" alt=\"\" srcset=\"https:\/\/dlf.uzh.ch\/sites\/wunderzeichenbuch\/files\/2024\/03\/Image161.jpg 944w, https:\/\/dlf.uzh.ch\/sites\/wunderzeichenbuch\/files\/2024\/03\/Image161-300x209.jpg 300w, https:\/\/dlf.uzh.ch\/sites\/wunderzeichenbuch\/files\/2024\/03\/Image161-768x535.jpg 768w\" sizes=\"auto, (max-width: 944px) 100vw, 944px\" \/><\/td><td>Die Anbetung des Lammes und das Lied der Auserw\u00e4hlten<\/td><td>Offenbarung 14,6-8<\/td><td class=\"has-text-align-left\" data-align=\"left\">Und ich sah einen andern Engel fliegen mitten durch den Himmel, der hatte ein ewiges Evangelium zu verk\u00fcndigen denen, die auf Erden wohnen, allen Nationen und St\u00e4mmen und Sprachen und V\u00f6lkern. &#8211; Und er sprach mit gro\u00dfer Stimme: F\u00fcrchtet Gott und gebt ihm die Ehre; denn die Stunde seines Gerichts ist gekommen! Und betet an den, der gemacht hat Himmel und Erde und Meer und die Wasserquellen! Und ein zweiter Engel folgte, der sprach: Sie ist gefallen, sie ist gefallen, Babylon, die gro\u00dfe Stadt; denn sie hat mit dem Zorneswein ihrer Hurerei getr\u00e4nkt alle V\u00f6lker.<\/td><td>Folio 188<\/td><\/tr><tr><td><img loading=\"lazy\" decoding=\"async\" width=\"944\" height=\"658\" class=\"wp-image-293\" style=\"width: 15000px\" src=\"https:\/\/dlf.uzh.ch\/sites\/wunderzeichenbuch\/files\/2024\/03\/Image162.jpg\" alt=\"\" srcset=\"https:\/\/dlf.uzh.ch\/sites\/wunderzeichenbuch\/files\/2024\/03\/Image162.jpg 944w, https:\/\/dlf.uzh.ch\/sites\/wunderzeichenbuch\/files\/2024\/03\/Image162-300x209.jpg 300w, https:\/\/dlf.uzh.ch\/sites\/wunderzeichenbuch\/files\/2024\/03\/Image162-768x535.jpg 768w\" sizes=\"auto, (max-width: 944px) 100vw, 944px\" \/><\/td><td><br>Die sieben Plagen<\/td><td><br>Offenbarung 15,1-3<\/td><td class=\"has-text-align-left\" data-align=\"left\">Und ich sah ein andres Zeichen am Himmel, das war gro\u00df und wunder-bar: sieben Engel, die hatten die letzten sieben Plagen; denn mit ihnen ist vollendet der Zorn Gottes. Und ich sah, und es war wie ein gl\u00e4sernes Meer, mit Feuer vermengt; und die den Sieg behalten hatten \u00fcber das Tier und sein Bild und \u00fcber die Zahl seines Namens, die standen an dem gl\u00e4sernen Meer und hatten Gottes Harfen und sangen das Lied des Mose, des Knechtes Gottes [&#8230;].<\/td><td>Folio 189<\/td><\/tr><tr><td><img loading=\"lazy\" decoding=\"async\" width=\"944\" height=\"658\" class=\"wp-image-294\" style=\"width: 15000px\" src=\"https:\/\/dlf.uzh.ch\/sites\/wunderzeichenbuch\/files\/2024\/03\/Image163.jpg\" alt=\"\" srcset=\"https:\/\/dlf.uzh.ch\/sites\/wunderzeichenbuch\/files\/2024\/03\/Image163.jpg 944w, https:\/\/dlf.uzh.ch\/sites\/wunderzeichenbuch\/files\/2024\/03\/Image163-300x209.jpg 300w, https:\/\/dlf.uzh.ch\/sites\/wunderzeichenbuch\/files\/2024\/03\/Image163-768x535.jpg 768w\" sizes=\"auto, (max-width: 944px) 100vw, 944px\" \/><\/td><td><strong>Die himmlische Ernte<\/strong><\/td><td>Offenbarung 14,14-15<\/td><td class=\"has-text-align-left\" data-align=\"left\">Und ich sah, und siehe, eine wei\u00dfe Wolke. Und auf der Wolke sa\u00df einer, der gleich war einem Menschensohn; der hatte eine goldene Krone auf seinem Haupt und in seiner Hand eine scharfe Sichel. Und ein andrer Engel kam aus dem Tempel und rief dem, der auf der Wolke sa\u00df, mit gro\u00dfer Stimme zu: Setze deine Sichel an und ernte; denn die Zeit zu ernten ist gekommen, denn die Ernte der Erde ist reif geworden. <\/td><td>Folio 190<\/td><\/tr><tr><td><img loading=\"lazy\" decoding=\"async\" width=\"2560\" height=\"1745\" class=\"wp-image-473\" style=\"width: 15000px\" src=\"https:\/\/dlf.uzh.ch\/sites\/wunderzeichenbuch\/files\/2024\/05\/fol188-scaled.jpg\" alt=\"\" srcset=\"https:\/\/dlf.uzh.ch\/sites\/wunderzeichenbuch\/files\/2024\/05\/fol188-scaled.jpg 2560w, https:\/\/dlf.uzh.ch\/sites\/wunderzeichenbuch\/files\/2024\/05\/fol188-300x204.jpg 300w, https:\/\/dlf.uzh.ch\/sites\/wunderzeichenbuch\/files\/2024\/05\/fol188-1024x698.jpg 1024w, https:\/\/dlf.uzh.ch\/sites\/wunderzeichenbuch\/files\/2024\/05\/fol188-768x523.jpg 768w, https:\/\/dlf.uzh.ch\/sites\/wunderzeichenbuch\/files\/2024\/05\/fol188-1536x1047.jpg 1536w, https:\/\/dlf.uzh.ch\/sites\/wunderzeichenbuch\/files\/2024\/05\/fol188-2048x1396.jpg 2048w\" sizes=\"auto, (max-width: 2560px) 100vw, 2560px\" \/><\/td><td><strong>Das neue Jerusalem<\/strong><\/td><td>Offenbarung 21,9 -12<\/td><td class=\"has-text-align-left\" data-align=\"left\">Und es kam zu mir einer von den sieben Engeln, die die sieben Schalen mit den letzten sieben Plagen hatten, und redete mit mir und sprach: Komm, ich will dir die Frau zeigen, die Braut des Lammes. Und er f\u00fchrte mich hin im Geist auf einen gro\u00dfen und hohen Berg und zeigte mir die heilige Stadt Jerusalem herniederkommen aus dem Himmel von Gott, in die hatte die Herrlichkeit Gottes; ihr Licht war gleich dem aller edelsten Stein, einem Jaspis, klar wie Kristall; sie hatte eine gro\u00dfe und hohe Mauer [\u2026].<\/td><td>Folio 191<\/td><\/tr><tr><td><img loading=\"lazy\" decoding=\"async\" width=\"2560\" height=\"1765\" class=\"wp-image-474\" style=\"width: 15000px\" src=\"https:\/\/dlf.uzh.ch\/sites\/wunderzeichenbuch\/files\/2024\/05\/fol189-scaled.jpg\" alt=\"\" srcset=\"https:\/\/dlf.uzh.ch\/sites\/wunderzeichenbuch\/files\/2024\/05\/fol189-scaled.jpg 2560w, https:\/\/dlf.uzh.ch\/sites\/wunderzeichenbuch\/files\/2024\/05\/fol189-300x207.jpg 300w, https:\/\/dlf.uzh.ch\/sites\/wunderzeichenbuch\/files\/2024\/05\/fol189-1024x706.jpg 1024w, https:\/\/dlf.uzh.ch\/sites\/wunderzeichenbuch\/files\/2024\/05\/fol189-768x530.jpg 768w, https:\/\/dlf.uzh.ch\/sites\/wunderzeichenbuch\/files\/2024\/05\/fol189-1536x1059.jpg 1536w, https:\/\/dlf.uzh.ch\/sites\/wunderzeichenbuch\/files\/2024\/05\/fol189-2048x1412.jpg 2048w\" sizes=\"auto, (max-width: 2560px) 100vw, 2560px\" \/><\/td><td><strong>Der Untergang Babylons<\/strong><\/td><td><br>Offenbarung 18,1-3<\/td><td class=\"has-text-align-left\" data-align=\"left\">Danach sah ich einen andern Engel herniederfahren vom Himmel, der hatte gro\u00dfe Macht, die Erde wurde erleuchtet von seinem Glanz. Und er rief mit m\u00e4chtiger Stimme: Sie ist gefallen, sie ist gefallen, Babylon, die Gro\u00dfe, und ist eine Behausung der Teufel geworden, ein Gef\u00e4ngnis aller unreinen Geister und ein Gef\u00e4ngnis aller unreinen V\u00f6gel und ein Gef\u00e4ngnis aller unreinen und verhassten Tiere. Denn von dem Zorneswein ihrer Hurerei haben alle V\u00f6lker getrunken, und die K\u00f6nige auf Erden haben mit ihr Hurerei [&#8230;].<\/td><td>Folio <br>192<\/td><\/tr><\/tbody><\/table><figcaption class=\"wp-element-caption\">Images kindly provided by \u00a9 The Mickey Cartin Collection and TASCHEN Verlag<\/figcaption><\/figure>\n<\/details>\n\n\n\n<div style=\"height:49px\" aria-hidden=\"true\" class=\"wp-block-spacer\"><\/div>\n\n\n\n<hr class=\"wp-block-separator has-alpha-channel-opacity is-style-dots\" \/>\n\n\n\n<figure class=\"wp-block-image aligncenter size-full is-resized\"><img loading=\"lazy\" decoding=\"async\" width=\"433\" height=\"577\" src=\"https:\/\/dlf.uzh.ch\/sites\/wunderzeichenbuch\/files\/2024\/03\/PNG_Rad.png\" alt=\"\" class=\"wp-image-207\" style=\"width:267px;height:auto\" srcset=\"https:\/\/dlf.uzh.ch\/sites\/wunderzeichenbuch\/files\/2024\/03\/PNG_Rad.png 433w, https:\/\/dlf.uzh.ch\/sites\/wunderzeichenbuch\/files\/2024\/03\/PNG_Rad-225x300.png 225w\" sizes=\"auto, (max-width: 433px) 100vw, 433px\" \/><\/figure>\n\n\n\n<h4 class=\"wp-block-heading\">Ein anderer Einblick in das Augsburger Wunderzeichenbuch<\/h4>\n\n\n\n<p>Anbei ist noch ein Video des YouTube-Kanals <em>hochelaga<\/em>, welches sich mit obskuren historischen Ereignissen, besonderen Darstellungen in christlichen Kontexten sowie hierbei speziell mit den Wunderzeichen des Augsburger Wunderzeichenbuches (hier \u00ab<em>The Little Book of Comic Horros<\/em>\u00bb genannt) befasst. <\/p>\n\n\n\n<div style=\"height:49px\" aria-hidden=\"true\" class=\"wp-block-spacer\"><\/div>\n\n\n\n<figure class=\"wp-block-embed aligncenter is-type-video is-provider-youtube wp-block-embed-youtube wp-embed-aspect-16-9 wp-has-aspect-ratio\"><div class=\"wp-block-embed__wrapper\">\n<iframe loading=\"lazy\" title=\"The Little Book of Cosmic Horrors\" width=\"500\" height=\"281\" src=\"https:\/\/www.youtube.com\/embed\/lZWAX5L_t9k?feature=oembed\" frameborder=\"0\" allow=\"accelerometer; autoplay; clipboard-write; encrypted-media; gyroscope; picture-in-picture; web-share\" referrerpolicy=\"strict-origin-when-cross-origin\" allowfullscreen><\/iframe>\n<\/div><\/figure>\n\n\n\n<p class=\"has-small-font-size\">[hochelaga]: The Little Book of Cosmic Horrors, YouTube, 19.05.2022, Online: &lt;<a href=\"https:\/\/www.youtube.com\/watch?v=lZWAX5L_t9k\">https:\/\/www.youtube.com\/watch?v=lZWAX5L_t9k<\/a>&gt; (Abgerufen: 15.02.2024).<\/p>\n\n\n\n<div style=\"height:69px\" aria-hidden=\"true\" class=\"wp-block-spacer\"><\/div>\n\n\n\n<p>Fussnoten:<\/p>\n\n\n<ol class=\"wp-block-footnotes\"><li id=\"fbd5e84a-8fae-4a71-ada8-9c34686c5faa\">Vgl. Augsburger Wunderzeichenbuch 2013, S. 7 . <a href=\"#fbd5e84a-8fae-4a71-ada8-9c34686c5faa-link\" aria-label=\"Jump to footnote reference 1\">\u21a9\ufe0e<\/a><\/li><li id=\"10f12619-8750-47f5-bdfa-59d97561fd9f\">Ebd., S. 7, 9 und 27; F\u00fcr ein kompiliertes Quellenverzeichnis von Wunderzeichenb\u00fcchern siehe: Berns 2016, S. 150-161. <a href=\"#10f12619-8750-47f5-bdfa-59d97561fd9f-link\" aria-label=\"Jump to footnote reference 2\">\u21a9\ufe0e<\/a><\/li><li id=\"9bc22004-63b6-45a0-8132-a2e85823a85e\">Augsburger Wunderzeichenbuch 2013, S. 17, 21 und 27; Beyer 2002, Sp. 1378-1388. <a href=\"#9bc22004-63b6-45a0-8132-a2e85823a85e-link\" aria-label=\"Jump to footnote reference 3\">\u21a9\ufe0e<\/a><\/li><li id=\"5d6db517-49ff-4a6e-91f5-c4b18ecfa393\">Die folgenden Folia wurden entfernt: Fol. 3, 17, 22, 25, 31, 33. 40, 43. 53, 80, 89. 93, 96, 105, 108. 111, 130, 132, 140, 143, 148, 152, 162. Vgl. Augsburger Wunderzeichenbuch 2013, Fussnote S. 106 <a href=\"#5d6db517-49ff-4a6e-91f5-c4b18ecfa393-link\" aria-label=\"Jump to footnote reference 4\">\u21a9\ufe0e<\/a><\/li><\/ol>\n\n\n<div style=\"height:128px\" aria-hidden=\"true\" class=\"wp-block-spacer\"><\/div>\n\n\n\n<h4 class=\"wp-block-heading\">Bibliographie<\/h4>\n\n\n\n<p>Quellenverzeichnis<\/p>\n\n\n\n<ul class=\"wp-block-list\">\n<li>Augsburger Wunderbuch, hg. von Till-Holger Borchert; Joshua Waterman: The Book of Miracles\/ Das Wunderzeichenbuch \/ Le Livre des miracles. Facsimile of the Augsburg manuscript from the collection of Mickey Cartin, K\u00f6ln 2013.<\/li>\n<\/ul>\n\n\n\n<p>Sekund\u00e4rliteratur<\/p>\n\n\n\n<ul class=\"wp-block-list\">\n<li>Berns, J\u00f6rg Jochen: Wunderzeichen am Himmel und auf Erden. Der fr\u00fchneuzeitliche Prodigiendiskurs und dessen medientechnische Bedingungen, in: Neue Diskurse der Gelehrtenkultur in der Fr\u00fchen Neuzeit, Berlin\/Boston 2016, S. 99\u2013162.<\/li>\n\n\n\n<li>Beyer, J\u00fcrgen: Prodigien, in: Enzyklop\u00e4die des M\u00e4rchens, Bd. 10 (Nibelungenlied \u2013 Proze\u00dfmotive), Berlin\/Boston 2002, Sp. 1378-1388.<\/li>\n\n\n\n<li>Danthine, Brigit; Hiebel, Gerald; Rampl, Gerhard: Geoinformationssysteme (GIS) in den Geschichtswissenschaften, in: Antenhofer, Christina; K\u00fchberger, Christoph; Strohmeyer, Arno (Hg.): Digital Humanities in den Geschichtswissenschaften, Wien 2024 (UTB 6116), S. 165-190.<\/li>\n\n\n\n<li>Gregory, Ian; Ell, Paul: Historical GIS. Technologies, Methodologies and Scholarship, Cambridge 2007 (Cambridge Studies in Historical Geography 39).<\/li>\n\n\n\n<li>K\u00f6nig, Mareike: Die digitale Transformation der Geschichtswissenschaften, in: Antenhofer, Christina; K\u00fchberger, Christoph; Strohmeyer, Arno (Hg.): Digital Humanities in den Geschichtswissenschaften, Wien 2024 (UTB 6116), S. 29-42.<\/li>\n\n\n\n<li>L\u00e4ssig, Simone: Digital History. Challenges and Opportunities for the Profession, in: Geschichte und Gesellschaft, Heft 1\/2021, Nr. 47.1 (H20754), G\u00f6ttingen 2021, S. 5-34.<\/li>\n\n\n\n<li>L\u00fccke, Martin; Z\u00fcndorf, Irmgard: Einf\u00fchrung in die Public History, Stuttgart 2018<sup>1<\/sup> (UTB 4909).<\/li>\n\n\n\n<li>Mogorovich, Paolo; Salvatori, Enrica: Historical GIS, in: Noiret, Serge; Tebeau, Mark; Zaagsma, Gerben (Hg.): Handbook of Digital Public History, Berlin\/Boston 2022, S. 419-430.<\/li>\n\n\n\n<li>Noiret, Serge; Tebeau, Mark; Zaagsma, Gerben: Introduction, in: Noiret, Serge; Tebeau, Mark; Zaagsma, Gerben (Hg.): Handbook of Digital Public History, Berlin\/Boston 2022, S. 1-15.<\/li>\n<\/ul>\n\n\n\n<div style=\"height:218px\" aria-hidden=\"true\" class=\"wp-block-spacer\"><\/div>\n","protected":false},"excerpt":{"rendered":"<p>Das Augsburger Wunderzeichenbuch ist eine faszinierende historische Quelle, die einzigartige Einblicke in die Vorstellungswelt der Fr\u00fchen Neuzeit mit wundersamen Ereignissen. Im Folgenden wird zuerst ein Einblick in die Prodigien und Wunderzeichenb\u00fccher allgemein gegeben und im Anschluss auf die Quelle des Augsburger Wunderzeichenbuches genauer eingegangen. Ein anderer Einblick in das Augsburger Wunderzeichenbuch Anbei ist noch ein [&hellip;]<\/p>\n","protected":false},"author":895,"featured_media":0,"parent":2,"menu_order":0,"comment_status":"closed","ping_status":"closed","template":"","meta":{"footnotes":"[{\"id\":\"fbd5e84a-8fae-4a71-ada8-9c34686c5faa\",\"content\":\"Vgl. Augsburger Wunderzeichenbuch 2013, S. 7 .\"},{\"id\":\"10f12619-8750-47f5-bdfa-59d97561fd9f\",\"content\":\"Ebd., S. 7, 9 und 27; F\\u00fcr ein kompiliertes Quellenverzeichnis von Wunderzeichenb\\u00fcchern siehe: Berns 2016, S. 150-161.\"},{\"id\":\"9bc22004-63b6-45a0-8132-a2e85823a85e\",\"content\":\"Augsburger Wunderzeichenbuch 2013, S. 17, 21 und 27; Beyer 2002, Sp. 1378-1388.\"},{\"id\":\"5d6db517-49ff-4a6e-91f5-c4b18ecfa393\",\"content\":\"Die folgenden Folia wurden entfernt: Fol. 3, 17, 22, 25, 31, 33. 40, 43. 53, 80, 89. 93, 96, 105, 108. 111, 130, 132, 140, 143, 148, 152, 162. Vgl. Augsburger Wunderzeichenbuch 2013, Fussnote S. 106\"}]"},"class_list":["post-8","page","type-page","status-publish","hentry"],"_links":{"self":[{"href":"https:\/\/dlf.uzh.ch\/sites\/wunderzeichenbuch\/wp-json\/wp\/v2\/pages\/8","targetHints":{"allow":["GET"]}}],"collection":[{"href":"https:\/\/dlf.uzh.ch\/sites\/wunderzeichenbuch\/wp-json\/wp\/v2\/pages"}],"about":[{"href":"https:\/\/dlf.uzh.ch\/sites\/wunderzeichenbuch\/wp-json\/wp\/v2\/types\/page"}],"author":[{"embeddable":true,"href":"https:\/\/dlf.uzh.ch\/sites\/wunderzeichenbuch\/wp-json\/wp\/v2\/users\/895"}],"replies":[{"embeddable":true,"href":"https:\/\/dlf.uzh.ch\/sites\/wunderzeichenbuch\/wp-json\/wp\/v2\/comments?post=8"}],"version-history":[{"count":10,"href":"https:\/\/dlf.uzh.ch\/sites\/wunderzeichenbuch\/wp-json\/wp\/v2\/pages\/8\/revisions"}],"predecessor-version":[{"id":576,"href":"https:\/\/dlf.uzh.ch\/sites\/wunderzeichenbuch\/wp-json\/wp\/v2\/pages\/8\/revisions\/576"}],"up":[{"embeddable":true,"href":"https:\/\/dlf.uzh.ch\/sites\/wunderzeichenbuch\/wp-json\/wp\/v2\/pages\/2"}],"wp:attachment":[{"href":"https:\/\/dlf.uzh.ch\/sites\/wunderzeichenbuch\/wp-json\/wp\/v2\/media?parent=8"}],"curies":[{"name":"wp","href":"https:\/\/api.w.org\/{rel}","templated":true}]}}