{"id":603,"date":"2023-06-20T02:39:32","date_gmt":"2023-06-20T02:39:32","guid":{"rendered":"https:\/\/dlf.uzh.ch\/sites\/uzhispanistik\/iberorromanistica-deutsch\/"},"modified":"2023-08-21T20:22:21","modified_gmt":"2023-08-21T20:22:21","slug":"iberorromanistica-deutsch","status":"publish","type":"page","link":"https:\/\/dlf.uzh.ch\/sites\/uzhispanistik\/de\/iberorromanistica-deutsch\/","title":{"rendered":"Iberoromanistik"},"content":{"rendered":"<div class=\"wpb-content-wrapper\"><p>[vc_row full_width=&#8221;stretch_row_content_no_spaces&#8221;][vc_column el_class=&#8221;position-relative&#8221; el_id=&#8221;head-home&#8221;][vc_single_image image=&#8221;32&#8243; img_size=&#8221;full&#8221; el_class=&#8221;head-image bg-aqua&#8221; css=&#8221;.vc_custom_1679249975935{margin-bottom: 85px !important;}&#8221;][vc_column_text el_class=&#8221;custom-border&#8221; el_id=&#8221;title-home&#8221;]<\/p>\n<h1><strong>Iberoromanistik<\/strong><\/h1>\n<p>[\/vc_column_text][vc_column_text el_class=&#8221;custom-border subheader&#8221; el_id=&#8221;subtitle-home&#8221;]<em><strong>Spanisch und Portugiesisch an der Universit\u00e4t Z\u00fcrich studieren<\/strong> <\/em>[\/vc_column_text][\/vc_column][\/vc_row][vc_row css=&#8221;.vc_custom_1682213180796{margin-top: 30px !important;margin-bottom: 60px !important;}&#8221; el_id=&#8221;menu-education&#8221;][vc_column el_class=&#8221;custom-column-buttons&#8221;][vc_btn title=&#8221;Bachelor&#8221; style=&#8221;custom&#8221; custom_background=&#8221;&#8221; custom_text=&#8221;#0a0a0a&#8221; shape=&#8221;round&#8221; size=&#8221;lg&#8221; el_class=&#8221;custom-link bg-soft-green&#8221; link=&#8221;url:https%3A%2F%2Fdlf.uzh.ch%2Fsites%2Fuzhispanistik%2Fde%2Fbachelor-2%2F|title:Bachelor&#8221;][vc_btn title=&#8221;Master&#8221; style=&#8221;custom&#8221; custom_background=&#8221;&#8221; custom_text=&#8221;#0a0a0a&#8221; shape=&#8221;round&#8221; size=&#8221;lg&#8221; el_class=&#8221;custom-link bg-soft-violet&#8221; link=&#8221;url:https%3A%2F%2Fdlf.uzh.ch%2Fsites%2Fuzhispanistik%2Fde%2Fmaster-2%2F|title:Master&#8221;][vc_btn title=&#8221;Doktorat&#8221; style=&#8221;custom&#8221; custom_background=&#8221;&#8221; custom_text=&#8221;#0a0a0a&#8221; shape=&#8221;round&#8221; size=&#8221;lg&#8221; el_class=&#8221;custom-link bg-soft-yellow&#8221; link=&#8221;url:https%3A%2F%2Fdlf.uzh.ch%2Fsites%2Fuzhispanistik%2Fde%2Fdoktorat%2F|title:Doctorado&#8221;][\/vc_column][\/vc_row][vc_row content_placement=&#8221;middle&#8221; el_id=&#8221;section-a&#8221; css=&#8221;.vc_custom_1679716791532{margin-bottom: 50px !important;border-bottom-width: 40px !important;padding-top: 40px !important;}&#8221;][vc_column width=&#8221;7\/12&#8243;][vc_column_text el_class=&#8221;font-800 subtitle-text&#8221;]<\/p>\n<h2>Was?<\/h2>\n<p>[\/vc_column_text][vc_column_text el_class=&#8221;custom-text-background&#8221;]Der Studiengang Iberoromanistik an der Universit\u00e4t Z\u00fcrich richtet sich an alle, die sich f\u00fcr die hispanische und lusophone Welt interessieren, d.h. im weitesten Sinne f\u00fcr Spanien, Portugal und Lateinamerika. Wir konzentrieren uns auf Aspekte, die mit der Literatur, Geschichte, Sprache und Kultur dieser L\u00e4nder und Regionen zusammenh\u00e4ngen.[\/vc_column_text][vc_row_inner][vc_column_inner el_class=&#8221;d-grid custom-column&#8221;][vc_btn title=&#8221;Mehr +&#8221; style=&#8221;custom&#8221; custom_background=&#8221;#ffffff&#8221; custom_text=&#8221;#ffffff&#8221; shape=&#8221;round&#8221; el_class=&#8221;custom-button&#8221; link=&#8221;url:https%3A%2F%2Fdlf.uzh.ch%2Fsites%2Fuzhispanistik%2Fde%2Fwas%2F|title:Mehr%20%2B&#8221;][\/vc_column_inner][\/vc_row_inner][\/vc_column][vc_column width=&#8221;5\/12&#8243; el_class=&#8221;custom-column-2&#8243;][vc_single_image image=&#8221;50&#8243; img_size=&#8221;large&#8221; alignment=&#8221;center&#8221; onclick=&#8221;custom_link&#8221; el_id=&#8221;letter-a&#8221; el_class=&#8221;letter-image&#8221; link=&#8221;https:\/\/dlf.uzh.ch\/sites\/uzhispanistik\/de\/was\/&#8221;][\/vc_column][\/vc_row][vc_row content_placement=&#8221;middle&#8221; css=&#8221;.vc_custom_1679716809580{margin-bottom: 50px !important;}&#8221; el_id=&#8221;section-b&#8221;][vc_column width=&#8221;5\/12&#8243; el_class=&#8221;position-relative custom-column-1&#8243;][vc_single_image image=&#8221;51&#8243; img_size=&#8221;large&#8221; alignment=&#8221;center&#8221; onclick=&#8221;custom_link&#8221; el_id=&#8221;letter-b&#8221; el_class=&#8221;letter-image&#8221; link=&#8221;https:\/\/dlf.uzh.ch\/sites\/uzhispanistik\/de\/warum-und-wozu\/&#8221;][vc_column_text el_class=&#8221;font-800 subtitle-text&#8221;]<\/p>\n<h2>Warum und wozu?<\/h2>\n<p>[\/vc_column_text][vc_btn title=&#8221;Zeugnisse&#8221; style=&#8221;custom&#8221; custom_background=&#8221;&#8221; custom_text=&#8221;#5e5d5d&#8221; shape=&#8221;round&#8221; el_class=&#8221;custom-button&#8221; el_id=&#8221;link-section-b&#8221; link=&#8221;url:https%3A%2F%2Fdlf.uzh.ch%2Fsites%2Fuzhispanistik%2Fde%2Fwarum-und-wozu%2F|title:Warum%20und%20wozu%3F&#8221;][\/vc_column][vc_column width=&#8221;7\/12&#8243; el_class=&#8221;custom-column-2&#8243;][vc_column_text el_class=&#8221;custom-text-background&#8221;]Spanisch und Portugiesisch geh\u00f6ren zu den gr\u00f6\u00dften und wichtigsten Sprachen der Welt. Mit fast 500 Millionen Sprechern ist Spanisch die am weitesten verbreitete romanische Sprache, gefolgt von Portugiesisch mit mehr als 250 Millionen Sprechern. Das Studium von Sprache, Literatur und Linguistik erm\u00f6glicht es uns, das Innenleben von Kulturen zu verstehen und gibt uns eine Reihe von Werkzeugen und Kenntnissen, die wir in einer Vielzahl von beruflichen und privaten Aktivit\u00e4ten nutzen k\u00f6nnen.[\/vc_column_text][vc_btn title=&#8221;Testimonios&#8221; style=&#8221;custom&#8221; custom_background=&#8221;&#8221; custom_text=&#8221;#5e5d5d&#8221; shape=&#8221;round&#8221; el_class=&#8221;custom-button&#8221; el_id=&#8221;link-section-b-mobile&#8221; link=&#8221;url:https%3A%2F%2Fdlf.uzh.ch%2Fsites%2Fuzhispanistik%2Fpor-que-y-para-que-estudiarla%2F|title:%C2%BFPor%20qu%C3%A9%20y%20para%20qu%C3%A9%20estudiarla%3F&#8221;][\/vc_column][\/vc_row][vc_row content_placement=&#8221;middle&#8221; el_id=&#8221;section-c&#8221;][vc_column width=&#8221;7\/12&#8243;][vc_column_text el_class=&#8221;font-800 subtitle-text&#8221;]<\/p>\n<h2><strong>Wer sind wir?<\/strong><\/h2>\n<p>[\/vc_column_text][vc_column_text el_class=&#8221;custom-text-background&#8221;]Wir sind Dozierende, Doktorierende und Studierende, die sich f\u00fcr die spanisch- und portugiesischsprachige Welt, ihre Sprachen und Literaturen begeistern. Wir m\u00f6chten diese Leidenschaft mit dir teilen und dir beibringen, was wir wissen, und dabei selber auch Neues lernen. M\u00f6chtest du Teil dieser spannenden Welt werden?[\/vc_column_text][vc_btn title=&#8221;Mehr +&#8221; style=&#8221;custom&#8221; custom_background=&#8221;&#8221; custom_text=&#8221;#5e5d5d&#8221; shape=&#8221;round&#8221; el_class=&#8221;custom-button&#8221; link=&#8221;url:https%3A%2F%2Fdlf.uzh.ch%2Fsites%2Fuzhispanistik%2Fquienes-somos%2F|title:%C2%BFQuienes%20somos%3F&#8221;][\/vc_column][vc_column width=&#8221;5\/12&#8243;][vc_single_image image=&#8221;52&#8243; img_size=&#8221;large&#8221; alignment=&#8221;center&#8221; onclick=&#8221;custom_link&#8221; el_id=&#8221;letter-c&#8221; el_class=&#8221;letter-image&#8221; link=&#8221;https:\/\/dlf.uzh.ch\/sites\/uzhispanistik\/quienes-somos\/&#8221;][\/vc_column][\/vc_row][vc_row full_width=&#8221;stretch_row_content&#8221; css=&#8221;.vc_custom_1682205291133{padding-top: 150px !important;padding-bottom: 100px !important;}&#8221; el_id=&#8221;section-d&#8221;][vc_column][vc_column_text el_class=&#8221;font-800 subtitle-text&#8221; css=&#8221;.vc_custom_1687229577528{padding-right: 400px !important;}&#8221;]<\/p>\n<h2 style=\"text-align: center\"><strong>Und was noch?<\/strong><\/h2>\n<p>[\/vc_column_text][vc_column_text css=&#8221;.vc_custom_1690936257323{padding-top: 40px !important;padding-right: 20px !important;padding-bottom: 40px !important;padding-left: 20px !important;background-color: rgba(205,207,253,0.8) !important;*background-color: rgb(205,207,253) !important;border-radius: 35px !important;}&#8221; el_id=&#8221;activities-block&#8221; el_class=&#8221;animation-loop&#8221;]<\/p>\n<p class=\"animate-loop\" style=\"text-align: center;\"><strong><a href=\"https:\/\/dlf.uzh.ch\/sites\/uzhispanistik\/y-que-mas\/#1680887759676-c561bd9c-252d\">Exkursionen<\/a><a href=\"https:\/\/dlf.uzh.ch\/sites\/uzhispanistik\/y-que-mas\/#1684730863759-fd2fecbf-5181\">Veranstaltungen<\/a><a href=\"https:\/\/dlf.uzh.ch\/sites\/uzhispanistik\/y-que-mas\/#1684730889189-b476ce39-e327\">Ressourcen<\/a> <\/strong><\/p>\n<p><a href=\"https:\/\/dlf.uzh.ch\/sites\/uzhispanistik\/y-que-mas\/\"><img loading=\"lazy\" decoding=\"async\" class=\"letter-d letter-image alignnone wp-image-53 size-full\" src=\"https:\/\/dlf.uzh.ch\/sites\/uzhispanistik\/files\/2023\/03\/D.png\" alt=\"\" width=\"431\" height=\"469\" srcset=\"https:\/\/dlf.uzh.ch\/sites\/uzhispanistik\/files\/2023\/03\/D.png 431w, https:\/\/dlf.uzh.ch\/sites\/uzhispanistik\/files\/2023\/03\/D-276x300.png 276w\" sizes=\"auto, (max-width: 431px) 100vw, 431px\" \/><\/a>[\/vc_column_text][\/vc_column][\/vc_row][vc_row][vc_column][vc_raw_js]JTNDc2NyaXB0JTNFJTBBZG9jdW1lbnQuYWRkRXZlbnRMaXN0ZW5lciUyOCUyN0RPTUNvbnRlbnRMb2FkZWQlMjclMkMlMjAlMjglMjklMjAlM0QlM0UlMjAlN0IlMEElMEElMjAlMjB2YXIlMjBidXR0b25Db250YWN0JTIwJTNEJTIwZG9jdW1lbnQucXVlcnlTZWxlY3RvciUyOCUyMiUyM2NvbnRhY3QtbGluayUyMCUzRSUyMGElMjIlMjklM0IlMEElMjAlMjB2YXIlMjBjb250YWN0Rm9ybSUyMCUzRCUyMCUyMGRvY3VtZW50LmdldEVsZW1lbnRCeUlkJTI4JTIyY29udGFjdC1mb290ZXIlMjIlMjklM0IlMEElMjAlMjB2YXIlMjBidXR0b25DbG9zZUZvcm0lMjAlM0QlMjBkb2N1bWVudC5xdWVyeVNlbGVjdG9yJTI4JTIyJTIzY2xvc2UtZm9ybSUyMCUzRSUyMGElMjIlMjklM0IlMEElMjAlMjB2YXIlMjBidXR0b25JbXByZXNzdW0lMjAlM0QlMjBkb2N1bWVudC5nZXRFbGVtZW50QnlJZCUyOCUyMmltcHJlc3N1bS1idG4lMjIlMjklM0IlMEElMjAlMjB2YXIlMjBpbXByZXNzdW1Db250ZW50JTIwJTNEJTIwZG9jdW1lbnQuZ2V0RWxlbWVudEJ5SWQlMjglMjJpbXByZXNzdW0tY29udGVudCUyMiUyOSUzQiUwQSUyMCUyMHZhciUyMGJ1dHRvbkNsb3NlSW1wcmVzc3VtJTIwJTNEJTIwZG9jdW1lbnQuZ2V0RWxlbWVudEJ5SWQlMjglMjJjbG9zZS1pbXByZXNzdW0lMjIlMjklM0IlMEElMjAlMjB2YXIlMjBzaWRlYmFyQ29udGFudEJ0biUyMCUzRCUyMGRvY3VtZW50LmdldEVsZW1lbnRCeUlkJTI4JTIyc2lkZWJhci1jb250YWN0JTIyJTI5JTNCJTBBJTBBJTIwJTIwYnV0dG9uQ29udGFjdC5hZGRFdmVudExpc3RlbmVyJTI4JTIyY2xpY2slMjIlMkMlMjAlMjglMjklMjAlM0QlM0UlMjAlN0IlMEElMjAlMjAlMjAlMjBjb250YWN0Rm9ybS5jbGFzc0xpc3QuYWRkJTI4JTIyYWN0aXZlJTIyJTI5JTNCJTBBJTIwJTIwJTdEJTI5JTNCJTBBJTBBJTIwJTIwc2lkZWJhckNvbnRhbnRCdG4uYWRkRXZlbnRMaXN0ZW5lciUyOCUyMmNsaWNrJTIyJTJDJTIwJTI4JTI5JTIwJTNEJTNFJTIwJTdCJTBBJTIwJTIwJTIwJTIwY29udGFjdEZvcm0uY2xhc3NMaXN0LmFkZCUyOCUyMmFjdGl2ZSUyMiUyOSUzQiUwQSUyMCUyMCU3RCUyOSUzQiUwQSUwQSUyMCUyMGJ1dHRvbkNsb3NlRm9ybS5hZGRFdmVudExpc3RlbmVyJTI4JTIyY2xpY2slMjIlMkMlMjAlMjglMjklMjAlM0QlM0UlMjAlN0IlMEElMjAlMjAlMjAlMjBjb250YWN0Rm9ybS5jbGFzc0xpc3QucmVtb3ZlJTI4JTIyYWN0aXZlJTIyJTI5JTNCJTBBJTIwJTIwJTdEJTI5JTNCJTBBJTBBJTIwJTIwYnV0dG9uSW1wcmVzc3VtLmFkZEV2ZW50TGlzdGVuZXIlMjglMjJjbGljayUyMiUyQyUyMCUyOCUyOSUyMCUzRCUzRSUyMCU3QiUwQSUyMCUyMCUyMCUyMGltcHJlc3N1bUNvbnRlbnQuY2xhc3NMaXN0LnRvZ2dsZSUyOCUyMmFjdGl2ZSUyMiUyOSUzQiUwQSUyMCUyMCUyMCUyMGltcHJlc3N1bUNvbnRlbnQuc2Nyb2xsSW50b1ZpZXclMjglN0JibG9jayUzQSUyMCUyMnN0YXJ0JTIyJTJDJTIwYmVoYXZpb3IlM0ElMjAlMjJzbW9vdGglMjIlN0QlMjklMEElMjAlMjAlN0QlMjklM0IlMEElMEElMjAlMjBidXR0b25DbG9zZUltcHJlc3N1bS5hZGRFdmVudExpc3RlbmVyJTI4JTIyY2xpY2slMjIlMkMlMjAlMjglMjklMjAlM0QlM0UlMjAlN0IlMEElMjAlMjAlMjAlMjBpbXByZXNzdW1Db250ZW50LmNsYXNzTGlzdC5yZW1vdmUlMjglMjJhY3RpdmUlMjIlMjklM0IlMEElMjAlMjAlN0QlMjklM0IlMEElMEElN0QlMjklM0IlMEElMEElM0MlMkZzY3JpcHQlM0U=[\/vc_raw_js][\/vc_column][\/vc_row]<\/p>\n<\/div>","protected":false},"excerpt":{"rendered":"<p>[vc_row full_width=&#8221;stretch_row_content_no_spaces&#8221;][vc_column el_class=&#8221;position-relative&#8221; el_id=&#8221;head-home&#8221;][vc_single_image image=&#8221;32&#8243; img_size=&#8221;full&#8221; el_class=&#8221;head-image bg-aqua&#8221; css=&#8221;.vc_custom_1679249975935{margin-bottom: 85px !important;}&#8221;][vc_column_text el_class=&#8221;custom-border&#8221; el_id=&#8221;title-home&#8221;] Iberoromanistik [\/vc_column_text][vc_column_text el_class=&#8221;custom-border subheader&#8221; el_id=&#8221;subtitle-home&#8221;]Spanisch und Portugiesisch an der Universit\u00e4t Z\u00fcrich studieren&hellip;<\/p>\n","protected":false},"author":697,"featured_media":0,"parent":0,"menu_order":0,"comment_status":"closed","ping_status":"closed","template":"","meta":{"footnotes":""},"class_list":["post-603","page","type-page","status-publish","hentry"],"_links":{"self":[{"href":"https:\/\/dlf.uzh.ch\/sites\/uzhispanistik\/wp-json\/wp\/v2\/pages\/603","targetHints":{"allow":["GET"]}}],"collection":[{"href":"https:\/\/dlf.uzh.ch\/sites\/uzhispanistik\/wp-json\/wp\/v2\/pages"}],"about":[{"href":"https:\/\/dlf.uzh.ch\/sites\/uzhispanistik\/wp-json\/wp\/v2\/types\/page"}],"author":[{"embeddable":true,"href":"https:\/\/dlf.uzh.ch\/sites\/uzhispanistik\/wp-json\/wp\/v2\/users\/697"}],"replies":[{"embeddable":true,"href":"https:\/\/dlf.uzh.ch\/sites\/uzhispanistik\/wp-json\/wp\/v2\/comments?post=603"}],"version-history":[{"count":8,"href":"https:\/\/dlf.uzh.ch\/sites\/uzhispanistik\/wp-json\/wp\/v2\/pages\/603\/revisions"}],"predecessor-version":[{"id":817,"href":"https:\/\/dlf.uzh.ch\/sites\/uzhispanistik\/wp-json\/wp\/v2\/pages\/603\/revisions\/817"}],"wp:attachment":[{"href":"https:\/\/dlf.uzh.ch\/sites\/uzhispanistik\/wp-json\/wp\/v2\/media?parent=603"}],"curies":[{"name":"wp","href":"https:\/\/api.w.org\/{rel}","templated":true}]}}