{"id":215,"date":"2023-04-07T21:14:18","date_gmt":"2023-04-07T21:14:18","guid":{"rendered":"https:\/\/dlf.uzh.ch\/sites\/iberorromanistica\/?page_id=215"},"modified":"2025-03-21T16:52:16","modified_gmt":"2025-03-21T16:52:16","slug":"faq","status":"publish","type":"page","link":"https:\/\/dlf.uzh.ch\/sites\/uzhispanistik\/faq\/","title":{"rendered":"FAQ"},"content":{"rendered":"<div class=\"wpb-content-wrapper\"><p>[vc_row full_width=&#8221;stretch_row&#8221; el_class=&#8221;head-image&#8221; css=&#8221;.vc_custom_1686705429846{margin-bottom: 100px !important;padding-top: 100px !important;}&#8221;][vc_column width=&#8221;4\/6&#8243;][vc_column_text el_class=&#8221;title-page&#8221;]<\/p>\n<h1>FAQ<\/h1>\n<p>[\/vc_column_text][\/vc_column][\/vc_row][vc_row el_class=&#8221;content-page&#8221;][vc_column width=&#8221;2\/3&#8243; el_class=&#8221;content-questions&#8221; offset=&#8221;vc_col-lg-8 vc_col-md-12 vc_col-xs-12&#8243;][vc_tta_accordion color=&#8221;white&#8221; spacing=&#8221;15&#8243; c_icon=&#8221;chevron&#8221; c_position=&#8221;right&#8221; active_section=&#8221;&#8221; collapsible_all=&#8221;true&#8221; el_class=&#8221;custom-acordion&#8221;][vc_tta_section title=&#8221;General&#8221; tab_id=&#8221;1684036432784-83b14243-88f9&#8243;][vc_btn title=&#8221;1&#8243; style=&#8221;classic&#8221; shape=&#8221;round&#8221; color=&#8221;black&#8221; size=&#8221;xs&#8221; el_class=&#8221;numeral-paragraph&#8221;][vc_column_text]<em><strong>\u00bfCu\u00e1ntos cr\u00e9ditos ECTS son necesarios para obtener el t\u00edtulo de grado (<\/strong><\/em><strong>Bachelor<\/strong><em><strong>) o m\u00e1ster en Iberorroman\u00edstica?\u00a0<\/strong><\/em><\/p>\n<p>Hay dos opciones para obtener el t\u00edtulo de grado (que es como llamamos en espa\u00f1ol al <em>Bachelor<\/em>) en Iberorroman\u00edstica, dependiendo de si se estudia como materia secundaria (<em>Minor<\/em>) o principal (<em>Major<\/em>). En el primer caso se requieren al menos 60 cr\u00e9ditos ECTS; en el segundo, 120 cr\u00e9ditos ECTS.<\/p>\n<p>Lo mismo se aplica al t\u00edtulo de m\u00e1ster: si estudias Iberorroman\u00edstica como materia secundaria, debes conseguir 30 cr\u00e9ditos ECTS. Sin embargo, si la has elegido como materia principal, necesitas obtener 90.[\/vc_column_text][vc_btn title=&#8221;2&#8243; style=&#8221;classic&#8221; shape=&#8221;round&#8221; color=&#8221;black&#8221; size=&#8221;xs&#8221; el_class=&#8221;numeral-paragraph&#8221;][vc_column_text]<em><strong>\u00bfQu\u00e9 es un cr\u00e9dito ECTS?\u00a0<\/strong><\/em><\/p>\n<p>La abreviatura ECTS significa \u2018<em>European Credit Transfer and Accumulation System<\/em>\u2019. Se trata de un sistema internacional de puntos universitarios. Cuando terminas con \u00e9xito un m\u00f3dulo, se a\u00f1aden los cr\u00e9ditos ECTS correspondientes a tu expediente.<\/p>\n<p>1 cr\u00e9dito ECTS corresponde a una carga de trabajo de unas 30 horas (por ejemplo, un m\u00f3dulo con 3 ECTS se asocia a unas 90 horas de trabajo). El n\u00famero recomendado de cr\u00e9ditos ECTS por semestre es de 30, por lo que est\u00e1 previsto que el grado (180 cr\u00e9ditos ECTS) pueda obtenerse en tres a\u00f1os y el m\u00e1ster (120 cr\u00e9ditos), en dos.[\/vc_column_text][vc_btn title=&#8221;3&#8243; style=&#8221;classic&#8221; shape=&#8221;round&#8221; color=&#8221;black&#8221; size=&#8221;xs&#8221; el_class=&#8221;numeral-paragraph&#8221;][vc_column_text]<em><strong>\u00bfEs posible estudiar solo portugu\u00e9s o solo espa\u00f1ol en Iberorroman\u00edstica?\u00a0<\/strong><\/em><\/p>\n<p>Si quieres estudiar Iberorroman\u00edstica, tienes dos opciones: o combinas espa\u00f1ol y portugu\u00e9s o estudias \u00fanica y exclusivamente espa\u00f1ol. Sin embargo, no es posible estudiar solo portugu\u00e9s (sin espa\u00f1ol).[\/vc_column_text][vc_btn title=&#8221;4&#8243; style=&#8221;classic&#8221; shape=&#8221;round&#8221; color=&#8221;black&#8221; size=&#8221;xs&#8221; el_class=&#8221;numeral-paragraph&#8221;][vc_column_text css=&#8221;&#8221;]<em><strong>\u00bfQu\u00e9 tengo que tener en cuenta si ya s\u00e9 que quiero ense\u00f1ar espa\u00f1ol en el <\/strong><\/em><strong>Gymnasium<\/strong><em><strong>?\u00a0<\/strong><\/em><\/p>\n<p>Si quieres obtener el diploma de profesor de instituto (<em>Lehrdiplom f\u00fcr Maturit\u00e4tsschulen<\/em>) con espa\u00f1ol como primera o segunda asignatura de ense\u00f1anza, tienes que haber cursado el grado en Iberorroman\u00edstica (como materia secundaria o principal). Adem\u00e1s, 60 cr\u00e9ditos ECTS del grado deben proceder de m\u00f3dulos de espa\u00f1ol (si lo estudias como materia secundaria, esto corresponde a todos los cr\u00e9ditos). Si esto no se tiene en cuenta, los cr\u00e9ditos ECTS que falten deber\u00e1n recuperarse adicionalmente.<\/p>\n<p>En el caso del m\u00e1ster en Iberorroman\u00edstica, depende de si quieres decantarte por el espa\u00f1ol como primera o como segunda asignatura de ense\u00f1anza en el diploma de profesor. Si deseas elegirlo como primera, deber\u00e1s cursar el m\u00e1ster en Iberorroman\u00edstica como especialidad (90 ECTS) y adquirir al menos 45 ECTS de m\u00f3dulos de espa\u00f1ol. Si prefieres que el espa\u00f1ol sea la segunda materia de ense\u00f1anza, puedes realizar el m\u00e1ster en Iberorroman\u00edstica como materia principal o como secundaria, pero al menos 30 ECTS deben proceder de m\u00f3dulos de espa\u00f1ol (si lo has elegido como materia secundaria esto corresponde a todos los ECTS necesarios).<\/p>\n<p>El diploma de profesor de instituto puede iniciarse paralelamente al programa del m\u00e1ster. Sin embargo, solo puede completarse una vez obtenido el t\u00edtulo de m\u00e1ster.<\/p>\n<p>Para m\u00e1s informaci\u00f3n sobre el t\u00edtulo de profesor de instituto, haz clic <a href=\"https:\/\/www.rose.uzh.ch\/de\/studium\/danach\/lehrdiplom.html\">aqu\u00ed<\/a>.[\/vc_column_text][vc_btn title=&#8221;5&#8243; style=&#8221;classic&#8221; shape=&#8221;round&#8221; color=&#8221;black&#8221; size=&#8221;xs&#8221; el_class=&#8221;numeral-paragraph&#8221;][vc_column_text css=&#8221;&#8221;]<em><strong>\u00bfQui\u00e9n puede ayudarme si tengo m\u00e1s dudas sobre la Iberorroman\u00edstica?\u00a0\u00a0<\/strong><\/em><\/p>\n<p>Si necesitas informaci\u00f3n general sobre el programa, te recomendamos que eches un vistazo a <a href=\"https:\/\/www.rose.uzh.ch\/de\/studium\/iberoromanistik.html\">este enlace<\/a>.<\/p>\n<p>Si necesitas que alguien responda a preguntas concretas o aclare ciertas dudas, puedes ponerte en contacto con la orientadora de estudios <a href=\"https:\/\/www.rose.uzh.ch\/de\/seminar\/personen\/kuratli.html\">Theres Kuratli<\/a>.[\/vc_column_text][\/vc_tta_section][vc_tta_section title=&#8221;M\u00f3dulos&#8221; tab_id=&#8221;1684037199554-91f90e58-6a21&#8243;][vc_btn title=&#8221;6&#8243; style=&#8221;classic&#8221; shape=&#8221;round&#8221; color=&#8221;black&#8221; size=&#8221;xs&#8221; el_class=&#8221;numeral-paragraph&#8221;][vc_column_text css=&#8221;&#8221;]<em><strong>\u00bfQu\u00e9 diferencias hay entre los distintos tipos de m\u00f3dulos?\u00a0<\/strong><\/em><\/p>\n<p>Los m\u00f3dulos se dividen en tres categor\u00edas: optativos (<em>Wahl-Module, W<\/em>), optativo-obligatorios (<em>Wahlpflicht-Module, WP<\/em>) y obligatorios (<em>Pflicht-Module, P<\/em>). Como su nombre indica, todos los m\u00f3dulos obligatorios (<em>P<\/em>) son obligatorios (v\u00e9ase la pregunta 10), siendo los cursos sobre competencias comunicativas (grupo de m\u00f3dulos \u201cCompetencias Comunicativas\u201d) una peque\u00f1a excepci\u00f3n (v\u00e9ase la pregunta 13).<\/p>\n<p>Los optativo-obligatorios (<em>WP<\/em>) no son exactamente obligatorios. Sin embargo, para cada uno de los grupos de m\u00f3dulos en los que se dividen los programas de grado, se especifica el n\u00famero de m\u00f3dulos <em>WP<\/em> que deben cursarse. Encontrar\u00e1s informaci\u00f3n m\u00e1s detallada aqu\u00ed:<\/p>\n<p><a href=\"https:\/\/www.rose.uzh.ch\/dam\/jcr:b2a3342f-e50d-4727-95df-dbfadb656441\/WL_Iberoromanisch_BA_120.pdf\"><em><strong>BA, Major<\/strong><\/em><\/a><br \/>\n<a href=\"https:\/\/www.rose.uzh.ch\/dam\/jcr:b619e1dc-aef6-4882-8259-d1a2240cc385\/WL_Iberoromanisch_BA_60.pdf\"><em><strong>BA, Minor<\/strong><\/em><\/a><br \/>\n<a href=\"https:\/\/www.rose.uzh.ch\/dam\/jcr:d6c3d436-e6dd-4f4f-b697-aa4b14c33931\/WL_Iberoromanisch_MA_90.pdf\"><em><strong>MA, Major<\/strong><\/em><\/a><br \/>\n<a href=\"https:\/\/www.rose.uzh.ch\/dam\/jcr:0efa4bbf-c4c5-4689-bbb2-0df557283284\/WL_Iberoromanisch_MA_30.pdf\"><em><strong>MA, Minor<\/strong><\/em><\/a><\/p>\n<p>Por \u00faltimo, est\u00e1n los m\u00f3dulos optativos (<em>W<\/em>) sobre temas espec\u00edficos: estos no se ofrecen regularmente, por lo que solo se pueden cursar una vez.<\/p>\n<p>En la <em>Gu\u00eda<\/em> (<em>Wegleitung<\/em>) se indica el n\u00famero m\u00ednimo de cr\u00e9ditos ECTS que deben adquirirse con m\u00f3dulos<em> WP<\/em> o <em>W<\/em> para cada uno de los grupos de m\u00f3dulos en que se divide el programa de estudios.[\/vc_column_text][vc_btn title=&#8221;7&#8243; style=&#8221;classic&#8221; shape=&#8221;round&#8221; color=&#8221;black&#8221; size=&#8221;xs&#8221; el_class=&#8221;numeral-paragraph&#8221;][vc_column_text]<em><strong>\u00bfPuedo elegir libremente los m\u00f3dulos?\u00a0<\/strong><\/em><\/p>\n<p>S\u00ed y no. Lo explicamos a continuaci\u00f3n:<\/p>\n<p>Como ya se ha indicado en la pregunta 6, los m\u00f3dulos se dividen en tres categor\u00edas: optativos (<em>W<\/em>), optativo-obligatorios (<em>WP<\/em>) y obligatorios (<em>P<\/em>). Antes de continuar, debemos se\u00f1alar que los programas est\u00e1n organizados en grupos de m\u00f3dulos. A continuaci\u00f3n, te mostramos la estructura del programa de grado en Iberorroman\u00edstica, donde se muestran los grupos de m\u00f3dulos:<\/p>\n<p><img loading=\"lazy\" decoding=\"async\" class=\"wp-image-637 alignnone\" src=\"https:\/\/dlf.uzh.ch\/sites\/uzhispanistik\/files\/2023\/07\/listado-programas.png\" alt=\"\" width=\"527\" height=\"302\" srcset=\"https:\/\/dlf.uzh.ch\/sites\/uzhispanistik\/files\/2023\/07\/listado-programas.png 542w, https:\/\/dlf.uzh.ch\/sites\/uzhispanistik\/files\/2023\/07\/listado-programas-300x172.png 300w\" sizes=\"auto, (max-width: 527px) 100vw, 527px\" \/><\/p>\n<p>En el grupo &#8220;Introducci\u00f3n al Estudio de la Iberorroman\u00edstica&#8221;, por ejemplo, casi solo hay m\u00f3dulos <em>P<\/em>, as\u00ed que aqu\u00ed tienes pocas opciones para elegir. En otros grupos, sin embargo, puedes elegir entre varios m\u00f3dulos <em>WP<\/em> y <em>W<\/em>. Encontrar\u00e1s informaci\u00f3n m\u00e1s detallada en las siguientes gu\u00edas:<\/p>\n<p><a href=\"https:\/\/www.rose.uzh.ch\/dam\/jcr:b2a3342f-e50d-4727-95df-dbfadb656441\/WL_Iberoromanisch_BA_120.pdf\"><em><strong>BA, Major<\/strong><\/em><\/a><br \/>\n<a href=\"https:\/\/www.rose.uzh.ch\/dam\/jcr:b619e1dc-aef6-4882-8259-d1a2240cc385\/WL_Iberoromanisch_BA_60.pdf\"><em><strong>BA, Minor<\/strong><\/em><\/a><br \/>\n<a href=\"https:\/\/www.rose.uzh.ch\/dam\/jcr:d6c3d436-e6dd-4f4f-b697-aa4b14c33931\/WL_Iberoromanisch_MA_90.pdf\"><em><strong>MA, Major<\/strong><\/em><\/a><br \/>\n<a href=\"https:\/\/www.rose.uzh.ch\/dam\/jcr:0efa4bbf-c4c5-4689-bbb2-0df557283284\/WL_Iberoromanisch_MA_30.pdf\"><em><strong>MA, Minor<\/strong><\/em><\/a><\/p>\n<p>Los cursos sobre competencias comunicativas (grupo de m\u00f3dulos &#8220;Competencias Comunicativas&#8221;) son una peque\u00f1a excepci\u00f3n. Tienes m\u00e1s informaci\u00f3n en la pregunta 13.[\/vc_column_text][vc_btn title=&#8221;8&#8243; style=&#8221;classic&#8221; shape=&#8221;round&#8221; color=&#8221;black&#8221; size=&#8221;xs&#8221; el_class=&#8221;numeral-paragraph&#8221;][vc_column_text css=&#8221;&#8221;]<em><strong>\u00bfExiste un orden predefinido para matricularse en los m\u00f3dulos del programa de grado? \u00bfY en el m\u00e1ster?\u00a0<\/strong><\/em><\/p>\n<p>En el grado, s\u00ed. Primero debes completar los m\u00f3dulos del grupo \u201cIntroducci\u00f3n al Estudio de la Iberorroman\u00edstica\u201d (<a href=\"https:\/\/www.rose.uzh.ch\/de\/studium\/iberoromanistik\/bachelor-ibero.html\">v\u00e9ase la<em> Gu\u00eda<\/em><\/a>). Despu\u00e9s, puedes comenzar con los de los otros grupos. Sin embargo, deber\u00e1s haber finalizado todos los m\u00f3dulos obligatorios antes de poder matricularte en el trabajo de fin de grado.<\/p>\n<p>Adem\u00e1s, debes estar siempre atento a la secci\u00f3n \u201cRequisitos\u201d (<em>Anforderungen<\/em>) del cat\u00e1logo de cursos (<em>Vorlesungsverzeichnis<\/em>). All\u00ed encontrar\u00e1s informaci\u00f3n sobre los conocimientos necesarios que ya deber\u00edas haber adquirido en otros m\u00f3dulos. Matricularse en un curso sin informarse de los requisitos puede ser un poco arriesgado. Esto se aplica, en particular, a los m\u00f3dulos de los grupos &#8220;Literaturas Iberorrom\u00e1nicas: Textos Fundamentales&#8221; y &#8220;Ling\u00fc\u00edstica Iberorrom\u00e1nica: Conceptos Fundamentales&#8221;. En algunos casos, tendr\u00e1s que demostrarle al profesor que cumples los requisitos. Por lo tanto, lee atentamente la informaci\u00f3n del cat\u00e1logo de cursos.<\/p>\n<p>Sin embargo, en el programa de m\u00e1ster no existen normas sobre el orden en que se cursan los m\u00f3dulos. La \u00fanica excepci\u00f3n es el trabajo de fin de m\u00e1ster (<em>Major<\/em>), que debe realizarse en los dos \u00faltimos semestres del programa. Ten en cuenta la informaci\u00f3n que <a href=\"https:\/\/www.rose.uzh.ch\/de\/studium\/infos\/buchungMA.html\">figura aqu\u00ed<\/a>.[\/vc_column_text][vc_btn title=&#8221;9&#8243; style=&#8221;classic&#8221; shape=&#8221;round&#8221; color=&#8221;black&#8221; size=&#8221;xs&#8221; el_class=&#8221;numeral-paragraph&#8221;][vc_column_text css=&#8221;&#8221;]<em><strong>\u00bfTengo que haber estudiado lat\u00edn en el <\/strong><\/em><strong>Gymnasium<\/strong><em><strong>?\u00a0<\/strong><\/em><\/p>\n<p>No, no es un requisito previo. Al comienzo de tus estudios deber\u00e1s cursar el m\u00f3dulo obligatorio <em>Grundlagen Latein<\/em>.<br \/>\nSi ya has cursado lat\u00edn en el instituto (<em>Latein als Grundlagen- oder Schwerpunktfach<\/em>), no tienes que realizarlo. En su lugar, tienes que compensar los 6 cr\u00e9ditos ECTS con otros m\u00f3dulos del grado de Iberorroman\u00edstica.<br \/>\nPara cuestiones generales o si tienes un certificado de lat\u00edn del extranjero, ponte en contacto con los <a href=\"https:\/\/www.phil.uzh.ch\/de\/studium\/studentservices.html\">Student Services del Decanato de la Facultad de Filosof\u00eda.<\/a>[\/vc_column_text][vc_btn title=&#8221;10&#8243; style=&#8221;classic&#8221; shape=&#8221;round&#8221; color=&#8221;black&#8221; size=&#8221;xs&#8221; el_class=&#8221;numeral-paragraph&#8221;][vc_column_text]<em><strong>\u00bfQu\u00e9 ocurre si no apruebo un m\u00f3dulo obligatorio?\u00a0<\/strong><\/em><\/p>\n<p>Los estudiantes que no aprueban un m\u00f3dulo obligatorio una vez tienen la oportunidad de cursarlo de nuevo en uno de los semestres siguientes. Si no se supera en el segundo intento, se bloquean todos los programas de estudios en los que ese m\u00f3dulo sea obligatorio.[\/vc_column_text][vc_btn title=&#8221;11&#8243; style=&#8221;classic&#8221; shape=&#8221;round&#8221; color=&#8221;black&#8221; size=&#8221;xs&#8221; el_class=&#8221;numeral-paragraph&#8221;][vc_column_text]<em><strong>\u00bfTodos los m\u00f3dulos tienen la misma duraci\u00f3n?\u00a0<\/strong><\/em><\/p>\n<p>Normalmente, los m\u00f3dulos duran un semestre, pero tambi\u00e9n hay algunos que abarcan dos.<\/p>\n<p>En algunos casos, se utiliza el segundo semestre para escribir un trabajo. A veces, estos cursos pueden completarse en un semestre, siempre que el trabajo escrito se entregue con suficiente antelaci\u00f3n para que el profesor pueda evaluar los m\u00f3dulos a tiempo. Para ello, es necesario consultar previamente al docente.[\/vc_column_text][vc_btn title=&#8221;12&#8243; style=&#8221;classic&#8221; shape=&#8221;round&#8221; color=&#8221;black&#8221; size=&#8221;xs&#8221; el_class=&#8221;numeral-paragraph&#8221;][vc_column_text]<em><strong>\u00bfEn qu\u00e9 consiste el trabajo de fin de grado (<\/strong><\/em><strong>Bachelorarbeit<\/strong><em><strong>) y cu\u00e1ndo puedo escribirlo? \u00bfY el trabajo de fin de m\u00e1ster (<\/strong><\/em><strong>Masterarbeit<\/strong><em><strong>)?<\/strong><\/em><\/p>\n<p>El trabajo de fin de grado es el m\u00e1s importante al que te tienes que enfrentar durante tus estudios de grado. Puedes seleccionar un tema que te interese y debes contactar con un profesor, que ser\u00e1 el que te supervise y lo corrija. Es una experiencia individual, que no va acompa\u00f1ada de un m\u00f3dulo con clases. El trabajo de fin de m\u00e1ster funciona de la misma manera, pero las exigencias son mayores: se espera una solvencia te\u00f3rica, metodol\u00f3gica y anal\u00edtica mucho m\u00e1s elevada.<\/p>\n<p>Si est\u00e1s estudiando Iberorroman\u00edstica como materia secundaria, puedes matricularte en el trabajo de fin de grado tan pronto como hayas completado con \u00e9xito todos los m\u00f3dulos obligatorios (<em>P<\/em>). Puedes decidir por ti mismo si quieres escribir tu trabajo de fin de grado sobre un tema de ling\u00fc\u00edstica o de literatura. Ten en cuenta que, dependiendo de tu elecci\u00f3n, algunos m\u00f3dulos optativo-obligatorios (<em>WP<\/em>) deben completarse con \u00e9xito antes de poder matricularse en el trabajo de fin de grado.<\/p>\n<p>Si est\u00e1s cursando Iberorroman\u00edstica como materia principal, solo podr\u00e1s matricularte en el trabajo de fin de grado si, adem\u00e1s de todos los m\u00f3dulos <em>P<\/em>, tambi\u00e9n has completado determinados <em>WP<\/em>. Los m\u00f3dulos <em>WP<\/em> necesarios dependen del contenido del trabajo: para uno de fin de grado de ling\u00fc\u00edstica, los m\u00f3dulos <em>WP<\/em> de los grupos de m\u00f3dulos \u201cLing\u00fc\u00edstica Iberorrom\u00e1nica: Conceptos Fundamentales\u201d y \u201cLing\u00fc\u00edstica Iberorrom\u00e1nica: Profundizaci\u00f3n\u201d deben haberse superado; para un trabajo de fin de grado de literatura, los de los grupos \u201cLiteraturas Iberorrom\u00e1nicas: Textos Fundamentales\u201d y \u201cLiteraturas Iberorrom\u00e1nicas\u201d.<\/p>\n<p>El trabajo de fin de m\u00e1ster (<em>Major<\/em>) debe realizarse en los dos \u00faltimos semestres del programa. Por favor, ten en cuenta la informaci\u00f3n contenida en <a href=\"https:\/\/www.rose.uzh.ch\/de\/studium\/infos\/buchungMA.html\">este enlace<\/a>.[\/vc_column_text][\/vc_tta_section][vc_tta_section title=&#8221;Conocimientos de lengua&#8221; tab_id=&#8221;1684037594384-c37ec3e1-fc4a&#8221;][vc_btn title=&#8221;13&#8243; style=&#8221;classic&#8221; shape=&#8221;round&#8221; color=&#8221;black&#8221; size=&#8221;xs&#8221; el_class=&#8221;numeral-paragraph&#8221;][vc_column_text]<em><strong>\u00bfQu\u00e9 nivel de espa\u00f1ol necesito para empezar los estudios de Iberorroman\u00edstica?<\/strong><\/em><\/p>\n<p>Si tienes un bachillerato suizo (<em>Maturit\u00e4t<\/em>) con especialidad en espa\u00f1ol, deber\u00edas haber alcanzado un nivel B2. Esto deber\u00eda ser suficiente para asistir a tus primeras clases en Iberorroman\u00edstica. Sin embargo, si tus conocimientos de espa\u00f1ol todav\u00eda no son tan buenos o si necesitas consolidar ciertos temas, puedes seguir el curso Lengua Espa\u00f1ola (B2) para mejorarlos. Si ya manejas bien el espa\u00f1ol, puedes empezar directamente con el nivel C1. Las lectoras estar\u00e1n encantadas de aconsejarte sobre el m\u00f3dulo que mejor se adapte a tus necesidades.<\/p>\n<p>Y, si eres hablante nativo, \u00bfqu\u00e9 pasa con los m\u00f3dulos de lengua? Encontrar\u00e1s la respuesta en la pregunta 15.<\/p>\n<p>\u00bfQu\u00e9 ocurre si no tienes conocimientos de espa\u00f1ol? Casi todos los cursos se imparten en este idioma. Por lo tanto, si a\u00fan no dispones de conocimientos, tendr\u00e1s que dedicar tiempo y esfuerzo extra a su aprendizaje al principio. Si ya sabes portugu\u00e9s (o incluso italiano), te resultar\u00e1 relativamente f\u00e1cil entender el espa\u00f1ol, pero tendr\u00e1s que adquirir destrezas de expresi\u00f3n oral y escrita en los primeros semestres.<\/p>\n<p>\u00bfEs necesario saber portugu\u00e9s si quiero estudiar la ling\u00fc\u00edstica y la literatura de esta lengua? No, el portugu\u00e9s se puede aprender desde el principio, pero, por supuesto, es una ventaja si ya tienes algunos conocimientos. Si quieres estudiar m\u00f3dulos de portugu\u00e9s, tambi\u00e9n tienes que aprender espa\u00f1ol, pero no al rev\u00e9s.[\/vc_column_text][vc_btn title=&#8221;14&#8243; style=&#8221;classic&#8221; shape=&#8221;round&#8221; color=&#8221;black&#8221; size=&#8221;xs&#8221; el_class=&#8221;numeral-paragraph&#8221;][vc_column_text]<em><strong>\u00bfQu\u00e9 nivel de portugu\u00e9s necesito para empezar a estudiar Iberorroman\u00edstica?<\/strong><\/em><\/p>\n<p>Ninguno. El portugu\u00e9s no es un prerrequisito para empezar a estudiar Iberorroman\u00edstica.[\/vc_column_text][vc_btn title=&#8221;15&#8243; style=&#8221;classic&#8221; shape=&#8221;round&#8221; color=&#8221;black&#8221; size=&#8221;xs&#8221; el_class=&#8221;numeral-paragraph&#8221;][vc_column_text]<em><strong>Mi lengua materna es el espa\u00f1ol. \u00bfInfluye esto en los m\u00f3dulos que tengo que cursar?\u00a0<\/strong><\/em><\/p>\n<p>S\u00ed, pero solo en el m\u00f3dulo optativo-obligatorio (<em>WP<\/em>) Lengua Espa\u00f1ola (B2) y en el grupo de m\u00f3dulos &#8220;Competencias Comunicativas&#8221;. Si tienes un <em>Maturzeugnis<\/em>\u00a0de un pa\u00eds hispanohablante, no tienes que cursar el m\u00f3dulo <em>WP<\/em> mencionado ni los m\u00f3dulos obligatorios Lengua Espa\u00f1ola (C1) (en el grado) y Lengua Espa\u00f1ola (C2) (en el m\u00e1ster).<\/p>\n<p>En este caso, las competencias correspondientes se consideran cumplidas, pero con 0 cr\u00e9ditos ECTS, por lo que deber\u00e1s compensar los cr\u00e9ditos ECTS con otros m\u00f3dulos de Iberorroman\u00edstica.[\/vc_column_text][vc_btn title=&#8221;16&#8243; style=&#8221;classic&#8221; shape=&#8221;round&#8221; color=&#8221;black&#8221; size=&#8221;xs&#8221; el_class=&#8221;numeral-paragraph&#8221;][vc_column_text]<em><strong>\u00bfSe pueden convalidar certificados DELE y del Centros de Idiomas de la UZH\/ETH?\u00a0<\/strong><\/em><\/p>\n<p>\u00a1S\u00ed! Si tienes un certificado DELE C1 o incluso DELE C2, se te reconocer\u00e1n 6 cr\u00e9ditos ECTS y no tendr\u00e1s que cursar los m\u00f3dulos obligatorios Lengua Espa\u00f1ola (C1) y Lengua Espa\u00f1ola (C2). Ponte en contacto con la orientadora de estudios para la acreditaci\u00f3n de estos certificados de idiomas.<\/p>\n<p>En cambio, los cursos del Centro de Idiomas de la UZH\/ETH (<em>Sprachenzentrum der UZH\/ETH<\/em>) no se pueden convalidar en el programa de estudios.[\/vc_column_text][vc_btn title=&#8221;17&#8243; style=&#8221;classic&#8221; shape=&#8221;round&#8221; color=&#8221;black&#8221; size=&#8221;xs&#8221; el_class=&#8221;numeral-paragraph&#8221;][vc_column_text]<em><strong>\u00bfDebo hacer una estancia ling\u00fc\u00edstica en el extranjero durante mis estudios?\u00a0<\/strong><\/em><\/p>\n<p>Una estancia ling\u00fc\u00edstica en el extranjero es una excelente oportunidad para mejorar y profundizar los conocimientos ling\u00fc\u00edsticos y culturales adquiridos durante los estudios. Por ello, se recomienda a todos los estudiantes que vivan esta experiencia, preferiblemente antes de comenzar su programa de m\u00e1ster. <a href=\"https:\/\/www.rose.uzh.ch\/de\/studium\/infos\/sprachaufenthalt.html\">Aqu\u00ed<\/a> tienes la informaci\u00f3n m\u00e1s importante y otros enlaces sobre el tema de las estancias ling\u00fc\u00edsticas.<\/p>\n<p>Para obtener el diploma de profesor de instituto, se requiere una estancia ling\u00fc\u00edstica en el extranjero de, al menos, 6 meses. Esta debe completarse antes del inicio de la formaci\u00f3n did\u00e1ctica especializada. Dispones de m\u00e1s informaci\u00f3n sobre el diploma de profesor de espa\u00f1ol <a href=\"https:\/\/www.ife.uzh.ch\/de\/llbm\/lehrdiplomfuermaturitaetsschulen\/unterrichtsfaecher\/spanisch.html\">aqu\u00ed<\/a>. Adem\u00e1s, en <a href=\"https:\/\/www.rose.uzh.ch\/de\/studium\/neu\/erstsemestrige\/FAQerstsemestrige.html\">este enlace<\/a> se ofrecen respuestas a las preguntas m\u00e1s frecuentes. Si todav\u00eda no est\u00e1s seguro, puedes ponerte en contacto con <a href=\"https:\/\/www.rose.uzh.ch\/de\/studium\/studienberatung.html\">nuestro servicio de orientaci\u00f3n<\/a> sobre programas de estudios.[\/vc_column_text][vc_btn title=&#8221;18&#8243; style=&#8221;classic&#8221; shape=&#8221;round&#8221; color=&#8221;black&#8221; size=&#8221;xs&#8221; el_class=&#8221;numeral-paragraph&#8221;][vc_column_text]<em><strong>\u00bfQu\u00e9 otras lenguas puedo estudiar en Iberorroman\u00edstica?\u00a0\u00a0<\/strong><\/em><\/p>\n<p>Tenemos una oferta permanente de catal\u00e1n (A1-B1), adem\u00e1s de la de portugu\u00e9s (A1-C1). Asimismo, ofrecemos regularmente cursos de vasco (A1) \u2014que no es una lengua romance, pero se habla tambi\u00e9n en la pen\u00ednsula ib\u00e9rica\u2014 y, de forma m\u00e1s irregular, cursos intensivos de introducci\u00f3n al gallego.[\/vc_column_text][\/vc_tta_section][\/vc_tta_accordion][\/vc_column][vc_column width=&#8221;1\/3&#8243; offset=&#8221;vc_hidden-sm vc_hidden-xs&#8221;][\/vc_column][\/vc_row][vc_row el_id=&#8221;letters-sidebar&#8221;][vc_column][vc_widget_sidebar sidebar_id=&#8221;footer-2&#8243;][\/vc_column][\/vc_row]<\/p>\n<\/div>","protected":false},"excerpt":{"rendered":"<p>[vc_row full_width=&#8221;stretch_row&#8221; el_class=&#8221;head-image&#8221; css=&#8221;.vc_custom_1686705429846{margin-bottom: 100px !important;padding-top: 100px !important;}&#8221;][vc_column width=&#8221;4\/6&#8243;][vc_column_text el_class=&#8221;title-page&#8221;] FAQ [\/vc_column_text][\/vc_column][\/vc_row][vc_row el_class=&#8221;content-page&#8221;][vc_column width=&#8221;2\/3&#8243; el_class=&#8221;content-questions&#8221; offset=&#8221;vc_col-lg-8 vc_col-md-12 vc_col-xs-12&#8243;][vc_tta_accordion color=&#8221;white&#8221; spacing=&#8221;15&#8243; c_icon=&#8221;chevron&#8221; c_position=&#8221;right&#8221; active_section=&#8221;&#8221; collapsible_all=&#8221;true&#8221; el_class=&#8221;custom-acordion&#8221;][vc_tta_section&hellip;<\/p>\n","protected":false},"author":697,"featured_media":0,"parent":0,"menu_order":0,"comment_status":"closed","ping_status":"closed","template":"","meta":{"footnotes":""},"class_list":["post-215","page","type-page","status-publish","hentry"],"_links":{"self":[{"href":"https:\/\/dlf.uzh.ch\/sites\/uzhispanistik\/wp-json\/wp\/v2\/pages\/215","targetHints":{"allow":["GET"]}}],"collection":[{"href":"https:\/\/dlf.uzh.ch\/sites\/uzhispanistik\/wp-json\/wp\/v2\/pages"}],"about":[{"href":"https:\/\/dlf.uzh.ch\/sites\/uzhispanistik\/wp-json\/wp\/v2\/types\/page"}],"author":[{"embeddable":true,"href":"https:\/\/dlf.uzh.ch\/sites\/uzhispanistik\/wp-json\/wp\/v2\/users\/697"}],"replies":[{"embeddable":true,"href":"https:\/\/dlf.uzh.ch\/sites\/uzhispanistik\/wp-json\/wp\/v2\/comments?post=215"}],"version-history":[{"count":13,"href":"https:\/\/dlf.uzh.ch\/sites\/uzhispanistik\/wp-json\/wp\/v2\/pages\/215\/revisions"}],"predecessor-version":[{"id":1155,"href":"https:\/\/dlf.uzh.ch\/sites\/uzhispanistik\/wp-json\/wp\/v2\/pages\/215\/revisions\/1155"}],"wp:attachment":[{"href":"https:\/\/dlf.uzh.ch\/sites\/uzhispanistik\/wp-json\/wp\/v2\/media?parent=215"}],"curies":[{"name":"wp","href":"https:\/\/api.w.org\/{rel}","templated":true}]}}