{"id":664,"date":"2025-08-04T13:19:58","date_gmt":"2025-08-04T13:19:58","guid":{"rendered":"https:\/\/dlf.uzh.ch\/sites\/frauenrechtsgeschichte\/?page_id=664"},"modified":"2025-08-04T16:14:28","modified_gmt":"2025-08-04T16:14:28","slug":"a-propos-de-ce-projet","status":"publish","type":"page","link":"https:\/\/dlf.uzh.ch\/sites\/frauenrechtsgeschichte\/fr\/a-propos-de-ce-projet\/","title":{"rendered":"\u00c0 propos de ce projet"},"content":{"rendered":"<p><span style=\"color: #333333;\">Le projet \u00ab Juristes suisses et droits des femmes en Suisse depuis 1971 \u00bb vise \u00e0 faire revivre l\u2019histoire de l\u2019\u00e9galit\u00e9 des sexes en Suisse \u00e0 travers des interviews de juristes et de femmes politiques, et \u00e0 combler une lacune dans l\u2019histoire (f\u00e9minine) du droit. Les interviews, men\u00e9es dans les quatre langues nationales de la Suisse, offrent un aper\u00e7u des \u00e9volutions juridiques, politiques et sociales qui ont contribu\u00e9 \u00e0 la cr\u00e9ation et \u00e0 l\u2019\u00e9volution des droits des femmes. Le blog, qui sert de plateforme centrale au projet, documente cette histoire orale et constitue une ressource pr\u00e9cieuse pour les \u00e9tudiants.<\/span><\/p>\n<p><span style=\"color: #333333;\">Le projet est interdisciplinaire et est activement co-cr\u00e9\u00e9 et d\u00e9velopp\u00e9 par les \u00e9tudiants dans le cadre du s\u00e9minaire annuel \u00ab Histoire des droits des femmes \u00bb. Les \u00e9tudiants ont la possibilit\u00e9 de r\u00e9diger des travaux scientifiques bas\u00e9s sur les interviews et les documents historiques publi\u00e9s sur le blog. Ces travaux sont ensuite publi\u00e9s sur le blog et enrichissent ainsi continuellement la collection de mat\u00e9riaux sur l\u2019histoire des droits des femmes en Suisse. Les \u00e9tudiants ne sont pas seulement des consommateurs passifs de savoir, mais contribuent activement \u00e0 la cr\u00e9ation et au d\u00e9veloppement du blog. Ils m\u00e8nent des interviews, recherchent des contextes historiques et r\u00e9digent des articles scientifiques qui approfondissent les th\u00e8mes abord\u00e9s.<\/span><\/p>\n<p><span style=\"color: #333333;\">Le caract\u00e8re innovant du projet r\u00e9side dans le fait que les \u00e9tudiants n\u2019apprennent pas uniquement dans les manuels, mais acqui\u00e8rent des connaissances pr\u00e9cieuses gr\u00e2ce \u00e0 des sources directes et contemporaines \u2013 les interviews avec des femmes ayant marqu\u00e9 de mani\u00e8re d\u00e9terminante la politique suisse en mati\u00e8re d\u2019\u00e9galit\u00e9 \u2013 et obtiennent ainsi des perspectives importantes sur les processus d\u2019\u00e9laboration des lois et les changements sociaux. Cela favorise la compr\u00e9hension des liens juridiques et politiques et stimule la pens\u00e9e critique.<\/span><\/p>\n<p><span style=\"color: #333333;\">Le blog, qui sert d\u2019outil didactique, est continuellement enrichi et est con\u00e7u comme un projet \u00e0 long terme. Outre les interviews d\u00e9j\u00e0 r\u00e9alis\u00e9es, d\u2019autres entretiens sont pr\u00e9vus avec des personnalit\u00e9s ayant contribu\u00e9 \u00e0 l\u2019histoire des droits des femmes en Suisse. Les \u00e9tudiants ont la possibilit\u00e9 d\u2019approfondir divers sujets, tels que l\u2019introduction du droit de vote des femmes, la fondation de la Commission f\u00e9d\u00e9rale pour les questions f\u00e9minines ou le d\u00e9veloppement des lois sur l\u2019\u00e9galit\u00e9, comme la Loi sur l\u2019\u00e9galit\u00e9 de 1996.<\/span><\/p>\n<p><span style=\"color: #333333;\">Le projet repose sur une structure durable, puisqu\u2019il s\u2019appuie sur le s\u00e9minaire annuel et sur la publication continue des travaux des \u00e9tudiants sur le blog. De cette mani\u00e8re, il est garanti que les connaissances sur l\u2019histoire des droits des femmes en Suisse restent vivantes et continuent d\u2019\u00e9voluer. Il s\u2019agit d\u2019un projet en libre acc\u00e8s.<\/span><\/p>\n<p><span style=\"color: #333333;\">Gr\u00e2ce \u00e0 cette approche innovante et ax\u00e9e sur la pratique, le projet contribuera non seulement \u00e0 enrichir les connaissances sur les droits des femmes en Suisse, mais repr\u00e9sentera \u00e9galement un mod\u00e8le pour l\u2019enseignement interdisciplinaire et l\u2019utilisation des m\u00e9dias num\u00e9riques dans le monde acad\u00e9mique.<\/span><\/p>\n","protected":false},"excerpt":{"rendered":"<p>Le projet \u00ab Juristes suisses et droits des femmes en Suisse depuis 1971 \u00bb vise \u00e0 faire revivre l\u2019histoire de l\u2019\u00e9galit\u00e9 des sexes en Suisse&hellip;<\/p>\n","protected":false},"author":894,"featured_media":0,"parent":0,"menu_order":0,"comment_status":"closed","ping_status":"closed","template":"","meta":{"footnotes":""},"class_list":["post-664","page","type-page","status-publish","hentry"],"_links":{"self":[{"href":"https:\/\/dlf.uzh.ch\/sites\/frauenrechtsgeschichte\/wp-json\/wp\/v2\/pages\/664","targetHints":{"allow":["GET"]}}],"collection":[{"href":"https:\/\/dlf.uzh.ch\/sites\/frauenrechtsgeschichte\/wp-json\/wp\/v2\/pages"}],"about":[{"href":"https:\/\/dlf.uzh.ch\/sites\/frauenrechtsgeschichte\/wp-json\/wp\/v2\/types\/page"}],"author":[{"embeddable":true,"href":"https:\/\/dlf.uzh.ch\/sites\/frauenrechtsgeschichte\/wp-json\/wp\/v2\/users\/894"}],"replies":[{"embeddable":true,"href":"https:\/\/dlf.uzh.ch\/sites\/frauenrechtsgeschichte\/wp-json\/wp\/v2\/comments?post=664"}],"version-history":[{"count":2,"href":"https:\/\/dlf.uzh.ch\/sites\/frauenrechtsgeschichte\/wp-json\/wp\/v2\/pages\/664\/revisions"}],"predecessor-version":[{"id":699,"href":"https:\/\/dlf.uzh.ch\/sites\/frauenrechtsgeschichte\/wp-json\/wp\/v2\/pages\/664\/revisions\/699"}],"wp:attachment":[{"href":"https:\/\/dlf.uzh.ch\/sites\/frauenrechtsgeschichte\/wp-json\/wp\/v2\/media?parent=664"}],"curies":[{"name":"wp","href":"https:\/\/api.w.org\/{rel}","templated":true}]}}