{"id":4696,"date":"2023-04-04T13:07:51","date_gmt":"2023-04-04T11:07:51","guid":{"rendered":"https:\/\/dlf.uzh.ch\/openbooks\/amor\/?post_type=part&#038;p=4696"},"modified":"2023-04-04T13:10:31","modified_gmt":"2023-04-04T11:10:31","slug":"xvii-der-lauf-der-feuerpferde-auxilium-2","status":"publish","type":"part","link":"https:\/\/dlf.uzh.ch\/openbooks\/amor\/part\/xvii-der-lauf-der-feuerpferde-auxilium-2\/","title":{"raw":"XVII Der Lauf der Feuerpferde. Auxilium","rendered":"XVII Der Lauf der Feuerpferde. Auxilium"},"content":{"raw":"<p style=\"font-weight: 400;text-align: justify\"><span>Alle Subjekte sind <\/span><span style=\"background-color: #ff9900\">orange<\/span><span>, alle Pr\u00e4dikate <\/span><span style=\"background-color: #ffcc00\">gelb<\/span><span> hinterlegt.<\/span><\/p>\r\nAlle AcI sind <strong>[<\/strong>eingeklammert<strong>]<\/strong>.\r\n\r\n<hr \/>\r\n<p style=\"font-weight: 400;text-align: justify\"><em>\u00abMama, stimmt es, dass vor langer Zeit einmal die ganze Erde brannte, weil die Sonne ihr zu nahe kam?\u00bb\u00a0<\/em><em>Cornelia lacht und streicht Lucius \u00fcber den Kopf. \u00abDu meinst die Geschichte von Phaethon, der die Feuerpferde lenkte.\u00bb\u00a0<\/em><em>\u00abJa\u00bb, mischt sich Minor ein. \u00abDeshalb gibt es heute in Afrika W\u00fcsten, wo keine einzige Pflanze w\u00e4chst! Und die Menschen dort haben ganz dunkle Haut\u2026\u00bb\u00a0<\/em><em>\u00abErz\u00e4hl uns die Geschichte, Mama!\u00bb, fordert Lucius. <\/em><em>\u00abEinverstanden. Also\u2026 Phaethon war ein sch\u00f6ner und mutiger Junge. Er wuchs am K\u00f6nigshof von Aithiopien auf. Seine Mutter Clymena, die K\u00f6nigin, erz\u00e4hlt ihm jedoch stolz, dass nicht der K\u00f6nig sein Vater sei\u2026\u00bb<\/em><\/p>\r\n\r\n\r\n<hr \/>\r\n<p style=\"font-weight: 400;text-align: justify\"><span style=\"background-color: #ff9900\">Clymena<\/span> filio saepe de patre <span style=\"background-color: #ffcc00\">narra-ba-t<\/span>:<\/p>\r\n<p style=\"font-weight: 400;text-align: justify\">\u00ab<span style=\"background-color: #ffcc00\">Pater est<\/span> <span style=\"background-color: #ffcc00\"><span style=\"background-color: #ff9900\">Sol deus<\/span><\/span>,<\/p>\r\n<p style=\"font-weight: 400;text-align: justify;padding-left: 40px\"><span style=\"background-color: #ff9900\">qui<\/span> currum per caelum <span style=\"background-color: #ffcc00\">duc-i-t<\/span>.\u00bb<\/p>\r\n<p style=\"font-weight: 400;text-align: justify\">Sed <span style=\"background-color: #ff9900\">amici Phaethontis<\/span> <span style=\"background-color: #ffcc00\">dix-erunt<\/span>:<\/p>\r\n<p style=\"font-weight: 400;text-align: justify\">\u00ab<span style=\"background-color: #ff9900\">Mater<\/span> <span style=\"text-decoration: underline\">fabulas<\/span> <span style=\"background-color: #ffcc00\">narra-t<\/span>.<\/p>\r\n<p style=\"font-weight: 400;text-align: justify\"><span style=\"background-color: #ff9900\">Nemo<\/span> <span style=\"background-color: #ffcc00\">cred-i-t<\/span> <strong>[<\/strong>Phaethontem filium Solis esse<strong>]<\/strong>.\u00bb<\/p>\r\n<p style=\"font-weight: 400;text-align: justify;padding-left: 40px\">Ubi <span style=\"background-color: #ff9900\">Phaethon<\/span> verba amicorum matri <span style=\"color: #0000ff;background-color: #ffcc00\">rettul-erat<\/span>,<\/p>\r\n<p style=\"font-weight: 400;text-align: justify\"><span style=\"background-color: #ff9900\">Clymena<\/span> <span style=\"background-color: #ffcc00\">imperav-it<\/span>:<\/p>\r\n<p style=\"font-weight: 400;text-align: justify\">\u00abDomum claram patris <span style=\"background-color: #ffcc00\">adi<\/span>!<\/p>\r\n<p style=\"font-weight: 400;text-align: justify\">Ibi <span style=\"text-decoration: underline\">veritatem<\/span> <span style=\"background-color: #ffcc00\">inveni-e-s<\/span>.\u00bb<\/p>\r\n<p style=\"font-weight: 400;text-align: justify\"><span style=\"background-color: #ff9900\">Iuvenis<\/span> <span style=\"background-color: #ffcc00\">paru-it<\/span>.<\/p>\r\n<p style=\"font-weight: 400;text-align: justify\">Ingentem domum Solis <span style=\"background-color: #ffcc00\">petiv-it<\/span>,<\/p>\r\n<p style=\"font-weight: 400;text-align: justify;padding-left: 40px\">ubi <span style=\"background-color: #ff9900\">deus<\/span> in <em>sell\u0101<\/em> <span style=\"background-color: #ffcc00\">sede-ba-t<\/span>.<\/p>\r\n<p style=\"font-weight: 400;text-align: justify\"><span style=\"background-color: #ff9900\">Qui<\/span> Phaethontem <span style=\"background-color: #ffcc00\">salutav-it<\/span>:<\/p>\r\n<p style=\"font-weight: 400;text-align: justify\">\u00abSalve, mi fili! <span style=\"background-color: #ff9900\">Clymena<\/span> <span style=\"text-decoration: underline\">veritatem<\/span> <span style=\"background-color: #ffcc00\">dix-it<\/span>:<\/p>\r\n<p style=\"font-weight: 400;text-align: justify\"><span style=\"background-color: #ffcc00\">Filius es Solis.<\/span>\u00bb<\/p>\r\n<p style=\"font-weight: 400;text-align: justify\">\u00ab<span style=\"background-color: #ff9900\">Nemo<\/span> <span style=\"background-color: #ffcc00\">cred-e-t<\/span>:<\/p>\r\n<p style=\"font-weight: 400;text-align: justify\"><span style=\"background-color: #ffcc00\">Da<\/span> signum,<\/p>\r\n<p style=\"font-weight: 400;text-align: justify;padding-left: 40px\">quo omnibus <span style=\"background-color: #ffcc00\">ostend-e-tur<\/span> <strong>[<\/strong>Phaethontem filium dei esse<strong>]<\/strong>.\u00bb<\/p>\r\n<p style=\"font-weight: 400;text-align: justify\">\u00ab<span style=\"background-color: #ffcc00\">Da-b-o<\/span> omnia,<\/p>\r\n<p style=\"font-weight: 400;text-align: justify;padding-left: 40px\">quae <span style=\"background-color: #ffcc00\">cupi-e-s<\/span>.\u00bb<\/p>\r\n<p style=\"font-weight: 400;text-align: justify\">\u00ab<span style=\"background-color: #ffcc00\">Da<\/span> currum aureum!<\/p>\r\n<p style=\"font-weight: 400;text-align: justify\">Currum Solis ducere <span style=\"background-color: #ffcc00\">volo<\/span>.\u00bb<\/p>\r\n<p style=\"font-weight: 400;text-align: justify\"><span style=\"background-color: #ff9900\">Verba filii<\/span> patrem valde <span style=\"background-color: #ffcc00\">terru-erunt<\/span>.<\/p>\r\n<p style=\"font-weight: 400;text-align: justify\">\u00ab<span style=\"text-decoration: underline\">Periculosam<\/span> rem <span style=\"background-color: #ffcc00\">cup-i-s<\/span>!<\/p>\r\n<p style=\"font-weight: 400;text-align: justify\"><span style=\"background-color: #ff9900\">Currus<\/span> <span style=\"background-color: #ffcc00\">est res divina<\/span>,<\/p>\r\n<p style=\"font-weight: 400;text-align: justify\">sed <span style=\"background-color: #ff9900\">tu<\/span> <span style=\"background-color: #ffcc00\">es homo<\/span>, non <span style=\"background-color: #ffcc00\">deus<\/span>.\u00bb<\/p>\r\n\r\n\r\n<hr \/>\r\n<p style=\"font-weight: 400;text-align: justify\"><em>Obschon Sol seinen Sohn warnte, sein Wunsch sei zu gef\u00e4hrlich, und ihn inst\u00e4ndig bat, sich etwas Anderes zu w\u00fcnschen, blieb Phaethon stur: Einen Tag lang wollte er den Sonnenwagen seines Vaters lenken. Da gab Sol schweren Herzens nach.<\/em><\/p>\r\n\r\n\r\n<hr \/>\r\n<p style=\"font-weight: 400;text-align: justify\">\u00abEcce <span style=\"background-color: #ff9900\">currus<\/span> ab equis <span style=\"text-decoration: underline\">volucribus<\/span> tractus.<\/p>\r\n<p style=\"font-weight: 400;text-align: justify\"><em>Lorum<\/em> <span style=\"background-color: #ffcc00\">tene<\/span> <em>fortiter<\/em>,<\/p>\r\n<p style=\"font-weight: 400;text-align: justify\">nam <span style=\"background-color: #ff9900\">equi<\/span> <span style=\"background-color: #ffcc00\">sunt potentes<\/span>.<\/p>\r\n<p style=\"font-weight: 400;text-align: justify\">Cursum <span style=\"text-decoration: underline\">medium<\/span> <span style=\"background-color: #ffcc00\">quaere<\/span>:<\/p>\r\n<p style=\"font-weight: 400;text-align: justify;padding-left: 40px\">Si altas partes mundi <span style=\"background-color: #ffcc00\">pet-e-s<\/span>,<\/p>\r\n<p style=\"font-weight: 400;text-align: justify\">domos deorum <span style=\"text-decoration: underline;background-color: #ffcc00\">dele-bi-s<\/span>,<\/p>\r\n<p style=\"font-weight: 400;text-align: justify;padding-left: 40px\">si <em>inferius<\/em> <span style=\"background-color: #ffcc00\">vola-bi-s<\/span>,<\/p>\r\n<p style=\"font-weight: 400;text-align: justify\">terram.\u00bb<\/p>\r\n<p style=\"font-weight: 400;text-align: justify\">Iam <span style=\"background-color: #ff9900\">Aurora<\/span> caelum <span style=\"background-color: #ffcc00\">aperi-t<\/span>,<\/p>\r\n<p style=\"font-weight: 400;text-align: justify\">iam <span style=\"background-color: #ff9900\">equi celeres<\/span> cursum <span style=\"background-color: #ffcc00\">incipi-u-nt<\/span>.<\/p>\r\n<p style=\"font-weight: 400;text-align: justify\">Corpus autem <span style=\"text-decoration: underline\">leve<\/span> iuvenis non <span style=\"background-color: #ffcc00\">senti-u-nt<\/span>;<\/p>\r\n<p style=\"font-weight: 400;text-align: justify\"><em>lorum<\/em> manibus <span style=\"background-color: #ffcc00\">eripi-u-nt<\/span>,<\/p>\r\n<p style=\"font-weight: 400;text-align: justify\">currum gravem in cunctas partes mundi <span style=\"background-color: #ffcc00\">mitt-u-nt<\/span>, in stellas et in terras.<\/p>\r\n<p style=\"font-weight: 400;text-align: justify\">Iam <span style=\"background-color: #ff9900\">urbes<\/span>, iam <span style=\"background-color: #ff9900\">mons Olympus<\/span> et <span style=\"background-color: #ff9900\">Alpes<\/span> <span style=\"text-decoration: underline;background-color: #ffcc00\">uri-u-ntur<\/span><em>.<\/em><\/p>\r\n<p style=\"font-weight: 400;text-align: justify\">Iam <span style=\"background-color: #ff9900\">flumina<\/span>, iam <span style=\"background-color: #ff9900\">Tiber<\/span> et <span style=\"background-color: #ff9900\">Rhenus<\/span> <span style=\"text-decoration: underline;background-color: #ffcc00\">sicca-ntur<\/span>.<\/p>\r\n<p style=\"font-weight: 400;text-align: justify\">Iam <span style=\"background-color: #ff9900\"><span style=\"color: #0000ff\">insulae<\/span> novae<\/span> in mari <span style=\"background-color: #ffcc00\">inveni-u-ntur<\/span>.<\/p>\r\n<p style=\"font-weight: 400;text-align: justify\"><span style=\"background-color: #ff9900\">Iuppiter<\/span>,<\/p>\r\n<p style=\"font-weight: 400;text-align: justify;padding-left: 40px\"><span style=\"background-color: #ff9900\">qui<\/span> <strong>[<\/strong>totam terram <span style=\"text-decoration: underline\">uri<strong>]<\/strong><\/span> <span style=\"background-color: #ffcc00\">vid-it<\/span>,<\/p>\r\n<p style=\"font-weight: 400;text-align: justify\">tristis <span style=\"text-decoration: underline\">fulmen<\/span> <span style=\"background-color: #ffcc00\">cep-it <\/span><\/p>\r\n<p style=\"font-weight: 400;text-align: justify\">et in <em>aurigam<\/em> miserum <span style=\"background-color: #ffcc00\">mis-it<\/span>.<\/p>\r\n<p style=\"font-weight: 400;text-align: justify\"><span style=\"background-color: #ff9900\">Phaethon<\/span> \u2013 iam mortuus \u2013 de curru <span style=\"background-color: #ffcc00\">cecid-it<\/span>.<\/p>\r\n<p style=\"font-weight: 400;text-align: justify\"><span style=\"background-color: #ff9900\">Omnes<\/span> morte iuvenis <span style=\"background-color: #ffcc00\">dolu-erunt<\/span>: pater, mater, sorores.<\/p>\r\n<p style=\"font-weight: 400;text-align: justify\"><span style=\"background-color: #ff9900\">Dolor<\/span> autem <span style=\"background-color: #ff9900\">Cycni, <span style=\"color: #0000ff\">amatoris<\/span> Phaethontis<\/span>, <span style=\"background-color: #ffcc00\"><span style=\"text-decoration: underline\">nimius<\/span> erat<\/span>.<\/p>\r\n<p style=\"font-weight: 400;text-align: justify\"><span style=\"background-color: #ff9900\">Avis nova<\/span> <span style=\"background-color: #ffcc00\">facta est<\/span>: <span style=\"background-color: #ff9900\"><em>cycnus<\/em><\/span>,<\/p>\r\n<p style=\"font-weight: 400;text-align: justify;padding-left: 40px\">quem <span style=\"background-color: #ff9900\">memoria amoris<\/span> <span style=\"background-color: #ffcc00\">prohibe-t<\/span> a caelo alto.<\/p>\r\n\r\n\r\n<hr \/>\r\n\r\n<h2 style=\"font-weight: 400;text-align: justify\">Wortangaben<\/h2>\r\n<em>auriga m<\/em> der Wagenlenker \u2013 <em>cycnus<\/em>\u00a0der Schwan \u2014 <em>fortiter<\/em> (Adverb) fest \u2014 <em>inferius<\/em> (Adverb) zu tief \u2013 <em>lorus<\/em> der Z\u00fcgel \u2013 <em>sella\u00a0<\/em>der Thron\r\n\r\n<hr \/>\r\n\r\n<h2 style=\"font-weight: 400;text-align: justify\">Eigennamen<\/h2>\r\n<p style=\"text-align: justify\"><em>Aurora<\/em> die G\u00f6ttin der Morgenr\u00f6te \u2014 <em>Clymena<\/em> die Mutter Phaethons, K\u00f6nigin Aithiopiens \u2014 <em>Cycnus<\/em> der K\u00f6nig Liguriens \u2014 <em>Iuppiter, Iovis m<\/em> Jupiter \u2014\u00a0<em>Sol, Solis m<\/em> der Sonnengott<\/p>\r\n\r\n\r\n<hr \/>\r\n\r\n<h1>Wie gut hast du den Text verstanden?<\/h1>\r\n<span>[h5p id=\"427\"]<\/span>","rendered":"<p style=\"font-weight: 400;text-align: justify\"><span>Alle Subjekte sind <\/span><span style=\"background-color: #ff9900\">orange<\/span><span>, alle Pr\u00e4dikate <\/span><span style=\"background-color: #ffcc00\">gelb<\/span><span> hinterlegt.<\/span><\/p>\n<p>Alle AcI sind <strong>[<\/strong>eingeklammert<strong>]<\/strong>.<\/p>\n<hr \/>\n<p style=\"font-weight: 400;text-align: justify\"><em>\u00abMama, stimmt es, dass vor langer Zeit einmal die ganze Erde brannte, weil die Sonne ihr zu nahe kam?\u00bb\u00a0<\/em><em>Cornelia lacht und streicht Lucius \u00fcber den Kopf. \u00abDu meinst die Geschichte von Phaethon, der die Feuerpferde lenkte.\u00bb\u00a0<\/em><em>\u00abJa\u00bb, mischt sich Minor ein. \u00abDeshalb gibt es heute in Afrika W\u00fcsten, wo keine einzige Pflanze w\u00e4chst! Und die Menschen dort haben ganz dunkle Haut\u2026\u00bb\u00a0<\/em><em>\u00abErz\u00e4hl uns die Geschichte, Mama!\u00bb, fordert Lucius. <\/em><em>\u00abEinverstanden. Also\u2026 Phaethon war ein sch\u00f6ner und mutiger Junge. Er wuchs am K\u00f6nigshof von Aithiopien auf. Seine Mutter Clymena, die K\u00f6nigin, erz\u00e4hlt ihm jedoch stolz, dass nicht der K\u00f6nig sein Vater sei\u2026\u00bb<\/em><\/p>\n<hr \/>\n<p style=\"font-weight: 400;text-align: justify\"><span style=\"background-color: #ff9900\">Clymena<\/span> filio saepe de patre <span style=\"background-color: #ffcc00\">narra-ba-t<\/span>:<\/p>\n<p style=\"font-weight: 400;text-align: justify\">\u00ab<span style=\"background-color: #ffcc00\">Pater est<\/span> <span style=\"background-color: #ffcc00\"><span style=\"background-color: #ff9900\">Sol deus<\/span><\/span>,<\/p>\n<p style=\"font-weight: 400;text-align: justify;padding-left: 40px\"><span style=\"background-color: #ff9900\">qui<\/span> currum per caelum <span style=\"background-color: #ffcc00\">duc-i-t<\/span>.\u00bb<\/p>\n<p style=\"font-weight: 400;text-align: justify\">Sed <span style=\"background-color: #ff9900\">amici Phaethontis<\/span> <span style=\"background-color: #ffcc00\">dix-erunt<\/span>:<\/p>\n<p style=\"font-weight: 400;text-align: justify\">\u00ab<span style=\"background-color: #ff9900\">Mater<\/span> <span style=\"text-decoration: underline\">fabulas<\/span> <span style=\"background-color: #ffcc00\">narra-t<\/span>.<\/p>\n<p style=\"font-weight: 400;text-align: justify\"><span style=\"background-color: #ff9900\">Nemo<\/span> <span style=\"background-color: #ffcc00\">cred-i-t<\/span> <strong>[<\/strong>Phaethontem filium Solis esse<strong>]<\/strong>.\u00bb<\/p>\n<p style=\"font-weight: 400;text-align: justify;padding-left: 40px\">Ubi <span style=\"background-color: #ff9900\">Phaethon<\/span> verba amicorum matri <span style=\"color: #0000ff;background-color: #ffcc00\">rettul-erat<\/span>,<\/p>\n<p style=\"font-weight: 400;text-align: justify\"><span style=\"background-color: #ff9900\">Clymena<\/span> <span style=\"background-color: #ffcc00\">imperav-it<\/span>:<\/p>\n<p style=\"font-weight: 400;text-align: justify\">\u00abDomum claram patris <span style=\"background-color: #ffcc00\">adi<\/span>!<\/p>\n<p style=\"font-weight: 400;text-align: justify\">Ibi <span style=\"text-decoration: underline\">veritatem<\/span> <span style=\"background-color: #ffcc00\">inveni-e-s<\/span>.\u00bb<\/p>\n<p style=\"font-weight: 400;text-align: justify\"><span style=\"background-color: #ff9900\">Iuvenis<\/span> <span style=\"background-color: #ffcc00\">paru-it<\/span>.<\/p>\n<p style=\"font-weight: 400;text-align: justify\">Ingentem domum Solis <span style=\"background-color: #ffcc00\">petiv-it<\/span>,<\/p>\n<p style=\"font-weight: 400;text-align: justify;padding-left: 40px\">ubi <span style=\"background-color: #ff9900\">deus<\/span> in <em>sell\u0101<\/em> <span style=\"background-color: #ffcc00\">sede-ba-t<\/span>.<\/p>\n<p style=\"font-weight: 400;text-align: justify\"><span style=\"background-color: #ff9900\">Qui<\/span> Phaethontem <span style=\"background-color: #ffcc00\">salutav-it<\/span>:<\/p>\n<p style=\"font-weight: 400;text-align: justify\">\u00abSalve, mi fili! <span style=\"background-color: #ff9900\">Clymena<\/span> <span style=\"text-decoration: underline\">veritatem<\/span> <span style=\"background-color: #ffcc00\">dix-it<\/span>:<\/p>\n<p style=\"font-weight: 400;text-align: justify\"><span style=\"background-color: #ffcc00\">Filius es Solis.<\/span>\u00bb<\/p>\n<p style=\"font-weight: 400;text-align: justify\">\u00ab<span style=\"background-color: #ff9900\">Nemo<\/span> <span style=\"background-color: #ffcc00\">cred-e-t<\/span>:<\/p>\n<p style=\"font-weight: 400;text-align: justify\"><span style=\"background-color: #ffcc00\">Da<\/span> signum,<\/p>\n<p style=\"font-weight: 400;text-align: justify;padding-left: 40px\">quo omnibus <span style=\"background-color: #ffcc00\">ostend-e-tur<\/span> <strong>[<\/strong>Phaethontem filium dei esse<strong>]<\/strong>.\u00bb<\/p>\n<p style=\"font-weight: 400;text-align: justify\">\u00ab<span style=\"background-color: #ffcc00\">Da-b-o<\/span> omnia,<\/p>\n<p style=\"font-weight: 400;text-align: justify;padding-left: 40px\">quae <span style=\"background-color: #ffcc00\">cupi-e-s<\/span>.\u00bb<\/p>\n<p style=\"font-weight: 400;text-align: justify\">\u00ab<span style=\"background-color: #ffcc00\">Da<\/span> currum aureum!<\/p>\n<p style=\"font-weight: 400;text-align: justify\">Currum Solis ducere <span style=\"background-color: #ffcc00\">volo<\/span>.\u00bb<\/p>\n<p style=\"font-weight: 400;text-align: justify\"><span style=\"background-color: #ff9900\">Verba filii<\/span> patrem valde <span style=\"background-color: #ffcc00\">terru-erunt<\/span>.<\/p>\n<p style=\"font-weight: 400;text-align: justify\">\u00ab<span style=\"text-decoration: underline\">Periculosam<\/span> rem <span style=\"background-color: #ffcc00\">cup-i-s<\/span>!<\/p>\n<p style=\"font-weight: 400;text-align: justify\"><span style=\"background-color: #ff9900\">Currus<\/span> <span style=\"background-color: #ffcc00\">est res divina<\/span>,<\/p>\n<p style=\"font-weight: 400;text-align: justify\">sed <span style=\"background-color: #ff9900\">tu<\/span> <span style=\"background-color: #ffcc00\">es homo<\/span>, non <span style=\"background-color: #ffcc00\">deus<\/span>.\u00bb<\/p>\n<hr \/>\n<p style=\"font-weight: 400;text-align: justify\"><em>Obschon Sol seinen Sohn warnte, sein Wunsch sei zu gef\u00e4hrlich, und ihn inst\u00e4ndig bat, sich etwas Anderes zu w\u00fcnschen, blieb Phaethon stur: Einen Tag lang wollte er den Sonnenwagen seines Vaters lenken. Da gab Sol schweren Herzens nach.<\/em><\/p>\n<hr \/>\n<p style=\"font-weight: 400;text-align: justify\">\u00abEcce <span style=\"background-color: #ff9900\">currus<\/span> ab equis <span style=\"text-decoration: underline\">volucribus<\/span> tractus.<\/p>\n<p style=\"font-weight: 400;text-align: justify\"><em>Lorum<\/em> <span style=\"background-color: #ffcc00\">tene<\/span> <em>fortiter<\/em>,<\/p>\n<p style=\"font-weight: 400;text-align: justify\">nam <span style=\"background-color: #ff9900\">equi<\/span> <span style=\"background-color: #ffcc00\">sunt potentes<\/span>.<\/p>\n<p style=\"font-weight: 400;text-align: justify\">Cursum <span style=\"text-decoration: underline\">medium<\/span> <span style=\"background-color: #ffcc00\">quaere<\/span>:<\/p>\n<p style=\"font-weight: 400;text-align: justify;padding-left: 40px\">Si altas partes mundi <span style=\"background-color: #ffcc00\">pet-e-s<\/span>,<\/p>\n<p style=\"font-weight: 400;text-align: justify\">domos deorum <span style=\"text-decoration: underline;background-color: #ffcc00\">dele-bi-s<\/span>,<\/p>\n<p style=\"font-weight: 400;text-align: justify;padding-left: 40px\">si <em>inferius<\/em> <span style=\"background-color: #ffcc00\">vola-bi-s<\/span>,<\/p>\n<p style=\"font-weight: 400;text-align: justify\">terram.\u00bb<\/p>\n<p style=\"font-weight: 400;text-align: justify\">Iam <span style=\"background-color: #ff9900\">Aurora<\/span> caelum <span style=\"background-color: #ffcc00\">aperi-t<\/span>,<\/p>\n<p style=\"font-weight: 400;text-align: justify\">iam <span style=\"background-color: #ff9900\">equi celeres<\/span> cursum <span style=\"background-color: #ffcc00\">incipi-u-nt<\/span>.<\/p>\n<p style=\"font-weight: 400;text-align: justify\">Corpus autem <span style=\"text-decoration: underline\">leve<\/span> iuvenis non <span style=\"background-color: #ffcc00\">senti-u-nt<\/span>;<\/p>\n<p style=\"font-weight: 400;text-align: justify\"><em>lorum<\/em> manibus <span style=\"background-color: #ffcc00\">eripi-u-nt<\/span>,<\/p>\n<p style=\"font-weight: 400;text-align: justify\">currum gravem in cunctas partes mundi <span style=\"background-color: #ffcc00\">mitt-u-nt<\/span>, in stellas et in terras.<\/p>\n<p style=\"font-weight: 400;text-align: justify\">Iam <span style=\"background-color: #ff9900\">urbes<\/span>, iam <span style=\"background-color: #ff9900\">mons Olympus<\/span> et <span style=\"background-color: #ff9900\">Alpes<\/span> <span style=\"text-decoration: underline;background-color: #ffcc00\">uri-u-ntur<\/span><em>.<\/em><\/p>\n<p style=\"font-weight: 400;text-align: justify\">Iam <span style=\"background-color: #ff9900\">flumina<\/span>, iam <span style=\"background-color: #ff9900\">Tiber<\/span> et <span style=\"background-color: #ff9900\">Rhenus<\/span> <span style=\"text-decoration: underline;background-color: #ffcc00\">sicca-ntur<\/span>.<\/p>\n<p style=\"font-weight: 400;text-align: justify\">Iam <span style=\"background-color: #ff9900\"><span style=\"color: #0000ff\">insulae<\/span> novae<\/span> in mari <span style=\"background-color: #ffcc00\">inveni-u-ntur<\/span>.<\/p>\n<p style=\"font-weight: 400;text-align: justify\"><span style=\"background-color: #ff9900\">Iuppiter<\/span>,<\/p>\n<p style=\"font-weight: 400;text-align: justify;padding-left: 40px\"><span style=\"background-color: #ff9900\">qui<\/span> <strong>[<\/strong>totam terram <span style=\"text-decoration: underline\">uri<strong>]<\/strong><\/span> <span style=\"background-color: #ffcc00\">vid-it<\/span>,<\/p>\n<p style=\"font-weight: 400;text-align: justify\">tristis <span style=\"text-decoration: underline\">fulmen<\/span> <span style=\"background-color: #ffcc00\">cep-it <\/span><\/p>\n<p style=\"font-weight: 400;text-align: justify\">et in <em>aurigam<\/em> miserum <span style=\"background-color: #ffcc00\">mis-it<\/span>.<\/p>\n<p style=\"font-weight: 400;text-align: justify\"><span style=\"background-color: #ff9900\">Phaethon<\/span> \u2013 iam mortuus \u2013 de curru <span style=\"background-color: #ffcc00\">cecid-it<\/span>.<\/p>\n<p style=\"font-weight: 400;text-align: justify\"><span style=\"background-color: #ff9900\">Omnes<\/span> morte iuvenis <span style=\"background-color: #ffcc00\">dolu-erunt<\/span>: pater, mater, sorores.<\/p>\n<p style=\"font-weight: 400;text-align: justify\"><span style=\"background-color: #ff9900\">Dolor<\/span> autem <span style=\"background-color: #ff9900\">Cycni, <span style=\"color: #0000ff\">amatoris<\/span> Phaethontis<\/span>, <span style=\"background-color: #ffcc00\"><span style=\"text-decoration: underline\">nimius<\/span> erat<\/span>.<\/p>\n<p style=\"font-weight: 400;text-align: justify\"><span style=\"background-color: #ff9900\">Avis nova<\/span> <span style=\"background-color: #ffcc00\">facta est<\/span>: <span style=\"background-color: #ff9900\"><em>cycnus<\/em><\/span>,<\/p>\n<p style=\"font-weight: 400;text-align: justify;padding-left: 40px\">quem <span style=\"background-color: #ff9900\">memoria amoris<\/span> <span style=\"background-color: #ffcc00\">prohibe-t<\/span> a caelo alto.<\/p>\n<hr \/>\n<h2 style=\"font-weight: 400;text-align: justify\">Wortangaben<\/h2>\n<p><em>auriga m<\/em> der Wagenlenker \u2013 <em>cycnus<\/em>\u00a0der Schwan \u2014 <em>fortiter<\/em> (Adverb) fest \u2014 <em>inferius<\/em> (Adverb) zu tief \u2013 <em>lorus<\/em> der Z\u00fcgel \u2013 <em>sella\u00a0<\/em>der Thron<\/p>\n<hr \/>\n<h2 style=\"font-weight: 400;text-align: justify\">Eigennamen<\/h2>\n<p style=\"text-align: justify\"><em>Aurora<\/em> die G\u00f6ttin der Morgenr\u00f6te \u2014 <em>Clymena<\/em> die Mutter Phaethons, K\u00f6nigin Aithiopiens \u2014 <em>Cycnus<\/em> der K\u00f6nig Liguriens \u2014 <em>Iuppiter, Iovis m<\/em> Jupiter \u2014\u00a0<em>Sol, Solis m<\/em> der Sonnengott<\/p>\n<hr \/>\n<h1>Wie gut hast du den Text verstanden?<\/h1>\n<p><span><\/p>\n<div id=\"h5p-427\">\n<div class=\"h5p-iframe-wrapper\"><iframe id=\"h5p-iframe-427\" class=\"h5p-iframe\" data-content-id=\"427\" style=\"height:1px\" src=\"about:blank\" frameBorder=\"0\" scrolling=\"no\" title=\"XVII Textverst\u00e4ndnis: Der Lauf der Feuerpferde\"><\/iframe><\/div>\n<\/div>\n<p><\/span><\/p>\n","protected":false},"parent":0,"menu_order":1704,"template":"","meta":{"pb_part_invisible":null,"pb_part_invisible_string":"on"},"contributor":[],"license":[],"class_list":["post-4696","part","type-part","status-publish","hentry"],"_links":{"self":[{"href":"https:\/\/dlf.uzh.ch\/openbooks\/amor\/wp-json\/pressbooks\/v2\/parts\/4696"}],"collection":[{"href":"https:\/\/dlf.uzh.ch\/openbooks\/amor\/wp-json\/pressbooks\/v2\/parts"}],"about":[{"href":"https:\/\/dlf.uzh.ch\/openbooks\/amor\/wp-json\/wp\/v2\/types\/part"}],"version-history":[{"count":1,"href":"https:\/\/dlf.uzh.ch\/openbooks\/amor\/wp-json\/pressbooks\/v2\/parts\/4696\/revisions"}],"predecessor-version":[{"id":4697,"href":"https:\/\/dlf.uzh.ch\/openbooks\/amor\/wp-json\/pressbooks\/v2\/parts\/4696\/revisions\/4697"}],"wp:attachment":[{"href":"https:\/\/dlf.uzh.ch\/openbooks\/amor\/wp-json\/wp\/v2\/media?parent=4696"}],"wp:term":[{"taxonomy":"contributor","embeddable":true,"href":"https:\/\/dlf.uzh.ch\/openbooks\/amor\/wp-json\/wp\/v2\/contributor?post=4696"},{"taxonomy":"license","embeddable":true,"href":"https:\/\/dlf.uzh.ch\/openbooks\/amor\/wp-json\/wp\/v2\/license?post=4696"}],"curies":[{"name":"wp","href":"https:\/\/api.w.org\/{rel}","templated":true}]}}