{"id":1010,"date":"2022-02-16T11:59:49","date_gmt":"2022-02-16T10:59:49","guid":{"rendered":"https:\/\/dlf.uzh.ch\/openbooks\/amor\/?post_type=part&#038;p=1010"},"modified":"2022-08-07T13:10:55","modified_gmt":"2022-08-07T11:10:55","slug":"xi-der-zankapfel-auxilium","status":"publish","type":"part","link":"https:\/\/dlf.uzh.ch\/openbooks\/amor\/part\/xi-der-zankapfel-auxilium\/","title":{"raw":"XI Der Zankapfel. Auxilium","rendered":"XI Der Zankapfel. Auxilium"},"content":{"raw":"Alle Pr\u00e4dikate sind\u00a0<span style=\"background-color: #ffcc00\">gelb<\/span> hinterlegt, die Subjunktionen sind <span style=\"background-color: #99cc00\">gr\u00fcn<\/span> eingef\u00e4rbt.\r\n\r\n<hr \/>\r\n<p style=\"text-align: justify\"><em>Der trojanische K\u00f6nig Priamus und seine Frau Hecuba erwarteten ein Kind. Doch die Vorfreude wurde j\u00e4h getr\u00fcbt, als Hecuba einen beunruhigenden Traum hatte: Sie tr\u00e4umte, sie geb\u00e4re eine brennende Fackel, die Troja zerst\u00f6rte.<\/em><\/p>\r\n\r\n\r\n<hr \/>\r\n<p style=\"text-align: justify\">Priamus <span style=\"background-color: #ffcc00\">dix-it<\/span>:<\/p>\r\n<p style=\"text-align: justify\">\u00ab<span style=\"background-color: #ffcc00\">Rex Troiae s-u-m<\/span>.<\/p>\r\n<p style=\"text-align: justify\">Urbem servare <span style=\"background-color: #ffcc00\">debe-o<\/span>.\u00bb<\/p>\r\n<p style=\"text-align: justify;padding-left: 40px\"><span style=\"background-color: #99cc00\">Ubi<\/span> <span style=\"background-color: #ffcc00\"><em>natus est<\/em><\/span> Paris,<\/p>\r\n<p style=\"text-align: justify\">mater valde <span style=\"background-color: #ffcc00\">timu-it<\/span>.<\/p>\r\n<p style=\"text-align: justify\">Priamus pater,<\/p>\r\n<p style=\"text-align: justify;padding-left: 40px\"><span style=\"background-color: #99cc00\">quamquam<\/span> filium <span style=\"background-color: #ffcc00\">amav-it<\/span>,<\/p>\r\n<p style=\"text-align: justify\">Paridem <em>exponere<\/em> <span style=\"background-color: #ffcc00\">decrev-it<\/span>.<\/p>\r\n<p style=\"text-align: justify;padding-left: 40px\"><span style=\"background-color: #99cc00\">Dum<\/span> mater <span style=\"background-color: #ffcc00\">fle-t<\/span>,<\/p>\r\n<p style=\"text-align: justify\">pater filium <span style=\"background-color: #ffcc00\">abstul-it<\/span><\/p>\r\n<p style=\"text-align: justify\">et <em>pastori<\/em> <span style=\"background-color: #ffcc00\">ded-it<\/span>.<\/p>\r\n\r\n\r\n<hr \/>\r\n<p style=\"text-align: justify\"><em>Der Hirte aber brachte es nicht \u00fcbers Herz, das Baby sterben zu lassen, und behielt es bei sich. So wuchs Paris inkognito als Hirtenjunge auf.<\/em><\/p>\r\n<p style=\"text-align: justify\"><em>Als viele Jahre sp\u00e4ter Peleus, der K\u00f6nig der Myrmidonen, Thetis heiratete, wurden zur Hochzeit alle G\u00f6tter eingeladen ausser Eris, der G\u00f6ttin der Zwietracht. In ihrem Zorn warf sie einen goldenen Apfel unter die weiblichen G\u00e4ste, auf dem \u00abf\u00fcr die Sch\u00f6nste\u00bb stand. Er blieb zu F\u00fcssen der drei h\u00f6chsten G\u00f6ttinnen Iuno, Minerva und Venus liegen, die sofort darum zu streiten begannen.<\/em><\/p>\r\n\r\n\r\n<hr \/>\r\n<p style=\"text-align: justify\">Peleus,<\/p>\r\n<p style=\"text-align: justify;padding-left: 40px\"><span style=\"background-color: #99cc00\">quia<\/span> <span style=\"background-color: #99cc00\"><span style=\"background-color: #ffcc00\">nolu-it<\/span><\/span> rem <em>corrumpere<\/em> diem,<\/p>\r\n<p style=\"text-align: justify\"><em>malum <span style=\"background-color: #ffcc00\">sustul-it<\/span><\/em> et <span style=\"background-color: #ffcc00\">orav-it<\/span>:<\/p>\r\n<p style=\"text-align: justify\">\u00abO rex deorum hominumque et omnium rerum, <span style=\"background-color: #ffcc00\">ades<\/span> mihi<\/p>\r\n<p style=\"text-align: justify\">et <em>litem<\/em> <span style=\"background-color: #ffcc00\">decerne<\/span>!\u00bb<\/p>\r\n<p style=\"text-align: justify\">Iuppiter autem <em>litem<\/em> decernere <span style=\"background-color: #ffcc00\">nolu-it<\/span>.<\/p>\r\n<p style=\"text-align: justify\">Itaque deas in montes ire <span style=\"background-color: #ffcc00\">iuss-it<\/span>,<\/p>\r\n<p style=\"text-align: justify;padding-left: 40px\"><span style=\"background-color: #99cc00\">ubi<\/span> Paris <em>meridie<\/em> in umbr\u0101 <span style=\"background-color: #ffcc00\">sede-ba-t<\/span><\/p>\r\n<p style=\"text-align: justify;padding-left: 40px\">et <em>oves <span style=\"background-color: #ffcc00\">pasce-ba-t<\/span><\/em>.<\/p>\r\n<p style=\"text-align: justify\">Iuvenis oculos <em><span style=\"background-color: #ffcc00\">sustul-it<\/span><\/em>,<\/p>\r\n<p style=\"text-align: justify\"><span style=\"color: #0000ff\">tres<\/span> deas <span style=\"background-color: #ffcc00\">vid-it<\/span>.<\/p>\r\n<p style=\"text-align: justify\">Non <span style=\"background-color: #ffcc00\">f\u016bg-it<\/span>,<\/p>\r\n<p style=\"text-align: justify;padding-left: 40px\"><span style=\"background-color: #99cc00\">quamquam<\/span> speciem earum <span style=\"background-color: #ffcc00\">timu-it<\/span>.<\/p>\r\n<p style=\"text-align: justify\">Iuno dea <em>malum<\/em> aureum Paridi <span style=\"background-color: #ffcc00\">ded-it<\/span> <span style=\"background-color: #ffcc00\">rogav-it<\/span>que:<\/p>\r\n<p style=\"text-align: justify\">\u00abQuis nostrum <span style=\"background-color: #ffcc00\">es-t <span style=\"color: #0000ff\">pulcherrima<\/span><\/span>?\u00bb<\/p>\r\n<p style=\"text-align: justify\">Paris decernere <span style=\"background-color: #ffcc00\">nolu-it<\/span>,<\/p>\r\n<p style=\"text-align: justify;padding-left: 40px\"><span style=\"background-color: #99cc00\">quia<\/span> iram dearum <span style=\"background-color: #ffcc00\">timu-it<\/span>.<\/p>\r\n<p style=\"padding-left: 40px\">\u00ab<span style=\"background-color: #99cc00\">Si<\/span> mihi\u00bb,<\/p>\r\n<span style=\"background-color: #ffcc00\">inqu-it<\/span> Iuno,\r\n<p style=\"padding-left: 40px\">\u00ab<span style=\"background-color: #ffcc00\">da-s<\/span> <em>malum, <\/em><\/p>\r\nte <em>regem <span style=\"background-color: #ffcc00\">reddam<\/span><\/em>.\u00bb\r\n<p style=\"text-align: justify\">Minerva autem <span style=\"background-color: #ffcc00\">dix-it<\/span>:<\/p>\r\n<p style=\"text-align: justify\">\u00abMihi <em>malum<\/em> dare <span style=\"background-color: #ffcc00\">debe-s<\/span>,<\/p>\r\n<p style=\"text-align: justify;padding-left: 40px\"><span style=\"background-color: #99cc00\">quia<\/span> maximam tibi <span style=\"background-color: #ffcc00\"><em>dabo<\/em><\/span> <span style=\"color: #0000ff\">sapientiam<\/span>.\u00bb<\/p>\r\n<p style=\"padding-left: 40px\">\u00ab<span style=\"background-color: #99cc00\">Si<\/span> <span style=\"color: #0000ff\">pulcherrimam<\/span> omnium <em>virginum<\/em> <span style=\"background-color: #ffcc00\">vi-s<\/span>,<\/p>\r\n<span style=\"background-color: #ffcc00\">da<\/span> mihi <em>malum<\/em>\u00bb,\r\n\r\n<span style=\"background-color: #ffcc00\">dix-it<\/span> Venus.\r\n\r\nParis <em>malum<\/em> tandem <span style=\"background-color: #ffcc00\">ded-it<\/span> Veneri.\r\n\r\n<hr \/>\r\n\r\n<h2>Wortangaben<\/h2>\r\nParis <em>malum<\/em> tandem dedit Veneri.\r\n\r\n<hr \/>\r\n\r\n<h2>Wortangaben<\/h2>\r\n<i><span>corrumpere\u00a0<\/span><\/i><span>verderben \u2014 <\/span><i>dabo<\/i><span> ich werde geben <\/span><i>\u2014 exponere<\/i><span> aussetzen \u2014<\/span><span>\u00a0<\/span><i>lis, litis m<\/i><span> der Streit \u2014 <\/span><i>malum <\/i>der <span>Apfel \u2014 <\/span><i>meridies, meridiei m <\/i>der <span>Mittag \u2014 <\/span><i>natus est<\/i><span> er wurde geboren \u2014 <\/span><i>oves pascere<\/i><span> die Schafe h\u00fcten \u2014 <i>pastor, pastoris m<\/i> der Hirte \u2014<\/span><span>\u00a0<\/span><i>regem reddam<\/i><span> ich werde zum K\u00f6nig machen \u2014\u00a0<\/span><span><em>tollere, tollo, sustuli<\/em> (auf)heben \u2014\u00a0<i><\/i><em>virgo, virginis f<\/em> die junge Frau<\/span>\r\n<p style=\"text-align: justify\"><span style=\"font-size: 1em\"><span>\u00a0<\/span><\/span><\/p>\r\n\r\n\r\n<hr \/>\r\n\r\n<h2>Eigennamen<\/h2>\r\n<div>\r\n<div>\r\n\r\n<span><em>Iuno<\/em>, <em>Iunonis<\/em> \u2014 <em>Paris<\/em>, <em>Paridis<\/em> \u2014 <em>Venus<\/em>, <em>Veneris<\/em><\/span>\r\n\r\n<\/div>\r\n<\/div>","rendered":"<p>Alle Pr\u00e4dikate sind\u00a0<span style=\"background-color: #ffcc00\">gelb<\/span> hinterlegt, die Subjunktionen sind <span style=\"background-color: #99cc00\">gr\u00fcn<\/span> eingef\u00e4rbt.<\/p>\n<hr \/>\n<p style=\"text-align: justify\"><em>Der trojanische K\u00f6nig Priamus und seine Frau Hecuba erwarteten ein Kind. Doch die Vorfreude wurde j\u00e4h getr\u00fcbt, als Hecuba einen beunruhigenden Traum hatte: Sie tr\u00e4umte, sie geb\u00e4re eine brennende Fackel, die Troja zerst\u00f6rte.<\/em><\/p>\n<hr \/>\n<p style=\"text-align: justify\">Priamus <span style=\"background-color: #ffcc00\">dix-it<\/span>:<\/p>\n<p style=\"text-align: justify\">\u00ab<span style=\"background-color: #ffcc00\">Rex Troiae s-u-m<\/span>.<\/p>\n<p style=\"text-align: justify\">Urbem servare <span style=\"background-color: #ffcc00\">debe-o<\/span>.\u00bb<\/p>\n<p style=\"text-align: justify;padding-left: 40px\"><span style=\"background-color: #99cc00\">Ubi<\/span> <span style=\"background-color: #ffcc00\"><em>natus est<\/em><\/span> Paris,<\/p>\n<p style=\"text-align: justify\">mater valde <span style=\"background-color: #ffcc00\">timu-it<\/span>.<\/p>\n<p style=\"text-align: justify\">Priamus pater,<\/p>\n<p style=\"text-align: justify;padding-left: 40px\"><span style=\"background-color: #99cc00\">quamquam<\/span> filium <span style=\"background-color: #ffcc00\">amav-it<\/span>,<\/p>\n<p style=\"text-align: justify\">Paridem <em>exponere<\/em> <span style=\"background-color: #ffcc00\">decrev-it<\/span>.<\/p>\n<p style=\"text-align: justify;padding-left: 40px\"><span style=\"background-color: #99cc00\">Dum<\/span> mater <span style=\"background-color: #ffcc00\">fle-t<\/span>,<\/p>\n<p style=\"text-align: justify\">pater filium <span style=\"background-color: #ffcc00\">abstul-it<\/span><\/p>\n<p style=\"text-align: justify\">et <em>pastori<\/em> <span style=\"background-color: #ffcc00\">ded-it<\/span>.<\/p>\n<hr \/>\n<p style=\"text-align: justify\"><em>Der Hirte aber brachte es nicht \u00fcbers Herz, das Baby sterben zu lassen, und behielt es bei sich. So wuchs Paris inkognito als Hirtenjunge auf.<\/em><\/p>\n<p style=\"text-align: justify\"><em>Als viele Jahre sp\u00e4ter Peleus, der K\u00f6nig der Myrmidonen, Thetis heiratete, wurden zur Hochzeit alle G\u00f6tter eingeladen ausser Eris, der G\u00f6ttin der Zwietracht. In ihrem Zorn warf sie einen goldenen Apfel unter die weiblichen G\u00e4ste, auf dem \u00abf\u00fcr die Sch\u00f6nste\u00bb stand. Er blieb zu F\u00fcssen der drei h\u00f6chsten G\u00f6ttinnen Iuno, Minerva und Venus liegen, die sofort darum zu streiten begannen.<\/em><\/p>\n<hr \/>\n<p style=\"text-align: justify\">Peleus,<\/p>\n<p style=\"text-align: justify;padding-left: 40px\"><span style=\"background-color: #99cc00\">quia<\/span> <span style=\"background-color: #99cc00\"><span style=\"background-color: #ffcc00\">nolu-it<\/span><\/span> rem <em>corrumpere<\/em> diem,<\/p>\n<p style=\"text-align: justify\"><em>malum <span style=\"background-color: #ffcc00\">sustul-it<\/span><\/em> et <span style=\"background-color: #ffcc00\">orav-it<\/span>:<\/p>\n<p style=\"text-align: justify\">\u00abO rex deorum hominumque et omnium rerum, <span style=\"background-color: #ffcc00\">ades<\/span> mihi<\/p>\n<p style=\"text-align: justify\">et <em>litem<\/em> <span style=\"background-color: #ffcc00\">decerne<\/span>!\u00bb<\/p>\n<p style=\"text-align: justify\">Iuppiter autem <em>litem<\/em> decernere <span style=\"background-color: #ffcc00\">nolu-it<\/span>.<\/p>\n<p style=\"text-align: justify\">Itaque deas in montes ire <span style=\"background-color: #ffcc00\">iuss-it<\/span>,<\/p>\n<p style=\"text-align: justify;padding-left: 40px\"><span style=\"background-color: #99cc00\">ubi<\/span> Paris <em>meridie<\/em> in umbr\u0101 <span style=\"background-color: #ffcc00\">sede-ba-t<\/span><\/p>\n<p style=\"text-align: justify;padding-left: 40px\">et <em>oves <span style=\"background-color: #ffcc00\">pasce-ba-t<\/span><\/em>.<\/p>\n<p style=\"text-align: justify\">Iuvenis oculos <em><span style=\"background-color: #ffcc00\">sustul-it<\/span><\/em>,<\/p>\n<p style=\"text-align: justify\"><span style=\"color: #0000ff\">tres<\/span> deas <span style=\"background-color: #ffcc00\">vid-it<\/span>.<\/p>\n<p style=\"text-align: justify\">Non <span style=\"background-color: #ffcc00\">f\u016bg-it<\/span>,<\/p>\n<p style=\"text-align: justify;padding-left: 40px\"><span style=\"background-color: #99cc00\">quamquam<\/span> speciem earum <span style=\"background-color: #ffcc00\">timu-it<\/span>.<\/p>\n<p style=\"text-align: justify\">Iuno dea <em>malum<\/em> aureum Paridi <span style=\"background-color: #ffcc00\">ded-it<\/span> <span style=\"background-color: #ffcc00\">rogav-it<\/span>que:<\/p>\n<p style=\"text-align: justify\">\u00abQuis nostrum <span style=\"background-color: #ffcc00\">es-t <span style=\"color: #0000ff\">pulcherrima<\/span><\/span>?\u00bb<\/p>\n<p style=\"text-align: justify\">Paris decernere <span style=\"background-color: #ffcc00\">nolu-it<\/span>,<\/p>\n<p style=\"text-align: justify;padding-left: 40px\"><span style=\"background-color: #99cc00\">quia<\/span> iram dearum <span style=\"background-color: #ffcc00\">timu-it<\/span>.<\/p>\n<p style=\"padding-left: 40px\">\u00ab<span style=\"background-color: #99cc00\">Si<\/span> mihi\u00bb,<\/p>\n<p><span style=\"background-color: #ffcc00\">inqu-it<\/span> Iuno,<\/p>\n<p style=\"padding-left: 40px\">\u00ab<span style=\"background-color: #ffcc00\">da-s<\/span> <em>malum, <\/em><\/p>\n<p>te <em>regem <span style=\"background-color: #ffcc00\">reddam<\/span><\/em>.\u00bb<\/p>\n<p style=\"text-align: justify\">Minerva autem <span style=\"background-color: #ffcc00\">dix-it<\/span>:<\/p>\n<p style=\"text-align: justify\">\u00abMihi <em>malum<\/em> dare <span style=\"background-color: #ffcc00\">debe-s<\/span>,<\/p>\n<p style=\"text-align: justify;padding-left: 40px\"><span style=\"background-color: #99cc00\">quia<\/span> maximam tibi <span style=\"background-color: #ffcc00\"><em>dabo<\/em><\/span> <span style=\"color: #0000ff\">sapientiam<\/span>.\u00bb<\/p>\n<p style=\"padding-left: 40px\">\u00ab<span style=\"background-color: #99cc00\">Si<\/span> <span style=\"color: #0000ff\">pulcherrimam<\/span> omnium <em>virginum<\/em> <span style=\"background-color: #ffcc00\">vi-s<\/span>,<\/p>\n<p><span style=\"background-color: #ffcc00\">da<\/span> mihi <em>malum<\/em>\u00bb,<\/p>\n<p><span style=\"background-color: #ffcc00\">dix-it<\/span> Venus.<\/p>\n<p>Paris <em>malum<\/em> tandem <span style=\"background-color: #ffcc00\">ded-it<\/span> Veneri.<\/p>\n<hr \/>\n<h2>Wortangaben<\/h2>\n<p>Paris <em>malum<\/em> tandem dedit Veneri.<\/p>\n<hr \/>\n<h2>Wortangaben<\/h2>\n<p><i><span>corrumpere\u00a0<\/span><\/i><span>verderben \u2014 <\/span><i>dabo<\/i><span> ich werde geben <\/span><i>\u2014 exponere<\/i><span> aussetzen \u2014<\/span><span>\u00a0<\/span><i>lis, litis m<\/i><span> der Streit \u2014 <\/span><i>malum <\/i>der <span>Apfel \u2014 <\/span><i>meridies, meridiei m <\/i>der <span>Mittag \u2014 <\/span><i>natus est<\/i><span> er wurde geboren \u2014 <\/span><i>oves pascere<\/i><span> die Schafe h\u00fcten \u2014 <i>pastor, pastoris m<\/i> der Hirte \u2014<\/span><span>\u00a0<\/span><i>regem reddam<\/i><span> ich werde zum K\u00f6nig machen \u2014\u00a0<\/span><span><em>tollere, tollo, sustuli<\/em> (auf)heben \u2014\u00a0<i><\/i><em>virgo, virginis f<\/em> die junge Frau<\/span><\/p>\n<p style=\"text-align: justify\"><span style=\"font-size: 1em\"><span>\u00a0<\/span><\/span><\/p>\n<hr \/>\n<h2>Eigennamen<\/h2>\n<div>\n<div>\n<p><span><em>Iuno<\/em>, <em>Iunonis<\/em> \u2014 <em>Paris<\/em>, <em>Paridis<\/em> \u2014 <em>Venus<\/em>, <em>Veneris<\/em><\/span><\/p>\n<\/div>\n<\/div>\n","protected":false},"parent":0,"menu_order":1102,"template":"","meta":{"pb_part_invisible":null,"pb_part_invisible_string":"on"},"contributor":[],"license":[],"class_list":["post-1010","part","type-part","status-publish","hentry"],"_links":{"self":[{"href":"https:\/\/dlf.uzh.ch\/openbooks\/amor\/wp-json\/pressbooks\/v2\/parts\/1010"}],"collection":[{"href":"https:\/\/dlf.uzh.ch\/openbooks\/amor\/wp-json\/pressbooks\/v2\/parts"}],"about":[{"href":"https:\/\/dlf.uzh.ch\/openbooks\/amor\/wp-json\/wp\/v2\/types\/part"}],"version-history":[{"count":14,"href":"https:\/\/dlf.uzh.ch\/openbooks\/amor\/wp-json\/pressbooks\/v2\/parts\/1010\/revisions"}],"predecessor-version":[{"id":4177,"href":"https:\/\/dlf.uzh.ch\/openbooks\/amor\/wp-json\/pressbooks\/v2\/parts\/1010\/revisions\/4177"}],"wp:attachment":[{"href":"https:\/\/dlf.uzh.ch\/openbooks\/amor\/wp-json\/wp\/v2\/media?parent=1010"}],"wp:term":[{"taxonomy":"contributor","embeddable":true,"href":"https:\/\/dlf.uzh.ch\/openbooks\/amor\/wp-json\/wp\/v2\/contributor?post=1010"},{"taxonomy":"license","embeddable":true,"href":"https:\/\/dlf.uzh.ch\/openbooks\/amor\/wp-json\/wp\/v2\/license?post=1010"}],"curies":[{"name":"wp","href":"https:\/\/api.w.org\/{rel}","templated":true}]}}