{"id":580,"date":"2022-02-01T10:28:19","date_gmt":"2022-02-01T09:28:19","guid":{"rendered":"https:\/\/dlf.uzh.ch\/openbooks\/amor\/?post_type=chapter&#038;p=580"},"modified":"2022-08-06T13:06:12","modified_gmt":"2022-08-06T11:06:12","slug":"grammatik-2","status":"publish","type":"chapter","link":"https:\/\/dlf.uzh.ch\/openbooks\/amor\/chapter\/grammatik-2\/","title":{"raw":"Grammatik","rendered":"Grammatik"},"content":{"raw":"<h1>28 Der Konjunktiv im Perfekt und im Plusquamperfekt<\/h1>\r\nIn dieser Lektion lernst du die \u00fcbrigen beiden Tempora des Konjunktivs kennen.\r\n<h2>28.1\u00a0Der Konjunktiv im Perfekt und im Plusquamperfekt aktiv<\/h2>\r\n<p style=\"text-align: justify\">Die Formen des Konjunktivs Perfekt und Plusquamperfekt aktiv werden mit dem <strong>Perfektstamm<\/strong> gebildet, den du aus den Stammformen kennst.<\/p>\r\n<p style=\"text-align: justify\">Im Perfekt werden an <span style=\"color: #0000ff\">den Perfektstamm<\/span> das Suffix -<span style=\"color: #ff0000\">eri<\/span>- und <span style=\"color: #008000\">die Personalendungen<\/span>\u00a0des Imperfekts angef\u00fcgt:<\/p>\r\n\r\n<table style=\"border-collapse: collapse;width: 50%\" border=\"0\">\r\n<tbody>\r\n<tr class=\"shaded\">\r\n<td style=\"width: 17.143797301743998%\">Perfektstamm<\/td>\r\n<td style=\"width: 14.37973017439947%\">Suffix<\/td>\r\n<td style=\"width: 13.688713392563336%\">Personalendung<\/td>\r\n<\/tr>\r\n<tr>\r\n<td style=\"width: 17.143797301743998%;text-align: right\"><span style=\"color: #0000ff\">voc\u0101v<\/span><\/td>\r\n<td style=\"width: 14.37973017439947%\">-<span style=\"color: #ff0000\">eri<\/span>-<\/td>\r\n<td style=\"width: 13.688713392563336%\"><span style=\"color: #008000\">m<\/span><\/td>\r\n<\/tr>\r\n<tr>\r\n<td style=\"width: 17.143797301743998%;text-align: right\"><span style=\"color: #0000ff\">c\u0113p<\/span><\/td>\r\n<td style=\"width: 14.37973017439947%\">-<span style=\"color: #ff0000\">eri<\/span>-<\/td>\r\n<td style=\"width: 13.688713392563336%\"><span style=\"color: #008000\">s<\/span><\/td>\r\n<\/tr>\r\n<tr>\r\n<td style=\"width: 17.143797301743998%;text-align: right\"><span style=\"color: #0000ff\">fu<\/span><\/td>\r\n<td style=\"width: 14.37973017439947%\">-<span style=\"color: #ff0000\">eri<\/span>-<\/td>\r\n<td style=\"width: 13.688713392563336%\"><span style=\"color: #008000\">t<\/span><\/td>\r\n<\/tr>\r\n<tr>\r\n<td style=\"width: 17.143797301743998%;text-align: right\"><span style=\"color: #0000ff\">potu<\/span><\/td>\r\n<td style=\"width: 14.37973017439947%\">-<span style=\"color: #ff0000\">eri<\/span>-<\/td>\r\n<td style=\"width: 13.688713392563336%\"><span style=\"color: #008000\">mus<\/span><\/td>\r\n<\/tr>\r\n<tr>\r\n<td style=\"width: 17.143797301743998%;text-align: right\"><span style=\"color: #0000ff\">v\u012bx<\/span><\/td>\r\n<td style=\"width: 14.37973017439947%\">-<span style=\"color: #ff0000\">eri<\/span>-<\/td>\r\n<td style=\"width: 13.688713392563336%\"><span style=\"color: #008000\">tis<\/span><\/td>\r\n<\/tr>\r\n<tr>\r\n<td style=\"width: 17.143797301743998%;text-align: right\"><span style=\"color: #0000ff\">caru<\/span><\/td>\r\n<td style=\"width: 14.37973017439947%\">-<span style=\"color: #ff0000\">eri<\/span>-<\/td>\r\n<td style=\"width: 13.688713392563336%\"><span style=\"color: #008000\">nt<\/span><\/td>\r\n<\/tr>\r\n<\/tbody>\r\n<\/table>\r\n<p style=\"text-align: justify\">Im Plusquamperfekt werden an <span style=\"color: #0000ff\">den Perfektstamm<\/span> das Suffix -<span style=\"color: #ff0000\">isse<\/span>- und <span style=\"color: #008000\">die Personalendungen<\/span> des Imperfekts angef\u00fcgt:<\/p>\r\n\r\n<table style=\"border-collapse: collapse;width: 50%\" border=\"0\">\r\n<tbody>\r\n<tr class=\"shaded\">\r\n<td style=\"width: 17.143797301743998%\">Perfektstamm<\/td>\r\n<td style=\"width: 14.37973017439947%\">Suffix<\/td>\r\n<td style=\"width: 13.688713392563336%\">Personalendung<\/td>\r\n<\/tr>\r\n<tr>\r\n<td style=\"width: 17.143797301743998%;text-align: right\"><span style=\"color: #0000ff\">voc\u0101v<\/span><\/td>\r\n<td style=\"width: 14.37973017439947%\">-<span style=\"color: #ff0000\">isse<\/span>-<\/td>\r\n<td style=\"width: 13.688713392563336%\"><span style=\"color: #008000\">m<\/span><\/td>\r\n<\/tr>\r\n<tr>\r\n<td style=\"width: 17.143797301743998%;text-align: right\"><span style=\"color: #0000ff\">c\u0113p<\/span><\/td>\r\n<td style=\"width: 14.37973017439947%\">-<span style=\"color: #ff0000\">isse<\/span>-<\/td>\r\n<td style=\"width: 13.688713392563336%\"><span style=\"color: #008000\">s<\/span><\/td>\r\n<\/tr>\r\n<tr>\r\n<td style=\"width: 17.143797301743998%;text-align: right\"><span style=\"color: #0000ff\">fu<\/span><\/td>\r\n<td style=\"width: 14.37973017439947%\">-<span style=\"color: #ff0000\">isse<\/span>-<\/td>\r\n<td style=\"width: 13.688713392563336%\"><span style=\"color: #008000\">t<\/span><\/td>\r\n<\/tr>\r\n<tr>\r\n<td style=\"width: 17.143797301743998%;text-align: right\"><span style=\"color: #0000ff\">potu<\/span><\/td>\r\n<td style=\"width: 14.37973017439947%\">-<span style=\"color: #ff0000\">isse<\/span>-<\/td>\r\n<td style=\"width: 13.688713392563336%\"><span style=\"color: #008000\">mus<\/span><\/td>\r\n<\/tr>\r\n<tr>\r\n<td style=\"width: 17.143797301743998%;text-align: right\"><span style=\"color: #0000ff\">v\u012bx<\/span><\/td>\r\n<td style=\"width: 14.37973017439947%\">-<span style=\"color: #ff0000\">isse<\/span>-<\/td>\r\n<td style=\"width: 13.688713392563336%\"><span style=\"color: #008000\">tis<\/span><\/td>\r\n<\/tr>\r\n<tr>\r\n<td style=\"width: 17.143797301743998%;text-align: right\"><span style=\"color: #0000ff\">caru<\/span><\/td>\r\n<td style=\"width: 14.37973017439947%\">-<span style=\"color: #ff0000\">isse<\/span>-<\/td>\r\n<td style=\"width: 13.688713392563336%\"><span style=\"color: #008000\">nt<\/span><\/td>\r\n<\/tr>\r\n<\/tbody>\r\n<\/table>\r\n<h2>28.2 Der Konjunktiv im Perfekt und im Plusquamperfekt passiv<\/h2>\r\n<p style=\"text-align: justify\">Die Formen des Konjunktivs Perfekt und Plusquamperfekt passiv bestehen aus dem <strong>PPV<\/strong> und <strong><em>esse<\/em><\/strong>.<\/p>\r\n<p style=\"text-align: justify\">Im Perfekt wird das PPV mit der passenden Form von <em>esse<\/em> im <strong>Konjunktiv Pr\u00e4sens<\/strong> erg\u00e4nzt. Das PPV ist jeweils <strong>kongruent<\/strong> zum Subjekt.<\/p>\r\n\r\n<table style=\"width: 270px\">\r\n<tbody>\r\n<tr>\r\n<td style=\"width: 292.5625px\">voc\u0101tus, -a<\/td>\r\n<td style=\"width: 186.35000610351562px\">sim<\/td>\r\n<\/tr>\r\n<tr>\r\n<td style=\"width: 292.5625px\">voc\u0101tus, -a<\/td>\r\n<td style=\"width: 186.35000610351562px\">sis<\/td>\r\n<\/tr>\r\n<tr>\r\n<td style=\"width: 292.5625px\">voc\u0101tus, -a, -um<\/td>\r\n<td style=\"width: 186.35000610351562px\">sit<\/td>\r\n<\/tr>\r\n<tr>\r\n<td style=\"width: 292.5625px\">voc\u0101ti, -ae<\/td>\r\n<td style=\"width: 186.35000610351562px\">simus<\/td>\r\n<\/tr>\r\n<tr>\r\n<td style=\"width: 292.5625px\">voc\u0101ti, -ae<\/td>\r\n<td style=\"width: 186.35000610351562px\">sitis<\/td>\r\n<\/tr>\r\n<tr>\r\n<td style=\"width: 292.5625px\">voc\u0101ti, -ae, -a<\/td>\r\n<td style=\"width: 186.35000610351562px\">sint<\/td>\r\n<\/tr>\r\n<\/tbody>\r\n<\/table>\r\nBeispiele zur Kongruenz von Subjekt und PPV:\r\n<p style=\"padding-left: 40px;text-align: justify\"><em><strong>Chrysus<\/strong>, cum a Manli\u0101 vocat<strong>us<\/strong> sit, accedit.<\/em> \u2013 Weil Chrysus von Manlia gerufen worden ist, kommt er herbei.<\/p>\r\n<p style=\"padding-left: 40px;text-align: justify\"><em><strong>Puellae<\/strong>, cum a Chryso vocat<strong>ae<\/strong> sint, accedunt.<\/em> \u2013 Weil die M\u00e4dchen von Chrysus gerufen worden sind, kommen sie herbei.<\/p>\r\n&nbsp;\r\n<p style=\"text-align: justify\">Im Plusquamperfekt wird das PPV mit einer Form von <em>esse<\/em> im <strong>Konjunktiv Imperfekt<\/strong> erg\u00e4nzt:<\/p>\r\n\r\n<table>\r\n<tbody>\r\n<tr>\r\n<td>voc\u0101tus, -a,<\/td>\r\n<td>essem<\/td>\r\n<\/tr>\r\n<tr>\r\n<td>voc\u0101tus, -a<\/td>\r\n<td>esses<\/td>\r\n<\/tr>\r\n<tr>\r\n<td>voc\u0101tus, -a, -um<\/td>\r\n<td>esset<\/td>\r\n<\/tr>\r\n<tr>\r\n<td>voc\u0101ti, -ae<\/td>\r\n<td>essemus<\/td>\r\n<\/tr>\r\n<tr>\r\n<td>voc\u0101ti, -ae<\/td>\r\n<td>essetis<\/td>\r\n<\/tr>\r\n<tr>\r\n<td>voc\u0101ti, -ae, -a<\/td>\r\n<td>essent<\/td>\r\n<\/tr>\r\n<\/tbody>\r\n<\/table>\r\n<h2>28.3\u00a0<b><span>Die Subjunktion <i>cum <\/i>mit Konjunktiv<\/span><\/b><\/h2>\r\n<p style=\"text-align: justify\">Nachdem wir in der letzten Lektion konjunktivische Nebens\u00e4tze kennengelernt haben, die mit <em>ut <\/em>beginnen, betrachten wir nun solche, die mit <em>cum <\/em>eingeleitet werden.<\/p>\r\n<p style=\"text-align: justify\">Achtung: Du kennst <em>cum<\/em> bereits als Pr\u00e4position mit Ablativ, die \u00abmit\u00bb bedeutet. Diese beiden Funktionen von <em>cum <\/em>musst du sorgf\u00e4ltig auseinanderhalten.<\/p>\r\n<p style=\"text-align: justify\">Konjunktivische Nebens\u00e4tze, die mit <em>cum <\/em>beginnen, k\u00f6nnen verschiedene Sinnrichtungen haben:<\/p>\r\n\r\n<table>\r\n<tbody>\r\n<tr class=\"shaded\">\r\n<td><span style=\"color: #333333\">Sinnrichtung<\/span><\/td>\r\n<td><span style=\"color: #333333\">lat. Subjunktion<\/span><\/td>\r\n<td><span style=\"color: #333333\">deutsche Subjunktion<\/span><\/td>\r\n<\/tr>\r\n<tr>\r\n<td>temporal<\/td>\r\n<td><em>cum<\/em><\/td>\r\n<td>als, nachdem<\/td>\r\n<\/tr>\r\n<tr>\r\n<td>kausal<\/td>\r\n<td><em>cum<\/em><\/td>\r\n<td>weil<\/td>\r\n<\/tr>\r\n<tr>\r\n<td>konzessiv<\/td>\r\n<td><em>cum<\/em><\/td>\r\n<td>obwohl<\/td>\r\n<\/tr>\r\n<\/tbody>\r\n<\/table>\r\n<p style=\"text-align: justify\">Welche Sinnrichtung in einem konkreten Satz am besten passt, kannst du anhand des Kontextes herausfinden. Am besten beginnst du immer mit einer temporalen Subjunktion, die du dann gegebenenfalls durch eine kausale oder konzessive ersetzt, wenn es der Sinn des ganzen Satzes nahelegt.<\/p>\r\n<p style=\"padding-left: 40px\"><span style=\"color: #333333\"><em>Chrysus tristis fuit, cum Romani familiam suam cepissent.<\/em><\/span><\/p>\r\nErste \u00dcbersetzung mit <strong>temporaler<\/strong> Subjunktion:\r\n<p style=\"padding-left: 40px\">Chrysus war traurig, <strong>nachdem<\/strong> die R\u00f6mer seine Familie gefangen hatten.<\/p>\r\n<p style=\"text-align: justify\">\u00dcberlegung: Die Tatsache, dass seine Familie gefangen worden war, war der <strong>Grund<\/strong> f\u00fcr Chrysus\u2019 Traurigkeit.<\/p>\r\n\u2192 \u00dcbersetzung mit <strong>kausaler<\/strong> Subjunktion:\r\n<p style=\"padding-left: 40px\">Chrysus war traurig, <strong>weil<\/strong> die R\u00f6mer seine Familie gefangen hatten.<\/p>\r\n\r\n\r\n<hr \/>\r\n<p style=\"padding-left: 40px\"><span style=\"color: #333333\"><em>Chryso vita placuit, cum servus esset.<\/em><\/span><\/p>\r\nErste \u00dcbersetzung mit <strong>temporaler<\/strong> Subjunktion:\r\n<p style=\"padding-left: 40px\">Chrysus gefiel sein Leben, <strong>als<\/strong> er ein Sklave war.<\/p>\r\n<p style=\"text-align: justify\">\u00dcberlegung: Die Tatsache, dass er ein Sklave war, h\u00e4tte dazu f\u00fchren k\u00f6nnen, dass Chrysus sein Leben nicht mochte. <strong>Trotzdem<\/strong> gefiel ihm sein Leben.<\/p>\r\n\u2192\u00a0\u00dcbersetzung mit <strong>konzessiver<\/strong> Subjunktion:\r\n<p style=\"padding-left: 40px\">Chrysus gefiel sein Leben, <strong>obwohl<\/strong> er ein Sklave war.<\/p>","rendered":"<h1>28 Der Konjunktiv im Perfekt und im Plusquamperfekt<\/h1>\n<p>In dieser Lektion lernst du die \u00fcbrigen beiden Tempora des Konjunktivs kennen.<\/p>\n<h2>28.1\u00a0Der Konjunktiv im Perfekt und im Plusquamperfekt aktiv<\/h2>\n<p style=\"text-align: justify\">Die Formen des Konjunktivs Perfekt und Plusquamperfekt aktiv werden mit dem <strong>Perfektstamm<\/strong> gebildet, den du aus den Stammformen kennst.<\/p>\n<p style=\"text-align: justify\">Im Perfekt werden an <span style=\"color: #0000ff\">den Perfektstamm<\/span> das Suffix &#8211;<span style=\"color: #ff0000\">eri<\/span>&#8211; und <span style=\"color: #008000\">die Personalendungen<\/span>\u00a0des Imperfekts angef\u00fcgt:<\/p>\n<table style=\"border-collapse: collapse;width: 50%\">\n<tbody>\n<tr class=\"shaded\">\n<td style=\"width: 17.143797301743998%\">Perfektstamm<\/td>\n<td style=\"width: 14.37973017439947%\">Suffix<\/td>\n<td style=\"width: 13.688713392563336%\">Personalendung<\/td>\n<\/tr>\n<tr>\n<td style=\"width: 17.143797301743998%;text-align: right\"><span style=\"color: #0000ff\">voc\u0101v<\/span><\/td>\n<td style=\"width: 14.37973017439947%\">&#8211;<span style=\"color: #ff0000\">eri<\/span>&#8211;<\/td>\n<td style=\"width: 13.688713392563336%\"><span style=\"color: #008000\">m<\/span><\/td>\n<\/tr>\n<tr>\n<td style=\"width: 17.143797301743998%;text-align: right\"><span style=\"color: #0000ff\">c\u0113p<\/span><\/td>\n<td style=\"width: 14.37973017439947%\">&#8211;<span style=\"color: #ff0000\">eri<\/span>&#8211;<\/td>\n<td style=\"width: 13.688713392563336%\"><span style=\"color: #008000\">s<\/span><\/td>\n<\/tr>\n<tr>\n<td style=\"width: 17.143797301743998%;text-align: right\"><span style=\"color: #0000ff\">fu<\/span><\/td>\n<td style=\"width: 14.37973017439947%\">&#8211;<span style=\"color: #ff0000\">eri<\/span>&#8211;<\/td>\n<td style=\"width: 13.688713392563336%\"><span style=\"color: #008000\">t<\/span><\/td>\n<\/tr>\n<tr>\n<td style=\"width: 17.143797301743998%;text-align: right\"><span style=\"color: #0000ff\">potu<\/span><\/td>\n<td style=\"width: 14.37973017439947%\">&#8211;<span style=\"color: #ff0000\">eri<\/span>&#8211;<\/td>\n<td style=\"width: 13.688713392563336%\"><span style=\"color: #008000\">mus<\/span><\/td>\n<\/tr>\n<tr>\n<td style=\"width: 17.143797301743998%;text-align: right\"><span style=\"color: #0000ff\">v\u012bx<\/span><\/td>\n<td style=\"width: 14.37973017439947%\">&#8211;<span style=\"color: #ff0000\">eri<\/span>&#8211;<\/td>\n<td style=\"width: 13.688713392563336%\"><span style=\"color: #008000\">tis<\/span><\/td>\n<\/tr>\n<tr>\n<td style=\"width: 17.143797301743998%;text-align: right\"><span style=\"color: #0000ff\">caru<\/span><\/td>\n<td style=\"width: 14.37973017439947%\">&#8211;<span style=\"color: #ff0000\">eri<\/span>&#8211;<\/td>\n<td style=\"width: 13.688713392563336%\"><span style=\"color: #008000\">nt<\/span><\/td>\n<\/tr>\n<\/tbody>\n<\/table>\n<p style=\"text-align: justify\">Im Plusquamperfekt werden an <span style=\"color: #0000ff\">den Perfektstamm<\/span> das Suffix &#8211;<span style=\"color: #ff0000\">isse<\/span>&#8211; und <span style=\"color: #008000\">die Personalendungen<\/span> des Imperfekts angef\u00fcgt:<\/p>\n<table style=\"border-collapse: collapse;width: 50%\">\n<tbody>\n<tr class=\"shaded\">\n<td style=\"width: 17.143797301743998%\">Perfektstamm<\/td>\n<td style=\"width: 14.37973017439947%\">Suffix<\/td>\n<td style=\"width: 13.688713392563336%\">Personalendung<\/td>\n<\/tr>\n<tr>\n<td style=\"width: 17.143797301743998%;text-align: right\"><span style=\"color: #0000ff\">voc\u0101v<\/span><\/td>\n<td style=\"width: 14.37973017439947%\">&#8211;<span style=\"color: #ff0000\">isse<\/span>&#8211;<\/td>\n<td style=\"width: 13.688713392563336%\"><span style=\"color: #008000\">m<\/span><\/td>\n<\/tr>\n<tr>\n<td style=\"width: 17.143797301743998%;text-align: right\"><span style=\"color: #0000ff\">c\u0113p<\/span><\/td>\n<td style=\"width: 14.37973017439947%\">&#8211;<span style=\"color: #ff0000\">isse<\/span>&#8211;<\/td>\n<td style=\"width: 13.688713392563336%\"><span style=\"color: #008000\">s<\/span><\/td>\n<\/tr>\n<tr>\n<td style=\"width: 17.143797301743998%;text-align: right\"><span style=\"color: #0000ff\">fu<\/span><\/td>\n<td style=\"width: 14.37973017439947%\">&#8211;<span style=\"color: #ff0000\">isse<\/span>&#8211;<\/td>\n<td style=\"width: 13.688713392563336%\"><span style=\"color: #008000\">t<\/span><\/td>\n<\/tr>\n<tr>\n<td style=\"width: 17.143797301743998%;text-align: right\"><span style=\"color: #0000ff\">potu<\/span><\/td>\n<td style=\"width: 14.37973017439947%\">&#8211;<span style=\"color: #ff0000\">isse<\/span>&#8211;<\/td>\n<td style=\"width: 13.688713392563336%\"><span style=\"color: #008000\">mus<\/span><\/td>\n<\/tr>\n<tr>\n<td style=\"width: 17.143797301743998%;text-align: right\"><span style=\"color: #0000ff\">v\u012bx<\/span><\/td>\n<td style=\"width: 14.37973017439947%\">&#8211;<span style=\"color: #ff0000\">isse<\/span>&#8211;<\/td>\n<td style=\"width: 13.688713392563336%\"><span style=\"color: #008000\">tis<\/span><\/td>\n<\/tr>\n<tr>\n<td style=\"width: 17.143797301743998%;text-align: right\"><span style=\"color: #0000ff\">caru<\/span><\/td>\n<td style=\"width: 14.37973017439947%\">&#8211;<span style=\"color: #ff0000\">isse<\/span>&#8211;<\/td>\n<td style=\"width: 13.688713392563336%\"><span style=\"color: #008000\">nt<\/span><\/td>\n<\/tr>\n<\/tbody>\n<\/table>\n<h2>28.2 Der Konjunktiv im Perfekt und im Plusquamperfekt passiv<\/h2>\n<p style=\"text-align: justify\">Die Formen des Konjunktivs Perfekt und Plusquamperfekt passiv bestehen aus dem <strong>PPV<\/strong> und <strong><em>esse<\/em><\/strong>.<\/p>\n<p style=\"text-align: justify\">Im Perfekt wird das PPV mit der passenden Form von <em>esse<\/em> im <strong>Konjunktiv Pr\u00e4sens<\/strong> erg\u00e4nzt. Das PPV ist jeweils <strong>kongruent<\/strong> zum Subjekt.<\/p>\n<table style=\"width: 270px\">\n<tbody>\n<tr>\n<td style=\"width: 292.5625px\">voc\u0101tus, -a<\/td>\n<td style=\"width: 186.35000610351562px\">sim<\/td>\n<\/tr>\n<tr>\n<td style=\"width: 292.5625px\">voc\u0101tus, -a<\/td>\n<td style=\"width: 186.35000610351562px\">sis<\/td>\n<\/tr>\n<tr>\n<td style=\"width: 292.5625px\">voc\u0101tus, -a, -um<\/td>\n<td style=\"width: 186.35000610351562px\">sit<\/td>\n<\/tr>\n<tr>\n<td style=\"width: 292.5625px\">voc\u0101ti, -ae<\/td>\n<td style=\"width: 186.35000610351562px\">simus<\/td>\n<\/tr>\n<tr>\n<td style=\"width: 292.5625px\">voc\u0101ti, -ae<\/td>\n<td style=\"width: 186.35000610351562px\">sitis<\/td>\n<\/tr>\n<tr>\n<td style=\"width: 292.5625px\">voc\u0101ti, -ae, -a<\/td>\n<td style=\"width: 186.35000610351562px\">sint<\/td>\n<\/tr>\n<\/tbody>\n<\/table>\n<p>Beispiele zur Kongruenz von Subjekt und PPV:<\/p>\n<p style=\"padding-left: 40px;text-align: justify\"><em><strong>Chrysus<\/strong>, cum a Manli\u0101 vocat<strong>us<\/strong> sit, accedit.<\/em> \u2013 Weil Chrysus von Manlia gerufen worden ist, kommt er herbei.<\/p>\n<p style=\"padding-left: 40px;text-align: justify\"><em><strong>Puellae<\/strong>, cum a Chryso vocat<strong>ae<\/strong> sint, accedunt.<\/em> \u2013 Weil die M\u00e4dchen von Chrysus gerufen worden sind, kommen sie herbei.<\/p>\n<p>&nbsp;<\/p>\n<p style=\"text-align: justify\">Im Plusquamperfekt wird das PPV mit einer Form von <em>esse<\/em> im <strong>Konjunktiv Imperfekt<\/strong> erg\u00e4nzt:<\/p>\n<table>\n<tbody>\n<tr>\n<td>voc\u0101tus, -a,<\/td>\n<td>essem<\/td>\n<\/tr>\n<tr>\n<td>voc\u0101tus, -a<\/td>\n<td>esses<\/td>\n<\/tr>\n<tr>\n<td>voc\u0101tus, -a, -um<\/td>\n<td>esset<\/td>\n<\/tr>\n<tr>\n<td>voc\u0101ti, -ae<\/td>\n<td>essemus<\/td>\n<\/tr>\n<tr>\n<td>voc\u0101ti, -ae<\/td>\n<td>essetis<\/td>\n<\/tr>\n<tr>\n<td>voc\u0101ti, -ae, -a<\/td>\n<td>essent<\/td>\n<\/tr>\n<\/tbody>\n<\/table>\n<h2>28.3\u00a0<b><span>Die Subjunktion <i>cum <\/i>mit Konjunktiv<\/span><\/b><\/h2>\n<p style=\"text-align: justify\">Nachdem wir in der letzten Lektion konjunktivische Nebens\u00e4tze kennengelernt haben, die mit <em>ut <\/em>beginnen, betrachten wir nun solche, die mit <em>cum <\/em>eingeleitet werden.<\/p>\n<p style=\"text-align: justify\">Achtung: Du kennst <em>cum<\/em> bereits als Pr\u00e4position mit Ablativ, die \u00abmit\u00bb bedeutet. Diese beiden Funktionen von <em>cum <\/em>musst du sorgf\u00e4ltig auseinanderhalten.<\/p>\n<p style=\"text-align: justify\">Konjunktivische Nebens\u00e4tze, die mit <em>cum <\/em>beginnen, k\u00f6nnen verschiedene Sinnrichtungen haben:<\/p>\n<table>\n<tbody>\n<tr class=\"shaded\">\n<td><span style=\"color: #333333\">Sinnrichtung<\/span><\/td>\n<td><span style=\"color: #333333\">lat. Subjunktion<\/span><\/td>\n<td><span style=\"color: #333333\">deutsche Subjunktion<\/span><\/td>\n<\/tr>\n<tr>\n<td>temporal<\/td>\n<td><em>cum<\/em><\/td>\n<td>als, nachdem<\/td>\n<\/tr>\n<tr>\n<td>kausal<\/td>\n<td><em>cum<\/em><\/td>\n<td>weil<\/td>\n<\/tr>\n<tr>\n<td>konzessiv<\/td>\n<td><em>cum<\/em><\/td>\n<td>obwohl<\/td>\n<\/tr>\n<\/tbody>\n<\/table>\n<p style=\"text-align: justify\">Welche Sinnrichtung in einem konkreten Satz am besten passt, kannst du anhand des Kontextes herausfinden. Am besten beginnst du immer mit einer temporalen Subjunktion, die du dann gegebenenfalls durch eine kausale oder konzessive ersetzt, wenn es der Sinn des ganzen Satzes nahelegt.<\/p>\n<p style=\"padding-left: 40px\"><span style=\"color: #333333\"><em>Chrysus tristis fuit, cum Romani familiam suam cepissent.<\/em><\/span><\/p>\n<p>Erste \u00dcbersetzung mit <strong>temporaler<\/strong> Subjunktion:<\/p>\n<p style=\"padding-left: 40px\">Chrysus war traurig, <strong>nachdem<\/strong> die R\u00f6mer seine Familie gefangen hatten.<\/p>\n<p style=\"text-align: justify\">\u00dcberlegung: Die Tatsache, dass seine Familie gefangen worden war, war der <strong>Grund<\/strong> f\u00fcr Chrysus\u2019 Traurigkeit.<\/p>\n<p>\u2192 \u00dcbersetzung mit <strong>kausaler<\/strong> Subjunktion:<\/p>\n<p style=\"padding-left: 40px\">Chrysus war traurig, <strong>weil<\/strong> die R\u00f6mer seine Familie gefangen hatten.<\/p>\n<hr \/>\n<p style=\"padding-left: 40px\"><span style=\"color: #333333\"><em>Chryso vita placuit, cum servus esset.<\/em><\/span><\/p>\n<p>Erste \u00dcbersetzung mit <strong>temporaler<\/strong> Subjunktion:<\/p>\n<p style=\"padding-left: 40px\">Chrysus gefiel sein Leben, <strong>als<\/strong> er ein Sklave war.<\/p>\n<p style=\"text-align: justify\">\u00dcberlegung: Die Tatsache, dass er ein Sklave war, h\u00e4tte dazu f\u00fchren k\u00f6nnen, dass Chrysus sein Leben nicht mochte. <strong>Trotzdem<\/strong> gefiel ihm sein Leben.<\/p>\n<p>\u2192\u00a0\u00dcbersetzung mit <strong>konzessiver<\/strong> Subjunktion:<\/p>\n<p style=\"padding-left: 40px\">Chrysus gefiel sein Leben, <strong>obwohl<\/strong> er ein Sklave war.<\/p>\n","protected":false},"author":700,"menu_order":7,"template":"","meta":{"pb_show_title":"on","pb_short_title":"","pb_subtitle":"","pb_authors":[],"pb_section_license":""},"chapter-type":[],"contributor":[],"license":[],"class_list":["post-580","chapter","type-chapter","status-publish","hentry"],"part":534,"_links":{"self":[{"href":"https:\/\/dlf.uzh.ch\/openbooks\/amor\/wp-json\/pressbooks\/v2\/chapters\/580"}],"collection":[{"href":"https:\/\/dlf.uzh.ch\/openbooks\/amor\/wp-json\/pressbooks\/v2\/chapters"}],"about":[{"href":"https:\/\/dlf.uzh.ch\/openbooks\/amor\/wp-json\/wp\/v2\/types\/chapter"}],"author":[{"embeddable":true,"href":"https:\/\/dlf.uzh.ch\/openbooks\/amor\/wp-json\/wp\/v2\/users\/700"}],"version-history":[{"count":18,"href":"https:\/\/dlf.uzh.ch\/openbooks\/amor\/wp-json\/pressbooks\/v2\/chapters\/580\/revisions"}],"predecessor-version":[{"id":4126,"href":"https:\/\/dlf.uzh.ch\/openbooks\/amor\/wp-json\/pressbooks\/v2\/chapters\/580\/revisions\/4126"}],"part":[{"href":"https:\/\/dlf.uzh.ch\/openbooks\/amor\/wp-json\/pressbooks\/v2\/parts\/534"}],"metadata":[{"href":"https:\/\/dlf.uzh.ch\/openbooks\/amor\/wp-json\/pressbooks\/v2\/chapters\/580\/metadata\/"}],"wp:attachment":[{"href":"https:\/\/dlf.uzh.ch\/openbooks\/amor\/wp-json\/wp\/v2\/media?parent=580"}],"wp:term":[{"taxonomy":"chapter-type","embeddable":true,"href":"https:\/\/dlf.uzh.ch\/openbooks\/amor\/wp-json\/pressbooks\/v2\/chapter-type?post=580"},{"taxonomy":"contributor","embeddable":true,"href":"https:\/\/dlf.uzh.ch\/openbooks\/amor\/wp-json\/wp\/v2\/contributor?post=580"},{"taxonomy":"license","embeddable":true,"href":"https:\/\/dlf.uzh.ch\/openbooks\/amor\/wp-json\/wp\/v2\/license?post=580"}],"curies":[{"name":"wp","href":"https:\/\/api.w.org\/{rel}","templated":true}]}}