{"id":417,"date":"2022-01-24T16:47:35","date_gmt":"2022-01-24T15:47:35","guid":{"rendered":"https:\/\/dlf.uzh.ch\/openbooks\/amor\/?post_type=chapter&#038;p=417"},"modified":"2023-04-11T12:00:24","modified_gmt":"2023-04-11T10:00:24","slug":"grammatik","status":"publish","type":"chapter","link":"https:\/\/dlf.uzh.ch\/openbooks\/amor\/chapter\/grammatik\/","title":{"raw":"Grammatik","rendered":"Grammatik"},"content":{"raw":"<h1>27 Der Konjunktiv<\/h1>\r\n<p style=\"text-align: justify\"><span>Bisher hast du Verben nach Person, Numerus, Tempus und Genus Verbi konjugiert. Neben dem Modus Indikativ (Aussage) kennst du bereits den Modus Imperativ (Befehl). Nun kommt mit dem Konjunktiv ein weiterer Modus hinzu.<\/span><\/p>\r\n\r\n<div><\/div>\r\n<h2>27.1 Die Tempora des Konjunktivs<\/h2>\r\n<div>\r\n<p style=\"text-align: justify\">Wie im Indikativ gibt es auch im Konjunktiv verschiedene Zeitformen. Diese dr\u00fccken aber eher ein Zeitverh\u00e4ltnis zum \u00fcbergeordneten Verb aus (\u00e4hnlich wie der Infinitiv im AcI).<\/p>\r\n\r\n<table style=\"width: 740px\">\r\n<tbody>\r\n<tr>\r\n<td style=\"width: 234.40625px\">Konjunktiv Pr\u00e4sens<\/td>\r\n<td style=\"width: 230.40625px\">vom Pr\u00e4sensstamm gebildet<\/td>\r\n<td style=\"width: 234.40625px\">gleichzeitig zur Gegenwart<\/td>\r\n<\/tr>\r\n<tr>\r\n<td style=\"width: 234.40625px\">Konjunktiv Perfekt<\/td>\r\n<td style=\"width: 230.40625px\">vom Perfektstamm bzw. PPV gebildet<\/td>\r\n<td style=\"width: 234.40625px\">vorzeitig zur Gegenwart<\/td>\r\n<\/tr>\r\n<tr>\r\n<td style=\"width: 234.40625px\">Konjunktiv Imperfekt<\/td>\r\n<td style=\"width: 230.40625px\">vom Pr\u00e4sensstamm gebildet<\/td>\r\n<td style=\"width: 234.40625px\">gleichzeitig zur Vergangenheit<\/td>\r\n<\/tr>\r\n<tr>\r\n<td style=\"width: 234.40625px\">Konjunktiv Plusquamperfekt<\/td>\r\n<td style=\"width: 230.40625px\">vom Perfektstamm bzw. PPV gebildet<\/td>\r\n<td style=\"width: 234.40625px\">vorzeitig zur Vergangenheit<\/td>\r\n<\/tr>\r\n<\/tbody>\r\n<\/table>\r\n<\/div>\r\n<div>\r\n<p style=\"text-align: justify\"><span>In dieser Lektion lernst du nur den Konjunktiv Pr\u00e4sens und Imperfekt. Es geht vorerst nur um den Konjunktiv im Nebensatz, der normalerweise als Indikativ \u00fcbersetzt wird.<\/span><\/p>\r\n\r\n<\/div>\r\n<h2>27.2. Die Formen des Konjunktivs Pr\u00e4sens<\/h2>\r\n<div>\r\n<p style=\"text-align: justify\">Die Formen des Konjunktivs Pr\u00e4sens bestehen aus einem <span style=\"color: #0000ff\">Stamm<\/span>, einem <span style=\"color: #ff0000\">Moduszeichen<\/span> und der <span style=\"color: #008000\">Endung<\/span>. Die Personalendungen sind dieselben wie im Imperfekt (aktiv und passiv).<\/p>\r\n\r\n<table style=\"border-collapse: collapse;width: 100%;height: 160px\" border=\"0\">\r\n<tbody>\r\n<tr style=\"height: 15px\">\r\n<td style=\"width: 6.34921%;height: 15px\">Klasse<\/td>\r\n<td style=\"width: 13.1614%;height: 15px\"><span style=\"color: #0000ff\">Stamm<\/span> + <span style=\"color: #ff0000\">Moduszeichen<\/span><\/td>\r\n<td style=\"width: 26.3228%;height: 15px\"><span style=\"color: #0000ff\"><span style=\"color: #008000\">Endung<\/span> <\/span>aktiv | passiv<\/td>\r\n<\/tr>\r\n<tr style=\"height: 15px\">\r\n<td style=\"width: 6.34921%;height: 15px\">a-<\/td>\r\n<td style=\"width: 13.1614%;height: 15px\"><span style=\"color: #0000ff\">voc<\/span>-<span style=\"color: #ff0000\">e<\/span>-<\/td>\r\n<td style=\"width: 26.3228%;height: 15px\"><span style=\"color: #0000ff\">-<span style=\"color: #008000\">m<\/span><\/span>\u00a0|<span style=\"color: #0000ff\"> -<span style=\"color: #008000\">r<\/span><\/span><\/td>\r\n<\/tr>\r\n<tr style=\"height: 15px\">\r\n<td style=\"width: 6.34921%;height: 15px\">e-<\/td>\r\n<td style=\"width: 13.1614%;height: 15px\"><span style=\"color: #0000ff\">habe<\/span>-<span style=\"color: #ff0000\">a<\/span>-<\/td>\r\n<td style=\"width: 26.3228%;height: 15px\"><span style=\"color: #0000ff\">-<span style=\"color: #008000\">s\u00a0<\/span><\/span>|<span style=\"color: #0000ff\"> -<span style=\"color: #008000\">ris<\/span><\/span><\/td>\r\n<\/tr>\r\n<tr class=\"border\">\r\n<td class=\"border\" style=\"width: 6.34921%\">kons.<\/td>\r\n<td style=\"width: 13.1614%;height: 15px\"><span style=\"color: #0000ff\">pet<\/span>-<span style=\"color: #ff0000\">a<\/span>-<\/td>\r\n<td style=\"width: 26.3228%;height: 15px\"><span style=\"color: #0000ff\">-<span style=\"color: #008000\">t\u00a0<\/span><\/span>|<span style=\"color: #0000ff\"> -<span style=\"color: #008000\">tur<\/span><\/span><\/td>\r\n<\/tr>\r\n<tr class=\"border\">\r\n<td style=\"width: 6.34921%\">\u012d-<\/td>\r\n<td style=\"width: 13.1614%;height: 15px\"><span style=\"color: #0000ff\">faci<\/span>-<span style=\"color: #ff0000\">a<\/span>-<\/td>\r\n<td style=\"width: 26.3228%;height: 15px\"><span style=\"color: #0000ff\">-<span style=\"color: #008000\">mus <\/span><\/span>|<span style=\"color: #0000ff\"> -<span style=\"color: #008000\">mur<\/span><\/span><\/td>\r\n<\/tr>\r\n<tr class=\"border\">\r\n<td style=\"width: 6.34921%\">\u012b-<\/td>\r\n<td style=\"width: 13.1614%;height: 10px\"><span style=\"color: #0000ff\">audi<\/span>-<span style=\"color: #ff0000\">a<\/span>-<\/td>\r\n<td style=\"width: 26.3228%;height: 10px\"><span style=\"color: #0000ff\">-<span style=\"color: #008000\">tis\u00a0<\/span><\/span>|<span style=\"color: #0000ff\"> -<span style=\"color: #008000\">mini<\/span><\/span><\/td>\r\n<\/tr>\r\n<tr style=\"height: 15px\">\r\n<td style=\"width: 6.34921%;height: 15px\">ire<\/td>\r\n<td style=\"width: 13.1614%;height: 15px\"><span style=\"color: #0000ff\">e<\/span>-<span style=\"color: #ff0000\">a<\/span>-<\/td>\r\n<td style=\"width: 26.3228%;height: 15px\"><span style=\"color: #0000ff\">-<span style=\"color: #008000\">nt\u00a0<\/span><\/span>|<span style=\"color: #0000ff\"> -<span style=\"color: #008000\">ntur<\/span><\/span><\/td>\r\n<\/tr>\r\n<tr style=\"height: 15px\">\r\n<td style=\"width: 6.34921%;height: 15px\">esse<\/td>\r\n<td style=\"width: 13.1614%;height: 15px\"><span style=\"color: #0000ff\">s<\/span>-<span style=\"color: #ff0000\">i<\/span>-<\/td>\r\n<td style=\"width: 26.3228%;height: 15px\"><span style=\"color: #0000ff\">\u00a0<\/span><\/td>\r\n<\/tr>\r\n<tr style=\"height: 15px\">\r\n<td style=\"width: 6.34921%;height: 15px\">posse<\/td>\r\n<td style=\"width: 13.1614%;height: 15px\"><span style=\"color: #0000ff\">poss<\/span>-<span style=\"color: #ff0000\">i<\/span>-<\/td>\r\n<td style=\"width: 26.3228%;height: 15px\"><span style=\"color: #0000ff\">\u00a0<\/span><\/td>\r\n<\/tr>\r\n<tr style=\"height: 15px\">\r\n<td style=\"width: 6.34921%;height: 15px\">velle<\/td>\r\n<td style=\"width: 13.1614%;height: 15px\"><span style=\"color: #0000ff\">vel<\/span>-<span style=\"color: #ff0000\">i<\/span>-<\/td>\r\n<td style=\"width: 26.3228%;height: 15px\"><span style=\"color: #0000ff\">\u00a0<\/span><\/td>\r\n<\/tr>\r\n<tr style=\"height: 15px\">\r\n<td style=\"width: 6.34921%;height: 15px\">nolle<\/td>\r\n<td style=\"width: 13.1614%;height: 15px\"><span style=\"color: #0000ff\">nol<\/span>-<span style=\"color: #ff0000\">i<\/span>-<\/td>\r\n<td style=\"width: 26.3228%;height: 15px\"><span style=\"color: #0000ff\">\u00a0<\/span><\/td>\r\n<\/tr>\r\n<\/tbody>\r\n<\/table>\r\n<\/div>\r\n<div>\r\n<div>\r\n\r\n<hr \/>\r\n\r\nBeispiele\r\n\r\n<\/div>\r\n<p class=\"indent\" style=\"text-align: justify\">1. Sg. Pr\u00e4sens Konjunktiv aktiv von <em>vocare<\/em>: <em><span style=\"color: #0000ff\">voc<\/span>-<span style=\"color: #ff0000\">e<\/span>-<span style=\"color: #008000\">m<\/span><\/em><\/p>\r\n<p class=\"indent\" style=\"text-align: justify\">2. Sg. Pr\u00e4sens Konjunktiv aktiv von <em>habere<\/em>: <em><span style=\"color: #0000ff\">habe<\/span>-<span style=\"color: #ff0000\">a<\/span>-<span style=\"color: #008000\">s<\/span><\/em><\/p>\r\n<p class=\"indent\" style=\"text-align: justify\">3. Sg. Pr\u00e4sens Konjunktiv passiv von <em>petere<\/em>: <em><span style=\"color: #0000ff\">pet<\/span>-<span style=\"color: #ff0000\">a<\/span>-<span style=\"color: #008000\">tur<\/span><\/em><\/p>\r\n<p class=\"indent\" style=\"text-align: justify\">1. Pl. Pr\u00e4sens Konjunktiv passiv von <em>audire<\/em>: <em><span style=\"color: #0000ff\">audi<\/span>-<span style=\"color: #ff0000\">a<\/span>-<span style=\"color: #008000\">mur<\/span><\/em><\/p>\r\n<p class=\"indent\" style=\"text-align: justify\">2. Pl. Pr\u00e4sens Konjunktiv aktiv von <em>ire<\/em>: <em><span style=\"color: #0000ff\">e<\/span>-<span style=\"color: #ff0000\">a<\/span>-<span style=\"color: #008000\">tis<\/span><\/em><\/p>\r\n<p class=\"indent\" style=\"text-align: justify\">3. Pl. Pr\u00e4sens Konjunktiv aktiv von <em>esse<\/em>: <em><span style=\"color: #0000ff\">s<\/span>-<span style=\"color: #ff0000\">i<\/span>-<span style=\"color: #008000\">nt<\/span><\/em><\/p>\r\n\r\n<h2>27.3 Die Formen des Konjunktivs Imperfekt<\/h2>\r\nDie Formen des Konjunktiv Imperfekt sind denkbar einfach. Die Personalendungen (dieselben wie im Imperfekt) werden einfach an den Infinitiv Pr\u00e4sens angef\u00fcgt.\r\n<div>\r\n<table style=\"border-collapse: collapse;width: 100%;height: 90px\" border=\"0\">\r\n<tbody>\r\n<tr style=\"height: 15px\">\r\n<td style=\"width: 14.5503%;height: 15px\">Klasse<\/td>\r\n<td style=\"width: 14.1534%;height: 15px\"><span style=\"color: #0000ff\"><span>Infinitiv Pr\u00e4sens<\/span><\/span><\/td>\r\n<td style=\"width: 14.1534%\"><span style=\"color: #0000ff\"><span><span style=\"color: #008000\">Endung<\/span> <span style=\"color: #333333\">aktiv | passiv<\/span><\/span><\/span><\/td>\r\n<\/tr>\r\n<tr style=\"height: 15px\">\r\n<td style=\"width: 14.5503%;height: 15px\">a-<\/td>\r\n<td style=\"width: 14.1534%;height: 15px\"><span style=\"color: #0000ff\">voc\u0101re<span style=\"color: #333333\">-<\/span><\/span><\/td>\r\n<td style=\"width: 14.1534%\"><span style=\"color: #0000ff\">-<span style=\"color: #008000\">m<\/span>\u00a0| -<span style=\"color: #008000\">r<\/span><\/span><\/td>\r\n<\/tr>\r\n<tr style=\"height: 15px\">\r\n<td style=\"width: 14.5503%;height: 15px\">e-<\/td>\r\n<td style=\"width: 14.1534%;height: 15px\"><span style=\"color: #0000ff\"><span style=\"color: #0000ff\">hab<\/span><\/span><span style=\"font-family: inherit;font-size: inherit;color: #0000ff\">\u0113re<span style=\"color: #333333\">-<\/span><\/span><\/td>\r\n<td style=\"width: 14.1534%\"><span style=\"color: #0000ff\"><span style=\"color: #0000ff\">-<span style=\"color: #008000\">s\u00a0<\/span>| -<span style=\"color: #008000\">ris<\/span><\/span><\/span><\/td>\r\n<\/tr>\r\n<tr class=\"border\">\r\n<td class=\"border\" style=\"width: 14.5503%\">kons.<\/td>\r\n<td style=\"width: 14.1534%;height: 15px\"><span style=\"color: #0000ff\">petere<span style=\"color: #333333\">-<\/span><\/span><\/td>\r\n<td style=\"width: 14.1534%\"><span style=\"color: #0000ff\">-<span style=\"color: #008000\">t\u00a0<\/span>| -<span style=\"color: #008000\">tur<\/span><\/span><\/td>\r\n<\/tr>\r\n<tr class=\"border\">\r\n<td style=\"width: 14.5503%\">\u012d-<\/td>\r\n<td style=\"width: 14.1534%;height: 15px\"><span style=\"color: #0000ff\">facere<span style=\"color: #333333\">-<\/span><\/span><\/td>\r\n<td style=\"width: 14.1534%\"><span style=\"color: #0000ff\">-<span style=\"color: #008000\">mus <\/span>| -<span style=\"color: #008000\">mur<\/span><\/span><\/td>\r\n<\/tr>\r\n<tr class=\"border\">\r\n<td style=\"width: 14.5503%\">\u012b-<\/td>\r\n<td style=\"width: 14.1534%;height: 15px\"><span style=\"color: #0000ff\">aud\u012bre<span style=\"color: #333333\">-<\/span><\/span><\/td>\r\n<td style=\"width: 14.1534%\"><span style=\"color: #0000ff\">-<span style=\"color: #008000\">tis\u00a0<\/span><\/span>|<span style=\"color: #0000ff\"> -<span style=\"color: #008000\">mini<\/span><\/span><\/td>\r\n<\/tr>\r\n<tr style=\"height: 15px\">\r\n<td style=\"width: 14.5503%\">ire<\/td>\r\n<td style=\"width: 14.1534%\"><span style=\"color: #0000ff\">\u012bre<\/span>-<\/td>\r\n<td style=\"width: 14.1534%\"><span style=\"color: #0000ff\">-<span style=\"color: #008000\">nt\u00a0<\/span><\/span>|<span style=\"color: #0000ff\"> -<span style=\"color: #008000\">ntur<\/span><\/span><\/td>\r\n<\/tr>\r\n<\/tbody>\r\n<\/table>\r\nDieselbe Regel gilt f\u00fcr die Verben <em>esse<\/em>, <em>posse<\/em>, <em>velle<\/em> und <em>nolle<\/em>.\r\n<div>\r\n\r\n<hr \/>\r\n\r\nBeispiele\r\n\r\n<\/div>\r\n<p class=\"indent\" style=\"text-align: justify\">1. Sg. Imperfekt Konjunktiv aktiv von <em>vocare<\/em>: <em><span style=\"color: #0000ff\">voc\u0101re<\/span>-<span style=\"color: #008000\">m<\/span><\/em><\/p>\r\n<p class=\"indent\" style=\"text-align: justify\">2. Sg. Imperfekt Konjunktiv aktiv von <em>habere<\/em>: <em><span style=\"color: #0000ff\">hab<span style=\"font-family: inherit;font-size: inherit;color: #0000ff\">\u0113<\/span>re<\/span>-<span style=\"color: #008000\">s<\/span><\/em><\/p>\r\n<p class=\"indent\" style=\"text-align: justify\">3. Sg. Imperfekt Konjunktiv passiv von <em>petere<\/em>: <em><span style=\"color: #0000ff\">petere<\/span>-<span style=\"color: #008000\">tur<\/span><\/em><\/p>\r\n<p class=\"indent\" style=\"text-align: justify\">1. Pl. Imperfekt\u00a0Konjunktiv passiv von <em>audire<\/em>: <em><span style=\"color: #0000ff\">aud\u012bre<\/span>-<span style=\"color: #008000\">mur<\/span><\/em><\/p>\r\n<p class=\"indent\" style=\"text-align: justify\">2. Pl. Imperfekt Konjunktiv aktiv von <em>ire<\/em>: <span style=\"color: #0000ff\">\u012bre<\/span><em>-<span style=\"color: #008000\">tis<\/span><\/em><\/p>\r\n<p class=\"indent\" style=\"text-align: justify\">3. Pl. Imperfekt Konjunktiv aktiv von <em>esse<\/em>: <em><span style=\"color: #0000ff\">esse<\/span>-<span style=\"color: #008000\">nt<\/span><\/em><\/p>\r\n\r\n<h2>27.4 Konjunktivische Nebens\u00e4tze<\/h2>\r\nDie im Folgenden behandelten konjunktivischen Nebens\u00e4tze werden alle mit der Subjunktion <em>ut<\/em> oder <em>ne<\/em> eingeleitet.\r\n<p style=\"padding-left: 40px;text-align: justify\"><strong>Achtung:<\/strong> Du kennst <em>ut<\/em> mit Indikativ schon in der Bedeutung \u00abwie\u00bb.<\/p>\r\n<p style=\"padding-left: 40px;text-align: justify\"><span lang=\"EN-US\"><em>Chrysus Manliam <span style=\"color: #0000ff\">ut<\/span> filiam amat.<\/em>\u00a0\u2014 Chrysus liebt Manlia <span style=\"color: #0000ff\">wie<\/span> eine Tochter.<\/span><\/p>\r\n\r\n<div><\/div>\r\n<h3>27.4.1 Der Finalsatz<\/h3>\r\n<div>\r\n<p style=\"text-align: justify\"><span lang=\"DE\">Als Finalsatz (<i>finis <\/i><span>Ziel<\/span>) bezeichnet man einen konjunktivischen Nebensatz, der das Ziel oder die beabsichtigte Folge der Hauptsatz-Handlung ausdr\u00fcckt. Eingeleitet wird der Finalsatz durch <i>ut <\/i><span>(\u00abdamit\u00bb\/\u00abum zu\u00bb)<\/span>, verneint durch <i>ne <\/i><span>(\u00abdamit nicht\u00bb\/\u00abum nicht\u00bb)<\/span>.\u00a0<\/span><\/p>\r\n<p style=\"text-align: justify\">Abh\u00e4ngig von einem Pr\u00e4sens im Hauptsatz steht im Nebensatz der Konjunktiv Pr\u00e4sens:<\/p>\r\n<p style=\"text-align: justify;padding-left: 40px\"><em>Chrysus Manliae librum <span style=\"color: #ff0000\">dat<\/span>, <span style=\"color: #ff0000\">ut legat<\/span>. \u2014\u00a0<\/em><span style=\"font-size: 1em\">Chrysus <span style=\"color: #ff0000\">gibt<\/span> Manlia ein Buch, <span style=\"color: #ff0000\">damit sie es liest<\/span>.<\/span><\/p>\r\n\r\n<\/div>\r\n<\/div>\r\n<\/div>\r\n<p style=\"text-align: justify\">Bei einem Perfekt oder Imperfekt im Hauptsatz steht im Nebensatz der Konjunktiv Imperfekt:<\/p>\r\n<p style=\"text-align: justify;padding-left: 40px\"><em style=\"text-align: initial;font-size: 1em\">Chrysus Manliae librum <span style=\"color: #ff0000\">dedit<\/span>, <span style=\"color: #ff0000\">ut legeret<\/span>. \u2014\u00a0<\/em><span style=\"font-size: 1em;text-align: initial\">Chrysus <span style=\"color: #ff0000\">gab<\/span> Manlia ein Buch, <\/span><span style=\"color: #ff0000\">damit sie es las<\/span><span style=\"font-size: 1em;text-align: initial\">.<\/span><\/p>\r\n<p style=\"text-align: justify\">Wenn das Subjekt von Haupt- und Nebensatz identisch ist, sollte man <em>ut<\/em> im Deutschen mit \u00abum zu\u00bb \u00fcbersetzen.<\/p>\r\n<p style=\"padding-left: 40px;text-align: justify\"><span lang=\"EN-US\"><em>Chrysus considit, <span style=\"color: #ff0000\">ut<\/span> liberis fabulam <span style=\"color: #ff0000\">narret<\/span>.<\/em>\u00a0\u2014\u00a0<\/span><span>Chrysus setzt sich, <span style=\"color: #ff0000\">um<\/span> den Kindern eine Geschichte <span style=\"color: #ff0000\">zu erz\u00e4hlen<\/span>.<\/span><\/p>\r\n\r\n<h3><span><\/span>27.4.2 Der Begehrsatz<\/h3>\r\n<div style=\"text-align: justify\">\r\n<p style=\"text-align: justify\">Der Begehrsatz ist eine Unterart des Finalsatzes. Er folgt n<span style=\"text-align: initial;font-size: 1em\">ach Verben des Bittens, W\u00fcnschens oder Befehlens;\u00a0<\/span><em style=\"text-align: initial;font-size: 1em\">ut<\/em><span style=\"text-align: initial;font-size: 1em\">\u00a0wird in diesem Fall mit \u00ab<\/span>dass\u00bb<span style=\"text-align: initial;font-size: 1em\"> oder mit \u00ab<\/span>zu\u00bb<span style=\"text-align: initial;font-size: 1em\"> \u00fcbersetzt.<\/span><\/p>\r\n<p style=\"padding-left: 40px;text-align: justify\"><span style=\"text-align: justify;font-size: 1em\"><em>Liberi orant, <span style=\"color: #ff0000\">ut Chrysus fabulam narret<\/span>. \u2014\u00a0<\/em><\/span><span>Die Kinder bitten, <span style=\"color: #ff0000\">dass Chrysus eine Geschichte erz\u00e4hlt<\/span>. \/\u00a0<\/span><span>Die Kinder bitten <span style=\"color: #ff0000\">Chrysus,<\/span> <span style=\"color: #ff0000\">eine Geschichte zu erz\u00e4hlen<\/span>.<\/span><\/p>\r\n<p style=\"padding-left: 40px\"><em>Chrysus iussit, <span style=\"color: #ff0000\">ne Lucius librum amitteret<\/span>.<\/em>\u00a0\u2014 Chrysus befahl Lucius, <span style=\"color: #ff0000\">das Buch nicht zu verlieren<\/span>.<\/p>\r\n<p style=\"text-align: justify\"><span style=\"text-align: initial;font-size: 1em\">Bei Ausdr\u00fccken der Gefahr, des F\u00fcrchtens und des Verhinderns steht ein finales <\/span><em style=\"text-align: initial;font-size: 1em\">ne<\/em><span style=\"text-align: initial;font-size: 1em\">, das aber im Deutschen mit \u00ab<\/span>dass\u00bb\u00a0<span style=\"text-align: initial;font-size: 1em\">\u00fcbersetzt wird. Im Lateinischen steht hier eine Verneinung, weil man hofft, dass die Handlung des Nebensatzes nicht eintritt.<\/span><\/p>\r\n<p style=\"text-align: justify;padding-left: 40px\"><em style=\"font-size: 1em\">Timeo, <span style=\"color: #ff0000\">ne mater doleat<\/span>.\u00a0<\/em><span style=\"font-size: 1em\">Ich f\u00fcrchte, <span style=\"color: #ff0000\">dass meine Mutter traurig ist<\/span>.<\/span><\/p>\r\n\r\n<\/div>\r\n<h3>27.4.3 Der Konsekutivsatz<\/h3>\r\n<div>\r\n<p style=\"text-align: justify\">Der Konsekutivsatz (<em>consecutio <\/em>Folge) dr\u00fcckt (im Gegensatz zum Finalsatz) eine eher unbeabsichtigte Folge aus. Im Hauptsatz steht dabei meist ein hinweisendes Pronomen oder Adverb (<em>tam<\/em> so;\u00a0<em>tantus\u00a0<\/em>so gross<em>; talis\u00a0<\/em>solch<em>; tot <\/em>so viele<em>; ita <\/em>so sehr). Eingeleitet wird der Nebensatz durch <em>ut <\/em>(\u00abso dass\u00bb), verneint durch <em>ut non \u00ab<\/em>so dass nicht\u00bb. Die Zeitenfolge ist dieselbe wie im Finalsatz.<\/p>\r\n<p style=\"text-align: justify;padding-left: 40px\"><span lang=\"DE\"><em>Scientia Chrysi <span style=\"color: #0000ff\">tanta<\/span> est, <span style=\"color: #ff0000\">ut liberos multa doceat<\/span>.<\/em>\u00a0\u2014\u00a0<\/span><span lang=\"DE\">Das Wissen von Chrysus ist <span style=\"color: #ff0000\"><span style=\"color: #0000ff\">so gross<\/span><span style=\"color: #333333\">,<\/span><\/span> <span style=\"color: #ff0000\">dass er die Kinder vieles lehrt<\/span>.<\/span><\/p>\r\n<p style=\"padding-left: 40px;text-align: justify\"><em><span lang=\"DE\"><span lang=\"DE\">Liberi Chrysum <span style=\"color: #0000ff\">ita<\/span> amabant, <span style=\"color: #ff0000\">ut eos non relinquere posset<\/span>. \u2014\u00a0<\/span><\/span><\/em><span style=\"font-size: 1em\">Die Kinder mochten Chrysus <span style=\"color: #0000ff\">so sehr<\/span>, <span style=\"color: #ff0000\">dass er sie nicht verlassen konnte<\/span>.<\/span><\/p>\r\n\r\n<div>\r\n<div>\r\n<div><\/div>\r\n<\/div>\r\n<\/div>\r\n<div><\/div>\r\n<div>\r\n<div>\r\n<div><\/div>\r\n<\/div>\r\n<div>\r\n<div><\/div>\r\n<\/div>\r\n<\/div>\r\n<\/div>\r\n<div><\/div>\r\n<div>\r\n<div><\/div>\r\n<\/div>","rendered":"<h1>27 Der Konjunktiv<\/h1>\n<p style=\"text-align: justify\"><span>Bisher hast du Verben nach Person, Numerus, Tempus und Genus Verbi konjugiert. Neben dem Modus Indikativ (Aussage) kennst du bereits den Modus Imperativ (Befehl). Nun kommt mit dem Konjunktiv ein weiterer Modus hinzu.<\/span><\/p>\n<div><\/div>\n<h2>27.1 Die Tempora des Konjunktivs<\/h2>\n<div>\n<p style=\"text-align: justify\">Wie im Indikativ gibt es auch im Konjunktiv verschiedene Zeitformen. Diese dr\u00fccken aber eher ein Zeitverh\u00e4ltnis zum \u00fcbergeordneten Verb aus (\u00e4hnlich wie der Infinitiv im AcI).<\/p>\n<table style=\"width: 740px\">\n<tbody>\n<tr>\n<td style=\"width: 234.40625px\">Konjunktiv Pr\u00e4sens<\/td>\n<td style=\"width: 230.40625px\">vom Pr\u00e4sensstamm gebildet<\/td>\n<td style=\"width: 234.40625px\">gleichzeitig zur Gegenwart<\/td>\n<\/tr>\n<tr>\n<td style=\"width: 234.40625px\">Konjunktiv Perfekt<\/td>\n<td style=\"width: 230.40625px\">vom Perfektstamm bzw. PPV gebildet<\/td>\n<td style=\"width: 234.40625px\">vorzeitig zur Gegenwart<\/td>\n<\/tr>\n<tr>\n<td style=\"width: 234.40625px\">Konjunktiv Imperfekt<\/td>\n<td style=\"width: 230.40625px\">vom Pr\u00e4sensstamm gebildet<\/td>\n<td style=\"width: 234.40625px\">gleichzeitig zur Vergangenheit<\/td>\n<\/tr>\n<tr>\n<td style=\"width: 234.40625px\">Konjunktiv Plusquamperfekt<\/td>\n<td style=\"width: 230.40625px\">vom Perfektstamm bzw. PPV gebildet<\/td>\n<td style=\"width: 234.40625px\">vorzeitig zur Vergangenheit<\/td>\n<\/tr>\n<\/tbody>\n<\/table>\n<\/div>\n<div>\n<p style=\"text-align: justify\"><span>In dieser Lektion lernst du nur den Konjunktiv Pr\u00e4sens und Imperfekt. Es geht vorerst nur um den Konjunktiv im Nebensatz, der normalerweise als Indikativ \u00fcbersetzt wird.<\/span><\/p>\n<\/div>\n<h2>27.2. Die Formen des Konjunktivs Pr\u00e4sens<\/h2>\n<div>\n<p style=\"text-align: justify\">Die Formen des Konjunktivs Pr\u00e4sens bestehen aus einem <span style=\"color: #0000ff\">Stamm<\/span>, einem <span style=\"color: #ff0000\">Moduszeichen<\/span> und der <span style=\"color: #008000\">Endung<\/span>. Die Personalendungen sind dieselben wie im Imperfekt (aktiv und passiv).<\/p>\n<table style=\"border-collapse: collapse;width: 100%;height: 160px\">\n<tbody>\n<tr style=\"height: 15px\">\n<td style=\"width: 6.34921%;height: 15px\">Klasse<\/td>\n<td style=\"width: 13.1614%;height: 15px\"><span style=\"color: #0000ff\">Stamm<\/span> + <span style=\"color: #ff0000\">Moduszeichen<\/span><\/td>\n<td style=\"width: 26.3228%;height: 15px\"><span style=\"color: #0000ff\"><span style=\"color: #008000\">Endung<\/span> <\/span>aktiv | passiv<\/td>\n<\/tr>\n<tr style=\"height: 15px\">\n<td style=\"width: 6.34921%;height: 15px\">a-<\/td>\n<td style=\"width: 13.1614%;height: 15px\"><span style=\"color: #0000ff\">voc<\/span>&#8211;<span style=\"color: #ff0000\">e<\/span>&#8211;<\/td>\n<td style=\"width: 26.3228%;height: 15px\"><span style=\"color: #0000ff\">&#8211;<span style=\"color: #008000\">m<\/span><\/span>\u00a0|<span style=\"color: #0000ff\"> &#8211;<span style=\"color: #008000\">r<\/span><\/span><\/td>\n<\/tr>\n<tr style=\"height: 15px\">\n<td style=\"width: 6.34921%;height: 15px\">e-<\/td>\n<td style=\"width: 13.1614%;height: 15px\"><span style=\"color: #0000ff\">habe<\/span>&#8211;<span style=\"color: #ff0000\">a<\/span>&#8211;<\/td>\n<td style=\"width: 26.3228%;height: 15px\"><span style=\"color: #0000ff\">&#8211;<span style=\"color: #008000\">s\u00a0<\/span><\/span>|<span style=\"color: #0000ff\"> &#8211;<span style=\"color: #008000\">ris<\/span><\/span><\/td>\n<\/tr>\n<tr class=\"border\">\n<td class=\"border\" style=\"width: 6.34921%\">kons.<\/td>\n<td style=\"width: 13.1614%;height: 15px\"><span style=\"color: #0000ff\">pet<\/span>&#8211;<span style=\"color: #ff0000\">a<\/span>&#8211;<\/td>\n<td style=\"width: 26.3228%;height: 15px\"><span style=\"color: #0000ff\">&#8211;<span style=\"color: #008000\">t\u00a0<\/span><\/span>|<span style=\"color: #0000ff\"> &#8211;<span style=\"color: #008000\">tur<\/span><\/span><\/td>\n<\/tr>\n<tr class=\"border\">\n<td style=\"width: 6.34921%\">\u012d-<\/td>\n<td style=\"width: 13.1614%;height: 15px\"><span style=\"color: #0000ff\">faci<\/span>&#8211;<span style=\"color: #ff0000\">a<\/span>&#8211;<\/td>\n<td style=\"width: 26.3228%;height: 15px\"><span style=\"color: #0000ff\">&#8211;<span style=\"color: #008000\">mus <\/span><\/span>|<span style=\"color: #0000ff\"> &#8211;<span style=\"color: #008000\">mur<\/span><\/span><\/td>\n<\/tr>\n<tr class=\"border\">\n<td style=\"width: 6.34921%\">\u012b-<\/td>\n<td style=\"width: 13.1614%;height: 10px\"><span style=\"color: #0000ff\">audi<\/span>&#8211;<span style=\"color: #ff0000\">a<\/span>&#8211;<\/td>\n<td style=\"width: 26.3228%;height: 10px\"><span style=\"color: #0000ff\">&#8211;<span style=\"color: #008000\">tis\u00a0<\/span><\/span>|<span style=\"color: #0000ff\"> &#8211;<span style=\"color: #008000\">mini<\/span><\/span><\/td>\n<\/tr>\n<tr style=\"height: 15px\">\n<td style=\"width: 6.34921%;height: 15px\">ire<\/td>\n<td style=\"width: 13.1614%;height: 15px\"><span style=\"color: #0000ff\">e<\/span>&#8211;<span style=\"color: #ff0000\">a<\/span>&#8211;<\/td>\n<td style=\"width: 26.3228%;height: 15px\"><span style=\"color: #0000ff\">&#8211;<span style=\"color: #008000\">nt\u00a0<\/span><\/span>|<span style=\"color: #0000ff\"> &#8211;<span style=\"color: #008000\">ntur<\/span><\/span><\/td>\n<\/tr>\n<tr style=\"height: 15px\">\n<td style=\"width: 6.34921%;height: 15px\">esse<\/td>\n<td style=\"width: 13.1614%;height: 15px\"><span style=\"color: #0000ff\">s<\/span>&#8211;<span style=\"color: #ff0000\">i<\/span>&#8211;<\/td>\n<td style=\"width: 26.3228%;height: 15px\"><span style=\"color: #0000ff\">\u00a0<\/span><\/td>\n<\/tr>\n<tr style=\"height: 15px\">\n<td style=\"width: 6.34921%;height: 15px\">posse<\/td>\n<td style=\"width: 13.1614%;height: 15px\"><span style=\"color: #0000ff\">poss<\/span>&#8211;<span style=\"color: #ff0000\">i<\/span>&#8211;<\/td>\n<td style=\"width: 26.3228%;height: 15px\"><span style=\"color: #0000ff\">\u00a0<\/span><\/td>\n<\/tr>\n<tr style=\"height: 15px\">\n<td style=\"width: 6.34921%;height: 15px\">velle<\/td>\n<td style=\"width: 13.1614%;height: 15px\"><span style=\"color: #0000ff\">vel<\/span>&#8211;<span style=\"color: #ff0000\">i<\/span>&#8211;<\/td>\n<td style=\"width: 26.3228%;height: 15px\"><span style=\"color: #0000ff\">\u00a0<\/span><\/td>\n<\/tr>\n<tr style=\"height: 15px\">\n<td style=\"width: 6.34921%;height: 15px\">nolle<\/td>\n<td style=\"width: 13.1614%;height: 15px\"><span style=\"color: #0000ff\">nol<\/span>&#8211;<span style=\"color: #ff0000\">i<\/span>&#8211;<\/td>\n<td style=\"width: 26.3228%;height: 15px\"><span style=\"color: #0000ff\">\u00a0<\/span><\/td>\n<\/tr>\n<\/tbody>\n<\/table>\n<\/div>\n<div>\n<div>\n<hr \/>\n<p>Beispiele<\/p>\n<\/div>\n<p class=\"indent\" style=\"text-align: justify\">1. Sg. Pr\u00e4sens Konjunktiv aktiv von <em>vocare<\/em>: <em><span style=\"color: #0000ff\">voc<\/span>&#8211;<span style=\"color: #ff0000\">e<\/span>&#8211;<span style=\"color: #008000\">m<\/span><\/em><\/p>\n<p class=\"indent\" style=\"text-align: justify\">2. Sg. Pr\u00e4sens Konjunktiv aktiv von <em>habere<\/em>: <em><span style=\"color: #0000ff\">habe<\/span>&#8211;<span style=\"color: #ff0000\">a<\/span>&#8211;<span style=\"color: #008000\">s<\/span><\/em><\/p>\n<p class=\"indent\" style=\"text-align: justify\">3. Sg. Pr\u00e4sens Konjunktiv passiv von <em>petere<\/em>: <em><span style=\"color: #0000ff\">pet<\/span>&#8211;<span style=\"color: #ff0000\">a<\/span>&#8211;<span style=\"color: #008000\">tur<\/span><\/em><\/p>\n<p class=\"indent\" style=\"text-align: justify\">1. Pl. Pr\u00e4sens Konjunktiv passiv von <em>audire<\/em>: <em><span style=\"color: #0000ff\">audi<\/span>&#8211;<span style=\"color: #ff0000\">a<\/span>&#8211;<span style=\"color: #008000\">mur<\/span><\/em><\/p>\n<p class=\"indent\" style=\"text-align: justify\">2. Pl. Pr\u00e4sens Konjunktiv aktiv von <em>ire<\/em>: <em><span style=\"color: #0000ff\">e<\/span>&#8211;<span style=\"color: #ff0000\">a<\/span>&#8211;<span style=\"color: #008000\">tis<\/span><\/em><\/p>\n<p class=\"indent\" style=\"text-align: justify\">3. Pl. Pr\u00e4sens Konjunktiv aktiv von <em>esse<\/em>: <em><span style=\"color: #0000ff\">s<\/span>&#8211;<span style=\"color: #ff0000\">i<\/span>&#8211;<span style=\"color: #008000\">nt<\/span><\/em><\/p>\n<h2>27.3 Die Formen des Konjunktivs Imperfekt<\/h2>\n<p>Die Formen des Konjunktiv Imperfekt sind denkbar einfach. Die Personalendungen (dieselben wie im Imperfekt) werden einfach an den Infinitiv Pr\u00e4sens angef\u00fcgt.<\/p>\n<div>\n<table style=\"border-collapse: collapse;width: 100%;height: 90px\">\n<tbody>\n<tr style=\"height: 15px\">\n<td style=\"width: 14.5503%;height: 15px\">Klasse<\/td>\n<td style=\"width: 14.1534%;height: 15px\"><span style=\"color: #0000ff\"><span>Infinitiv Pr\u00e4sens<\/span><\/span><\/td>\n<td style=\"width: 14.1534%\"><span style=\"color: #0000ff\"><span><span style=\"color: #008000\">Endung<\/span> <span style=\"color: #333333\">aktiv | passiv<\/span><\/span><\/span><\/td>\n<\/tr>\n<tr style=\"height: 15px\">\n<td style=\"width: 14.5503%;height: 15px\">a-<\/td>\n<td style=\"width: 14.1534%;height: 15px\"><span style=\"color: #0000ff\">voc\u0101re<span style=\"color: #333333\">&#8211;<\/span><\/span><\/td>\n<td style=\"width: 14.1534%\"><span style=\"color: #0000ff\">&#8211;<span style=\"color: #008000\">m<\/span>\u00a0| &#8211;<span style=\"color: #008000\">r<\/span><\/span><\/td>\n<\/tr>\n<tr style=\"height: 15px\">\n<td style=\"width: 14.5503%;height: 15px\">e-<\/td>\n<td style=\"width: 14.1534%;height: 15px\"><span style=\"color: #0000ff\"><span style=\"color: #0000ff\">hab<\/span><\/span><span style=\"font-family: inherit;font-size: inherit;color: #0000ff\">\u0113re<span style=\"color: #333333\">&#8211;<\/span><\/span><\/td>\n<td style=\"width: 14.1534%\"><span style=\"color: #0000ff\"><span style=\"color: #0000ff\">&#8211;<span style=\"color: #008000\">s\u00a0<\/span>| &#8211;<span style=\"color: #008000\">ris<\/span><\/span><\/span><\/td>\n<\/tr>\n<tr class=\"border\">\n<td class=\"border\" style=\"width: 14.5503%\">kons.<\/td>\n<td style=\"width: 14.1534%;height: 15px\"><span style=\"color: #0000ff\">petere<span style=\"color: #333333\">&#8211;<\/span><\/span><\/td>\n<td style=\"width: 14.1534%\"><span style=\"color: #0000ff\">&#8211;<span style=\"color: #008000\">t\u00a0<\/span>| &#8211;<span style=\"color: #008000\">tur<\/span><\/span><\/td>\n<\/tr>\n<tr class=\"border\">\n<td style=\"width: 14.5503%\">\u012d-<\/td>\n<td style=\"width: 14.1534%;height: 15px\"><span style=\"color: #0000ff\">facere<span style=\"color: #333333\">&#8211;<\/span><\/span><\/td>\n<td style=\"width: 14.1534%\"><span style=\"color: #0000ff\">&#8211;<span style=\"color: #008000\">mus <\/span>| &#8211;<span style=\"color: #008000\">mur<\/span><\/span><\/td>\n<\/tr>\n<tr class=\"border\">\n<td style=\"width: 14.5503%\">\u012b-<\/td>\n<td style=\"width: 14.1534%;height: 15px\"><span style=\"color: #0000ff\">aud\u012bre<span style=\"color: #333333\">&#8211;<\/span><\/span><\/td>\n<td style=\"width: 14.1534%\"><span style=\"color: #0000ff\">&#8211;<span style=\"color: #008000\">tis\u00a0<\/span><\/span>|<span style=\"color: #0000ff\"> &#8211;<span style=\"color: #008000\">mini<\/span><\/span><\/td>\n<\/tr>\n<tr style=\"height: 15px\">\n<td style=\"width: 14.5503%\">ire<\/td>\n<td style=\"width: 14.1534%\"><span style=\"color: #0000ff\">\u012bre<\/span>&#8211;<\/td>\n<td style=\"width: 14.1534%\"><span style=\"color: #0000ff\">&#8211;<span style=\"color: #008000\">nt\u00a0<\/span><\/span>|<span style=\"color: #0000ff\"> &#8211;<span style=\"color: #008000\">ntur<\/span><\/span><\/td>\n<\/tr>\n<\/tbody>\n<\/table>\n<p>Dieselbe Regel gilt f\u00fcr die Verben <em>esse<\/em>, <em>posse<\/em>, <em>velle<\/em> und <em>nolle<\/em>.<\/p>\n<div>\n<hr \/>\n<p>Beispiele<\/p>\n<\/div>\n<p class=\"indent\" style=\"text-align: justify\">1. Sg. Imperfekt Konjunktiv aktiv von <em>vocare<\/em>: <em><span style=\"color: #0000ff\">voc\u0101re<\/span>&#8211;<span style=\"color: #008000\">m<\/span><\/em><\/p>\n<p class=\"indent\" style=\"text-align: justify\">2. Sg. Imperfekt Konjunktiv aktiv von <em>habere<\/em>: <em><span style=\"color: #0000ff\">hab<span style=\"font-family: inherit;font-size: inherit;color: #0000ff\">\u0113<\/span>re<\/span>&#8211;<span style=\"color: #008000\">s<\/span><\/em><\/p>\n<p class=\"indent\" style=\"text-align: justify\">3. Sg. Imperfekt Konjunktiv passiv von <em>petere<\/em>: <em><span style=\"color: #0000ff\">petere<\/span>&#8211;<span style=\"color: #008000\">tur<\/span><\/em><\/p>\n<p class=\"indent\" style=\"text-align: justify\">1. Pl. Imperfekt\u00a0Konjunktiv passiv von <em>audire<\/em>: <em><span style=\"color: #0000ff\">aud\u012bre<\/span>&#8211;<span style=\"color: #008000\">mur<\/span><\/em><\/p>\n<p class=\"indent\" style=\"text-align: justify\">2. Pl. Imperfekt Konjunktiv aktiv von <em>ire<\/em>: <span style=\"color: #0000ff\">\u012bre<\/span><em>&#8211;<span style=\"color: #008000\">tis<\/span><\/em><\/p>\n<p class=\"indent\" style=\"text-align: justify\">3. Pl. Imperfekt Konjunktiv aktiv von <em>esse<\/em>: <em><span style=\"color: #0000ff\">esse<\/span>&#8211;<span style=\"color: #008000\">nt<\/span><\/em><\/p>\n<h2>27.4 Konjunktivische Nebens\u00e4tze<\/h2>\n<p>Die im Folgenden behandelten konjunktivischen Nebens\u00e4tze werden alle mit der Subjunktion <em>ut<\/em> oder <em>ne<\/em> eingeleitet.<\/p>\n<p style=\"padding-left: 40px;text-align: justify\"><strong>Achtung:<\/strong> Du kennst <em>ut<\/em> mit Indikativ schon in der Bedeutung \u00abwie\u00bb.<\/p>\n<p style=\"padding-left: 40px;text-align: justify\"><span lang=\"EN-US\"><em>Chrysus Manliam <span style=\"color: #0000ff\">ut<\/span> filiam amat.<\/em>\u00a0\u2014 Chrysus liebt Manlia <span style=\"color: #0000ff\">wie<\/span> eine Tochter.<\/span><\/p>\n<div><\/div>\n<h3>27.4.1 Der Finalsatz<\/h3>\n<div>\n<p style=\"text-align: justify\"><span lang=\"DE\">Als Finalsatz (<i>finis <\/i><span>Ziel<\/span>) bezeichnet man einen konjunktivischen Nebensatz, der das Ziel oder die beabsichtigte Folge der Hauptsatz-Handlung ausdr\u00fcckt. Eingeleitet wird der Finalsatz durch <i>ut <\/i><span>(\u00abdamit\u00bb\/\u00abum zu\u00bb)<\/span>, verneint durch <i>ne <\/i><span>(\u00abdamit nicht\u00bb\/\u00abum nicht\u00bb)<\/span>.\u00a0<\/span><\/p>\n<p style=\"text-align: justify\">Abh\u00e4ngig von einem Pr\u00e4sens im Hauptsatz steht im Nebensatz der Konjunktiv Pr\u00e4sens:<\/p>\n<p style=\"text-align: justify;padding-left: 40px\"><em>Chrysus Manliae librum <span style=\"color: #ff0000\">dat<\/span>, <span style=\"color: #ff0000\">ut legat<\/span>. \u2014\u00a0<\/em><span style=\"font-size: 1em\">Chrysus <span style=\"color: #ff0000\">gibt<\/span> Manlia ein Buch, <span style=\"color: #ff0000\">damit sie es liest<\/span>.<\/span><\/p>\n<\/div>\n<\/div>\n<\/div>\n<p style=\"text-align: justify\">Bei einem Perfekt oder Imperfekt im Hauptsatz steht im Nebensatz der Konjunktiv Imperfekt:<\/p>\n<p style=\"text-align: justify;padding-left: 40px\"><em style=\"text-align: initial;font-size: 1em\">Chrysus Manliae librum <span style=\"color: #ff0000\">dedit<\/span>, <span style=\"color: #ff0000\">ut legeret<\/span>. \u2014\u00a0<\/em><span style=\"font-size: 1em;text-align: initial\">Chrysus <span style=\"color: #ff0000\">gab<\/span> Manlia ein Buch, <\/span><span style=\"color: #ff0000\">damit sie es las<\/span><span style=\"font-size: 1em;text-align: initial\">.<\/span><\/p>\n<p style=\"text-align: justify\">Wenn das Subjekt von Haupt- und Nebensatz identisch ist, sollte man <em>ut<\/em> im Deutschen mit \u00abum zu\u00bb \u00fcbersetzen.<\/p>\n<p style=\"padding-left: 40px;text-align: justify\"><span lang=\"EN-US\"><em>Chrysus considit, <span style=\"color: #ff0000\">ut<\/span> liberis fabulam <span style=\"color: #ff0000\">narret<\/span>.<\/em>\u00a0\u2014\u00a0<\/span><span>Chrysus setzt sich, <span style=\"color: #ff0000\">um<\/span> den Kindern eine Geschichte <span style=\"color: #ff0000\">zu erz\u00e4hlen<\/span>.<\/span><\/p>\n<h3><span><\/span>27.4.2 Der Begehrsatz<\/h3>\n<div style=\"text-align: justify\">\n<p style=\"text-align: justify\">Der Begehrsatz ist eine Unterart des Finalsatzes. Er folgt n<span style=\"text-align: initial;font-size: 1em\">ach Verben des Bittens, W\u00fcnschens oder Befehlens;\u00a0<\/span><em style=\"text-align: initial;font-size: 1em\">ut<\/em><span style=\"text-align: initial;font-size: 1em\">\u00a0wird in diesem Fall mit \u00ab<\/span>dass\u00bb<span style=\"text-align: initial;font-size: 1em\"> oder mit \u00ab<\/span>zu\u00bb<span style=\"text-align: initial;font-size: 1em\"> \u00fcbersetzt.<\/span><\/p>\n<p style=\"padding-left: 40px;text-align: justify\"><span style=\"text-align: justify;font-size: 1em\"><em>Liberi orant, <span style=\"color: #ff0000\">ut Chrysus fabulam narret<\/span>. \u2014\u00a0<\/em><\/span><span>Die Kinder bitten, <span style=\"color: #ff0000\">dass Chrysus eine Geschichte erz\u00e4hlt<\/span>. \/\u00a0<\/span><span>Die Kinder bitten <span style=\"color: #ff0000\">Chrysus,<\/span> <span style=\"color: #ff0000\">eine Geschichte zu erz\u00e4hlen<\/span>.<\/span><\/p>\n<p style=\"padding-left: 40px\"><em>Chrysus iussit, <span style=\"color: #ff0000\">ne Lucius librum amitteret<\/span>.<\/em>\u00a0\u2014 Chrysus befahl Lucius, <span style=\"color: #ff0000\">das Buch nicht zu verlieren<\/span>.<\/p>\n<p style=\"text-align: justify\"><span style=\"text-align: initial;font-size: 1em\">Bei Ausdr\u00fccken der Gefahr, des F\u00fcrchtens und des Verhinderns steht ein finales <\/span><em style=\"text-align: initial;font-size: 1em\">ne<\/em><span style=\"text-align: initial;font-size: 1em\">, das aber im Deutschen mit \u00ab<\/span>dass\u00bb\u00a0<span style=\"text-align: initial;font-size: 1em\">\u00fcbersetzt wird. Im Lateinischen steht hier eine Verneinung, weil man hofft, dass die Handlung des Nebensatzes nicht eintritt.<\/span><\/p>\n<p style=\"text-align: justify;padding-left: 40px\"><em style=\"font-size: 1em\">Timeo, <span style=\"color: #ff0000\">ne mater doleat<\/span>.\u00a0<\/em><span style=\"font-size: 1em\">Ich f\u00fcrchte, <span style=\"color: #ff0000\">dass meine Mutter traurig ist<\/span>.<\/span><\/p>\n<\/div>\n<h3>27.4.3 Der Konsekutivsatz<\/h3>\n<div>\n<p style=\"text-align: justify\">Der Konsekutivsatz (<em>consecutio <\/em>Folge) dr\u00fcckt (im Gegensatz zum Finalsatz) eine eher unbeabsichtigte Folge aus. Im Hauptsatz steht dabei meist ein hinweisendes Pronomen oder Adverb (<em>tam<\/em> so;\u00a0<em>tantus\u00a0<\/em>so gross<em>; talis\u00a0<\/em>solch<em>; tot <\/em>so viele<em>; ita <\/em>so sehr). Eingeleitet wird der Nebensatz durch <em>ut <\/em>(\u00abso dass\u00bb), verneint durch <em>ut non \u00ab<\/em>so dass nicht\u00bb. Die Zeitenfolge ist dieselbe wie im Finalsatz.<\/p>\n<p style=\"text-align: justify;padding-left: 40px\"><span lang=\"DE\"><em>Scientia Chrysi <span style=\"color: #0000ff\">tanta<\/span> est, <span style=\"color: #ff0000\">ut liberos multa doceat<\/span>.<\/em>\u00a0\u2014\u00a0<\/span><span lang=\"DE\">Das Wissen von Chrysus ist <span style=\"color: #ff0000\"><span style=\"color: #0000ff\">so gross<\/span><span style=\"color: #333333\">,<\/span><\/span> <span style=\"color: #ff0000\">dass er die Kinder vieles lehrt<\/span>.<\/span><\/p>\n<p style=\"padding-left: 40px;text-align: justify\"><em><span lang=\"DE\"><span lang=\"DE\">Liberi Chrysum <span style=\"color: #0000ff\">ita<\/span> amabant, <span style=\"color: #ff0000\">ut eos non relinquere posset<\/span>. \u2014\u00a0<\/span><\/span><\/em><span style=\"font-size: 1em\">Die Kinder mochten Chrysus <span style=\"color: #0000ff\">so sehr<\/span>, <span style=\"color: #ff0000\">dass er sie nicht verlassen konnte<\/span>.<\/span><\/p>\n<div>\n<div>\n<div><\/div>\n<\/div>\n<\/div>\n<div><\/div>\n<div>\n<div>\n<div><\/div>\n<\/div>\n<div>\n<div><\/div>\n<\/div>\n<\/div>\n<\/div>\n<div><\/div>\n<div>\n<div><\/div>\n<\/div>\n","protected":false},"author":700,"menu_order":7,"template":"","meta":{"pb_show_title":"on","pb_short_title":"","pb_subtitle":"","pb_authors":[],"pb_section_license":""},"chapter-type":[],"contributor":[],"license":[],"class_list":["post-417","chapter","type-chapter","status-publish","hentry"],"part":356,"_links":{"self":[{"href":"https:\/\/dlf.uzh.ch\/openbooks\/amor\/wp-json\/pressbooks\/v2\/chapters\/417"}],"collection":[{"href":"https:\/\/dlf.uzh.ch\/openbooks\/amor\/wp-json\/pressbooks\/v2\/chapters"}],"about":[{"href":"https:\/\/dlf.uzh.ch\/openbooks\/amor\/wp-json\/wp\/v2\/types\/chapter"}],"author":[{"embeddable":true,"href":"https:\/\/dlf.uzh.ch\/openbooks\/amor\/wp-json\/wp\/v2\/users\/700"}],"version-history":[{"count":71,"href":"https:\/\/dlf.uzh.ch\/openbooks\/amor\/wp-json\/pressbooks\/v2\/chapters\/417\/revisions"}],"predecessor-version":[{"id":4709,"href":"https:\/\/dlf.uzh.ch\/openbooks\/amor\/wp-json\/pressbooks\/v2\/chapters\/417\/revisions\/4709"}],"part":[{"href":"https:\/\/dlf.uzh.ch\/openbooks\/amor\/wp-json\/pressbooks\/v2\/parts\/356"}],"metadata":[{"href":"https:\/\/dlf.uzh.ch\/openbooks\/amor\/wp-json\/pressbooks\/v2\/chapters\/417\/metadata\/"}],"wp:attachment":[{"href":"https:\/\/dlf.uzh.ch\/openbooks\/amor\/wp-json\/wp\/v2\/media?parent=417"}],"wp:term":[{"taxonomy":"chapter-type","embeddable":true,"href":"https:\/\/dlf.uzh.ch\/openbooks\/amor\/wp-json\/pressbooks\/v2\/chapter-type?post=417"},{"taxonomy":"contributor","embeddable":true,"href":"https:\/\/dlf.uzh.ch\/openbooks\/amor\/wp-json\/wp\/v2\/contributor?post=417"},{"taxonomy":"license","embeddable":true,"href":"https:\/\/dlf.uzh.ch\/openbooks\/amor\/wp-json\/wp\/v2\/license?post=417"}],"curies":[{"name":"wp","href":"https:\/\/api.w.org\/{rel}","templated":true}]}}