{"id":2952,"date":"2022-06-05T14:53:58","date_gmt":"2022-06-05T12:53:58","guid":{"rendered":"https:\/\/dlf.uzh.ch\/openbooks\/amor\/?post_type=chapter&#038;p=2952"},"modified":"2022-07-26T13:42:37","modified_gmt":"2022-07-26T11:42:37","slug":"konfrontation-mit-den-helvetiern","status":"publish","type":"chapter","link":"https:\/\/dlf.uzh.ch\/openbooks\/amor\/chapter\/konfrontation-mit-den-helvetiern\/","title":{"raw":"Konfrontation mit den Helvetiern","rendered":"Konfrontation mit den Helvetiern"},"content":{"raw":"<div style=\"text-align: justify\">\r\n<p style=\"text-align: justify\"><i><span>An einem heissen Nachmittag sitzen Chrysus und die Kinder im schattigen S\u00e4ulengang der Basilica Iulia. Der Lehrer erz\u00e4hlt von der Gens Iulia und ihrem ber\u00fchmtesten Vertreter, Gaius Iulius Caesar. Als Manlia wissen will, wie ein einzelner Mann zu so viel Geld und Einfluss gelangen konnte, l\u00e4chelt Chrysus sein typisches halbes L\u00e4cheln. \u00abAlles begann damit, dass Caesar die Verwaltung unserer Provinz in Gallien \u00fcbertragen wurde. Schlau, wie er war, begann er dort einen Krieg gegen die Helvetier.\u00bb \u2013\u00a0\u00abAber durfte er das denn?\u00bb, unterbricht ihn Titus. Chrysus wiegt den Kopf. \u00abNun, in seinen\u00a0<\/span><\/i><span style=\"font-size: 1em\">Commentarii<\/span><i style=\"font-size: 1em\"> stellt er diesen Krieg als <\/i><span style=\"font-size: 1em\">bellum<\/span><i style=\"font-size: 1em\"> <\/i><span style=\"font-size: 1em\">iustum<\/span><i style=\"font-size: 1em\"><i style=\"font-size: 1em\"><i style=\"font-size: 1em\"> dar. Die Helvetier waren n\u00e4mlich mit ihrem Siedlungsgebiet unzufrieden. Sie brachen in Richtung S\u00fcden auf und marschierten direkt auf unsere Provinz zu\u2026<\/i><\/i><\/i><\/p>\r\n\r\n\r\n<hr \/>\r\n<p style=\"text-align: justify\"><span style=\"text-align: justify;font-size: 1em\">Postquam Caesar cognovit <\/span><em style=\"text-align: justify;font-size: 1em\">Helvetios<\/em><span style=\"text-align: justify;font-size: 1em\"> per <\/span><span style=\"color: #0000ff\">provinciam<\/span><span style=\"text-align: justify;font-size: 1em\"> nostram iter facere velle, ab urbe <\/span><em style=\"text-align: justify;font-size: 1em\">profectus est<\/em><span style=\"text-align: justify;font-size: 1em\">, quam celerrime <\/span><span style=\"color: #0000ff\">Galliam<\/span><span style=\"text-align: justify;font-size: 1em\"> petivit, ad <\/span><span style=\"color: #0000ff\">Genavam<\/span><span style=\"text-align: justify;font-size: 1em\"> perv<\/span><span lang=\"EN-US\">\u0113<\/span><span style=\"text-align: justify;font-size: 1em\">nit.\u00a0<\/span><span style=\"text-align: justify;font-size: 1em\">Imperavit militibus suis: \u00abPons, qui est ad <\/span><span style=\"color: #0000ff\">Genavam<\/span><span style=\"text-align: justify;font-size: 1em\">, <\/span><em style=\"text-align: justify;font-size: 1em\">rescindatur<\/em><span style=\"text-align: justify;font-size: 1em\">! Hostes non transeant!\u00bb\u00a0<\/span><\/p>\r\n<p style=\"text-align: justify\"><span style=\"text-align: justify;font-size: 1em\">Helvetii, ubi de eius adventu cognoverunt, <\/span><em style=\"text-align: justify;font-size: 1em\">legatos<\/em><span style=\"text-align: justify;font-size: 1em\"> ad eum miserunt. Qui Caesarem rogaverunt: \u00abUtinam liceat iter per provinciam facere, cum aliud iter habeamus nullum. Utinam hoc iter nobis <\/span><em style=\"text-align: justify;font-size: 1em\">permittatur<\/em><span style=\"text-align: justify;font-size: 1em\">.\u00bb\u00a0<\/span><\/p>\r\n<p style=\"text-align: justify\"><span style=\"text-align: justify;font-size: 1em\">Sed Caesar memori\u0101 tenebat <\/span><em style=\"text-align: justify;font-size: 1em\">Helvetios<\/em><span style=\"text-align: justify;font-size: 1em\"> olim L. Cassium <\/span><span style=\"color: #0000ff\">consulem<\/span><span style=\"text-align: justify;font-size: 1em\"> occidisse <\/span><em style=\"text-align: justify;font-size: 1em\">exercitum<\/em><span style=\"text-align: justify;font-size: 1em\">que eius in <\/span><span style=\"color: #0000ff\">fugam<\/span><span style=\"text-align: justify;font-size: 1em\"> vertisse. Itaque dixit: \u00abQuid faciam? Respondere nondum possum. <\/span><em style=\"text-align: justify;font-size: 1em\">Legati<\/em><span style=\"text-align: justify;font-size: 1em\"> <\/span><span style=\"color: #0000ff\">redeant<\/span><span style=\"text-align: justify;font-size: 1em\"> post tres dies.\u00bb\u00a0<\/span><\/p>\r\n<p style=\"text-align: justify\"><span style=\"text-align: justify;font-size: 1em\">Caesar <\/span><em style=\"text-align: justify;font-size: 1em\">Helvetios<\/em><span style=\"text-align: justify;font-size: 1em\"> homines <\/span><span style=\"color: #0000ff\">bellicosos<\/span><span style=\"text-align: justify;font-size: 1em\">, populi Romani <\/span><span style=\"color: #0000ff\">inimicos<\/span><span style=\"text-align: justify;font-size: 1em\">, <\/span><span style=\"color: #0000ff\">provinciae<\/span><span style=\"text-align: justify;font-size: 1em\"> nostrae <\/span><span style=\"color: #0000ff\">periculosissimos<\/span><span style=\"text-align: justify;font-size: 1em\"> putabat: \u00ab<\/span><span style=\"text-align: justify;font-size: 1em\" lang=\"EN-US\">Helvetii Romanos petant,<\/span><span style=\"text-align: justify;font-size: 1em\" lang=\"EN-US\">\u00a0oppida <i>populentur.\u00a0<\/i><\/span><span style=\"color: #0000ff\">Provinciam<\/span><span style=\"text-align: justify;font-size: 1em\"> nostram et imperium Romanum defendamus!\u00bb Propter eas causas Caesar quinque legiones in proelium cum <\/span><em style=\"text-align: justify;font-size: 1em\">Helvetiis<\/em><span style=\"text-align: justify;font-size: 1em\"> duxit.\u00a0<\/span><span style=\"text-align: justify;font-size: 1em\">Caesar primum suum equum, deinde omnes equos <\/span><span style=\"color: #0000ff\">removit<\/span><span style=\"text-align: justify;font-size: 1em\"> et dixit: \u00abSpes <\/span><span style=\"color: #0000ff\">fugae<\/span><span style=\"text-align: justify;font-size: 1em\"> nobis tollatur! Periculum omnibus nobis aequum sit!\u00bb<\/span><\/p>\r\n\r\n<\/div>\r\n<div>\r\n\r\n<hr \/>\r\n\r\n<div style=\"text-align: justify\">\r\n<p style=\"text-align: justify\"><i><i><span>Obschon die Helvetier kampferprobt waren, unterlagen sie den R\u00f6mern, die von einem erh\u00f6hten Terrain aus erst ihre Speere schleuderten, die die Schilde der Helvetier leicht durchschlugen und so unbrauchbar machten, und dann mit gez\u00fcckten Schwertern die feindlichen Reihen angriffen. Endlich entschlossen sich die Helvetier zum R\u00fcckzug:<\/span><\/i><\/i><\/p>\r\n\r\n\r\n<hr \/>\r\n<p style=\"text-align: justify\"><span style=\"text-align: justify;font-size: 1em\">\u00abFugiamus milites et arma Romanorum! Nisi fugiamus, non solum proelio vincamur, sed etiam vitam amittamus.\u00bb \u2013 \u00abUtinam numquam patriam reliquissemus!\u00bb<\/span><\/p>\r\n<p style=\"text-align: justify\"><span style=\"font-size: 1em\">Alii Caesari hoc bellum in crimen verterunt, cum Helvetios sine <\/span><span style=\"color: #0000ff\">necessitate<\/span><span style=\"font-size: 1em\"> peteret. Alii eum <\/span><span style=\"color: #0000ff\">servatorem<\/span><span style=\"font-size: 1em\"> imperii Romani laudaverunt.<\/span><\/p>\r\n\r\n<\/div>\r\n<div>\r\n\r\n<hr \/>\r\n\r\n<h2 style=\"text-align: justify\">Wortangaben<\/h2>\r\n<div style=\"text-align: justify\">\r\n<p style=\"text-align: justify\"><i><span>adventus, -\u016bs m <\/span><\/i>die <span style=\"font-size: 1em\">Ankunft<\/span><i style=\"font-size: 1em\"> \u2014 exercitus, -\u016bs m <\/i>das <span><span>Heer \u2014 <i>Helvetii <\/i>die Helvetier \u2014 <i>legatus <\/i>der Gesandte<i> \u2014 permittere, permitto <\/i>erlauben \u2014 <em>populari, populor\u00a0<\/em>pl\u00fcndern \u2014\u00a0<i>proficisci, proficiscor, profectus sum <\/i>aufbrechen \u2014 <i>rescindere, rescindo <\/i>einreissen<\/span><\/span><\/p>\r\n\r\n\r\n<hr \/>\r\n\r\n<a href=\"https:\/\/dlf.uzh.ch\/openbooks\/amor\/part\/xxx-konfrontation-mit-den-helvetiern-auxilium\/\"><span style=\"font-size: 1em\">Gib mir Tipps!<\/span><\/a>\r\n\r\n<\/div>\r\n<\/div>\r\n<\/div>","rendered":"<div style=\"text-align: justify\">\n<p style=\"text-align: justify\"><i><span>An einem heissen Nachmittag sitzen Chrysus und die Kinder im schattigen S\u00e4ulengang der Basilica Iulia. Der Lehrer erz\u00e4hlt von der Gens Iulia und ihrem ber\u00fchmtesten Vertreter, Gaius Iulius Caesar. Als Manlia wissen will, wie ein einzelner Mann zu so viel Geld und Einfluss gelangen konnte, l\u00e4chelt Chrysus sein typisches halbes L\u00e4cheln. \u00abAlles begann damit, dass Caesar die Verwaltung unserer Provinz in Gallien \u00fcbertragen wurde. Schlau, wie er war, begann er dort einen Krieg gegen die Helvetier.\u00bb \u2013\u00a0\u00abAber durfte er das denn?\u00bb, unterbricht ihn Titus. Chrysus wiegt den Kopf. \u00abNun, in seinen\u00a0<\/span><\/i><span style=\"font-size: 1em\">Commentarii<\/span><i style=\"font-size: 1em\"> stellt er diesen Krieg als <\/i><span style=\"font-size: 1em\">bellum<\/span><i style=\"font-size: 1em\"> <\/i><span style=\"font-size: 1em\">iustum<\/span><i style=\"font-size: 1em\"><i style=\"font-size: 1em\"><i style=\"font-size: 1em\"> dar. Die Helvetier waren n\u00e4mlich mit ihrem Siedlungsgebiet unzufrieden. Sie brachen in Richtung S\u00fcden auf und marschierten direkt auf unsere Provinz zu\u2026<\/i><\/i><\/i><\/p>\n<hr \/>\n<p style=\"text-align: justify\"><span style=\"text-align: justify;font-size: 1em\">Postquam Caesar cognovit <\/span><em style=\"text-align: justify;font-size: 1em\">Helvetios<\/em><span style=\"text-align: justify;font-size: 1em\"> per <\/span><span style=\"color: #0000ff\">provinciam<\/span><span style=\"text-align: justify;font-size: 1em\"> nostram iter facere velle, ab urbe <\/span><em style=\"text-align: justify;font-size: 1em\">profectus est<\/em><span style=\"text-align: justify;font-size: 1em\">, quam celerrime <\/span><span style=\"color: #0000ff\">Galliam<\/span><span style=\"text-align: justify;font-size: 1em\"> petivit, ad <\/span><span style=\"color: #0000ff\">Genavam<\/span><span style=\"text-align: justify;font-size: 1em\"> perv<\/span><span lang=\"EN-US\">\u0113<\/span><span style=\"text-align: justify;font-size: 1em\">nit.\u00a0<\/span><span style=\"text-align: justify;font-size: 1em\">Imperavit militibus suis: \u00abPons, qui est ad <\/span><span style=\"color: #0000ff\">Genavam<\/span><span style=\"text-align: justify;font-size: 1em\">, <\/span><em style=\"text-align: justify;font-size: 1em\">rescindatur<\/em><span style=\"text-align: justify;font-size: 1em\">! Hostes non transeant!\u00bb\u00a0<\/span><\/p>\n<p style=\"text-align: justify\"><span style=\"text-align: justify;font-size: 1em\">Helvetii, ubi de eius adventu cognoverunt, <\/span><em style=\"text-align: justify;font-size: 1em\">legatos<\/em><span style=\"text-align: justify;font-size: 1em\"> ad eum miserunt. Qui Caesarem rogaverunt: \u00abUtinam liceat iter per provinciam facere, cum aliud iter habeamus nullum. Utinam hoc iter nobis <\/span><em style=\"text-align: justify;font-size: 1em\">permittatur<\/em><span style=\"text-align: justify;font-size: 1em\">.\u00bb\u00a0<\/span><\/p>\n<p style=\"text-align: justify\"><span style=\"text-align: justify;font-size: 1em\">Sed Caesar memori\u0101 tenebat <\/span><em style=\"text-align: justify;font-size: 1em\">Helvetios<\/em><span style=\"text-align: justify;font-size: 1em\"> olim L. Cassium <\/span><span style=\"color: #0000ff\">consulem<\/span><span style=\"text-align: justify;font-size: 1em\"> occidisse <\/span><em style=\"text-align: justify;font-size: 1em\">exercitum<\/em><span style=\"text-align: justify;font-size: 1em\">que eius in <\/span><span style=\"color: #0000ff\">fugam<\/span><span style=\"text-align: justify;font-size: 1em\"> vertisse. Itaque dixit: \u00abQuid faciam? Respondere nondum possum. <\/span><em style=\"text-align: justify;font-size: 1em\">Legati<\/em><span style=\"text-align: justify;font-size: 1em\"> <\/span><span style=\"color: #0000ff\">redeant<\/span><span style=\"text-align: justify;font-size: 1em\"> post tres dies.\u00bb\u00a0<\/span><\/p>\n<p style=\"text-align: justify\"><span style=\"text-align: justify;font-size: 1em\">Caesar <\/span><em style=\"text-align: justify;font-size: 1em\">Helvetios<\/em><span style=\"text-align: justify;font-size: 1em\"> homines <\/span><span style=\"color: #0000ff\">bellicosos<\/span><span style=\"text-align: justify;font-size: 1em\">, populi Romani <\/span><span style=\"color: #0000ff\">inimicos<\/span><span style=\"text-align: justify;font-size: 1em\">, <\/span><span style=\"color: #0000ff\">provinciae<\/span><span style=\"text-align: justify;font-size: 1em\"> nostrae <\/span><span style=\"color: #0000ff\">periculosissimos<\/span><span style=\"text-align: justify;font-size: 1em\"> putabat: \u00ab<\/span><span style=\"text-align: justify;font-size: 1em\" lang=\"EN-US\">Helvetii Romanos petant,<\/span><span style=\"text-align: justify;font-size: 1em\" lang=\"EN-US\">\u00a0oppida <i>populentur.\u00a0<\/i><\/span><span style=\"color: #0000ff\">Provinciam<\/span><span style=\"text-align: justify;font-size: 1em\"> nostram et imperium Romanum defendamus!\u00bb Propter eas causas Caesar quinque legiones in proelium cum <\/span><em style=\"text-align: justify;font-size: 1em\">Helvetiis<\/em><span style=\"text-align: justify;font-size: 1em\"> duxit.\u00a0<\/span><span style=\"text-align: justify;font-size: 1em\">Caesar primum suum equum, deinde omnes equos <\/span><span style=\"color: #0000ff\">removit<\/span><span style=\"text-align: justify;font-size: 1em\"> et dixit: \u00abSpes <\/span><span style=\"color: #0000ff\">fugae<\/span><span style=\"text-align: justify;font-size: 1em\"> nobis tollatur! Periculum omnibus nobis aequum sit!\u00bb<\/span><\/p>\n<\/div>\n<div>\n<hr \/>\n<div style=\"text-align: justify\">\n<p style=\"text-align: justify\"><i><i><span>Obschon die Helvetier kampferprobt waren, unterlagen sie den R\u00f6mern, die von einem erh\u00f6hten Terrain aus erst ihre Speere schleuderten, die die Schilde der Helvetier leicht durchschlugen und so unbrauchbar machten, und dann mit gez\u00fcckten Schwertern die feindlichen Reihen angriffen. Endlich entschlossen sich die Helvetier zum R\u00fcckzug:<\/span><\/i><\/i><\/p>\n<hr \/>\n<p style=\"text-align: justify\"><span style=\"text-align: justify;font-size: 1em\">\u00abFugiamus milites et arma Romanorum! Nisi fugiamus, non solum proelio vincamur, sed etiam vitam amittamus.\u00bb \u2013 \u00abUtinam numquam patriam reliquissemus!\u00bb<\/span><\/p>\n<p style=\"text-align: justify\"><span style=\"font-size: 1em\">Alii Caesari hoc bellum in crimen verterunt, cum Helvetios sine <\/span><span style=\"color: #0000ff\">necessitate<\/span><span style=\"font-size: 1em\"> peteret. Alii eum <\/span><span style=\"color: #0000ff\">servatorem<\/span><span style=\"font-size: 1em\"> imperii Romani laudaverunt.<\/span><\/p>\n<\/div>\n<div>\n<hr \/>\n<h2 style=\"text-align: justify\">Wortangaben<\/h2>\n<div style=\"text-align: justify\">\n<p style=\"text-align: justify\"><i><span>adventus, -\u016bs m <\/span><\/i>die <span style=\"font-size: 1em\">Ankunft<\/span><i style=\"font-size: 1em\"> \u2014 exercitus, -\u016bs m <\/i>das <span><span>Heer \u2014 <i>Helvetii <\/i>die Helvetier \u2014 <i>legatus <\/i>der Gesandte<i> \u2014 permittere, permitto <\/i>erlauben \u2014 <em>populari, populor\u00a0<\/em>pl\u00fcndern \u2014\u00a0<i>proficisci, proficiscor, profectus sum <\/i>aufbrechen \u2014 <i>rescindere, rescindo <\/i>einreissen<\/span><\/span><\/p>\n<hr \/>\n<p><a href=\"https:\/\/dlf.uzh.ch\/openbooks\/amor\/part\/xxx-konfrontation-mit-den-helvetiern-auxilium\/\"><span style=\"font-size: 1em\">Gib mir Tipps!<\/span><\/a><\/p>\n<\/div>\n<\/div>\n<\/div>\n","protected":false},"author":700,"menu_order":3,"template":"","meta":{"pb_show_title":"on","pb_short_title":"","pb_subtitle":"","pb_authors":[],"pb_section_license":""},"chapter-type":[],"contributor":[],"license":[],"class_list":["post-2952","chapter","type-chapter","status-publish","hentry"],"part":2935,"_links":{"self":[{"href":"https:\/\/dlf.uzh.ch\/openbooks\/amor\/wp-json\/pressbooks\/v2\/chapters\/2952"}],"collection":[{"href":"https:\/\/dlf.uzh.ch\/openbooks\/amor\/wp-json\/pressbooks\/v2\/chapters"}],"about":[{"href":"https:\/\/dlf.uzh.ch\/openbooks\/amor\/wp-json\/wp\/v2\/types\/chapter"}],"author":[{"embeddable":true,"href":"https:\/\/dlf.uzh.ch\/openbooks\/amor\/wp-json\/wp\/v2\/users\/700"}],"version-history":[{"count":22,"href":"https:\/\/dlf.uzh.ch\/openbooks\/amor\/wp-json\/pressbooks\/v2\/chapters\/2952\/revisions"}],"predecessor-version":[{"id":3968,"href":"https:\/\/dlf.uzh.ch\/openbooks\/amor\/wp-json\/pressbooks\/v2\/chapters\/2952\/revisions\/3968"}],"part":[{"href":"https:\/\/dlf.uzh.ch\/openbooks\/amor\/wp-json\/pressbooks\/v2\/parts\/2935"}],"metadata":[{"href":"https:\/\/dlf.uzh.ch\/openbooks\/amor\/wp-json\/pressbooks\/v2\/chapters\/2952\/metadata\/"}],"wp:attachment":[{"href":"https:\/\/dlf.uzh.ch\/openbooks\/amor\/wp-json\/wp\/v2\/media?parent=2952"}],"wp:term":[{"taxonomy":"chapter-type","embeddable":true,"href":"https:\/\/dlf.uzh.ch\/openbooks\/amor\/wp-json\/pressbooks\/v2\/chapter-type?post=2952"},{"taxonomy":"contributor","embeddable":true,"href":"https:\/\/dlf.uzh.ch\/openbooks\/amor\/wp-json\/wp\/v2\/contributor?post=2952"},{"taxonomy":"license","embeddable":true,"href":"https:\/\/dlf.uzh.ch\/openbooks\/amor\/wp-json\/wp\/v2\/license?post=2952"}],"curies":[{"name":"wp","href":"https:\/\/api.w.org\/{rel}","templated":true}]}}