{"id":2052,"date":"2022-03-05T16:34:33","date_gmt":"2022-03-05T15:34:33","guid":{"rendered":"https:\/\/dlf.uzh.ch\/openbooks\/amor\/?post_type=chapter&#038;p=2052"},"modified":"2022-03-05T18:52:14","modified_gmt":"2022-03-05T17:52:14","slug":"grammatik-17","status":"publish","type":"chapter","link":"https:\/\/dlf.uzh.ch\/openbooks\/amor\/chapter\/grammatik-17\/","title":{"raw":"Grammatik","rendered":"Grammatik"},"content":{"raw":"<h1>20 Die Steigerung<\/h1>\r\n<p style=\"text-align: justify\">Wie im Deutschen k\u00f6nnen lateinische Adjektive und Adverbien gesteigert werden:<\/p>\r\n<p style=\"padding-left: 40px;text-align: justify\"><span style=\"color: #ff9900\">Positiv<\/span><\/p>\r\n<p style=\"padding-left: 40px;text-align: justify\">ein <span style=\"color: #ff9900\">schnelles<\/span> Pferd \u2014 <em>equus <span style=\"color: #ff9900\">celer<\/span><\/em><\/p>\r\n<p style=\"padding-left: 40px;text-align: justify\">das Pferd l\u00e4uft <span style=\"color: #ff9900\">schnell<\/span> \u2014 <em>equus <span style=\"color: #ff9900\">celeriter<\/span> currit<\/em><\/p>\r\n\r\n\r\n<hr \/>\r\n<p style=\"padding-left: 40px;text-align: justify\"><span style=\"color: #ff6600\">Komparativ<\/span><\/p>\r\n<p style=\"padding-left: 40px;text-align: justify\">ein <span style=\"color: #ff6600\">schnelleres<\/span> Pferd \u2014 <em>equus <span style=\"color: #ff6600\">celerior<\/span><\/em><\/p>\r\n<p style=\"padding-left: 40px;text-align: justify\">das Pferd l\u00e4uft <span style=\"color: #ff6600\">schneller<\/span> \u2014 <em>equus <span style=\"color: #ff6600\">celerius<\/span> currit<\/em><\/p>\r\n\r\n\r\n<hr \/>\r\n<p style=\"padding-left: 40px;text-align: justify\"><span style=\"color: #ff0000\">Superlativ<\/span><\/p>\r\n<p style=\"padding-left: 40px;text-align: justify\">das <span style=\"color: #ff0000\">schnellste<\/span> Pferd \u2014 <em>equus <span style=\"color: #ff0000\">celerrimus<\/span><\/em><\/p>\r\n<p style=\"padding-left: 40px;text-align: justify\">das Pferd l\u00e4uft <span style=\"color: #ff0000\">am<\/span> <span style=\"color: #ff0000\">schnellsten<\/span> \u2014 <em>equus <span style=\"color: #ff0000\">celerrime<\/span> currit<\/em><\/p>\r\n\r\n<h2>20.1 Regelm\u00e4ssige Steigerung der Adjektive<\/h2>\r\n<p style=\"text-align: justify\">Adjektive werden regelm\u00e4ssig gesteigert, indem an den Wortstamm ein Suffix angeh\u00e4ngt wird:<\/p>\r\n\r\n<table style=\"border-collapse: collapse;width: 100%\" border=\"0\">\r\n<tbody>\r\n<tr>\r\n<td style=\"width: 25%\"><\/td>\r\n<td class=\"shaded\" style=\"width: 25%;text-align: center\"><em>m<\/em><\/td>\r\n<td class=\"shaded\" style=\"width: 25%;text-align: center\"><em>f<\/em><\/td>\r\n<td class=\"shaded\" style=\"width: 25%;text-align: center\"><em>n<\/em><\/td>\r\n<\/tr>\r\n<tr>\r\n<td class=\"shaded\" style=\"width: 25%\">Suffix des Komparativs<\/td>\r\n<td style=\"width: 50%;text-align: center\" colspan=\"2\">-<span style=\"color: #ff6600\">ior<\/span>, -<span style=\"color: #ff6600\">i\u014dris<\/span><\/td>\r\n<td style=\"width: 25%;text-align: center\">-<span style=\"color: #ff6600\">ius<\/span>, -<span style=\"color: #ff6600\">i\u014dris<\/span><\/td>\r\n<\/tr>\r\n<tr>\r\n<td class=\"shaded\" style=\"width: 25%\">Suffix des Superlativs<\/td>\r\n<td style=\"width: 25%;text-align: center\">-<span style=\"color: #ff0000\">issimus<\/span><\/td>\r\n<td style=\"width: 25%;text-align: center\">-<span style=\"color: #ff0000\">issima<\/span><\/td>\r\n<td style=\"width: 25%;text-align: center\">-<span style=\"color: #ff0000\">issimum<\/span><\/td>\r\n<\/tr>\r\n<\/tbody>\r\n<\/table>\r\n<p style=\"text-align: justify\">Die Komparativformen flektieren nach der 3. Deklination, die Superlativformen nach der 1. und 2. Deklination.<\/p>\r\n&nbsp;\r\n\r\nBeispiele:\r\n<table style=\"border-collapse: collapse;width: 100%\" border=\"0\">\r\n<tbody>\r\n<tr>\r\n<td style=\"width: 25%\"><\/td>\r\n<td class=\"shaded\" style=\"width: 25%\">Positiv<\/td>\r\n<td class=\"shaded\" style=\"width: 25%\">Komparativ<\/td>\r\n<td class=\"shaded\" style=\"width: 25%\">Superlativ<\/td>\r\n<\/tr>\r\n<tr>\r\n<td class=\"shaded\" style=\"width: 25%\">1. und 2. Deklination<\/td>\r\n<td style=\"width: 25%\">clar-us, a, um<\/td>\r\n<td style=\"width: 25%\">clar-<span style=\"color: #ff6600\">ior<\/span>\/clar-<span style=\"color: #ff6600\">ius<\/span><\/td>\r\n<td style=\"width: 25%\">clar-<span style=\"color: #ff0000\">issimus<\/span>, <span style=\"color: #ff0000\">a<\/span>, <span style=\"color: #ff0000\">um<\/span><\/td>\r\n<\/tr>\r\n<tr>\r\n<td class=\"shaded\" style=\"width: 25%\">3. Deklination<\/td>\r\n<td style=\"width: 25%\">grav-is, e<\/td>\r\n<td style=\"width: 25%\">grav-<span style=\"color: #ff6600\">ior<\/span>\/grav-<span style=\"color: #ff6600\">ius<\/span><\/td>\r\n<td style=\"width: 25%\">grav-<span style=\"color: #ff0000\">issimus<\/span>, <span style=\"color: #ff0000\">a<\/span>, <span style=\"color: #ff0000\">um<\/span><\/td>\r\n<\/tr>\r\n<\/tbody>\r\n<\/table>\r\n<p style=\"text-align: justify\">Eine Ausnahme bilden Adjektive, deren Stamm auf -r oder -l endet. Bei ihnen <span style=\"color: #008000\">assimiliert<\/span> sich die Superlativendung an den Stammauslaut:<\/p>\r\n\r\n<table style=\"border-collapse: collapse;width: 699px\" border=\"0\">\r\n<tbody>\r\n<tr>\r\n<td style=\"width: 159.703125px\"><\/td>\r\n<td class=\"shaded\" style=\"width: 155.171875px\">Positiv<\/td>\r\n<td class=\"shaded\" style=\"width: 169.390625px\">Komparativ<\/td>\r\n<td class=\"shaded\" style=\"width: 161.03125px\">Superlativ<\/td>\r\n<\/tr>\r\n<tr>\r\n<td class=\"shaded\" style=\"width: 159.703125px\">1. und 2. Deklination<\/td>\r\n<td style=\"width: 155.171875px\">miser, a, um<\/td>\r\n<td style=\"width: 169.390625px\">miser-<span style=\"color: #ff6600\">ior<\/span>, miser-<span style=\"color: #ff6600\">ius<\/span><\/td>\r\n<td style=\"width: 161.03125px\">miser-<span style=\"color: #008000\">rimus<\/span>, <span style=\"color: #008000\">a<\/span>, <span style=\"color: #008000\">um<\/span><\/td>\r\n<\/tr>\r\n<tr>\r\n<td class=\"shaded\" style=\"width: 159.703125px\">3. Deklination<\/td>\r\n<td style=\"width: 155.171875px\">celer, is, e<\/td>\r\n<td style=\"width: 169.390625px\">celer-<span style=\"color: #ff6600\">ior<\/span>\/celer-<span style=\"color: #ff6600\">ius<\/span><\/td>\r\n<td style=\"width: 161.03125px\">celer-<span style=\"color: #008000\">rimus<\/span>,<span style=\"color: #008000\"> a<\/span>, <span style=\"color: #008000\">um<\/span><\/td>\r\n<\/tr>\r\n<tr>\r\n<td class=\"shaded\" style=\"width: 159.703125px\"><\/td>\r\n<td style=\"width: 155.171875px\">simil-is, e<\/td>\r\n<td style=\"width: 169.390625px\">simil-<span style=\"color: #ff6600\">ior<\/span>\/simil-<span style=\"color: #ff6600\">ius<\/span><\/td>\r\n<td style=\"width: 161.03125px\">simil-<span style=\"color: #008000\">limus<\/span>, <span style=\"color: #008000\">a<\/span>, <span style=\"color: #008000\">um<\/span><\/td>\r\n<\/tr>\r\n<\/tbody>\r\n<\/table>\r\n<h2>20.2 Regelm\u00e4ssige Steigerung der Adverbien<\/h2>\r\nAuch Adverbien werden mittels Suffix gesteigert:\r\n<table style=\"border-collapse: collapse;width: 50%\" border=\"0\">\r\n<tbody>\r\n<tr>\r\n<td style=\"width: 27.77777777777778%\">Suffix des Komparativs<\/td>\r\n<td style=\"width: 18.25396825396826%\">-<span style=\"color: #ff6600\">ius<\/span><\/td>\r\n<\/tr>\r\n<tr>\r\n<td style=\"width: 27.77777777777778%\">Suffix des Superlativs<\/td>\r\n<td style=\"width: 18.25396825396826%\">-<span style=\"color: #ff0000\">issim<span lang=\"DE\">\u0113<\/span><\/span><\/td>\r\n<\/tr>\r\n<\/tbody>\r\n<\/table>\r\n&nbsp;\r\n\r\nBeispiele:\r\n<table style=\"border-collapse: collapse;width: 100%\" border=\"0\">\r\n<tbody>\r\n<tr>\r\n<td style=\"width: 25%\"><\/td>\r\n<td class=\"shaded\" style=\"width: 25%\">Positiv<\/td>\r\n<td class=\"shaded\" style=\"width: 25%\">Komparativ<\/td>\r\n<td class=\"shaded\" style=\"width: 25%\">Superlativ<\/td>\r\n<\/tr>\r\n<tr>\r\n<td class=\"shaded\" style=\"width: 25%\">1. und 2. Deklination<\/td>\r\n<td style=\"width: 25%\">clar-<span lang=\"DE\">\u0113<\/span><\/td>\r\n<td style=\"width: 25%\">clar-<span style=\"color: #ff6600\">ius<\/span><\/td>\r\n<td style=\"width: 25%\">clar-<span style=\"color: #ff0000\">issim<span lang=\"DE\">\u0113<\/span><\/span><\/td>\r\n<\/tr>\r\n<tr>\r\n<td class=\"shaded\" style=\"width: 25%\">3. Deklination<\/td>\r\n<td style=\"width: 25%\">grav-iter<\/td>\r\n<td style=\"width: 25%\">grav-<span style=\"color: #ff6600\">ius<\/span><\/td>\r\n<td style=\"width: 25%\">grav-<span style=\"color: #ff0000\">issim<span lang=\"DE\">\u0113<\/span><\/span><\/td>\r\n<\/tr>\r\n<\/tbody>\r\n<\/table>\r\n<h2>20.3 Unregelm\u00e4ssige Steigerung<\/h2>\r\n<p style=\"text-align: justify\">Einige Adjektive bilden ihre Steigerungsformen mit anderen St\u00e4mmen; diese Reihen lernst du am besten auswendig.<\/p>\r\n\r\n<table style=\"border-collapse: collapse;width: 100%\" border=\"0\">\r\n<tbody>\r\n<tr class=\"shaded\">\r\n<td style=\"width: 33.333333333333336%\">Positiv<\/td>\r\n<td style=\"width: 33.333333333333336%\">Komparativ<\/td>\r\n<td style=\"width: 33.333333333333336%\">Superlativ<\/td>\r\n<\/tr>\r\n<tr>\r\n<td style=\"width: 33.333333333333336%\">magnus, a, um<\/td>\r\n<td style=\"width: 33.333333333333336%\">m\u0101ior, -ior, -ius; -i\u014dris<\/td>\r\n<td style=\"width: 33.333333333333336%\">maximus, a, um<\/td>\r\n<\/tr>\r\n<tr>\r\n<td style=\"width: 33.333333333333336%\">parvus, a, um (\u00abklein\u00bb)<\/td>\r\n<td style=\"width: 33.333333333333336%\">minor, -or, -us; -\u014dris<\/td>\r\n<td style=\"width: 33.333333333333336%\">minimus, a, um<\/td>\r\n<\/tr>\r\n<tr>\r\n<td style=\"width: 33.333333333333336%\">bonus, a, um<\/td>\r\n<td style=\"width: 33.333333333333336%\">melior, -ior, -ius; -i\u014dris<\/td>\r\n<td style=\"width: 33.333333333333336%\">optimus, a, um<\/td>\r\n<\/tr>\r\n<tr>\r\n<td style=\"width: 33.333333333333336%\">malus, a, um<\/td>\r\n<td style=\"width: 33.333333333333336%\">p<span lang=\"DE\">\u0113<\/span>ior, -ior, -ius; -i\u014dris<\/td>\r\n<td style=\"width: 33.333333333333336%\">pessimus, a, um<\/td>\r\n<\/tr>\r\n<tr>\r\n<td style=\"width: 33.333333333333336%\">multum<\/td>\r\n<td style=\"width: 33.333333333333336%\">\u2014, \u2014, pl\u016bs; pl\u016bris<\/td>\r\n<td style=\"width: 33.333333333333336%\">plurimus, a, um<\/td>\r\n<\/tr>\r\n<\/tbody>\r\n<\/table>\r\n<p style=\"text-align: justify\">Die Adverbien entsprechen im Komparativ der Neutrumform (z. B. <em>minus<\/em>; <em>melius<\/em>); im Superlativ leiten sie sich regelm\u00e4ssig vom Adjektiv ab (z. B. <em>maxim<\/em><span lang=\"DE\"><em>\u0113<\/em>; <em>optim\u0113<\/em>).<\/span><\/p>\r\n\r\n<h2>20.4 Die \u00dcbersetzung der Steigerungsformen<\/h2>\r\n<p style=\"text-align: justify\">Die Steigerungsformen werden f\u00fcr gew\u00f6hnlich parallel ins Deutsche \u00fcbertragen. Je nach Kontext sind jedoch auch andere \u00dcbersetzungen m\u00f6glich:<\/p>\r\n<p style=\"text-align: justify;padding-left: 40px\">An die Stelle der \u00dcbersetzung als <strong>Komparativ<\/strong> (schwerer, heller, schneller) kann auch die \u00dcbersetzung mit \u00abziemlich\u00bb oder \u00abzu\u00bb treten: ziemlich schwer, zu hell, ziemlich schnell.<\/p>\r\n<p style=\"text-align: justify;padding-left: 40px\">An die Stelle der \u00dcbersetzung als <strong>Superlativ<\/strong> (der schwerste, hellste, schnellste) kann auch die \u00dcbersetzung mit <em>sehr<\/em> oder eine Umschreibung treten: sehr schwer, taghell, blitzschnell.<\/p>\r\n\r\n<h2>20.4.1 Der Vergleich mit Komparativ<\/h2>\r\n<p style=\"text-align: justify\">Entweder folgt auf einen Komparativ <strong><em>quam<\/em><\/strong>\u00a0\u00abals\u00bb mit einem Wort im gleichen Kasus\u00a0oder das Wort, mit dem verglichen wird, im <strong>Ablativ<\/strong> (Ablativus comparationis).<\/p>\r\n<p style=\"padding-left: 40px\"><em>Quis clarior est <span style=\"color: #ff6600\">quam Daedalus<\/span>?<\/em> \u2014 \u00abWer ist ber\u00fchmter <span style=\"color: #ff6600\">als Daedalus<\/span>?\u00bb<\/p>\r\n<p style=\"padding-left: 40px\"><em>Quis clarior est <span style=\"color: #ff6600\">Daedalo<\/span>?<\/em> \u2014 \u00abWer ist ber\u00fchmter <span style=\"color: #ff6600\">als Daedalus<\/span>?\u00bb<\/p>\r\n\r\n<h2>20.4.2 <em>quam<\/em> + Superlativ<\/h2>\r\n<p style=\"text-align: justify\">Steht <strong><em>quam<\/em><\/strong> vor dem Superlativ, \u00fcbersetzen wir \u00abm\u00f6glichst \u2026\u00bb. Das funktioniert sowohl beim Adjektiv als auch beim Adverb:<\/p>\r\n<p style=\"padding-left: 40px;text-align: justify\"><em><span style=\"color: #ff0000\">Quam optimum<\/span> medicum quaero.<\/em> \u2013 \u00abIch suche einen\u00a0<span style=\"color: #ff0000\">m\u00f6glichst guten<\/span> Arzt.\u00bb<\/p>\r\n<p style=\"padding-left: 40px;text-align: justify\"><em>Medicus <span style=\"color: #ff0000\">quam celerrim<span lang=\"DE\">\u0113<\/span><\/span>\u00a0veniet.<\/em> \u2013 \u00abDer Arzt wird <span style=\"color: #ff0000\">m\u00f6glichst schnell<\/span> kommen.\u00bb<\/p>\r\n&nbsp;","rendered":"<h1>20 Die Steigerung<\/h1>\n<p style=\"text-align: justify\">Wie im Deutschen k\u00f6nnen lateinische Adjektive und Adverbien gesteigert werden:<\/p>\n<p style=\"padding-left: 40px;text-align: justify\"><span style=\"color: #ff9900\">Positiv<\/span><\/p>\n<p style=\"padding-left: 40px;text-align: justify\">ein <span style=\"color: #ff9900\">schnelles<\/span> Pferd \u2014 <em>equus <span style=\"color: #ff9900\">celer<\/span><\/em><\/p>\n<p style=\"padding-left: 40px;text-align: justify\">das Pferd l\u00e4uft <span style=\"color: #ff9900\">schnell<\/span> \u2014 <em>equus <span style=\"color: #ff9900\">celeriter<\/span> currit<\/em><\/p>\n<hr \/>\n<p style=\"padding-left: 40px;text-align: justify\"><span style=\"color: #ff6600\">Komparativ<\/span><\/p>\n<p style=\"padding-left: 40px;text-align: justify\">ein <span style=\"color: #ff6600\">schnelleres<\/span> Pferd \u2014 <em>equus <span style=\"color: #ff6600\">celerior<\/span><\/em><\/p>\n<p style=\"padding-left: 40px;text-align: justify\">das Pferd l\u00e4uft <span style=\"color: #ff6600\">schneller<\/span> \u2014 <em>equus <span style=\"color: #ff6600\">celerius<\/span> currit<\/em><\/p>\n<hr \/>\n<p style=\"padding-left: 40px;text-align: justify\"><span style=\"color: #ff0000\">Superlativ<\/span><\/p>\n<p style=\"padding-left: 40px;text-align: justify\">das <span style=\"color: #ff0000\">schnellste<\/span> Pferd \u2014 <em>equus <span style=\"color: #ff0000\">celerrimus<\/span><\/em><\/p>\n<p style=\"padding-left: 40px;text-align: justify\">das Pferd l\u00e4uft <span style=\"color: #ff0000\">am<\/span> <span style=\"color: #ff0000\">schnellsten<\/span> \u2014 <em>equus <span style=\"color: #ff0000\">celerrime<\/span> currit<\/em><\/p>\n<h2>20.1 Regelm\u00e4ssige Steigerung der Adjektive<\/h2>\n<p style=\"text-align: justify\">Adjektive werden regelm\u00e4ssig gesteigert, indem an den Wortstamm ein Suffix angeh\u00e4ngt wird:<\/p>\n<table style=\"border-collapse: collapse;width: 100%\">\n<tbody>\n<tr>\n<td style=\"width: 25%\"><\/td>\n<td class=\"shaded\" style=\"width: 25%;text-align: center\"><em>m<\/em><\/td>\n<td class=\"shaded\" style=\"width: 25%;text-align: center\"><em>f<\/em><\/td>\n<td class=\"shaded\" style=\"width: 25%;text-align: center\"><em>n<\/em><\/td>\n<\/tr>\n<tr>\n<td class=\"shaded\" style=\"width: 25%\">Suffix des Komparativs<\/td>\n<td style=\"width: 50%;text-align: center\" colspan=\"2\">&#8211;<span style=\"color: #ff6600\">ior<\/span>, &#8211;<span style=\"color: #ff6600\">i\u014dris<\/span><\/td>\n<td style=\"width: 25%;text-align: center\">&#8211;<span style=\"color: #ff6600\">ius<\/span>, &#8211;<span style=\"color: #ff6600\">i\u014dris<\/span><\/td>\n<\/tr>\n<tr>\n<td class=\"shaded\" style=\"width: 25%\">Suffix des Superlativs<\/td>\n<td style=\"width: 25%;text-align: center\">&#8211;<span style=\"color: #ff0000\">issimus<\/span><\/td>\n<td style=\"width: 25%;text-align: center\">&#8211;<span style=\"color: #ff0000\">issima<\/span><\/td>\n<td style=\"width: 25%;text-align: center\">&#8211;<span style=\"color: #ff0000\">issimum<\/span><\/td>\n<\/tr>\n<\/tbody>\n<\/table>\n<p style=\"text-align: justify\">Die Komparativformen flektieren nach der 3. Deklination, die Superlativformen nach der 1. und 2. Deklination.<\/p>\n<p>&nbsp;<\/p>\n<p>Beispiele:<\/p>\n<table style=\"border-collapse: collapse;width: 100%\">\n<tbody>\n<tr>\n<td style=\"width: 25%\"><\/td>\n<td class=\"shaded\" style=\"width: 25%\">Positiv<\/td>\n<td class=\"shaded\" style=\"width: 25%\">Komparativ<\/td>\n<td class=\"shaded\" style=\"width: 25%\">Superlativ<\/td>\n<\/tr>\n<tr>\n<td class=\"shaded\" style=\"width: 25%\">1. und 2. Deklination<\/td>\n<td style=\"width: 25%\">clar-us, a, um<\/td>\n<td style=\"width: 25%\">clar-<span style=\"color: #ff6600\">ior<\/span>\/clar-<span style=\"color: #ff6600\">ius<\/span><\/td>\n<td style=\"width: 25%\">clar-<span style=\"color: #ff0000\">issimus<\/span>, <span style=\"color: #ff0000\">a<\/span>, <span style=\"color: #ff0000\">um<\/span><\/td>\n<\/tr>\n<tr>\n<td class=\"shaded\" style=\"width: 25%\">3. Deklination<\/td>\n<td style=\"width: 25%\">grav-is, e<\/td>\n<td style=\"width: 25%\">grav-<span style=\"color: #ff6600\">ior<\/span>\/grav-<span style=\"color: #ff6600\">ius<\/span><\/td>\n<td style=\"width: 25%\">grav-<span style=\"color: #ff0000\">issimus<\/span>, <span style=\"color: #ff0000\">a<\/span>, <span style=\"color: #ff0000\">um<\/span><\/td>\n<\/tr>\n<\/tbody>\n<\/table>\n<p style=\"text-align: justify\">Eine Ausnahme bilden Adjektive, deren Stamm auf -r oder -l endet. Bei ihnen <span style=\"color: #008000\">assimiliert<\/span> sich die Superlativendung an den Stammauslaut:<\/p>\n<table style=\"border-collapse: collapse;width: 699px\">\n<tbody>\n<tr>\n<td style=\"width: 159.703125px\"><\/td>\n<td class=\"shaded\" style=\"width: 155.171875px\">Positiv<\/td>\n<td class=\"shaded\" style=\"width: 169.390625px\">Komparativ<\/td>\n<td class=\"shaded\" style=\"width: 161.03125px\">Superlativ<\/td>\n<\/tr>\n<tr>\n<td class=\"shaded\" style=\"width: 159.703125px\">1. und 2. Deklination<\/td>\n<td style=\"width: 155.171875px\">miser, a, um<\/td>\n<td style=\"width: 169.390625px\">miser-<span style=\"color: #ff6600\">ior<\/span>, miser-<span style=\"color: #ff6600\">ius<\/span><\/td>\n<td style=\"width: 161.03125px\">miser-<span style=\"color: #008000\">rimus<\/span>, <span style=\"color: #008000\">a<\/span>, <span style=\"color: #008000\">um<\/span><\/td>\n<\/tr>\n<tr>\n<td class=\"shaded\" style=\"width: 159.703125px\">3. Deklination<\/td>\n<td style=\"width: 155.171875px\">celer, is, e<\/td>\n<td style=\"width: 169.390625px\">celer-<span style=\"color: #ff6600\">ior<\/span>\/celer-<span style=\"color: #ff6600\">ius<\/span><\/td>\n<td style=\"width: 161.03125px\">celer-<span style=\"color: #008000\">rimus<\/span>,<span style=\"color: #008000\"> a<\/span>, <span style=\"color: #008000\">um<\/span><\/td>\n<\/tr>\n<tr>\n<td class=\"shaded\" style=\"width: 159.703125px\"><\/td>\n<td style=\"width: 155.171875px\">simil-is, e<\/td>\n<td style=\"width: 169.390625px\">simil-<span style=\"color: #ff6600\">ior<\/span>\/simil-<span style=\"color: #ff6600\">ius<\/span><\/td>\n<td style=\"width: 161.03125px\">simil-<span style=\"color: #008000\">limus<\/span>, <span style=\"color: #008000\">a<\/span>, <span style=\"color: #008000\">um<\/span><\/td>\n<\/tr>\n<\/tbody>\n<\/table>\n<h2>20.2 Regelm\u00e4ssige Steigerung der Adverbien<\/h2>\n<p>Auch Adverbien werden mittels Suffix gesteigert:<\/p>\n<table style=\"border-collapse: collapse;width: 50%\">\n<tbody>\n<tr>\n<td style=\"width: 27.77777777777778%\">Suffix des Komparativs<\/td>\n<td style=\"width: 18.25396825396826%\">&#8211;<span style=\"color: #ff6600\">ius<\/span><\/td>\n<\/tr>\n<tr>\n<td style=\"width: 27.77777777777778%\">Suffix des Superlativs<\/td>\n<td style=\"width: 18.25396825396826%\">&#8211;<span style=\"color: #ff0000\">issim<span lang=\"DE\">\u0113<\/span><\/span><\/td>\n<\/tr>\n<\/tbody>\n<\/table>\n<p>&nbsp;<\/p>\n<p>Beispiele:<\/p>\n<table style=\"border-collapse: collapse;width: 100%\">\n<tbody>\n<tr>\n<td style=\"width: 25%\"><\/td>\n<td class=\"shaded\" style=\"width: 25%\">Positiv<\/td>\n<td class=\"shaded\" style=\"width: 25%\">Komparativ<\/td>\n<td class=\"shaded\" style=\"width: 25%\">Superlativ<\/td>\n<\/tr>\n<tr>\n<td class=\"shaded\" style=\"width: 25%\">1. und 2. Deklination<\/td>\n<td style=\"width: 25%\">clar-<span lang=\"DE\">\u0113<\/span><\/td>\n<td style=\"width: 25%\">clar-<span style=\"color: #ff6600\">ius<\/span><\/td>\n<td style=\"width: 25%\">clar-<span style=\"color: #ff0000\">issim<span lang=\"DE\">\u0113<\/span><\/span><\/td>\n<\/tr>\n<tr>\n<td class=\"shaded\" style=\"width: 25%\">3. Deklination<\/td>\n<td style=\"width: 25%\">grav-iter<\/td>\n<td style=\"width: 25%\">grav-<span style=\"color: #ff6600\">ius<\/span><\/td>\n<td style=\"width: 25%\">grav-<span style=\"color: #ff0000\">issim<span lang=\"DE\">\u0113<\/span><\/span><\/td>\n<\/tr>\n<\/tbody>\n<\/table>\n<h2>20.3 Unregelm\u00e4ssige Steigerung<\/h2>\n<p style=\"text-align: justify\">Einige Adjektive bilden ihre Steigerungsformen mit anderen St\u00e4mmen; diese Reihen lernst du am besten auswendig.<\/p>\n<table style=\"border-collapse: collapse;width: 100%\">\n<tbody>\n<tr class=\"shaded\">\n<td style=\"width: 33.333333333333336%\">Positiv<\/td>\n<td style=\"width: 33.333333333333336%\">Komparativ<\/td>\n<td style=\"width: 33.333333333333336%\">Superlativ<\/td>\n<\/tr>\n<tr>\n<td style=\"width: 33.333333333333336%\">magnus, a, um<\/td>\n<td style=\"width: 33.333333333333336%\">m\u0101ior, -ior, -ius; -i\u014dris<\/td>\n<td style=\"width: 33.333333333333336%\">maximus, a, um<\/td>\n<\/tr>\n<tr>\n<td style=\"width: 33.333333333333336%\">parvus, a, um (\u00abklein\u00bb)<\/td>\n<td style=\"width: 33.333333333333336%\">minor, -or, -us; -\u014dris<\/td>\n<td style=\"width: 33.333333333333336%\">minimus, a, um<\/td>\n<\/tr>\n<tr>\n<td style=\"width: 33.333333333333336%\">bonus, a, um<\/td>\n<td style=\"width: 33.333333333333336%\">melior, -ior, -ius; -i\u014dris<\/td>\n<td style=\"width: 33.333333333333336%\">optimus, a, um<\/td>\n<\/tr>\n<tr>\n<td style=\"width: 33.333333333333336%\">malus, a, um<\/td>\n<td style=\"width: 33.333333333333336%\">p<span lang=\"DE\">\u0113<\/span>ior, -ior, -ius; -i\u014dris<\/td>\n<td style=\"width: 33.333333333333336%\">pessimus, a, um<\/td>\n<\/tr>\n<tr>\n<td style=\"width: 33.333333333333336%\">multum<\/td>\n<td style=\"width: 33.333333333333336%\">\u2014, \u2014, pl\u016bs; pl\u016bris<\/td>\n<td style=\"width: 33.333333333333336%\">plurimus, a, um<\/td>\n<\/tr>\n<\/tbody>\n<\/table>\n<p style=\"text-align: justify\">Die Adverbien entsprechen im Komparativ der Neutrumform (z. B. <em>minus<\/em>; <em>melius<\/em>); im Superlativ leiten sie sich regelm\u00e4ssig vom Adjektiv ab (z. B. <em>maxim<\/em><span lang=\"DE\"><em>\u0113<\/em>; <em>optim\u0113<\/em>).<\/span><\/p>\n<h2>20.4 Die \u00dcbersetzung der Steigerungsformen<\/h2>\n<p style=\"text-align: justify\">Die Steigerungsformen werden f\u00fcr gew\u00f6hnlich parallel ins Deutsche \u00fcbertragen. Je nach Kontext sind jedoch auch andere \u00dcbersetzungen m\u00f6glich:<\/p>\n<p style=\"text-align: justify;padding-left: 40px\">An die Stelle der \u00dcbersetzung als <strong>Komparativ<\/strong> (schwerer, heller, schneller) kann auch die \u00dcbersetzung mit \u00abziemlich\u00bb oder \u00abzu\u00bb treten: ziemlich schwer, zu hell, ziemlich schnell.<\/p>\n<p style=\"text-align: justify;padding-left: 40px\">An die Stelle der \u00dcbersetzung als <strong>Superlativ<\/strong> (der schwerste, hellste, schnellste) kann auch die \u00dcbersetzung mit <em>sehr<\/em> oder eine Umschreibung treten: sehr schwer, taghell, blitzschnell.<\/p>\n<h2>20.4.1 Der Vergleich mit Komparativ<\/h2>\n<p style=\"text-align: justify\">Entweder folgt auf einen Komparativ <strong><em>quam<\/em><\/strong>\u00a0\u00abals\u00bb mit einem Wort im gleichen Kasus\u00a0oder das Wort, mit dem verglichen wird, im <strong>Ablativ<\/strong> (Ablativus comparationis).<\/p>\n<p style=\"padding-left: 40px\"><em>Quis clarior est <span style=\"color: #ff6600\">quam Daedalus<\/span>?<\/em> \u2014 \u00abWer ist ber\u00fchmter <span style=\"color: #ff6600\">als Daedalus<\/span>?\u00bb<\/p>\n<p style=\"padding-left: 40px\"><em>Quis clarior est <span style=\"color: #ff6600\">Daedalo<\/span>?<\/em> \u2014 \u00abWer ist ber\u00fchmter <span style=\"color: #ff6600\">als Daedalus<\/span>?\u00bb<\/p>\n<h2>20.4.2 <em>quam<\/em> + Superlativ<\/h2>\n<p style=\"text-align: justify\">Steht <strong><em>quam<\/em><\/strong> vor dem Superlativ, \u00fcbersetzen wir \u00abm\u00f6glichst \u2026\u00bb. Das funktioniert sowohl beim Adjektiv als auch beim Adverb:<\/p>\n<p style=\"padding-left: 40px;text-align: justify\"><em><span style=\"color: #ff0000\">Quam optimum<\/span> medicum quaero.<\/em> \u2013 \u00abIch suche einen\u00a0<span style=\"color: #ff0000\">m\u00f6glichst guten<\/span> Arzt.\u00bb<\/p>\n<p style=\"padding-left: 40px;text-align: justify\"><em>Medicus <span style=\"color: #ff0000\">quam celerrim<span lang=\"DE\">\u0113<\/span><\/span>\u00a0veniet.<\/em> \u2013 \u00abDer Arzt wird <span style=\"color: #ff0000\">m\u00f6glichst schnell<\/span> kommen.\u00bb<\/p>\n<p>&nbsp;<\/p>\n","protected":false},"author":700,"menu_order":7,"template":"","meta":{"pb_show_title":"on","pb_short_title":"","pb_subtitle":"","pb_authors":[],"pb_section_license":""},"chapter-type":[],"contributor":[],"license":[],"class_list":["post-2052","chapter","type-chapter","status-publish","hentry"],"part":1974,"_links":{"self":[{"href":"https:\/\/dlf.uzh.ch\/openbooks\/amor\/wp-json\/pressbooks\/v2\/chapters\/2052"}],"collection":[{"href":"https:\/\/dlf.uzh.ch\/openbooks\/amor\/wp-json\/pressbooks\/v2\/chapters"}],"about":[{"href":"https:\/\/dlf.uzh.ch\/openbooks\/amor\/wp-json\/wp\/v2\/types\/chapter"}],"author":[{"embeddable":true,"href":"https:\/\/dlf.uzh.ch\/openbooks\/amor\/wp-json\/wp\/v2\/users\/700"}],"version-history":[{"count":35,"href":"https:\/\/dlf.uzh.ch\/openbooks\/amor\/wp-json\/pressbooks\/v2\/chapters\/2052\/revisions"}],"predecessor-version":[{"id":2097,"href":"https:\/\/dlf.uzh.ch\/openbooks\/amor\/wp-json\/pressbooks\/v2\/chapters\/2052\/revisions\/2097"}],"part":[{"href":"https:\/\/dlf.uzh.ch\/openbooks\/amor\/wp-json\/pressbooks\/v2\/parts\/1974"}],"metadata":[{"href":"https:\/\/dlf.uzh.ch\/openbooks\/amor\/wp-json\/pressbooks\/v2\/chapters\/2052\/metadata\/"}],"wp:attachment":[{"href":"https:\/\/dlf.uzh.ch\/openbooks\/amor\/wp-json\/wp\/v2\/media?parent=2052"}],"wp:term":[{"taxonomy":"chapter-type","embeddable":true,"href":"https:\/\/dlf.uzh.ch\/openbooks\/amor\/wp-json\/pressbooks\/v2\/chapter-type?post=2052"},{"taxonomy":"contributor","embeddable":true,"href":"https:\/\/dlf.uzh.ch\/openbooks\/amor\/wp-json\/wp\/v2\/contributor?post=2052"},{"taxonomy":"license","embeddable":true,"href":"https:\/\/dlf.uzh.ch\/openbooks\/amor\/wp-json\/wp\/v2\/license?post=2052"}],"curies":[{"name":"wp","href":"https:\/\/api.w.org\/{rel}","templated":true}]}}