{"id":1829,"date":"2022-02-26T18:40:39","date_gmt":"2022-02-26T17:40:39","guid":{"rendered":"https:\/\/dlf.uzh.ch\/openbooks\/amor\/?post_type=chapter&#038;p=1829"},"modified":"2022-11-05T18:58:30","modified_gmt":"2022-11-05T17:58:30","slug":"grammatik-15","status":"publish","type":"chapter","link":"https:\/\/dlf.uzh.ch\/openbooks\/amor\/chapter\/grammatik-15\/","title":{"raw":"Grammatik","rendered":"Grammatik"},"content":{"raw":"<h1>18.1 Deponentien<\/h1>\r\n<p style=\"text-align: justify\">Ein Deponens ist ein Verb, das im Lateinischen ausschliesslich passive Endungen hat, dessen deutsche Bedeutung aber aktiv ist.<\/p>\r\n<p style=\"padding-left: 40px\"><em>arbitramur<\/em> (passive Form) \u2013 wir meinen (aktive Form)<\/p>\r\n<p style=\"text-align: justify\">Deponentien gibt es in allen Konjugationsklassen. Die Passivendungen hast du bereits in L 14 kennengelernt.<\/p>\r\n<p style=\"text-align: justify\">Die Stammformen von Deponentien bestehen daher aus den entsprechenden passiven Formen:<\/p>\r\n<p style=\"padding-left: 40px;text-align: justify\"><em>arbitr\u0101r<\/em><span><em>\u012b<\/em> (Infinitiv passiv)<\/span><span>, <em>arbitror<\/em> (1. Sg. Pr\u00e4sens passiv), <em>arbitr<\/em><\/span><em>\u0101<\/em><span><em>tus sum<\/em> (1. Sg. Perfekt passiv)<\/span><\/p>\r\n\r\n<div style=\"text-align: justify\"><\/div>\r\n<p style=\"text-align: justify\">\u2192 Ein Spezialfall ist das Verb <em>nasci<\/em>, <em>nascor<\/em>, <em>natus sum<\/em> \u00abgeboren werden\u00bb, das auch auf Deutsch eine passive Bedeutung hat. Im Gegensatz zum Deutschen kennt das Verb jedoch keine aktive Formen.<\/p>\r\n\r\n<h2>18.1.1 Das Verb fieri<\/h2>\r\n<p style=\"text-align: justify\">Beim Verb <em>fier<\/em><em>\u012b<\/em>\u00a0\u00abentstehen\u00bb haben nur der Infinitiv, das Perfekt und das Plusquamperfekt passive Formen. Die anderen Zeiten (Pr\u00e4sens, Imperfekt und Futur) haben aktive Endungen.<\/p>\r\n\r\n<table style=\"width: 594px;height: 295px\">\r\n<tbody>\r\n<tr>\r\n<td style=\"width: 75.86956787109375px\"><strong>Pr\u00e4sens<\/strong><\/td>\r\n<td style=\"width: 100.65217590332031px\"><strong>Imperfekt<\/strong><\/td>\r\n<td style=\"width: 117.4184799194336px\"><strong>Perfekt<\/strong><\/td>\r\n<td style=\"width: 157.3641357421875px\"><strong>Plusquamperfekt<\/strong><\/td>\r\n<td style=\"width: 76.30435180664062px\"><strong>Futur<\/strong><\/td>\r\n<\/tr>\r\n<tr>\r\n<td style=\"width: 75.86956787109375px\">f\u012b-<span style=\"color: #ff0000\">\u014d<\/span><\/td>\r\n<td style=\"width: 100.65217590332031px\">f\u012b-\u0113ba-<span style=\"color: #ff0000\">m<\/span><\/td>\r\n<td style=\"width: 117.4184799194336px\">factus, a, um sum<\/td>\r\n<td style=\"width: 157.3641357421875px\">factus, a, um eram<\/td>\r\n<td style=\"width: 76.30435180664062px\">f\u012b-a-<span style=\"color: #ff0000\">m<\/span><\/td>\r\n<\/tr>\r\n<tr>\r\n<td style=\"width: 75.86956787109375px\">f\u012b-<span style=\"color: #ff0000\">s<\/span><\/td>\r\n<td style=\"width: 100.65217590332031px\">f\u012b-\u0113b\u0101-<span style=\"color: #ff0000\">s<\/span><\/td>\r\n<td style=\"width: 117.4184799194336px\">factus, a, um es<\/td>\r\n<td style=\"width: 157.3641357421875px\">factus, a, um er\u0101s<\/td>\r\n<td style=\"width: 76.30435180664062px\">f\u012b-\u0113-<span style=\"color: #ff0000\">s<\/span><\/td>\r\n<\/tr>\r\n<tr>\r\n<td style=\"width: 75.86956787109375px\">fi-<span style=\"color: #ff0000\">t<\/span><\/td>\r\n<td style=\"width: 100.65217590332031px\">f\u012b-\u0113ba-<span style=\"color: #ff0000\">t<\/span><\/td>\r\n<td style=\"width: 117.4184799194336px\">factus, a, um est<\/td>\r\n<td style=\"width: 157.3641357421875px\">factus, a, um erat<\/td>\r\n<td style=\"width: 76.30435180664062px\">f\u012b-e-<span style=\"color: #ff0000\">t<\/span><\/td>\r\n<\/tr>\r\n<tr>\r\n<td style=\"width: 75.86956787109375px\">f\u012b-<span style=\"color: #ff0000\">mus<\/span><\/td>\r\n<td style=\"width: 100.65217590332031px\">f\u012b-\u0113b\u0101-<span style=\"color: #ff0000\">mus<\/span><\/td>\r\n<td style=\"width: 117.4184799194336px\">fact\u012b, ae, a sumus<\/td>\r\n<td style=\"width: 157.3641357421875px\">fact\u012b, ae, a er\u0101mus<\/td>\r\n<td style=\"width: 76.30435180664062px\">f\u012b-\u0113-<span style=\"color: #ff0000\">mus<\/span><\/td>\r\n<\/tr>\r\n<tr>\r\n<td style=\"width: 75.86956787109375px\">f\u012b-<span style=\"color: #ff0000\">tis<\/span><\/td>\r\n<td style=\"width: 100.65217590332031px\">f\u012b-\u0113b\u0101-<span style=\"color: #ff0000\">tis<\/span><\/td>\r\n<td style=\"width: 117.4184799194336px\">fact\u012b, ae, a estis<\/td>\r\n<td style=\"width: 157.3641357421875px\">fact\u012b, ae, a er\u0101tis<\/td>\r\n<td style=\"width: 76.30435180664062px\">f\u012b-\u0113-<span style=\"color: #ff0000\">tis<\/span><\/td>\r\n<\/tr>\r\n<tr>\r\n<td style=\"width: 75.86956787109375px\">f\u012b-u-<span style=\"color: #ff0000\">nt<\/span><\/td>\r\n<td style=\"width: 100.65217590332031px\">f\u012b-\u0113ba-<span style=\"color: #ff0000\">nt<\/span><\/td>\r\n<td style=\"width: 117.4184799194336px\">fact\u012b, ae, a sunt<\/td>\r\n<td style=\"width: 157.3641357421875px\">fact\u012b, ae, a erant<\/td>\r\n<td style=\"width: 76.30435180664062px\">f\u012b-e-<span style=\"color: #ff0000\">nt<\/span><\/td>\r\n<\/tr>\r\n<\/tbody>\r\n<\/table>\r\n<h1>18.2 Lateinische Adverbien<\/h1>\r\n<p style=\"text-align: justify\">Adverbien geben, wie ihr Name sagt, Erl\u00e4uterungen zum Verb.\u00a0W\u00e4hrend das <span style=\"color: #333333\"><strong>Adjektiv<\/strong><\/span> ein <strong>Substantiv<\/strong> n\u00e4her bestimmt (\u00abWas f\u00fcr ein?\u00bb), informiert das <strong><span style=\"color: #333333\">Adverb<\/span><\/strong> \u00fcber die n\u00e4heren Umst\u00e4nde<strong> der Verbalhandlung<\/strong> (\u00abWie, auf welche Art und Weise geschieht etwas?\u00bb).<\/p>\r\n\r\n<table>\r\n<tbody>\r\n<tr class=\"shaded\">\r\n<td><span style=\"color: #0000ff\">Adjektiv<\/span><\/td>\r\n<td><span style=\"color: #ff0000\">Adverb<\/span><\/td>\r\n<\/tr>\r\n<tr>\r\n<td>Equos <span style=\"color: #0000ff\">celeres<\/span> specto.<\/td>\r\n<td>Equi <span style=\"color: #ff0000\">celeriter<\/span> currunt.<\/td>\r\n<\/tr>\r\n<tr>\r\n<td><em>Ich betrachte die <span style=\"color: #0000ff\">schnellen<\/span> Pferde.<\/em><\/td>\r\n<td><em>Die Pferde laufen <span style=\"color: #ff0000\">schnell<\/span>.<\/em><\/td>\r\n<\/tr>\r\n<tr>\r\n<td><span style=\"color: #0000ff\">Was f\u00fcr Pferde<\/span> betrachte ich?<\/td>\r\n<td><span style=\"color: #ff0000\">Wie, auf welche Art und Weise laufen<\/span> die Pferde?<\/td>\r\n<\/tr>\r\n<\/tbody>\r\n<\/table>\r\n&nbsp;\r\n<p style=\"text-align: justify\">Neben den \u00abfesten\u00bb Adverbien (z.B. <em>statim<\/em>, <em>tandem, ibi, nunc <\/em>etc.) gibt es im Lateinischen wie auch in anderen Sprachen solche, die <strong>von Adjektiven abgeleitet<\/strong> sind. Diese Adverbien werden gebildet, indem man folgende Endungen an den Wortstamm anf\u00fcgt:<\/p>\r\n\r\n<table>\r\n<tbody>\r\n<tr class=\"shaded\">\r\n<td style=\"width: 182.10598754882812px\">bei Adjektiven der 1. und 2. Deklination<\/td>\r\n<td style=\"width: 154.5516357421875px\">bei Adjektiven der 3. Deklination<\/td>\r\n<td style=\"width: 212.37771606445312px\">bei Adjektiven der 3. Dekl. mit Stamm auf -nt-<\/td>\r\n<\/tr>\r\n<tr>\r\n<td style=\"width: 182.10598754882812px\">-<span style=\"color: #ff0000\">\u0113<\/span> \/ -<span style=\"color: #ff0000\">\u014d<\/span><\/td>\r\n<td style=\"width: 154.5516357421875px\">-<span style=\"color: #ff0000\">iter<\/span><\/td>\r\n<td style=\"width: 212.37771606445312px\">-<span style=\"color: #ff0000\">er<\/span><\/td>\r\n<\/tr>\r\n<tr>\r\n<td style=\"width: 182.10598754882812px\">cl\u0101r-<span style=\"color: #ff0000\">\u0113<\/span> &lt; clarus, a, um<\/td>\r\n<td style=\"width: 154.5516357421875px\">simil-<span style=\"color: #ff0000\">iter<\/span> &lt; similis, e<\/td>\r\n<td style=\"width: 212.37771606445312px\">sapient-<span style=\"color: #ff0000\">er<\/span> &lt; sapi\u0113ns, -ntis)<\/td>\r\n<\/tr>\r\n<tr>\r\n<td style=\"width: 182.105988px\">pr\u012bm-<span style=\"color: #ff0000\">\u014d<\/span> &lt; pr\u012bmus, a, um<\/td>\r\n<td style=\"width: 154.551636px\"><\/td>\r\n<td style=\"width: 212.377716px\"><\/td>\r\n<\/tr>\r\n<\/tbody>\r\n<\/table>","rendered":"<h1>18.1 Deponentien<\/h1>\n<p style=\"text-align: justify\">Ein Deponens ist ein Verb, das im Lateinischen ausschliesslich passive Endungen hat, dessen deutsche Bedeutung aber aktiv ist.<\/p>\n<p style=\"padding-left: 40px\"><em>arbitramur<\/em> (passive Form) \u2013 wir meinen (aktive Form)<\/p>\n<p style=\"text-align: justify\">Deponentien gibt es in allen Konjugationsklassen. Die Passivendungen hast du bereits in L 14 kennengelernt.<\/p>\n<p style=\"text-align: justify\">Die Stammformen von Deponentien bestehen daher aus den entsprechenden passiven Formen:<\/p>\n<p style=\"padding-left: 40px;text-align: justify\"><em>arbitr\u0101r<\/em><span><em>\u012b<\/em> (Infinitiv passiv)<\/span><span>, <em>arbitror<\/em> (1. Sg. Pr\u00e4sens passiv), <em>arbitr<\/em><\/span><em>\u0101<\/em><span><em>tus sum<\/em> (1. Sg. Perfekt passiv)<\/span><\/p>\n<div style=\"text-align: justify\"><\/div>\n<p style=\"text-align: justify\">\u2192 Ein Spezialfall ist das Verb <em>nasci<\/em>, <em>nascor<\/em>, <em>natus sum<\/em> \u00abgeboren werden\u00bb, das auch auf Deutsch eine passive Bedeutung hat. Im Gegensatz zum Deutschen kennt das Verb jedoch keine aktive Formen.<\/p>\n<h2>18.1.1 Das Verb fieri<\/h2>\n<p style=\"text-align: justify\">Beim Verb <em>fier<\/em><em>\u012b<\/em>\u00a0\u00abentstehen\u00bb haben nur der Infinitiv, das Perfekt und das Plusquamperfekt passive Formen. Die anderen Zeiten (Pr\u00e4sens, Imperfekt und Futur) haben aktive Endungen.<\/p>\n<table style=\"width: 594px;height: 295px\">\n<tbody>\n<tr>\n<td style=\"width: 75.86956787109375px\"><strong>Pr\u00e4sens<\/strong><\/td>\n<td style=\"width: 100.65217590332031px\"><strong>Imperfekt<\/strong><\/td>\n<td style=\"width: 117.4184799194336px\"><strong>Perfekt<\/strong><\/td>\n<td style=\"width: 157.3641357421875px\"><strong>Plusquamperfekt<\/strong><\/td>\n<td style=\"width: 76.30435180664062px\"><strong>Futur<\/strong><\/td>\n<\/tr>\n<tr>\n<td style=\"width: 75.86956787109375px\">f\u012b-<span style=\"color: #ff0000\">\u014d<\/span><\/td>\n<td style=\"width: 100.65217590332031px\">f\u012b-\u0113ba-<span style=\"color: #ff0000\">m<\/span><\/td>\n<td style=\"width: 117.4184799194336px\">factus, a, um sum<\/td>\n<td style=\"width: 157.3641357421875px\">factus, a, um eram<\/td>\n<td style=\"width: 76.30435180664062px\">f\u012b-a-<span style=\"color: #ff0000\">m<\/span><\/td>\n<\/tr>\n<tr>\n<td style=\"width: 75.86956787109375px\">f\u012b-<span style=\"color: #ff0000\">s<\/span><\/td>\n<td style=\"width: 100.65217590332031px\">f\u012b-\u0113b\u0101-<span style=\"color: #ff0000\">s<\/span><\/td>\n<td style=\"width: 117.4184799194336px\">factus, a, um es<\/td>\n<td style=\"width: 157.3641357421875px\">factus, a, um er\u0101s<\/td>\n<td style=\"width: 76.30435180664062px\">f\u012b-\u0113-<span style=\"color: #ff0000\">s<\/span><\/td>\n<\/tr>\n<tr>\n<td style=\"width: 75.86956787109375px\">fi-<span style=\"color: #ff0000\">t<\/span><\/td>\n<td style=\"width: 100.65217590332031px\">f\u012b-\u0113ba-<span style=\"color: #ff0000\">t<\/span><\/td>\n<td style=\"width: 117.4184799194336px\">factus, a, um est<\/td>\n<td style=\"width: 157.3641357421875px\">factus, a, um erat<\/td>\n<td style=\"width: 76.30435180664062px\">f\u012b-e-<span style=\"color: #ff0000\">t<\/span><\/td>\n<\/tr>\n<tr>\n<td style=\"width: 75.86956787109375px\">f\u012b-<span style=\"color: #ff0000\">mus<\/span><\/td>\n<td style=\"width: 100.65217590332031px\">f\u012b-\u0113b\u0101-<span style=\"color: #ff0000\">mus<\/span><\/td>\n<td style=\"width: 117.4184799194336px\">fact\u012b, ae, a sumus<\/td>\n<td style=\"width: 157.3641357421875px\">fact\u012b, ae, a er\u0101mus<\/td>\n<td style=\"width: 76.30435180664062px\">f\u012b-\u0113-<span style=\"color: #ff0000\">mus<\/span><\/td>\n<\/tr>\n<tr>\n<td style=\"width: 75.86956787109375px\">f\u012b-<span style=\"color: #ff0000\">tis<\/span><\/td>\n<td style=\"width: 100.65217590332031px\">f\u012b-\u0113b\u0101-<span style=\"color: #ff0000\">tis<\/span><\/td>\n<td style=\"width: 117.4184799194336px\">fact\u012b, ae, a estis<\/td>\n<td style=\"width: 157.3641357421875px\">fact\u012b, ae, a er\u0101tis<\/td>\n<td style=\"width: 76.30435180664062px\">f\u012b-\u0113-<span style=\"color: #ff0000\">tis<\/span><\/td>\n<\/tr>\n<tr>\n<td style=\"width: 75.86956787109375px\">f\u012b-u-<span style=\"color: #ff0000\">nt<\/span><\/td>\n<td style=\"width: 100.65217590332031px\">f\u012b-\u0113ba-<span style=\"color: #ff0000\">nt<\/span><\/td>\n<td style=\"width: 117.4184799194336px\">fact\u012b, ae, a sunt<\/td>\n<td style=\"width: 157.3641357421875px\">fact\u012b, ae, a erant<\/td>\n<td style=\"width: 76.30435180664062px\">f\u012b-e-<span style=\"color: #ff0000\">nt<\/span><\/td>\n<\/tr>\n<\/tbody>\n<\/table>\n<h1>18.2 Lateinische Adverbien<\/h1>\n<p style=\"text-align: justify\">Adverbien geben, wie ihr Name sagt, Erl\u00e4uterungen zum Verb.\u00a0W\u00e4hrend das <span style=\"color: #333333\"><strong>Adjektiv<\/strong><\/span> ein <strong>Substantiv<\/strong> n\u00e4her bestimmt (\u00abWas f\u00fcr ein?\u00bb), informiert das <strong><span style=\"color: #333333\">Adverb<\/span><\/strong> \u00fcber die n\u00e4heren Umst\u00e4nde<strong> der Verbalhandlung<\/strong> (\u00abWie, auf welche Art und Weise geschieht etwas?\u00bb).<\/p>\n<table>\n<tbody>\n<tr class=\"shaded\">\n<td><span style=\"color: #0000ff\">Adjektiv<\/span><\/td>\n<td><span style=\"color: #ff0000\">Adverb<\/span><\/td>\n<\/tr>\n<tr>\n<td>Equos <span style=\"color: #0000ff\">celeres<\/span> specto.<\/td>\n<td>Equi <span style=\"color: #ff0000\">celeriter<\/span> currunt.<\/td>\n<\/tr>\n<tr>\n<td><em>Ich betrachte die <span style=\"color: #0000ff\">schnellen<\/span> Pferde.<\/em><\/td>\n<td><em>Die Pferde laufen <span style=\"color: #ff0000\">schnell<\/span>.<\/em><\/td>\n<\/tr>\n<tr>\n<td><span style=\"color: #0000ff\">Was f\u00fcr Pferde<\/span> betrachte ich?<\/td>\n<td><span style=\"color: #ff0000\">Wie, auf welche Art und Weise laufen<\/span> die Pferde?<\/td>\n<\/tr>\n<\/tbody>\n<\/table>\n<p>&nbsp;<\/p>\n<p style=\"text-align: justify\">Neben den \u00abfesten\u00bb Adverbien (z.B. <em>statim<\/em>, <em>tandem, ibi, nunc <\/em>etc.) gibt es im Lateinischen wie auch in anderen Sprachen solche, die <strong>von Adjektiven abgeleitet<\/strong> sind. Diese Adverbien werden gebildet, indem man folgende Endungen an den Wortstamm anf\u00fcgt:<\/p>\n<table>\n<tbody>\n<tr class=\"shaded\">\n<td style=\"width: 182.10598754882812px\">bei Adjektiven der 1. und 2. Deklination<\/td>\n<td style=\"width: 154.5516357421875px\">bei Adjektiven der 3. Deklination<\/td>\n<td style=\"width: 212.37771606445312px\">bei Adjektiven der 3. Dekl. mit Stamm auf -nt-<\/td>\n<\/tr>\n<tr>\n<td style=\"width: 182.10598754882812px\">&#8211;<span style=\"color: #ff0000\">\u0113<\/span> \/ &#8211;<span style=\"color: #ff0000\">\u014d<\/span><\/td>\n<td style=\"width: 154.5516357421875px\">&#8211;<span style=\"color: #ff0000\">iter<\/span><\/td>\n<td style=\"width: 212.37771606445312px\">&#8211;<span style=\"color: #ff0000\">er<\/span><\/td>\n<\/tr>\n<tr>\n<td style=\"width: 182.10598754882812px\">cl\u0101r-<span style=\"color: #ff0000\">\u0113<\/span> &lt; clarus, a, um<\/td>\n<td style=\"width: 154.5516357421875px\">simil-<span style=\"color: #ff0000\">iter<\/span> &lt; similis, e<\/td>\n<td style=\"width: 212.37771606445312px\">sapient-<span style=\"color: #ff0000\">er<\/span> &lt; sapi\u0113ns, -ntis)<\/td>\n<\/tr>\n<tr>\n<td style=\"width: 182.105988px\">pr\u012bm-<span style=\"color: #ff0000\">\u014d<\/span> &lt; pr\u012bmus, a, um<\/td>\n<td style=\"width: 154.551636px\"><\/td>\n<td style=\"width: 212.377716px\"><\/td>\n<\/tr>\n<\/tbody>\n<\/table>\n","protected":false},"author":700,"menu_order":8,"template":"","meta":{"pb_show_title":"on","pb_short_title":"","pb_subtitle":"","pb_authors":[],"pb_section_license":""},"chapter-type":[],"contributor":[],"license":[],"class_list":["post-1829","chapter","type-chapter","status-publish","hentry"],"part":1781,"_links":{"self":[{"href":"https:\/\/dlf.uzh.ch\/openbooks\/amor\/wp-json\/pressbooks\/v2\/chapters\/1829"}],"collection":[{"href":"https:\/\/dlf.uzh.ch\/openbooks\/amor\/wp-json\/pressbooks\/v2\/chapters"}],"about":[{"href":"https:\/\/dlf.uzh.ch\/openbooks\/amor\/wp-json\/wp\/v2\/types\/chapter"}],"author":[{"embeddable":true,"href":"https:\/\/dlf.uzh.ch\/openbooks\/amor\/wp-json\/wp\/v2\/users\/700"}],"version-history":[{"count":16,"href":"https:\/\/dlf.uzh.ch\/openbooks\/amor\/wp-json\/pressbooks\/v2\/chapters\/1829\/revisions"}],"predecessor-version":[{"id":4322,"href":"https:\/\/dlf.uzh.ch\/openbooks\/amor\/wp-json\/pressbooks\/v2\/chapters\/1829\/revisions\/4322"}],"part":[{"href":"https:\/\/dlf.uzh.ch\/openbooks\/amor\/wp-json\/pressbooks\/v2\/parts\/1781"}],"metadata":[{"href":"https:\/\/dlf.uzh.ch\/openbooks\/amor\/wp-json\/pressbooks\/v2\/chapters\/1829\/metadata\/"}],"wp:attachment":[{"href":"https:\/\/dlf.uzh.ch\/openbooks\/amor\/wp-json\/wp\/v2\/media?parent=1829"}],"wp:term":[{"taxonomy":"chapter-type","embeddable":true,"href":"https:\/\/dlf.uzh.ch\/openbooks\/amor\/wp-json\/pressbooks\/v2\/chapter-type?post=1829"},{"taxonomy":"contributor","embeddable":true,"href":"https:\/\/dlf.uzh.ch\/openbooks\/amor\/wp-json\/wp\/v2\/contributor?post=1829"},{"taxonomy":"license","embeddable":true,"href":"https:\/\/dlf.uzh.ch\/openbooks\/amor\/wp-json\/wp\/v2\/license?post=1829"}],"curies":[{"name":"wp","href":"https:\/\/api.w.org\/{rel}","templated":true}]}}