{"id":1769,"date":"2022-02-25T17:20:26","date_gmt":"2022-02-25T16:20:26","guid":{"rendered":"https:\/\/dlf.uzh.ch\/openbooks\/amor\/?post_type=chapter&#038;p=1769"},"modified":"2022-07-18T14:29:36","modified_gmt":"2022-07-18T12:29:36","slug":"grammatik-14","status":"publish","type":"chapter","link":"https:\/\/dlf.uzh.ch\/openbooks\/amor\/chapter\/grammatik-14\/","title":{"raw":"Grammatik","rendered":"Grammatik"},"content":{"raw":"<h1>4 Der Ablativ<\/h1>\r\n<p style=\"text-align: justify\">Den Nominativ, Akkusativ und Genitiv kennst du bereits. In dieser Lektion lernst du einen Fall kennen, den es nur im Lateinischen gibt: den Ablativ.<\/p>\r\n\r\n<h2>4.1 Die Formen<\/h2>\r\n<p style=\"text-align: justify\">In der Tabelle siehst du die Endungen f\u00fcr den Ablativ. Du siehst, dass sie im Singular jeweils auf einen Vokal enden. Im Plural sind die Endungen in der 1. und 2. Deklination gleich. Solche Beobachtungen k\u00f6nnen dir beim Lernen helfen.<\/p>\r\n\r\n<table style=\"width: 612px\">\r\n<tbody>\r\n<tr>\r\n<td style=\"width: 111.783px\"><\/td>\r\n<td class=\"shaded\" style=\"width: 112.783px\">1. Dekl.<\/td>\r\n<td class=\"shaded\" style=\"width: 94.6833px\">2. Dekl. <em>m<\/em><\/td>\r\n<td class=\"shaded\" style=\"width: 106.75px\">2. Dekl. <em>n<\/em><\/td>\r\n<td class=\"shaded\" style=\"width: 119.833px\">3. Dekl.<\/td>\r\n<\/tr>\r\n<tr>\r\n<td class=\"shaded\" style=\"width: 111.783px\">Nominativ Sg.<\/td>\r\n<td style=\"width: 112.783px\"><span style=\"color: #0000ff\">f\u012bli-<\/span><span style=\"color: #ff0000\">a<\/span><\/td>\r\n<td style=\"width: 94.6833px\"><span style=\"color: #0000ff\">f\u012bli-<\/span><span style=\"color: #ff0000\">us<\/span><\/td>\r\n<td style=\"width: 106.75px\"><span style=\"color: #0000ff\">for-<\/span><span style=\"color: #ff0000\">um<\/span><\/td>\r\n<td style=\"width: 119.833px\"><span style=\"color: #0000ff\">soror<\/span><\/td>\r\n<\/tr>\r\n<tr>\r\n<td class=\"shaded\" style=\"width: 111.783px\">Ablativ Sg.<\/td>\r\n<td style=\"width: 112.783px\"><span style=\"color: #0000ff\"><span>f\u012bli-<\/span><span style=\"color: #ff0000\">\u0101<\/span><\/span><\/td>\r\n<td style=\"width: 94.6833px\"><span style=\"color: #0000ff\"><span>f\u012bli-<\/span><span style=\"color: #ff0000\">\u014d<\/span><\/span><\/td>\r\n<td style=\"width: 106.75px\"><span style=\"color: #0000ff\"><span>for-<\/span><span style=\"color: #ff0000\">\u014d<\/span><\/span><\/td>\r\n<td style=\"width: 119.833px\"><span style=\"color: #0000ff\"><span>sor\u014dr-<\/span><span style=\"color: #ff0000\">e<\/span><\/span><\/td>\r\n<\/tr>\r\n<tr>\r\n<td class=\"shaded\" style=\"width: 111.783px\">Nominativ Pl.<\/td>\r\n<td style=\"width: 112.783px\"><span style=\"color: #0000ff\">f\u012bli-<\/span><span style=\"color: #ff0000\">ae<\/span><\/td>\r\n<td style=\"width: 94.6833px\"><span style=\"color: #0000ff\">f\u012bli-<\/span><span style=\"color: #ff0000\">\u012b<\/span><\/td>\r\n<td style=\"width: 106.75px\"><span style=\"color: #0000ff\">for-<\/span><span style=\"color: #ff0000\">a<\/span><\/td>\r\n<td style=\"width: 119.833px\"><span style=\"color: #0000ff\">sor\u014dr-<\/span><span style=\"color: #ff0000\">\u0113s<\/span><\/td>\r\n<\/tr>\r\n<tr>\r\n<td class=\"shaded\" style=\"width: 111.783px\">Ablativ Pl.<\/td>\r\n<td style=\"width: 112.783px\"><span style=\"color: #0000ff\"><span>f\u012bli-<\/span><span style=\"color: #ff0000\">\u012bs<\/span><\/span><\/td>\r\n<td style=\"width: 94.6833px\"><span style=\"color: #0000ff\"><span>f\u012bli-<\/span><span style=\"color: #ff0000\">\u012bs<\/span><\/span><\/td>\r\n<td style=\"width: 106.75px\"><span style=\"color: #0000ff\"><span>for-<\/span><span style=\"color: #ff0000\">\u012bs<\/span><\/span><\/td>\r\n<td style=\"width: 119.833px\"><span style=\"color: #0000ff\"><span>sor\u014dr-<\/span><span style=\"color: #ff0000\">ibus<\/span><\/span><\/td>\r\n<\/tr>\r\n<\/tbody>\r\n<\/table>\r\n<h2>4.2 Die Funktionen<\/h2>\r\n<p style=\"text-align: justify\">Der Ablativ ist ein Fall, der viele verschiedene Rollen spielen kann, die sich aber alle auf vier Grund\u00adfunk\u00adtionen zur\u00fcckf\u00fchren las\u00adsen.<\/p>\r\n<p style=\"text-align: justify\"><img src=\"https:\/\/dlf.uzh.ch\/openbooks\/amor\/wp-content\/uploads\/sites\/105\/2022\/03\/Kleeblatt-Ablativ-300x283.png\" alt=\"\" class=\"size-medium wp-image-2125 alignright\" width=\"300\" height=\"283\" \/>Das liegt daran, dass der Ablativ die Rolle meh\u00adrerer F\u00e4lle des Indoeurop\u00e4ischen \u00fcbernommen hat:\u00a0W\u00e4hrend n\u00e4mlich das Indo\u00adeurop\u00e4ische acht F\u00e4lle hatte, hat das Lateinische nur f\u00fcnf, n\u00e4mlich den Nominativ, Genitiv, Dativ, Akkusativ und den Ablativ.<\/p>\r\n<p style=\"text-align: justify\">In diesem Kleeblatt siehst du, welche Funktionen der Ablativ haben kann und welche Frage wir daf\u00fcr stellen m\u00fcssen.<\/p>\r\n<p style=\"text-align: justify\">Wie du schon seit der letzten Lektion weisst, bilden Pr\u00e4positionen zusammen mit einem Substantiv in einem Satz das Satzglied Adverbiale. Dabei spielt es keine Rolle, ob die Pr\u00e4position mit einem Substantiv im Akkusativ oder im Ablativ steht.<\/p>\r\n\r\n<h3>4.2.1 Der Ablativus locativus<\/h3>\r\n<p style=\"text-align: justify\">Diese Funktion hat ihren Namen vom Wort <em>locus\u00a0<\/em>\u00abder Ort\u00bb.\u00a0Nach dem Ablativus locativus fragen wir: \u00abWo?\u00bb<\/p>\r\n<p style=\"padding-left: 40px\"><span style=\"color: #0000ff\"><em>In for\u014d <\/em><span style=\"color: #000000\"><em>sum.<\/em> \u2014\u00a0<\/span><\/span>Ich bin <span style=\"color: #0000ff\">auf dem Forum<\/span>.<\/p>\r\n\r\n<h3>4.2.2 Der Ablativus separativus<\/h3>\r\n<p style=\"text-align: justify\">Diese Funktion hat ihren Namen vom Wort <em>separare\u00a0<\/em>\u00abtrennen\u00bb.\u00a0Nach dem Ablativus separativus fragen wir: \u00abWoher?\u00bb<\/p>\r\n<p style=\"padding-left: 40px\"><span style=\"color: #0000ff\"><span style=\"color: #000000\"><em><span style=\"color: #0000ff\">\u0100 for\u014d<\/span> venio.<\/em> \u2014 Ich komme <span style=\"color: #0000ff\">vom Forum<\/span>.<\/span><\/span><\/p>\r\n\r\n<h3>4.2.3 Der Ablativus instrumentalis<\/h3>\r\n<p style=\"text-align: justify\">Diese Funktion hat ihren Namen vom Wort <em>instrumentum\u00a0<\/em>\u00abdas Mittel\u00bb.\u00a0Nach dem Ablativus instrumentalis fragen wir: \u00abWomit?\u00bb<\/p>\r\n<p style=\"padding-left: 40px\"><em><span style=\"color: #0000ff\">Equ\u014d<\/span> venio<\/em>. \u2014\u00a0Ich komme <span style=\"color: #0000ff\">mit dem Pferd<\/span>.<\/p>\r\n\r\n<h3>4.2.4 Der Ablativus sociativus<\/h3>\r\n<p style=\"text-align: justify\">Diese Funktion hat ihren Namen vom Wort <em>socius\u00a0<\/em>\u00abder Gef\u00e4hrte\u00bb.\u00a0Nach dem Ablativus sociativus fragen wir: \u00abMit wem?\u00bb<\/p>\r\n<p style=\"padding-left: 40px;text-align: justify\"><em><span style=\"color: #0000ff\">Cum fili\u0101<\/span> venio.<\/em> \u2014\u00a0Ich komme <span style=\"color: #0000ff\">mit der Tochter<\/span>.<\/p>\r\n<p style=\"text-align: justify\">W\u00e4hrend der Ablativus instrumentalis ein Mittel f\u00fcr die Ausf\u00fchrung der T\u00e4tigkeit bezeichnet, markiert der Ablativus sociativus eine*n Begleiter*in der T\u00e4tigkeit.<\/p>\r\n&nbsp;","rendered":"<h1>4 Der Ablativ<\/h1>\n<p style=\"text-align: justify\">Den Nominativ, Akkusativ und Genitiv kennst du bereits. In dieser Lektion lernst du einen Fall kennen, den es nur im Lateinischen gibt: den Ablativ.<\/p>\n<h2>4.1 Die Formen<\/h2>\n<p style=\"text-align: justify\">In der Tabelle siehst du die Endungen f\u00fcr den Ablativ. Du siehst, dass sie im Singular jeweils auf einen Vokal enden. Im Plural sind die Endungen in der 1. und 2. Deklination gleich. Solche Beobachtungen k\u00f6nnen dir beim Lernen helfen.<\/p>\n<table style=\"width: 612px\">\n<tbody>\n<tr>\n<td style=\"width: 111.783px\"><\/td>\n<td class=\"shaded\" style=\"width: 112.783px\">1. Dekl.<\/td>\n<td class=\"shaded\" style=\"width: 94.6833px\">2. Dekl. <em>m<\/em><\/td>\n<td class=\"shaded\" style=\"width: 106.75px\">2. Dekl. <em>n<\/em><\/td>\n<td class=\"shaded\" style=\"width: 119.833px\">3. Dekl.<\/td>\n<\/tr>\n<tr>\n<td class=\"shaded\" style=\"width: 111.783px\">Nominativ Sg.<\/td>\n<td style=\"width: 112.783px\"><span style=\"color: #0000ff\">f\u012bli-<\/span><span style=\"color: #ff0000\">a<\/span><\/td>\n<td style=\"width: 94.6833px\"><span style=\"color: #0000ff\">f\u012bli-<\/span><span style=\"color: #ff0000\">us<\/span><\/td>\n<td style=\"width: 106.75px\"><span style=\"color: #0000ff\">for-<\/span><span style=\"color: #ff0000\">um<\/span><\/td>\n<td style=\"width: 119.833px\"><span style=\"color: #0000ff\">soror<\/span><\/td>\n<\/tr>\n<tr>\n<td class=\"shaded\" style=\"width: 111.783px\">Ablativ Sg.<\/td>\n<td style=\"width: 112.783px\"><span style=\"color: #0000ff\"><span>f\u012bli-<\/span><span style=\"color: #ff0000\">\u0101<\/span><\/span><\/td>\n<td style=\"width: 94.6833px\"><span style=\"color: #0000ff\"><span>f\u012bli-<\/span><span style=\"color: #ff0000\">\u014d<\/span><\/span><\/td>\n<td style=\"width: 106.75px\"><span style=\"color: #0000ff\"><span>for-<\/span><span style=\"color: #ff0000\">\u014d<\/span><\/span><\/td>\n<td style=\"width: 119.833px\"><span style=\"color: #0000ff\"><span>sor\u014dr-<\/span><span style=\"color: #ff0000\">e<\/span><\/span><\/td>\n<\/tr>\n<tr>\n<td class=\"shaded\" style=\"width: 111.783px\">Nominativ Pl.<\/td>\n<td style=\"width: 112.783px\"><span style=\"color: #0000ff\">f\u012bli-<\/span><span style=\"color: #ff0000\">ae<\/span><\/td>\n<td style=\"width: 94.6833px\"><span style=\"color: #0000ff\">f\u012bli-<\/span><span style=\"color: #ff0000\">\u012b<\/span><\/td>\n<td style=\"width: 106.75px\"><span style=\"color: #0000ff\">for-<\/span><span style=\"color: #ff0000\">a<\/span><\/td>\n<td style=\"width: 119.833px\"><span style=\"color: #0000ff\">sor\u014dr-<\/span><span style=\"color: #ff0000\">\u0113s<\/span><\/td>\n<\/tr>\n<tr>\n<td class=\"shaded\" style=\"width: 111.783px\">Ablativ Pl.<\/td>\n<td style=\"width: 112.783px\"><span style=\"color: #0000ff\"><span>f\u012bli-<\/span><span style=\"color: #ff0000\">\u012bs<\/span><\/span><\/td>\n<td style=\"width: 94.6833px\"><span style=\"color: #0000ff\"><span>f\u012bli-<\/span><span style=\"color: #ff0000\">\u012bs<\/span><\/span><\/td>\n<td style=\"width: 106.75px\"><span style=\"color: #0000ff\"><span>for-<\/span><span style=\"color: #ff0000\">\u012bs<\/span><\/span><\/td>\n<td style=\"width: 119.833px\"><span style=\"color: #0000ff\"><span>sor\u014dr-<\/span><span style=\"color: #ff0000\">ibus<\/span><\/span><\/td>\n<\/tr>\n<\/tbody>\n<\/table>\n<h2>4.2 Die Funktionen<\/h2>\n<p style=\"text-align: justify\">Der Ablativ ist ein Fall, der viele verschiedene Rollen spielen kann, die sich aber alle auf vier Grund\u00adfunk\u00adtionen zur\u00fcckf\u00fchren las\u00adsen.<\/p>\n<p style=\"text-align: justify\"><img loading=\"lazy\" decoding=\"async\" src=\"https:\/\/dlf.uzh.ch\/openbooks\/amor\/wp-content\/uploads\/sites\/105\/2022\/03\/Kleeblatt-Ablativ-300x283.png\" alt=\"\" class=\"size-medium wp-image-2125 alignright\" width=\"300\" height=\"283\" srcset=\"https:\/\/dlf.uzh.ch\/openbooks\/amor\/wp-content\/uploads\/sites\/105\/2022\/03\/Kleeblatt-Ablativ-300x283.png 300w, https:\/\/dlf.uzh.ch\/openbooks\/amor\/wp-content\/uploads\/sites\/105\/2022\/03\/Kleeblatt-Ablativ-1024x966.png 1024w, https:\/\/dlf.uzh.ch\/openbooks\/amor\/wp-content\/uploads\/sites\/105\/2022\/03\/Kleeblatt-Ablativ-768x724.png 768w, https:\/\/dlf.uzh.ch\/openbooks\/amor\/wp-content\/uploads\/sites\/105\/2022\/03\/Kleeblatt-Ablativ-65x61.png 65w, https:\/\/dlf.uzh.ch\/openbooks\/amor\/wp-content\/uploads\/sites\/105\/2022\/03\/Kleeblatt-Ablativ-225x212.png 225w, https:\/\/dlf.uzh.ch\/openbooks\/amor\/wp-content\/uploads\/sites\/105\/2022\/03\/Kleeblatt-Ablativ-350x330.png 350w, https:\/\/dlf.uzh.ch\/openbooks\/amor\/wp-content\/uploads\/sites\/105\/2022\/03\/Kleeblatt-Ablativ.png 1280w\" sizes=\"(max-width: 300px) 100vw, 300px\" \/>Das liegt daran, dass der Ablativ die Rolle meh\u00adrerer F\u00e4lle des Indoeurop\u00e4ischen \u00fcbernommen hat:\u00a0W\u00e4hrend n\u00e4mlich das Indo\u00adeurop\u00e4ische acht F\u00e4lle hatte, hat das Lateinische nur f\u00fcnf, n\u00e4mlich den Nominativ, Genitiv, Dativ, Akkusativ und den Ablativ.<\/p>\n<p style=\"text-align: justify\">In diesem Kleeblatt siehst du, welche Funktionen der Ablativ haben kann und welche Frage wir daf\u00fcr stellen m\u00fcssen.<\/p>\n<p style=\"text-align: justify\">Wie du schon seit der letzten Lektion weisst, bilden Pr\u00e4positionen zusammen mit einem Substantiv in einem Satz das Satzglied Adverbiale. Dabei spielt es keine Rolle, ob die Pr\u00e4position mit einem Substantiv im Akkusativ oder im Ablativ steht.<\/p>\n<h3>4.2.1 Der Ablativus locativus<\/h3>\n<p style=\"text-align: justify\">Diese Funktion hat ihren Namen vom Wort <em>locus\u00a0<\/em>\u00abder Ort\u00bb.\u00a0Nach dem Ablativus locativus fragen wir: \u00abWo?\u00bb<\/p>\n<p style=\"padding-left: 40px\"><span style=\"color: #0000ff\"><em>In for\u014d <\/em><span style=\"color: #000000\"><em>sum.<\/em> \u2014\u00a0<\/span><\/span>Ich bin <span style=\"color: #0000ff\">auf dem Forum<\/span>.<\/p>\n<h3>4.2.2 Der Ablativus separativus<\/h3>\n<p style=\"text-align: justify\">Diese Funktion hat ihren Namen vom Wort <em>separare\u00a0<\/em>\u00abtrennen\u00bb.\u00a0Nach dem Ablativus separativus fragen wir: \u00abWoher?\u00bb<\/p>\n<p style=\"padding-left: 40px\"><span style=\"color: #0000ff\"><span style=\"color: #000000\"><em><span style=\"color: #0000ff\">\u0100 for\u014d<\/span> venio.<\/em> \u2014 Ich komme <span style=\"color: #0000ff\">vom Forum<\/span>.<\/span><\/span><\/p>\n<h3>4.2.3 Der Ablativus instrumentalis<\/h3>\n<p style=\"text-align: justify\">Diese Funktion hat ihren Namen vom Wort <em>instrumentum\u00a0<\/em>\u00abdas Mittel\u00bb.\u00a0Nach dem Ablativus instrumentalis fragen wir: \u00abWomit?\u00bb<\/p>\n<p style=\"padding-left: 40px\"><em><span style=\"color: #0000ff\">Equ\u014d<\/span> venio<\/em>. \u2014\u00a0Ich komme <span style=\"color: #0000ff\">mit dem Pferd<\/span>.<\/p>\n<h3>4.2.4 Der Ablativus sociativus<\/h3>\n<p style=\"text-align: justify\">Diese Funktion hat ihren Namen vom Wort <em>socius\u00a0<\/em>\u00abder Gef\u00e4hrte\u00bb.\u00a0Nach dem Ablativus sociativus fragen wir: \u00abMit wem?\u00bb<\/p>\n<p style=\"padding-left: 40px;text-align: justify\"><em><span style=\"color: #0000ff\">Cum fili\u0101<\/span> venio.<\/em> \u2014\u00a0Ich komme <span style=\"color: #0000ff\">mit der Tochter<\/span>.<\/p>\n<p style=\"text-align: justify\">W\u00e4hrend der Ablativus instrumentalis ein Mittel f\u00fcr die Ausf\u00fchrung der T\u00e4tigkeit bezeichnet, markiert der Ablativus sociativus eine*n Begleiter*in der T\u00e4tigkeit.<\/p>\n<p>&nbsp;<\/p>\n","protected":false},"author":721,"menu_order":8,"template":"","meta":{"pb_show_title":"on","pb_short_title":"","pb_subtitle":"","pb_authors":[],"pb_section_license":""},"chapter-type":[],"contributor":[],"license":[],"class_list":["post-1769","chapter","type-chapter","status-publish","hentry"],"part":622,"_links":{"self":[{"href":"https:\/\/dlf.uzh.ch\/openbooks\/amor\/wp-json\/pressbooks\/v2\/chapters\/1769"}],"collection":[{"href":"https:\/\/dlf.uzh.ch\/openbooks\/amor\/wp-json\/pressbooks\/v2\/chapters"}],"about":[{"href":"https:\/\/dlf.uzh.ch\/openbooks\/amor\/wp-json\/wp\/v2\/types\/chapter"}],"author":[{"embeddable":true,"href":"https:\/\/dlf.uzh.ch\/openbooks\/amor\/wp-json\/wp\/v2\/users\/721"}],"version-history":[{"count":20,"href":"https:\/\/dlf.uzh.ch\/openbooks\/amor\/wp-json\/pressbooks\/v2\/chapters\/1769\/revisions"}],"predecessor-version":[{"id":3831,"href":"https:\/\/dlf.uzh.ch\/openbooks\/amor\/wp-json\/pressbooks\/v2\/chapters\/1769\/revisions\/3831"}],"part":[{"href":"https:\/\/dlf.uzh.ch\/openbooks\/amor\/wp-json\/pressbooks\/v2\/parts\/622"}],"metadata":[{"href":"https:\/\/dlf.uzh.ch\/openbooks\/amor\/wp-json\/pressbooks\/v2\/chapters\/1769\/metadata\/"}],"wp:attachment":[{"href":"https:\/\/dlf.uzh.ch\/openbooks\/amor\/wp-json\/wp\/v2\/media?parent=1769"}],"wp:term":[{"taxonomy":"chapter-type","embeddable":true,"href":"https:\/\/dlf.uzh.ch\/openbooks\/amor\/wp-json\/pressbooks\/v2\/chapter-type?post=1769"},{"taxonomy":"contributor","embeddable":true,"href":"https:\/\/dlf.uzh.ch\/openbooks\/amor\/wp-json\/wp\/v2\/contributor?post=1769"},{"taxonomy":"license","embeddable":true,"href":"https:\/\/dlf.uzh.ch\/openbooks\/amor\/wp-json\/wp\/v2\/license?post=1769"}],"curies":[{"name":"wp","href":"https:\/\/api.w.org\/{rel}","templated":true}]}}