{"id":1623,"date":"2022-02-22T16:12:05","date_gmt":"2022-02-22T15:12:05","guid":{"rendered":"https:\/\/dlf.uzh.ch\/openbooks\/amor\/?post_type=chapter&#038;p=1623"},"modified":"2023-02-26T16:33:05","modified_gmt":"2023-02-26T15:33:05","slug":"grammatik-11","status":"publish","type":"chapter","link":"https:\/\/dlf.uzh.ch\/openbooks\/amor\/chapter\/grammatik-11\/","title":{"raw":"Grammatik","rendered":"Grammatik"},"content":{"raw":"<h1>2 Der Akkusativ; die Konjugationsklassen; die Stammformen<\/h1>\r\n<p style=\"text-align: justify\">In dieser Lektion lernst du einen neuen Fall, den Akkusativ kennen. Zudem betrachten wir die Konjugationsklassen der Verben und deren Stammformen.<\/p>\r\n\r\n<h2>2.1 Der Akkusativ<\/h2>\r\n<p style=\"text-align: justify\">Den Akkusativ lernst du nach dem Nominativ als zweiten Fall kennen. Wir schauen uns die Endungen f\u00fcr den Akkusativ und die Funktion des Akkusativs im Satz an.<\/p>\r\n\r\n<h3>2.1.1 Die Formen<\/h3>\r\n<table style=\"border-collapse: collapse;width: 100%;height: 75px\" border=\"0\">\r\n<tbody>\r\n<tr style=\"height: 15px\">\r\n<td style=\"width: 20%;height: 15px\"><\/td>\r\n<td class=\"shaded\" style=\"width: 20%;height: 15px\">1. Dekl. <em>f<\/em><\/td>\r\n<td class=\"shaded\" style=\"width: 20%;height: 15px\">2. Dekl. <em>m<\/em><\/td>\r\n<td class=\"shaded\" style=\"width: 20%;height: 15px\">2. Dekl. <em>n<\/em><\/td>\r\n<td class=\"shaded\" style=\"width: 20%;height: 15px\">3. Dekl.<\/td>\r\n<\/tr>\r\n<tr>\r\n<td class=\"shaded\" style=\"width: 20%\">Nominativ Sg.<\/td>\r\n<td style=\"width: 20%\"><span style=\"color: #0000ff\"><span>f\u012bli-<\/span><span style=\"color: #ff0000\">a<\/span><\/span><\/td>\r\n<td style=\"width: 20%\"><span style=\"color: #0000ff\"><span>f\u012bli-<\/span><span style=\"color: #ff0000\">us<\/span><\/span><\/td>\r\n<td style=\"width: 20%\"><span style=\"color: #0000ff\"><span>for-<\/span><span style=\"color: #ff0000\">um<\/span><\/span><\/td>\r\n<td style=\"width: 20%\"><span style=\"color: #0000ff\"><span>soror<\/span><\/span><\/td>\r\n<\/tr>\r\n<tr>\r\n<td class=\"shaded\" style=\"width: 20%\">Akkusativ Sg.<\/td>\r\n<td style=\"width: 20%\"><span style=\"color: #0000ff\"><span>f\u012bli-<\/span><span style=\"color: #ff0000\">am<\/span><\/span><\/td>\r\n<td style=\"width: 20%\"><span style=\"color: #0000ff\"><span>f\u012bli-<\/span><span style=\"color: #ff0000\">um<\/span><\/span><\/td>\r\n<td style=\"width: 20%\"><span style=\"color: #0000ff\"><span>for-<\/span><span style=\"color: #ff0000\">um<\/span><\/span><\/td>\r\n<td style=\"width: 20%\"><span style=\"color: #0000ff\"><span>sor\u014dr-<\/span><span style=\"color: #ff0000\">em<\/span><\/span><\/td>\r\n<\/tr>\r\n<tr>\r\n<td class=\"shaded\" style=\"width: 20%\">Nominativ Pl.<\/td>\r\n<td style=\"width: 20%\"><span style=\"color: #0000ff\"><span>f\u012bli-<\/span><span style=\"color: #ff0000\">ae<\/span><\/span><\/td>\r\n<td style=\"width: 20%\"><span style=\"color: #0000ff\"><span>f\u012bli-<\/span><span style=\"color: #ff0000\">\u012b<\/span><\/span><\/td>\r\n<td style=\"width: 20%\"><span style=\"color: #0000ff\"><span>for-<\/span><span style=\"color: #ff0000\">a<\/span><\/span><\/td>\r\n<td style=\"width: 20%\"><span style=\"color: #0000ff\"><span>sor\u014dr-<\/span><span style=\"color: #ff0000\">\u0113s<\/span><\/span><\/td>\r\n<\/tr>\r\n<tr>\r\n<td class=\"shaded\" style=\"width: 20%\">Akkusativ Pl.<\/td>\r\n<td style=\"width: 20%\"><span style=\"color: #0000ff\"><span>f\u012bli-<\/span><span style=\"color: #ff0000\">\u0101s<\/span><\/span><\/td>\r\n<td style=\"width: 20%\"><span style=\"color: #0000ff\"><span>f\u012bli-<\/span><span style=\"color: #ff0000\">\u014ds<\/span><\/span><\/td>\r\n<td style=\"width: 20%\"><span style=\"color: #0000ff\"><span>for-<\/span><span style=\"color: #ff0000\">a<\/span><\/span><\/td>\r\n<td style=\"width: 20%\"><span style=\"color: #0000ff\"><span>sor\u014dr-<\/span><span style=\"color: #ff0000\">\u0113s<\/span><\/span><\/td>\r\n<\/tr>\r\n<\/tbody>\r\n<\/table>\r\n<p style=\"text-align: justify\">Du siehst, dass die Formen im Akkusativ Singular alle auf ein -m enden. In der 2. und 3. Deklination sind die Endungen f\u00fcr den Nominativ und Akkusativ im Plural gleich. Solche Beobachtungen k\u00f6nnen dir beim Lernen helfen.<\/p>\r\n<p style=\"text-align: justify\">Gleichlautende Endungen k\u00f6nnen verschiedene F\u00e4lle markieren. So kann die Form <em>sor\u014dr\u0113s <\/em>Nominativ oder Akkusativ Plural sein. Erst aus dem Zusammenhang des Satzes kannst du bestimmen, um welche Form es sich handelt.<\/p>\r\n\r\n<h3>2.1.2 Die Funktion: Das Akkusativobjekt<\/h3>\r\n<p style=\"text-align: justify\">Viele Verben haben neben dem <span style=\"background-color: #ff9900\">Subjekt<\/span> eine Erg\u00e4nzung im Akkusativ. Beim Verb <em>vid\u0113re <\/em>(sehen) zum Beispiel fragen wir mit \u00abwen?\u00bb oder \u00abwas?\u00bb.<\/p>\r\n<p style=\"text-align: justify\">In der Satzgliedanalyse nennen wir diese Erg\u00e4nzung <span style=\"background-color: #99cc00\">Akkusativobjekt<\/span>. Dieser Akkusativ gibt an, worauf die Handlung ausgerichtet ist.<\/p>\r\n\r\n<table style=\"border-collapse: collapse;width: 100%\" border=\"0\">\r\n<tbody>\r\n<tr>\r\n<td style=\"width: 59.337%\"><span style=\"color: #000000\"><span style=\"background-color: #ff9900\">Tertia<\/span> <span style=\"background-color: #ffcc00\">videt<\/span> <span style=\"background-color: #99cc00\">servam<\/span>.<\/span><\/td>\r\n<td style=\"width: 40.663%\"><span style=\"background-color: #ff9900\">Tertia<\/span> <span style=\"background-color: #ffcc00\">sieht<\/span> <span style=\"background-color: #99cc00\">die Sklavin<\/span>.<\/td>\r\n<\/tr>\r\n<tr>\r\n<td style=\"width: 59.337%\"><span style=\"color: #000000\">Das <span style=\"background-color: #ff9900\">Subjekt<\/span> gibt an, wer die Handlung ausf\u00fchrt:<\/span><\/td>\r\n<td style=\"width: 40.663%\">Tertia.<\/td>\r\n<\/tr>\r\n<tr>\r\n<td style=\"width: 59.337%\"><span style=\"color: #000000\">Die vom <span style=\"background-color: #ffcc00\">Pr\u00e4dikat<\/span> ausgedr\u00fcckte Handlung ist:<\/span><\/td>\r\n<td style=\"width: 40.663%\">(sie) sieht.<\/td>\r\n<\/tr>\r\n<tr>\r\n<td style=\"width: 59.337%\"><span style=\"color: #000000\">Das <span style=\"background-color: #99cc00\">Akkusativobjekt<\/span> gibt an, worauf die Handlung (hier das Sehen) ausgerichtet ist:<\/span><\/td>\r\n<td style=\"width: 40.663%\">die Sklavin<\/td>\r\n<\/tr>\r\n<\/tbody>\r\n<\/table>\r\nDu siehst, dass das <span style=\"background-color: #ffcc00\">Pr\u00e4dikat<\/span> die Substantive zueinander in Beziehung setzt.\r\n<h2>2.2 Verben<\/h2>\r\n<h3>2.2.1 Konjugation der Verben im Pr\u00e4sens II<\/h3>\r\n<p style=\"text-align: justify\">In der ersten Lektion hast du die Konjugation der Verben der a-, e-, der konsonantischen Konjugation und <em>esse <\/em>kennen gelernt. In dieser Lektion schauen wir uns die i-Konjugation an:<\/p>\r\n\r\n<table style=\"border-collapse: collapse;width: 50%;height: 120px\" border=\"0\">\r\n<tbody>\r\n<tr style=\"height: 15px\">\r\n<td style=\"width: 2.7027%;height: 15px\"><\/td>\r\n<td class=\"shaded\" style=\"width: 2.7027%;height: 15px\">\u012b-Konjugation<\/td>\r\n<\/tr>\r\n<tr style=\"height: 15px\">\r\n<td class=\"shaded\" style=\"width: 2.7027%;height: 15px\">Inf.<\/td>\r\n<td style=\"width: 2.7027%;height: 15px\"><span style=\"color: #0000ff\">aud\u012b-<\/span><span style=\"color: #ff0000\">re<\/span><\/td>\r\n<\/tr>\r\n<tr style=\"height: 15px\">\r\n<td class=\"shaded\" style=\"width: 2.7027%;height: 15px\">1. Sg.<\/td>\r\n<td style=\"width: 2.7027%;height: 15px\"><span style=\"color: #0000ff\">audi-<\/span><span style=\"color: #ff0000\">\u014d<\/span><\/td>\r\n<\/tr>\r\n<tr style=\"height: 15px\">\r\n<td class=\"shaded\" style=\"width: 2.7027%;height: 15px\">2. Sg.<\/td>\r\n<td style=\"width: 2.7027%;height: 15px\"><span style=\"color: #0000ff\">aud\u012b-<\/span><span style=\"color: #ff0000\">s<\/span><\/td>\r\n<\/tr>\r\n<tr style=\"height: 15px\">\r\n<td class=\"shaded\" style=\"width: 2.7027%;height: 15px\">3. Sg.<\/td>\r\n<td style=\"width: 2.7027%;height: 15px\"><span style=\"color: #0000ff\">audi-<\/span><span style=\"color: #ff0000\">t<\/span><\/td>\r\n<\/tr>\r\n<tr style=\"height: 15px\">\r\n<td class=\"shaded\" style=\"width: 2.7027%;height: 15px\">1. Pl.<\/td>\r\n<td style=\"width: 2.7027%;height: 15px\"><span style=\"color: #0000ff\">aud\u012b-<\/span><span style=\"color: #ff0000\">mus<\/span><\/td>\r\n<\/tr>\r\n<tr style=\"height: 15px\">\r\n<td class=\"shaded\" style=\"width: 2.7027%;height: 15px\">2. Pl.<\/td>\r\n<td style=\"width: 2.7027%;height: 15px\"><span style=\"color: #0000ff\">aud\u012b-<\/span><span style=\"color: #ff0000\">tis<\/span><\/td>\r\n<\/tr>\r\n<tr style=\"height: 15px\">\r\n<td class=\"shaded\" style=\"width: 2.7027%;height: 15px\">3. Pl.<\/td>\r\n<td style=\"width: 2.7027%;height: 15px\"><span style=\"color: #0000ff\">audi<\/span>-<span style=\"color: #ff6600\">u<\/span>-<span style=\"color: #ff0000\">nt<\/span><\/td>\r\n<\/tr>\r\n<\/tbody>\r\n<\/table>\r\n<h3>2.2.2 Die Stammformen<\/h3>\r\n<p style=\"text-align: justify\">Auch bei den Verben gibt es verschiedene Flexionsklassen, die <span style=\"color: #ff0000\">Konjugationen<\/span>. Du kennst nun alle Personen des Pr\u00e4sensstammes und den Infinitiv. Wenn der <span style=\"color: #ff0000\">Infinitiv <\/span>und die <span style=\"color: #ff0000\">1. Person Singular<\/span> eines Verbs bekannt sind, kann es eindeutig einer Konjugation zugeordnet werden. Daher lernen wir die 1. Person Singular der Verben jeweils mit und geben sie auch mit an: <em>vid\u0113re, video<\/em>. Im Lernwortschatz sind jeweils nach diesen beiden Formen noch zwei weitere angegeben: Die <span style=\"color: #ff0000\">1. Person Singular Perfekt<\/span> (<em>v\u012bd\u012b<\/em>) und das <span style=\"color: #ff0000\">passive<\/span>\u00a0<span style=\"color: #ff0000\">Partizip der Vorzeitigkeit<\/span>\u00a0(<em>v\u012bsum<\/em>). Diese vier Formen heissen Stammformen. Von diesen vier Formen k\u00f6nnen alle weiteren Verbformen gebildet werden.<\/p>\r\n<p style=\"text-align: justify\">Du hast sicher bereits gemerkt, dass im Lernwortschatz auch bei den deutschen Bedeutungen Stammformen angegeben sind: sehen (Infinitiv), sah (Pr\u00e4teritum), gesehen (Partizip II).<\/p>\r\n\r\n<h3><\/h3>","rendered":"<h1>2 Der Akkusativ; die Konjugationsklassen; die Stammformen<\/h1>\n<p style=\"text-align: justify\">In dieser Lektion lernst du einen neuen Fall, den Akkusativ kennen. Zudem betrachten wir die Konjugationsklassen der Verben und deren Stammformen.<\/p>\n<h2>2.1 Der Akkusativ<\/h2>\n<p style=\"text-align: justify\">Den Akkusativ lernst du nach dem Nominativ als zweiten Fall kennen. Wir schauen uns die Endungen f\u00fcr den Akkusativ und die Funktion des Akkusativs im Satz an.<\/p>\n<h3>2.1.1 Die Formen<\/h3>\n<table style=\"border-collapse: collapse;width: 100%;height: 75px\">\n<tbody>\n<tr style=\"height: 15px\">\n<td style=\"width: 20%;height: 15px\"><\/td>\n<td class=\"shaded\" style=\"width: 20%;height: 15px\">1. Dekl. <em>f<\/em><\/td>\n<td class=\"shaded\" style=\"width: 20%;height: 15px\">2. Dekl. <em>m<\/em><\/td>\n<td class=\"shaded\" style=\"width: 20%;height: 15px\">2. Dekl. <em>n<\/em><\/td>\n<td class=\"shaded\" style=\"width: 20%;height: 15px\">3. Dekl.<\/td>\n<\/tr>\n<tr>\n<td class=\"shaded\" style=\"width: 20%\">Nominativ Sg.<\/td>\n<td style=\"width: 20%\"><span style=\"color: #0000ff\"><span>f\u012bli-<\/span><span style=\"color: #ff0000\">a<\/span><\/span><\/td>\n<td style=\"width: 20%\"><span style=\"color: #0000ff\"><span>f\u012bli-<\/span><span style=\"color: #ff0000\">us<\/span><\/span><\/td>\n<td style=\"width: 20%\"><span style=\"color: #0000ff\"><span>for-<\/span><span style=\"color: #ff0000\">um<\/span><\/span><\/td>\n<td style=\"width: 20%\"><span style=\"color: #0000ff\"><span>soror<\/span><\/span><\/td>\n<\/tr>\n<tr>\n<td class=\"shaded\" style=\"width: 20%\">Akkusativ Sg.<\/td>\n<td style=\"width: 20%\"><span style=\"color: #0000ff\"><span>f\u012bli-<\/span><span style=\"color: #ff0000\">am<\/span><\/span><\/td>\n<td style=\"width: 20%\"><span style=\"color: #0000ff\"><span>f\u012bli-<\/span><span style=\"color: #ff0000\">um<\/span><\/span><\/td>\n<td style=\"width: 20%\"><span style=\"color: #0000ff\"><span>for-<\/span><span style=\"color: #ff0000\">um<\/span><\/span><\/td>\n<td style=\"width: 20%\"><span style=\"color: #0000ff\"><span>sor\u014dr-<\/span><span style=\"color: #ff0000\">em<\/span><\/span><\/td>\n<\/tr>\n<tr>\n<td class=\"shaded\" style=\"width: 20%\">Nominativ Pl.<\/td>\n<td style=\"width: 20%\"><span style=\"color: #0000ff\"><span>f\u012bli-<\/span><span style=\"color: #ff0000\">ae<\/span><\/span><\/td>\n<td style=\"width: 20%\"><span style=\"color: #0000ff\"><span>f\u012bli-<\/span><span style=\"color: #ff0000\">\u012b<\/span><\/span><\/td>\n<td style=\"width: 20%\"><span style=\"color: #0000ff\"><span>for-<\/span><span style=\"color: #ff0000\">a<\/span><\/span><\/td>\n<td style=\"width: 20%\"><span style=\"color: #0000ff\"><span>sor\u014dr-<\/span><span style=\"color: #ff0000\">\u0113s<\/span><\/span><\/td>\n<\/tr>\n<tr>\n<td class=\"shaded\" style=\"width: 20%\">Akkusativ Pl.<\/td>\n<td style=\"width: 20%\"><span style=\"color: #0000ff\"><span>f\u012bli-<\/span><span style=\"color: #ff0000\">\u0101s<\/span><\/span><\/td>\n<td style=\"width: 20%\"><span style=\"color: #0000ff\"><span>f\u012bli-<\/span><span style=\"color: #ff0000\">\u014ds<\/span><\/span><\/td>\n<td style=\"width: 20%\"><span style=\"color: #0000ff\"><span>for-<\/span><span style=\"color: #ff0000\">a<\/span><\/span><\/td>\n<td style=\"width: 20%\"><span style=\"color: #0000ff\"><span>sor\u014dr-<\/span><span style=\"color: #ff0000\">\u0113s<\/span><\/span><\/td>\n<\/tr>\n<\/tbody>\n<\/table>\n<p style=\"text-align: justify\">Du siehst, dass die Formen im Akkusativ Singular alle auf ein -m enden. In der 2. und 3. Deklination sind die Endungen f\u00fcr den Nominativ und Akkusativ im Plural gleich. Solche Beobachtungen k\u00f6nnen dir beim Lernen helfen.<\/p>\n<p style=\"text-align: justify\">Gleichlautende Endungen k\u00f6nnen verschiedene F\u00e4lle markieren. So kann die Form <em>sor\u014dr\u0113s <\/em>Nominativ oder Akkusativ Plural sein. Erst aus dem Zusammenhang des Satzes kannst du bestimmen, um welche Form es sich handelt.<\/p>\n<h3>2.1.2 Die Funktion: Das Akkusativobjekt<\/h3>\n<p style=\"text-align: justify\">Viele Verben haben neben dem <span style=\"background-color: #ff9900\">Subjekt<\/span> eine Erg\u00e4nzung im Akkusativ. Beim Verb <em>vid\u0113re <\/em>(sehen) zum Beispiel fragen wir mit \u00abwen?\u00bb oder \u00abwas?\u00bb.<\/p>\n<p style=\"text-align: justify\">In der Satzgliedanalyse nennen wir diese Erg\u00e4nzung <span style=\"background-color: #99cc00\">Akkusativobjekt<\/span>. Dieser Akkusativ gibt an, worauf die Handlung ausgerichtet ist.<\/p>\n<table style=\"border-collapse: collapse;width: 100%\">\n<tbody>\n<tr>\n<td style=\"width: 59.337%\"><span style=\"color: #000000\"><span style=\"background-color: #ff9900\">Tertia<\/span> <span style=\"background-color: #ffcc00\">videt<\/span> <span style=\"background-color: #99cc00\">servam<\/span>.<\/span><\/td>\n<td style=\"width: 40.663%\"><span style=\"background-color: #ff9900\">Tertia<\/span> <span style=\"background-color: #ffcc00\">sieht<\/span> <span style=\"background-color: #99cc00\">die Sklavin<\/span>.<\/td>\n<\/tr>\n<tr>\n<td style=\"width: 59.337%\"><span style=\"color: #000000\">Das <span style=\"background-color: #ff9900\">Subjekt<\/span> gibt an, wer die Handlung ausf\u00fchrt:<\/span><\/td>\n<td style=\"width: 40.663%\">Tertia.<\/td>\n<\/tr>\n<tr>\n<td style=\"width: 59.337%\"><span style=\"color: #000000\">Die vom <span style=\"background-color: #ffcc00\">Pr\u00e4dikat<\/span> ausgedr\u00fcckte Handlung ist:<\/span><\/td>\n<td style=\"width: 40.663%\">(sie) sieht.<\/td>\n<\/tr>\n<tr>\n<td style=\"width: 59.337%\"><span style=\"color: #000000\">Das <span style=\"background-color: #99cc00\">Akkusativobjekt<\/span> gibt an, worauf die Handlung (hier das Sehen) ausgerichtet ist:<\/span><\/td>\n<td style=\"width: 40.663%\">die Sklavin<\/td>\n<\/tr>\n<\/tbody>\n<\/table>\n<p>Du siehst, dass das <span style=\"background-color: #ffcc00\">Pr\u00e4dikat<\/span> die Substantive zueinander in Beziehung setzt.<\/p>\n<h2>2.2 Verben<\/h2>\n<h3>2.2.1 Konjugation der Verben im Pr\u00e4sens II<\/h3>\n<p style=\"text-align: justify\">In der ersten Lektion hast du die Konjugation der Verben der a-, e-, der konsonantischen Konjugation und <em>esse <\/em>kennen gelernt. In dieser Lektion schauen wir uns die i-Konjugation an:<\/p>\n<table style=\"border-collapse: collapse;width: 50%;height: 120px\">\n<tbody>\n<tr style=\"height: 15px\">\n<td style=\"width: 2.7027%;height: 15px\"><\/td>\n<td class=\"shaded\" style=\"width: 2.7027%;height: 15px\">\u012b-Konjugation<\/td>\n<\/tr>\n<tr style=\"height: 15px\">\n<td class=\"shaded\" style=\"width: 2.7027%;height: 15px\">Inf.<\/td>\n<td style=\"width: 2.7027%;height: 15px\"><span style=\"color: #0000ff\">aud\u012b-<\/span><span style=\"color: #ff0000\">re<\/span><\/td>\n<\/tr>\n<tr style=\"height: 15px\">\n<td class=\"shaded\" style=\"width: 2.7027%;height: 15px\">1. Sg.<\/td>\n<td style=\"width: 2.7027%;height: 15px\"><span style=\"color: #0000ff\">audi-<\/span><span style=\"color: #ff0000\">\u014d<\/span><\/td>\n<\/tr>\n<tr style=\"height: 15px\">\n<td class=\"shaded\" style=\"width: 2.7027%;height: 15px\">2. Sg.<\/td>\n<td style=\"width: 2.7027%;height: 15px\"><span style=\"color: #0000ff\">aud\u012b-<\/span><span style=\"color: #ff0000\">s<\/span><\/td>\n<\/tr>\n<tr style=\"height: 15px\">\n<td class=\"shaded\" style=\"width: 2.7027%;height: 15px\">3. Sg.<\/td>\n<td style=\"width: 2.7027%;height: 15px\"><span style=\"color: #0000ff\">audi-<\/span><span style=\"color: #ff0000\">t<\/span><\/td>\n<\/tr>\n<tr style=\"height: 15px\">\n<td class=\"shaded\" style=\"width: 2.7027%;height: 15px\">1. Pl.<\/td>\n<td style=\"width: 2.7027%;height: 15px\"><span style=\"color: #0000ff\">aud\u012b-<\/span><span style=\"color: #ff0000\">mus<\/span><\/td>\n<\/tr>\n<tr style=\"height: 15px\">\n<td class=\"shaded\" style=\"width: 2.7027%;height: 15px\">2. Pl.<\/td>\n<td style=\"width: 2.7027%;height: 15px\"><span style=\"color: #0000ff\">aud\u012b-<\/span><span style=\"color: #ff0000\">tis<\/span><\/td>\n<\/tr>\n<tr style=\"height: 15px\">\n<td class=\"shaded\" style=\"width: 2.7027%;height: 15px\">3. Pl.<\/td>\n<td style=\"width: 2.7027%;height: 15px\"><span style=\"color: #0000ff\">audi<\/span>&#8211;<span style=\"color: #ff6600\">u<\/span>&#8211;<span style=\"color: #ff0000\">nt<\/span><\/td>\n<\/tr>\n<\/tbody>\n<\/table>\n<h3>2.2.2 Die Stammformen<\/h3>\n<p style=\"text-align: justify\">Auch bei den Verben gibt es verschiedene Flexionsklassen, die <span style=\"color: #ff0000\">Konjugationen<\/span>. Du kennst nun alle Personen des Pr\u00e4sensstammes und den Infinitiv. Wenn der <span style=\"color: #ff0000\">Infinitiv <\/span>und die <span style=\"color: #ff0000\">1. Person Singular<\/span> eines Verbs bekannt sind, kann es eindeutig einer Konjugation zugeordnet werden. Daher lernen wir die 1. Person Singular der Verben jeweils mit und geben sie auch mit an: <em>vid\u0113re, video<\/em>. Im Lernwortschatz sind jeweils nach diesen beiden Formen noch zwei weitere angegeben: Die <span style=\"color: #ff0000\">1. Person Singular Perfekt<\/span> (<em>v\u012bd\u012b<\/em>) und das <span style=\"color: #ff0000\">passive<\/span>\u00a0<span style=\"color: #ff0000\">Partizip der Vorzeitigkeit<\/span>\u00a0(<em>v\u012bsum<\/em>). Diese vier Formen heissen Stammformen. Von diesen vier Formen k\u00f6nnen alle weiteren Verbformen gebildet werden.<\/p>\n<p style=\"text-align: justify\">Du hast sicher bereits gemerkt, dass im Lernwortschatz auch bei den deutschen Bedeutungen Stammformen angegeben sind: sehen (Infinitiv), sah (Pr\u00e4teritum), gesehen (Partizip II).<\/p>\n<h3><\/h3>\n","protected":false},"author":721,"menu_order":8,"template":"","meta":{"pb_show_title":"on","pb_short_title":"","pb_subtitle":"","pb_authors":[],"pb_section_license":""},"chapter-type":[],"contributor":[],"license":[],"class_list":["post-1623","chapter","type-chapter","status-publish","hentry"],"part":612,"_links":{"self":[{"href":"https:\/\/dlf.uzh.ch\/openbooks\/amor\/wp-json\/pressbooks\/v2\/chapters\/1623"}],"collection":[{"href":"https:\/\/dlf.uzh.ch\/openbooks\/amor\/wp-json\/pressbooks\/v2\/chapters"}],"about":[{"href":"https:\/\/dlf.uzh.ch\/openbooks\/amor\/wp-json\/wp\/v2\/types\/chapter"}],"author":[{"embeddable":true,"href":"https:\/\/dlf.uzh.ch\/openbooks\/amor\/wp-json\/wp\/v2\/users\/721"}],"version-history":[{"count":15,"href":"https:\/\/dlf.uzh.ch\/openbooks\/amor\/wp-json\/pressbooks\/v2\/chapters\/1623\/revisions"}],"predecessor-version":[{"id":4488,"href":"https:\/\/dlf.uzh.ch\/openbooks\/amor\/wp-json\/pressbooks\/v2\/chapters\/1623\/revisions\/4488"}],"part":[{"href":"https:\/\/dlf.uzh.ch\/openbooks\/amor\/wp-json\/pressbooks\/v2\/parts\/612"}],"metadata":[{"href":"https:\/\/dlf.uzh.ch\/openbooks\/amor\/wp-json\/pressbooks\/v2\/chapters\/1623\/metadata\/"}],"wp:attachment":[{"href":"https:\/\/dlf.uzh.ch\/openbooks\/amor\/wp-json\/wp\/v2\/media?parent=1623"}],"wp:term":[{"taxonomy":"chapter-type","embeddable":true,"href":"https:\/\/dlf.uzh.ch\/openbooks\/amor\/wp-json\/pressbooks\/v2\/chapter-type?post=1623"},{"taxonomy":"contributor","embeddable":true,"href":"https:\/\/dlf.uzh.ch\/openbooks\/amor\/wp-json\/wp\/v2\/contributor?post=1623"},{"taxonomy":"license","embeddable":true,"href":"https:\/\/dlf.uzh.ch\/openbooks\/amor\/wp-json\/wp\/v2\/license?post=1623"}],"curies":[{"name":"wp","href":"https:\/\/api.w.org\/{rel}","templated":true}]}}