{"id":1272,"date":"2022-02-18T08:57:31","date_gmt":"2022-02-18T07:57:31","guid":{"rendered":"https:\/\/dlf.uzh.ch\/openbooks\/amor\/?post_type=chapter&#038;p=1272"},"modified":"2022-08-06T13:46:17","modified_gmt":"2022-08-06T11:46:17","slug":"grammatik-8","status":"publish","type":"chapter","link":"https:\/\/dlf.uzh.ch\/openbooks\/amor\/chapter\/grammatik-8\/","title":{"raw":"Grammatik","rendered":"Grammatik"},"content":{"raw":"<h1 style=\"text-align: justify\">14 Das Genus verbi<\/h1>\r\n<p style=\"text-align: justify\">Bis jetzt haben wir nur aktive Personalformen des Verbs kennengelernt:<\/p>\r\n<p style=\"padding-left: 40px;text-align: justify\"><em><span style=\"color: #ff0000\">Remus<\/span> Romulum <span style=\"color: #0000ff\">r\u012bdet<\/span><\/em>. \u2014\u00a0<span style=\"color: #ff0000\">Remus<\/span> <span style=\"color: #0000ff\">lacht<\/span> Romulus <span style=\"color: #0000ff\">aus<\/span>.<\/p>\r\n<p style=\"text-align: justify\">Die Rolle des <span style=\"color: #ff0000\">Subjekts<\/span>\u00a0ist hier <span style=\"color: #0000ff\">aktiv<\/span>.\u00a0Das Subjekt ist \u00abT\u00e4ter\u00bb, es <span style=\"color: #0000ff\">handelt<\/span>.<\/p>\r\n<p style=\"text-align: justify\">Wie im Deutschen gibt es auch im Lateinischen die M\u00f6glichkeit, bei einer Handlung nicht den T\u00e4ter ins Zentrum zu stellen, sondern die Person oder die Sache, auf die die Handlung eine Auswirkung hat:<\/p>\r\n<p style=\"padding-left: 40px;text-align: justify\"><em><span style=\"color: #ff0000\">Romulus<\/span> <span style=\"color: #0000ff\">r\u012bd\u0113tur<\/span>.<\/em> \u2014\u00a0<span style=\"color: #ff0000\">Romulus<\/span> <span style=\"color: #0000ff\">wird ausgelacht<\/span>.<\/p>\r\n<p style=\"text-align: justify\">Die Rolle des <span style=\"color: #ff0000\">Subjekts<\/span> ist hier <span style=\"color: #0000ff\">passiv<\/span>.\u00a0Das Subjekt ist \u00abOpfer\u00bb, es <span style=\"color: #0000ff\">wird behandelt<\/span>.\u00a0Im Gegensatz zum aktiven Satz ist es mit einer passiven Formulierung m\u00f6glich, den T\u00e4ter gar nicht zu nennen. Doch auch wenn er genannt wird, liegt der Fokus auf dem \u00abOpfer\u00bb.<\/p>\r\n<p style=\"text-align: justify\">\u2192 \u00abOpfer\u00bb nenne wir die Person\/die Sache auch dann, wenn mit ihr etwas Neutrales oder sogar Positives geschieht.<\/p>\r\n\r\n<h2>14.1 Angabe des \u00abT\u00e4ters\u00bb in einem passiven Satz<\/h2>\r\n<p style=\"text-align: justify\">Falls in einem passiven Satz der \u00abT\u00e4ter\u00bb genannt wird, steht er im Ablativ (<em>ablativus separativus<\/em>: Von wem geht die Handlung aus?). Wenn es sich um eine Person handelt, steht zus\u00e4tzlich die Pr\u00e4position <em>a\/ab<\/em>.<\/p>\r\n<p style=\"padding-left: 40px\"><em>Romulus <span style=\"color: #ff6600\">\u0101 Rem\u014d<\/span> r\u012bd\u0113tur.<\/em> \u2014 Romulus wird <span style=\"color: #ff6600\">von Remus<\/span> ausgelacht.<\/p>\r\n<p style=\"padding-left: 40px\"><em>Hersilia <span style=\"color: #ff6600\">violenti\u0101<\/span> terr\u0113tur.<\/em> \u2014 Hersilia wird <span style=\"color: #ff6600\">von der Gewalt<\/span> erschreckt.<\/p>\r\n\r\n<h2>14.2 \u00dcbersetzungsm\u00f6glichkeiten des lateinischen Passivs<\/h2>\r\n<p style=\"text-align: justify\">Grunds\u00e4tzlich wird das lateinische Passiv mit dem deutschen Passiv \u00fcbersetzt, das\u00a0aus dem Hilfsverb \u00abwerden\u00bb und dem Partizip II gebildet wird.<\/p>\r\n<p style=\"text-align: justify\">Wo die Angabe des \u00abT\u00e4ters\u00bb fehlt, \u00fcbersetzen wir im Deutschen gerne mit der unpers\u00f6nlichen Formulierung \u00abman\u00bb. Dabei wird der deutsche Satz aktiv, da \u00abman\u00bb das Subjekt ist; das Subjekt des lateinischen Satzes wird zum Akkusativobjekt. Trotzdem liegt der Fokus auf dem \u00abOpfer\u00bb.<\/p>\r\n<p style=\"padding-left: 40px\"><em>Romae Nept\u016bnus deus <span style=\"color: #0000ff\">col\u0113b\u0101tur<\/span>. \u2014<\/em> In Rom <span style=\"color: #0000ff\">verehrte man<\/span> den Gott Neptun.<\/p>\r\n<p style=\"text-align: justify\">Wenn der \u00abT\u00e4ter\u00bb zugleich das \u00abOpfer\u00bb\u00a0ist, wenn also beschrieben wird, was jemand mit sich selbst tut, \u00fcbersetzen wir das im Deutschen meist mit einem <strong><em>reflexiven Verb<\/em><\/strong>.<\/p>\r\n<p style=\"padding-left: 40px\"><em>Dominus <span style=\"color: #0000ff\">lav\u0101tur<\/span>.<\/em> \u2014 Der Herr <span style=\"color: #0000ff\">w\u00e4scht sich<\/span>.<\/p>\r\n\r\n<h2>14.3 Passiv Pr\u00e4sens und Imperfekt<\/h2>\r\n<p style=\"text-align: justify\">Im Pr\u00e4sens und Imperfekt werden die Formen aus dem\u00a0<span style=\"color: #0000ff\">Pr\u00e4sensstamm<\/span> und den folgenden <span style=\"color: #ff0000\">passiven Personalendungen<\/span> gebildet:<\/p>\r\n\r\n<table style=\"border-collapse: collapse;width: 56.10020024976611%\" border=\"0\">\r\n<tbody>\r\n<tr>\r\n<td style=\"width: 18.926553672316388%\"><\/td>\r\n<td class=\"shaded\" style=\"width: 21.63841807909605%\">Singular<\/td>\r\n<td class=\"shaded\" style=\"width: 15.536723163841806%\">Plural<\/td>\r\n<\/tr>\r\n<tr>\r\n<td class=\"shaded\" style=\"width: 18.926553672316388%\">1. Person<\/td>\r\n<td style=\"width: 21.63841807909605%\">-<span style=\"color: #ff0000\">or<\/span>\/-<span style=\"color: #ff0000\">r<\/span><\/td>\r\n<td style=\"width: 15.536723163841806%\">-<span style=\"color: #ff0000\">mur<\/span><\/td>\r\n<\/tr>\r\n<tr>\r\n<td class=\"shaded\" style=\"width: 18.926553672316388%\">2. Person<\/td>\r\n<td style=\"width: 21.63841807909605%\">-<span style=\"color: #ff0000\">ris<\/span><\/td>\r\n<td style=\"width: 15.536723163841806%\">-<span style=\"color: #ff0000\"><span>min\u012b<\/span><\/span><\/td>\r\n<\/tr>\r\n<tr>\r\n<td class=\"shaded\" style=\"width: 18.926553672316388%\">3. Person<\/td>\r\n<td style=\"width: 21.63841807909605%\">-<span style=\"color: #ff0000\">tur<\/span><\/td>\r\n<td style=\"width: 15.536723163841806%\">-<span style=\"color: #ff0000\">ntur<\/span><\/td>\r\n<\/tr>\r\n<tr class=\"border\">\r\n<td class=\"shaded\" style=\"width: 18.926553672316388%\">Infinitiv<\/td>\r\n<td style=\"width: 21.63841807909605%\">-<span style=\"color: #ff0000\">r\u012b<\/span>\/-<span style=\"color: #ff0000\">\u012b<\/span><\/td>\r\n<td style=\"width: 15.536723163841806%\"><\/td>\r\n<\/tr>\r\n<\/tbody>\r\n<\/table>\r\nDaraus ergeben sich folgende Formen:\r\n<table style=\"width: 555px;height: 284px\">\r\n<tbody>\r\n<tr style=\"height: 30px\">\r\n<td style=\"width: 41.1833px;height: 30px\"><\/td>\r\n<td class=\"shaded\" style=\"width: 228.767px;height: 30px\" colspan=\"2\">a- und e-Konjugation<\/td>\r\n<td class=\"shaded\" style=\"width: 244.817px;height: 30px\" colspan=\"2\">kons., \u012d- und <span>\u012b<\/span>-Konjugation<\/td>\r\n<\/tr>\r\n<tr style=\"height: 30px\">\r\n<td style=\"width: 41.1833px;height: 30px\"><\/td>\r\n<td class=\"shaded\" style=\"width: 100.367px;height: 30px\">Pr\u00e4sens<\/td>\r\n<td class=\"shaded\" style=\"width: 115.433px;height: 30px\">Imperfekt<\/td>\r\n<td class=\"shaded\" style=\"width: 94.35px;height: 30px\">Pr\u00e4sens<\/td>\r\n<td class=\"shaded\" style=\"width: 137.5px;height: 30px\">Imperfekt<\/td>\r\n<\/tr>\r\n<tr style=\"height: 30px\">\r\n<td class=\"shaded\" style=\"width: 41.1833px;height: 30px\">1. Sg.<\/td>\r\n<td style=\"width: 100.367px;height: 30px\"><span style=\"color: #0000ff\">ride<\/span>-<span style=\"color: #ff0000\">or<\/span><\/td>\r\n<td style=\"width: 115.433px;height: 30px\"><span style=\"color: #0000ff\">rid\u0113<\/span>-ba-<span style=\"color: #ff0000\">r<\/span><\/td>\r\n<td style=\"width: 94.35px;height: 30px\"><span style=\"color: #0000ff\">duc<\/span>-<span style=\"color: #ff0000\">or<\/span><\/td>\r\n<td style=\"width: 137.5px;height: 30px\"><span style=\"color: #0000ff\">duc<\/span>-\u0113-ba-<span style=\"color: #ff0000\">r<\/span><\/td>\r\n<\/tr>\r\n<tr style=\"height: 30px\">\r\n<td class=\"shaded\" style=\"width: 41.1833px;height: 30px\">2. Sg.<\/td>\r\n<td style=\"width: 100.367px;height: 30px\"><span style=\"color: #0000ff\">rid\u0113<\/span>-<span style=\"color: #ff0000\">ris<\/span><\/td>\r\n<td style=\"width: 115.433px;height: 30px\"><span style=\"color: #0000ff\">rid\u0113<\/span>-b\u0101-<span style=\"color: #ff0000\">ris<\/span><\/td>\r\n<td style=\"width: 94.35px;height: 30px\"><span style=\"color: #0000ff\">duc<\/span>-e-<span style=\"color: #ff0000\">ris<\/span><\/td>\r\n<td style=\"width: 137.5px;height: 30px\"><span style=\"color: #0000ff\">duc<\/span>-\u0113-b\u0101-<span style=\"color: #ff0000\">ris<\/span><\/td>\r\n<\/tr>\r\n<tr style=\"height: 30px\">\r\n<td class=\"shaded\" style=\"width: 41.1833px;height: 30px\">3. Sg.<\/td>\r\n<td style=\"width: 100.367px;height: 30px\"><span style=\"color: #0000ff\">rid\u0113<\/span>-<span style=\"color: #ff0000\">tur<\/span><\/td>\r\n<td style=\"width: 115.433px;height: 30px\"><span style=\"color: #0000ff\">rid\u0113<\/span>-b\u0101-<span style=\"color: #ff0000\">tur<\/span><\/td>\r\n<td style=\"width: 94.35px;height: 30px\"><span style=\"color: #0000ff\">duc<\/span>-i-<span style=\"color: #ff0000\">tur<\/span><\/td>\r\n<td style=\"width: 137.5px;height: 30px\"><span style=\"color: #0000ff\">duc<\/span>-\u0113-b\u0101-<span style=\"color: #ff0000\">tur<\/span><\/td>\r\n<\/tr>\r\n<tr style=\"height: 44px\">\r\n<td class=\"shaded\" style=\"width: 41.1833px;height: 44px\">1. Pl.<\/td>\r\n<td style=\"width: 100.367px;height: 44px\"><span style=\"color: #0000ff\">rid\u0113<\/span>-<span style=\"color: #ff0000\">mur<\/span><\/td>\r\n<td style=\"width: 115.433px;height: 44px\"><span style=\"color: #0000ff\">rid\u0113<\/span>-b\u0101-<span style=\"color: #ff0000\">mur<\/span><\/td>\r\n<td style=\"width: 94.35px;height: 44px\"><span style=\"color: #0000ff\">duc<\/span>-i-<span style=\"color: #ff0000\">mur<\/span><\/td>\r\n<td style=\"width: 137.5px;height: 44px\"><span style=\"color: #0000ff\">duc<\/span>-\u0113-b\u0101-<span style=\"color: #ff0000\">mur<\/span><\/td>\r\n<\/tr>\r\n<tr style=\"height: 45px\">\r\n<td class=\"shaded\" style=\"width: 41.1833px;height: 45px\">2. Pl.<\/td>\r\n<td style=\"width: 100.367px;height: 45px\"><span style=\"color: #0000ff\">rid\u0113<\/span>-<span style=\"color: #ff0000\"><span>min\u012b<\/span><\/span><\/td>\r\n<td style=\"width: 115.433px;height: 45px\"><span style=\"color: #0000ff\">rid\u0113<\/span>-b\u0101-<span style=\"color: #ff0000\"><span>min\u012b<\/span><\/span><\/td>\r\n<td style=\"width: 94.35px;height: 45px\"><span style=\"color: #0000ff\">duc<\/span>-i-<span style=\"color: #ff0000\"><span>min\u012b<\/span><\/span><\/td>\r\n<td style=\"width: 137.5px;height: 45px\"><span style=\"color: #0000ff\">duc<\/span>-\u0113-b\u0101-<span style=\"color: #ff0000\"><span>min\u012b<\/span><\/span><\/td>\r\n<\/tr>\r\n<tr style=\"height: 45px\">\r\n<td class=\"shaded\" style=\"width: 41.1833px;height: 45px\">3. Pl.<\/td>\r\n<td style=\"width: 100.367px;height: 45px\"><span style=\"color: #0000ff\">ride<\/span>-<span style=\"color: #ff0000\">ntur<\/span><\/td>\r\n<td style=\"width: 115.433px;height: 45px\"><span style=\"color: #0000ff\">rid\u0113<\/span>-ba-<span style=\"color: #ff0000\">ntur<\/span><\/td>\r\n<td style=\"width: 94.35px;height: 45px\"><span style=\"color: #0000ff\">duc<\/span>-u-<span style=\"color: #ff0000\">ntur<\/span><\/td>\r\n<td style=\"width: 137.5px;height: 45px\"><span style=\"color: #0000ff\">duc<\/span>-\u0113-ba-<span style=\"color: #ff0000\">ntur<\/span><\/td>\r\n<\/tr>\r\n<\/tbody>\r\n<\/table>\r\nDer Infinitiv Passiv der a-, e- und i-Konjugation endet auf -r\u012b (<em>voc\u0101r\u012b<\/em>, <em>rid<\/em><em>\u0113r\u012b, aud\u012br\u012b<\/em>), der Infinitiv Passiv der konsonantischen und \u012d-Konjugation auf -\u012b (<em>duc\u012b<\/em>, <em>cap\u012b<\/em>).","rendered":"<h1 style=\"text-align: justify\">14 Das Genus verbi<\/h1>\n<p style=\"text-align: justify\">Bis jetzt haben wir nur aktive Personalformen des Verbs kennengelernt:<\/p>\n<p style=\"padding-left: 40px;text-align: justify\"><em><span style=\"color: #ff0000\">Remus<\/span> Romulum <span style=\"color: #0000ff\">r\u012bdet<\/span><\/em>. \u2014\u00a0<span style=\"color: #ff0000\">Remus<\/span> <span style=\"color: #0000ff\">lacht<\/span> Romulus <span style=\"color: #0000ff\">aus<\/span>.<\/p>\n<p style=\"text-align: justify\">Die Rolle des <span style=\"color: #ff0000\">Subjekts<\/span>\u00a0ist hier <span style=\"color: #0000ff\">aktiv<\/span>.\u00a0Das Subjekt ist \u00abT\u00e4ter\u00bb, es <span style=\"color: #0000ff\">handelt<\/span>.<\/p>\n<p style=\"text-align: justify\">Wie im Deutschen gibt es auch im Lateinischen die M\u00f6glichkeit, bei einer Handlung nicht den T\u00e4ter ins Zentrum zu stellen, sondern die Person oder die Sache, auf die die Handlung eine Auswirkung hat:<\/p>\n<p style=\"padding-left: 40px;text-align: justify\"><em><span style=\"color: #ff0000\">Romulus<\/span> <span style=\"color: #0000ff\">r\u012bd\u0113tur<\/span>.<\/em> \u2014\u00a0<span style=\"color: #ff0000\">Romulus<\/span> <span style=\"color: #0000ff\">wird ausgelacht<\/span>.<\/p>\n<p style=\"text-align: justify\">Die Rolle des <span style=\"color: #ff0000\">Subjekts<\/span> ist hier <span style=\"color: #0000ff\">passiv<\/span>.\u00a0Das Subjekt ist \u00abOpfer\u00bb, es <span style=\"color: #0000ff\">wird behandelt<\/span>.\u00a0Im Gegensatz zum aktiven Satz ist es mit einer passiven Formulierung m\u00f6glich, den T\u00e4ter gar nicht zu nennen. Doch auch wenn er genannt wird, liegt der Fokus auf dem \u00abOpfer\u00bb.<\/p>\n<p style=\"text-align: justify\">\u2192 \u00abOpfer\u00bb nenne wir die Person\/die Sache auch dann, wenn mit ihr etwas Neutrales oder sogar Positives geschieht.<\/p>\n<h2>14.1 Angabe des \u00abT\u00e4ters\u00bb in einem passiven Satz<\/h2>\n<p style=\"text-align: justify\">Falls in einem passiven Satz der \u00abT\u00e4ter\u00bb genannt wird, steht er im Ablativ (<em>ablativus separativus<\/em>: Von wem geht die Handlung aus?). Wenn es sich um eine Person handelt, steht zus\u00e4tzlich die Pr\u00e4position <em>a\/ab<\/em>.<\/p>\n<p style=\"padding-left: 40px\"><em>Romulus <span style=\"color: #ff6600\">\u0101 Rem\u014d<\/span> r\u012bd\u0113tur.<\/em> \u2014 Romulus wird <span style=\"color: #ff6600\">von Remus<\/span> ausgelacht.<\/p>\n<p style=\"padding-left: 40px\"><em>Hersilia <span style=\"color: #ff6600\">violenti\u0101<\/span> terr\u0113tur.<\/em> \u2014 Hersilia wird <span style=\"color: #ff6600\">von der Gewalt<\/span> erschreckt.<\/p>\n<h2>14.2 \u00dcbersetzungsm\u00f6glichkeiten des lateinischen Passivs<\/h2>\n<p style=\"text-align: justify\">Grunds\u00e4tzlich wird das lateinische Passiv mit dem deutschen Passiv \u00fcbersetzt, das\u00a0aus dem Hilfsverb \u00abwerden\u00bb und dem Partizip II gebildet wird.<\/p>\n<p style=\"text-align: justify\">Wo die Angabe des \u00abT\u00e4ters\u00bb fehlt, \u00fcbersetzen wir im Deutschen gerne mit der unpers\u00f6nlichen Formulierung \u00abman\u00bb. Dabei wird der deutsche Satz aktiv, da \u00abman\u00bb das Subjekt ist; das Subjekt des lateinischen Satzes wird zum Akkusativobjekt. Trotzdem liegt der Fokus auf dem \u00abOpfer\u00bb.<\/p>\n<p style=\"padding-left: 40px\"><em>Romae Nept\u016bnus deus <span style=\"color: #0000ff\">col\u0113b\u0101tur<\/span>. \u2014<\/em> In Rom <span style=\"color: #0000ff\">verehrte man<\/span> den Gott Neptun.<\/p>\n<p style=\"text-align: justify\">Wenn der \u00abT\u00e4ter\u00bb zugleich das \u00abOpfer\u00bb\u00a0ist, wenn also beschrieben wird, was jemand mit sich selbst tut, \u00fcbersetzen wir das im Deutschen meist mit einem <strong><em>reflexiven Verb<\/em><\/strong>.<\/p>\n<p style=\"padding-left: 40px\"><em>Dominus <span style=\"color: #0000ff\">lav\u0101tur<\/span>.<\/em> \u2014 Der Herr <span style=\"color: #0000ff\">w\u00e4scht sich<\/span>.<\/p>\n<h2>14.3 Passiv Pr\u00e4sens und Imperfekt<\/h2>\n<p style=\"text-align: justify\">Im Pr\u00e4sens und Imperfekt werden die Formen aus dem\u00a0<span style=\"color: #0000ff\">Pr\u00e4sensstamm<\/span> und den folgenden <span style=\"color: #ff0000\">passiven Personalendungen<\/span> gebildet:<\/p>\n<table style=\"border-collapse: collapse;width: 56.10020024976611%\">\n<tbody>\n<tr>\n<td style=\"width: 18.926553672316388%\"><\/td>\n<td class=\"shaded\" style=\"width: 21.63841807909605%\">Singular<\/td>\n<td class=\"shaded\" style=\"width: 15.536723163841806%\">Plural<\/td>\n<\/tr>\n<tr>\n<td class=\"shaded\" style=\"width: 18.926553672316388%\">1. Person<\/td>\n<td style=\"width: 21.63841807909605%\">&#8211;<span style=\"color: #ff0000\">or<\/span>\/-<span style=\"color: #ff0000\">r<\/span><\/td>\n<td style=\"width: 15.536723163841806%\">&#8211;<span style=\"color: #ff0000\">mur<\/span><\/td>\n<\/tr>\n<tr>\n<td class=\"shaded\" style=\"width: 18.926553672316388%\">2. Person<\/td>\n<td style=\"width: 21.63841807909605%\">&#8211;<span style=\"color: #ff0000\">ris<\/span><\/td>\n<td style=\"width: 15.536723163841806%\">&#8211;<span style=\"color: #ff0000\"><span>min\u012b<\/span><\/span><\/td>\n<\/tr>\n<tr>\n<td class=\"shaded\" style=\"width: 18.926553672316388%\">3. Person<\/td>\n<td style=\"width: 21.63841807909605%\">&#8211;<span style=\"color: #ff0000\">tur<\/span><\/td>\n<td style=\"width: 15.536723163841806%\">&#8211;<span style=\"color: #ff0000\">ntur<\/span><\/td>\n<\/tr>\n<tr class=\"border\">\n<td class=\"shaded\" style=\"width: 18.926553672316388%\">Infinitiv<\/td>\n<td style=\"width: 21.63841807909605%\">&#8211;<span style=\"color: #ff0000\">r\u012b<\/span>\/-<span style=\"color: #ff0000\">\u012b<\/span><\/td>\n<td style=\"width: 15.536723163841806%\"><\/td>\n<\/tr>\n<\/tbody>\n<\/table>\n<p>Daraus ergeben sich folgende Formen:<\/p>\n<table style=\"width: 555px;height: 284px\">\n<tbody>\n<tr style=\"height: 30px\">\n<td style=\"width: 41.1833px;height: 30px\"><\/td>\n<td class=\"shaded\" style=\"width: 228.767px;height: 30px\" colspan=\"2\">a- und e-Konjugation<\/td>\n<td class=\"shaded\" style=\"width: 244.817px;height: 30px\" colspan=\"2\">kons., \u012d- und <span>\u012b<\/span>-Konjugation<\/td>\n<\/tr>\n<tr style=\"height: 30px\">\n<td style=\"width: 41.1833px;height: 30px\"><\/td>\n<td class=\"shaded\" style=\"width: 100.367px;height: 30px\">Pr\u00e4sens<\/td>\n<td class=\"shaded\" style=\"width: 115.433px;height: 30px\">Imperfekt<\/td>\n<td class=\"shaded\" style=\"width: 94.35px;height: 30px\">Pr\u00e4sens<\/td>\n<td class=\"shaded\" style=\"width: 137.5px;height: 30px\">Imperfekt<\/td>\n<\/tr>\n<tr style=\"height: 30px\">\n<td class=\"shaded\" style=\"width: 41.1833px;height: 30px\">1. Sg.<\/td>\n<td style=\"width: 100.367px;height: 30px\"><span style=\"color: #0000ff\">ride<\/span>&#8211;<span style=\"color: #ff0000\">or<\/span><\/td>\n<td style=\"width: 115.433px;height: 30px\"><span style=\"color: #0000ff\">rid\u0113<\/span>-ba-<span style=\"color: #ff0000\">r<\/span><\/td>\n<td style=\"width: 94.35px;height: 30px\"><span style=\"color: #0000ff\">duc<\/span>&#8211;<span style=\"color: #ff0000\">or<\/span><\/td>\n<td style=\"width: 137.5px;height: 30px\"><span style=\"color: #0000ff\">duc<\/span>-\u0113-ba-<span style=\"color: #ff0000\">r<\/span><\/td>\n<\/tr>\n<tr style=\"height: 30px\">\n<td class=\"shaded\" style=\"width: 41.1833px;height: 30px\">2. Sg.<\/td>\n<td style=\"width: 100.367px;height: 30px\"><span style=\"color: #0000ff\">rid\u0113<\/span>&#8211;<span style=\"color: #ff0000\">ris<\/span><\/td>\n<td style=\"width: 115.433px;height: 30px\"><span style=\"color: #0000ff\">rid\u0113<\/span>-b\u0101-<span style=\"color: #ff0000\">ris<\/span><\/td>\n<td style=\"width: 94.35px;height: 30px\"><span style=\"color: #0000ff\">duc<\/span>-e-<span style=\"color: #ff0000\">ris<\/span><\/td>\n<td style=\"width: 137.5px;height: 30px\"><span style=\"color: #0000ff\">duc<\/span>-\u0113-b\u0101-<span style=\"color: #ff0000\">ris<\/span><\/td>\n<\/tr>\n<tr style=\"height: 30px\">\n<td class=\"shaded\" style=\"width: 41.1833px;height: 30px\">3. Sg.<\/td>\n<td style=\"width: 100.367px;height: 30px\"><span style=\"color: #0000ff\">rid\u0113<\/span>&#8211;<span style=\"color: #ff0000\">tur<\/span><\/td>\n<td style=\"width: 115.433px;height: 30px\"><span style=\"color: #0000ff\">rid\u0113<\/span>-b\u0101-<span style=\"color: #ff0000\">tur<\/span><\/td>\n<td style=\"width: 94.35px;height: 30px\"><span style=\"color: #0000ff\">duc<\/span>-i-<span style=\"color: #ff0000\">tur<\/span><\/td>\n<td style=\"width: 137.5px;height: 30px\"><span style=\"color: #0000ff\">duc<\/span>-\u0113-b\u0101-<span style=\"color: #ff0000\">tur<\/span><\/td>\n<\/tr>\n<tr style=\"height: 44px\">\n<td class=\"shaded\" style=\"width: 41.1833px;height: 44px\">1. Pl.<\/td>\n<td style=\"width: 100.367px;height: 44px\"><span style=\"color: #0000ff\">rid\u0113<\/span>&#8211;<span style=\"color: #ff0000\">mur<\/span><\/td>\n<td style=\"width: 115.433px;height: 44px\"><span style=\"color: #0000ff\">rid\u0113<\/span>-b\u0101-<span style=\"color: #ff0000\">mur<\/span><\/td>\n<td style=\"width: 94.35px;height: 44px\"><span style=\"color: #0000ff\">duc<\/span>-i-<span style=\"color: #ff0000\">mur<\/span><\/td>\n<td style=\"width: 137.5px;height: 44px\"><span style=\"color: #0000ff\">duc<\/span>-\u0113-b\u0101-<span style=\"color: #ff0000\">mur<\/span><\/td>\n<\/tr>\n<tr style=\"height: 45px\">\n<td class=\"shaded\" style=\"width: 41.1833px;height: 45px\">2. Pl.<\/td>\n<td style=\"width: 100.367px;height: 45px\"><span style=\"color: #0000ff\">rid\u0113<\/span>&#8211;<span style=\"color: #ff0000\"><span>min\u012b<\/span><\/span><\/td>\n<td style=\"width: 115.433px;height: 45px\"><span style=\"color: #0000ff\">rid\u0113<\/span>-b\u0101-<span style=\"color: #ff0000\"><span>min\u012b<\/span><\/span><\/td>\n<td style=\"width: 94.35px;height: 45px\"><span style=\"color: #0000ff\">duc<\/span>-i-<span style=\"color: #ff0000\"><span>min\u012b<\/span><\/span><\/td>\n<td style=\"width: 137.5px;height: 45px\"><span style=\"color: #0000ff\">duc<\/span>-\u0113-b\u0101-<span style=\"color: #ff0000\"><span>min\u012b<\/span><\/span><\/td>\n<\/tr>\n<tr style=\"height: 45px\">\n<td class=\"shaded\" style=\"width: 41.1833px;height: 45px\">3. Pl.<\/td>\n<td style=\"width: 100.367px;height: 45px\"><span style=\"color: #0000ff\">ride<\/span>&#8211;<span style=\"color: #ff0000\">ntur<\/span><\/td>\n<td style=\"width: 115.433px;height: 45px\"><span style=\"color: #0000ff\">rid\u0113<\/span>-ba-<span style=\"color: #ff0000\">ntur<\/span><\/td>\n<td style=\"width: 94.35px;height: 45px\"><span style=\"color: #0000ff\">duc<\/span>-u-<span style=\"color: #ff0000\">ntur<\/span><\/td>\n<td style=\"width: 137.5px;height: 45px\"><span style=\"color: #0000ff\">duc<\/span>-\u0113-ba-<span style=\"color: #ff0000\">ntur<\/span><\/td>\n<\/tr>\n<\/tbody>\n<\/table>\n<p>Der Infinitiv Passiv der a-, e- und i-Konjugation endet auf -r\u012b (<em>voc\u0101r\u012b<\/em>, <em>rid<\/em><em>\u0113r\u012b, aud\u012br\u012b<\/em>), der Infinitiv Passiv der konsonantischen und \u012d-Konjugation auf -\u012b (<em>duc\u012b<\/em>, <em>cap\u012b<\/em>).<\/p>\n","protected":false},"author":700,"menu_order":8,"template":"","meta":{"pb_show_title":"on","pb_short_title":"","pb_subtitle":"","pb_authors":[],"pb_section_license":""},"chapter-type":[],"contributor":[],"license":[],"class_list":["post-1272","chapter","type-chapter","status-publish","hentry"],"part":1207,"_links":{"self":[{"href":"https:\/\/dlf.uzh.ch\/openbooks\/amor\/wp-json\/pressbooks\/v2\/chapters\/1272"}],"collection":[{"href":"https:\/\/dlf.uzh.ch\/openbooks\/amor\/wp-json\/pressbooks\/v2\/chapters"}],"about":[{"href":"https:\/\/dlf.uzh.ch\/openbooks\/amor\/wp-json\/wp\/v2\/types\/chapter"}],"author":[{"embeddable":true,"href":"https:\/\/dlf.uzh.ch\/openbooks\/amor\/wp-json\/wp\/v2\/users\/700"}],"version-history":[{"count":10,"href":"https:\/\/dlf.uzh.ch\/openbooks\/amor\/wp-json\/pressbooks\/v2\/chapters\/1272\/revisions"}],"predecessor-version":[{"id":4133,"href":"https:\/\/dlf.uzh.ch\/openbooks\/amor\/wp-json\/pressbooks\/v2\/chapters\/1272\/revisions\/4133"}],"part":[{"href":"https:\/\/dlf.uzh.ch\/openbooks\/amor\/wp-json\/pressbooks\/v2\/parts\/1207"}],"metadata":[{"href":"https:\/\/dlf.uzh.ch\/openbooks\/amor\/wp-json\/pressbooks\/v2\/chapters\/1272\/metadata\/"}],"wp:attachment":[{"href":"https:\/\/dlf.uzh.ch\/openbooks\/amor\/wp-json\/wp\/v2\/media?parent=1272"}],"wp:term":[{"taxonomy":"chapter-type","embeddable":true,"href":"https:\/\/dlf.uzh.ch\/openbooks\/amor\/wp-json\/pressbooks\/v2\/chapter-type?post=1272"},{"taxonomy":"contributor","embeddable":true,"href":"https:\/\/dlf.uzh.ch\/openbooks\/amor\/wp-json\/wp\/v2\/contributor?post=1272"},{"taxonomy":"license","embeddable":true,"href":"https:\/\/dlf.uzh.ch\/openbooks\/amor\/wp-json\/wp\/v2\/license?post=1272"}],"curies":[{"name":"wp","href":"https:\/\/api.w.org\/{rel}","templated":true}]}}