{"id":1051,"date":"2022-02-16T14:39:20","date_gmt":"2022-02-16T13:39:20","guid":{"rendered":"https:\/\/dlf.uzh.ch\/openbooks\/amor\/?post_type=chapter&#038;p=1051"},"modified":"2022-08-05T13:16:55","modified_gmt":"2022-08-05T11:16:55","slug":"grammatik-5","status":"publish","type":"chapter","link":"https:\/\/dlf.uzh.ch\/openbooks\/amor\/chapter\/grammatik-5\/","title":{"raw":"Grammatik","rendered":"Grammatik"},"content":{"raw":"<h1>11 Adverbiale Nebens\u00e4tze; 5. Deklination; ferre<\/h1>\r\n<p style=\"text-align: justify\">In dieser Lektion betrachten wir adverbiale Nebens\u00e4tze, lernen die 5. Deklination kennen und schauen uns die Konjugation des h\u00e4ufigen Verbs <em>ferre<\/em> an.<\/p>\r\n\r\n<h2>11.1 Der adverbiale Nebensatz<\/h2>\r\n<p style=\"text-align: justify\">Im Deutschen wie im Lateinischen gibt es Haupts\u00e4tze und Nebens\u00e4tze. Haupts\u00e4tze k\u00f6nnen f\u00fcr sich alleine stehen; Nebens\u00e4tze k\u00f6nnen nicht f\u00fcr sich alleine stehen: Sie sind immer von einem Hauptsatz abh\u00e4ngig.<\/p>\r\n<p style=\"text-align: justify\">Nebens\u00e4tze haben die Funktion eines Satzglieds: Ein <strong>adverbialer Nebensatz<\/strong> hat die Funktion eines Adverbiales, das heisst, er antwortet auf die Fragen <strong>Wann? Wo? Warum? Wie?<\/strong> etc. Die adverbialen Nebens\u00e4tze werden mit Subjunktionen an den Hauptsatz angef\u00fcgt. Im Gegensatz dazu verbinden Konjunktionen (<em>et<\/em>, <em>sed<\/em>, <em>nam<\/em>) zwei Haupts\u00e4tze miteinander. Mittels der <span style=\"color: #ff0000\">Fragen<\/span> kann die <span style=\"color: #0000ff\">Sinnrichtung<\/span> des Nebensatzes bestimmt werden:<\/p>\r\n\r\n<table style=\"width: 645px\">\r\n<tbody>\r\n<tr class=\"shaded\">\r\n<td style=\"width: 115.453125px\">Lat. Subjunktion<\/td>\r\n<td style=\"width: 100.40625px\">dt. Subjunktion<\/td>\r\n<td style=\"width: 172.65625px\">Frage<\/td>\r\n<td style=\"width: 202.765625px\">Sinnrichtung<\/td>\r\n<\/tr>\r\n<tr>\r\n<td style=\"width: 115.453125px\"><em>dum<\/em><\/td>\r\n<td style=\"width: 100.40625px\">w\u00e4hrend<\/td>\r\n<td style=\"width: 172.65625px\"><span style=\"color: #ff0000\">Wann?<\/span><\/td>\r\n<td style=\"width: 202.765625px\">Zeit \u2192 <span style=\"color: #0000ff\">temporal<\/span><\/td>\r\n<\/tr>\r\n<tr>\r\n<td style=\"width: 115.453125px\"><em>postquam<\/em><\/td>\r\n<td style=\"width: 100.40625px\">nachdem<\/td>\r\n<td style=\"width: 172.65625px\"><span style=\"color: #ff0000\">Wann?<\/span><\/td>\r\n<td style=\"width: 202.765625px\">Zeit\u00a0\u2192 <span style=\"color: #0000ff\">temporal<\/span><\/td>\r\n<\/tr>\r\n<tr>\r\n<td style=\"width: 115.453125px\"><em>ub\u012b<\/em><\/td>\r\n<td style=\"width: 100.40625px\">wo, sobald<\/td>\r\n<td style=\"width: 172.65625px\"><span style=\"color: #ff0000\">Wo?<\/span>\/<span style=\"color: #ff0000\">Wann?<\/span><\/td>\r\n<td style=\"width: 202.765625px\">Ort\/Zeit \u2192 <span style=\"color: #0000ff\">lokal<\/span>\/<span style=\"color: #0000ff\">temporal<\/span><\/td>\r\n<\/tr>\r\n<tr>\r\n<td style=\"width: 115.453125px\"><em>quia<\/em><\/td>\r\n<td style=\"width: 100.40625px\">weil<\/td>\r\n<td style=\"width: 172.65625px\"><span style=\"color: #ff0000\">Warum?<\/span><\/td>\r\n<td style=\"width: 202.765625px\">Grund \u2192 <span style=\"color: #0000ff\">kausal<\/span><\/td>\r\n<\/tr>\r\n<tr>\r\n<td style=\"width: 115.453125px\"><em>quamquam<\/em><\/td>\r\n<td style=\"width: 100.40625px\">obwohl<\/td>\r\n<td style=\"width: 172.65625px\"><span style=\"color: #ff0000\">Was spricht dagegen?<\/span><\/td>\r\n<td style=\"width: 202.765625px\">Gegensatz \u2192 <span style=\"color: #0000ff\">konzessiv<\/span><\/td>\r\n<\/tr>\r\n<tr>\r\n<td style=\"width: 115.453125px\"><em>s\u012b<\/em><\/td>\r\n<td style=\"width: 100.40625px\">falls<\/td>\r\n<td style=\"width: 172.65625px\"><span style=\"color: #ff0000\">Unter welcher Bedingung?<\/span><\/td>\r\n<td style=\"width: 202.765625px\">Bedingung \u2192 <span style=\"color: #0000ff\">konditional<\/span><\/td>\r\n<\/tr>\r\n<\/tbody>\r\n<\/table>\r\n<p style=\"text-align: justify\">Wie im Deutschen kann der Nebensatz auch im Lateinischen vor oder nach dem Hauptsatz stehen oder gar den Hauptsatz unterbrechen:<\/p>\r\n<p style=\"padding-left: 40px;text-align: justify\"><em>Paris decernere noluit, quia iram dearum timuit.<\/em>\u00a0\u2014 Paris wollte sich nicht entscheiden, weil er den Zorn der G\u00f6ttinnen f\u00fcrchtete.<\/p>\r\n<p style=\"padding-left: 40px;text-align: justify\"><em>Quia iram dearum timuit, Paris decernere noluit. \u2014 <\/em>Weil er den Zorn der G\u00f6ttinnen f\u00fcrchtete, wollte sich Paris nicht entscheiden.<\/p>\r\n<p style=\"padding-left: 40px;text-align: justify\"><em>Paris, quia iram dearum timuit, decernere noluit.<\/em> \u2014 Paris, weil er den Zorn der G\u00f6ttinnen f\u00fcrchtete, wollte sich nicht entscheiden.<\/p>\r\n\r\n<h2>11.2 Die 5. Deklination<\/h2>\r\n<p style=\"text-align: justify\">Die Substantive der 5. Deklination, auch e-Deklination genannt, sind bis auf wenige Ausnahmen (<em>dies, diei m<\/em>\u00a0der Tag) feminin. Es handelt sich um eine relativ kleine Gruppe Substantive, aber vor allem <em>res, \u00a0rei f\u00a0<\/em>die Sache kommt oft vor. Ihre Formen lassen sich in vielen Aspekten mit denjenigen der 3. Deklination vergleichen.<\/p>\r\n\r\n<table>\r\n<tbody>\r\n<tr>\r\n<td style=\"width: 66px\"><\/td>\r\n<td class=\"shaded\" style=\"width: 152px\">Singular<\/td>\r\n<td class=\"shaded\" style=\"width: 160px\">Plural<\/td>\r\n<\/tr>\r\n<tr>\r\n<td class=\"shaded\" style=\"width: 66px\">Nom.<\/td>\r\n<td style=\"width: 152px\"><span style=\"color: #0000ff\">speci<\/span>-<span style=\"color: #ff0000\">\u0113s<\/span><\/td>\r\n<td style=\"width: 160px\"><span style=\"color: #0000ff\">speci<\/span>-<span style=\"color: #ff0000\">\u0113s<\/span><\/td>\r\n<\/tr>\r\n<tr>\r\n<td class=\"shaded\" style=\"width: 66px\">Akk.<\/td>\r\n<td style=\"width: 152px\"><span style=\"color: #0000ff\">speci<\/span>-<span style=\"color: #ff0000\">em<\/span><\/td>\r\n<td style=\"width: 160px\"><span style=\"color: #0000ff\">speci<\/span>-<span style=\"color: #ff0000\">\u0113s<\/span><\/td>\r\n<\/tr>\r\n<tr>\r\n<td class=\"shaded\" style=\"width: 66px\">Gen.<\/td>\r\n<td style=\"width: 152px\"><span style=\"color: #0000ff\">speci<\/span>-<span style=\"color: #ff0000\">e\u012b<\/span><\/td>\r\n<td style=\"width: 160px\"><span style=\"color: #0000ff\">speci<\/span>-<span style=\"color: #ff0000\">\u0113rum<\/span><\/td>\r\n<\/tr>\r\n<tr>\r\n<td class=\"shaded\" style=\"width: 66px\">Dat.<\/td>\r\n<td style=\"width: 152px\"><span style=\"color: #0000ff\">speci<\/span>-<span style=\"color: #ff0000\">e\u012b<\/span><\/td>\r\n<td style=\"width: 160px\"><span style=\"color: #0000ff\">speci<\/span>-<span style=\"color: #ff0000\">\u0113bus<\/span><\/td>\r\n<\/tr>\r\n<tr>\r\n<td class=\"shaded\" style=\"width: 66px\">Abl.<\/td>\r\n<td style=\"width: 152px\"><span style=\"color: #0000ff\">speci<\/span>-<span style=\"color: #ff0000\">\u0113<\/span><\/td>\r\n<td style=\"width: 160px\"><span style=\"color: #0000ff\">speci<\/span>-<span style=\"color: #ff0000\">\u0113bus<\/span><\/td>\r\n<\/tr>\r\n<\/tbody>\r\n<\/table>\r\n<h2>11.3 Die Formen des Verbs ferre<\/h2>\r\nDas Verb <em>ferre<\/em>\u00a0geh\u00f6rt zur 3. Konjugation, weist aber einige Besonderheiten auf:\r\n<p style=\"text-align: justify;padding-left: 40px\">Seine Stammformen <em>fero, tuli, latum\u00a0<\/em>verraten bereits, dass das Verb das Perfekt und das Partizip aus anderen St\u00e4mmen bildet.<\/p>\r\n<p style=\"text-align: justify;padding-left: 40px\">Im Pr\u00e4sens hat <em>ferre <\/em>nur in der 1. und 3. Person Plural einen <span style=\"color: #ff6600\">Bindevokal<\/span>.<\/p>\r\n\r\n<table style=\"margin-left: 40px\">\r\n<tbody style=\"padding-left: 40px\">\r\n<tr style=\"padding-left: 40px\">\r\n<td style=\"width: 99px;padding-left: 40px\"><\/td>\r\n<td class=\"shaded\" style=\"width: 112px;padding-left: 40px\">Singular<\/td>\r\n<td class=\"shaded\" style=\"width: 167px;padding-left: 40px\">Plural<\/td>\r\n<\/tr>\r\n<tr style=\"padding-left: 40px\">\r\n<td class=\"shaded\" style=\"width: 99px;padding-left: 40px\">1. Person<\/td>\r\n<td style=\"width: 112px;padding-left: 40px\"><span style=\"color: #0000ff\">fer<\/span>-<span style=\"color: #ff0000\">\u014d<\/span><\/td>\r\n<td style=\"width: 167px;padding-left: 40px\"><span style=\"color: #0000ff\">fer<\/span>-<span style=\"color: #ff6600\">i<\/span>-<span style=\"color: #ff0000\">mus<\/span><\/td>\r\n<\/tr>\r\n<tr style=\"padding-left: 40px\">\r\n<td class=\"shaded\" style=\"width: 99px;padding-left: 40px\">2. Person<\/td>\r\n<td style=\"width: 112px;padding-left: 40px\"><span style=\"color: #0000ff\">fer<\/span>-<span style=\"color: #ff0000\">s<\/span><\/td>\r\n<td style=\"width: 167px;padding-left: 40px\"><span style=\"color: #0000ff\">fer<\/span>-<span style=\"color: #ff0000\">tis<\/span><\/td>\r\n<\/tr>\r\n<tr style=\"padding-left: 40px\">\r\n<td class=\"shaded\" style=\"width: 99px;padding-left: 40px\">3. Person<\/td>\r\n<td style=\"width: 112px;padding-left: 40px\"><span style=\"color: #0000ff\">fer<\/span>-<span style=\"color: #ff0000\">t<\/span><\/td>\r\n<td style=\"width: 167px;padding-left: 40px\"><span style=\"color: #0000ff\">fer<\/span>-<span style=\"color: #ff6600\">u<\/span>-<span style=\"color: #ff0000\">nt<\/span><\/td>\r\n<\/tr>\r\n<tr style=\"padding-left: 40px\">\r\n<td class=\"shaded\" style=\"width: 99px;padding-left: 40px\">Imperativ<\/td>\r\n<td style=\"width: 112px;padding-left: 40px\"><span style=\"color: #0000ff\">fer<\/span>!<\/td>\r\n<td style=\"width: 167px;padding-left: 40px\"><span style=\"color: #0000ff\">fer<\/span>-<span style=\"color: #ff0000\">te<\/span>!<\/td>\r\n<\/tr>\r\n<\/tbody>\r\n<\/table>\r\n<p style=\"padding-left: 40px;text-align: justify\">Im Imperfekt wird \u2013 wie wir es f\u00fcr die 3. Konjugation erwarten \u2013 der Bindevokal <span style=\"color: #ff6600\">\u0113<\/span> eingef\u00fcgt: <span style=\"color: #0000ff\">fer<\/span>-<span style=\"color: #ff6600\">\u0113<\/span>-ba-<span style=\"color: #ff0000\">m<\/span>, <span style=\"color: #0000ff\">fer<\/span>-<span style=\"color: #ff6600\">\u0113<\/span>-ba-<span style=\"color: #ff0000\">s<\/span> etc.<\/p>\r\n<p style=\"padding-left: 40px\">Das Perfekt wird mit dem Perfektstamm <span style=\"color: #0000ff\">tul<\/span>- gebildet. Daraus ergeben sich die regelm\u00e4ssigen\u00a0Perfektformen: <span style=\"color: #0000ff\">tul<\/span>-<span style=\"color: #ff0000\">\u012b<\/span>, <span style=\"color: #0000ff\">tul<\/span>-<span style=\"color: #ff0000\">ist\u012b<\/span> etc.<\/p>","rendered":"<h1>11 Adverbiale Nebens\u00e4tze; 5. Deklination; ferre<\/h1>\n<p style=\"text-align: justify\">In dieser Lektion betrachten wir adverbiale Nebens\u00e4tze, lernen die 5. Deklination kennen und schauen uns die Konjugation des h\u00e4ufigen Verbs <em>ferre<\/em> an.<\/p>\n<h2>11.1 Der adverbiale Nebensatz<\/h2>\n<p style=\"text-align: justify\">Im Deutschen wie im Lateinischen gibt es Haupts\u00e4tze und Nebens\u00e4tze. Haupts\u00e4tze k\u00f6nnen f\u00fcr sich alleine stehen; Nebens\u00e4tze k\u00f6nnen nicht f\u00fcr sich alleine stehen: Sie sind immer von einem Hauptsatz abh\u00e4ngig.<\/p>\n<p style=\"text-align: justify\">Nebens\u00e4tze haben die Funktion eines Satzglieds: Ein <strong>adverbialer Nebensatz<\/strong> hat die Funktion eines Adverbiales, das heisst, er antwortet auf die Fragen <strong>Wann? Wo? Warum? Wie?<\/strong> etc. Die adverbialen Nebens\u00e4tze werden mit Subjunktionen an den Hauptsatz angef\u00fcgt. Im Gegensatz dazu verbinden Konjunktionen (<em>et<\/em>, <em>sed<\/em>, <em>nam<\/em>) zwei Haupts\u00e4tze miteinander. Mittels der <span style=\"color: #ff0000\">Fragen<\/span> kann die <span style=\"color: #0000ff\">Sinnrichtung<\/span> des Nebensatzes bestimmt werden:<\/p>\n<table style=\"width: 645px\">\n<tbody>\n<tr class=\"shaded\">\n<td style=\"width: 115.453125px\">Lat. Subjunktion<\/td>\n<td style=\"width: 100.40625px\">dt. Subjunktion<\/td>\n<td style=\"width: 172.65625px\">Frage<\/td>\n<td style=\"width: 202.765625px\">Sinnrichtung<\/td>\n<\/tr>\n<tr>\n<td style=\"width: 115.453125px\"><em>dum<\/em><\/td>\n<td style=\"width: 100.40625px\">w\u00e4hrend<\/td>\n<td style=\"width: 172.65625px\"><span style=\"color: #ff0000\">Wann?<\/span><\/td>\n<td style=\"width: 202.765625px\">Zeit \u2192 <span style=\"color: #0000ff\">temporal<\/span><\/td>\n<\/tr>\n<tr>\n<td style=\"width: 115.453125px\"><em>postquam<\/em><\/td>\n<td style=\"width: 100.40625px\">nachdem<\/td>\n<td style=\"width: 172.65625px\"><span style=\"color: #ff0000\">Wann?<\/span><\/td>\n<td style=\"width: 202.765625px\">Zeit\u00a0\u2192 <span style=\"color: #0000ff\">temporal<\/span><\/td>\n<\/tr>\n<tr>\n<td style=\"width: 115.453125px\"><em>ub\u012b<\/em><\/td>\n<td style=\"width: 100.40625px\">wo, sobald<\/td>\n<td style=\"width: 172.65625px\"><span style=\"color: #ff0000\">Wo?<\/span>\/<span style=\"color: #ff0000\">Wann?<\/span><\/td>\n<td style=\"width: 202.765625px\">Ort\/Zeit \u2192 <span style=\"color: #0000ff\">lokal<\/span>\/<span style=\"color: #0000ff\">temporal<\/span><\/td>\n<\/tr>\n<tr>\n<td style=\"width: 115.453125px\"><em>quia<\/em><\/td>\n<td style=\"width: 100.40625px\">weil<\/td>\n<td style=\"width: 172.65625px\"><span style=\"color: #ff0000\">Warum?<\/span><\/td>\n<td style=\"width: 202.765625px\">Grund \u2192 <span style=\"color: #0000ff\">kausal<\/span><\/td>\n<\/tr>\n<tr>\n<td style=\"width: 115.453125px\"><em>quamquam<\/em><\/td>\n<td style=\"width: 100.40625px\">obwohl<\/td>\n<td style=\"width: 172.65625px\"><span style=\"color: #ff0000\">Was spricht dagegen?<\/span><\/td>\n<td style=\"width: 202.765625px\">Gegensatz \u2192 <span style=\"color: #0000ff\">konzessiv<\/span><\/td>\n<\/tr>\n<tr>\n<td style=\"width: 115.453125px\"><em>s\u012b<\/em><\/td>\n<td style=\"width: 100.40625px\">falls<\/td>\n<td style=\"width: 172.65625px\"><span style=\"color: #ff0000\">Unter welcher Bedingung?<\/span><\/td>\n<td style=\"width: 202.765625px\">Bedingung \u2192 <span style=\"color: #0000ff\">konditional<\/span><\/td>\n<\/tr>\n<\/tbody>\n<\/table>\n<p style=\"text-align: justify\">Wie im Deutschen kann der Nebensatz auch im Lateinischen vor oder nach dem Hauptsatz stehen oder gar den Hauptsatz unterbrechen:<\/p>\n<p style=\"padding-left: 40px;text-align: justify\"><em>Paris decernere noluit, quia iram dearum timuit.<\/em>\u00a0\u2014 Paris wollte sich nicht entscheiden, weil er den Zorn der G\u00f6ttinnen f\u00fcrchtete.<\/p>\n<p style=\"padding-left: 40px;text-align: justify\"><em>Quia iram dearum timuit, Paris decernere noluit. \u2014 <\/em>Weil er den Zorn der G\u00f6ttinnen f\u00fcrchtete, wollte sich Paris nicht entscheiden.<\/p>\n<p style=\"padding-left: 40px;text-align: justify\"><em>Paris, quia iram dearum timuit, decernere noluit.<\/em> \u2014 Paris, weil er den Zorn der G\u00f6ttinnen f\u00fcrchtete, wollte sich nicht entscheiden.<\/p>\n<h2>11.2 Die 5. Deklination<\/h2>\n<p style=\"text-align: justify\">Die Substantive der 5. Deklination, auch e-Deklination genannt, sind bis auf wenige Ausnahmen (<em>dies, diei m<\/em>\u00a0der Tag) feminin. Es handelt sich um eine relativ kleine Gruppe Substantive, aber vor allem <em>res, \u00a0rei f\u00a0<\/em>die Sache kommt oft vor. Ihre Formen lassen sich in vielen Aspekten mit denjenigen der 3. Deklination vergleichen.<\/p>\n<table>\n<tbody>\n<tr>\n<td style=\"width: 66px\"><\/td>\n<td class=\"shaded\" style=\"width: 152px\">Singular<\/td>\n<td class=\"shaded\" style=\"width: 160px\">Plural<\/td>\n<\/tr>\n<tr>\n<td class=\"shaded\" style=\"width: 66px\">Nom.<\/td>\n<td style=\"width: 152px\"><span style=\"color: #0000ff\">speci<\/span>&#8211;<span style=\"color: #ff0000\">\u0113s<\/span><\/td>\n<td style=\"width: 160px\"><span style=\"color: #0000ff\">speci<\/span>&#8211;<span style=\"color: #ff0000\">\u0113s<\/span><\/td>\n<\/tr>\n<tr>\n<td class=\"shaded\" style=\"width: 66px\">Akk.<\/td>\n<td style=\"width: 152px\"><span style=\"color: #0000ff\">speci<\/span>&#8211;<span style=\"color: #ff0000\">em<\/span><\/td>\n<td style=\"width: 160px\"><span style=\"color: #0000ff\">speci<\/span>&#8211;<span style=\"color: #ff0000\">\u0113s<\/span><\/td>\n<\/tr>\n<tr>\n<td class=\"shaded\" style=\"width: 66px\">Gen.<\/td>\n<td style=\"width: 152px\"><span style=\"color: #0000ff\">speci<\/span>&#8211;<span style=\"color: #ff0000\">e\u012b<\/span><\/td>\n<td style=\"width: 160px\"><span style=\"color: #0000ff\">speci<\/span>&#8211;<span style=\"color: #ff0000\">\u0113rum<\/span><\/td>\n<\/tr>\n<tr>\n<td class=\"shaded\" style=\"width: 66px\">Dat.<\/td>\n<td style=\"width: 152px\"><span style=\"color: #0000ff\">speci<\/span>&#8211;<span style=\"color: #ff0000\">e\u012b<\/span><\/td>\n<td style=\"width: 160px\"><span style=\"color: #0000ff\">speci<\/span>&#8211;<span style=\"color: #ff0000\">\u0113bus<\/span><\/td>\n<\/tr>\n<tr>\n<td class=\"shaded\" style=\"width: 66px\">Abl.<\/td>\n<td style=\"width: 152px\"><span style=\"color: #0000ff\">speci<\/span>&#8211;<span style=\"color: #ff0000\">\u0113<\/span><\/td>\n<td style=\"width: 160px\"><span style=\"color: #0000ff\">speci<\/span>&#8211;<span style=\"color: #ff0000\">\u0113bus<\/span><\/td>\n<\/tr>\n<\/tbody>\n<\/table>\n<h2>11.3 Die Formen des Verbs ferre<\/h2>\n<p>Das Verb <em>ferre<\/em>\u00a0geh\u00f6rt zur 3. Konjugation, weist aber einige Besonderheiten auf:<\/p>\n<p style=\"text-align: justify;padding-left: 40px\">Seine Stammformen <em>fero, tuli, latum\u00a0<\/em>verraten bereits, dass das Verb das Perfekt und das Partizip aus anderen St\u00e4mmen bildet.<\/p>\n<p style=\"text-align: justify;padding-left: 40px\">Im Pr\u00e4sens hat <em>ferre <\/em>nur in der 1. und 3. Person Plural einen <span style=\"color: #ff6600\">Bindevokal<\/span>.<\/p>\n<table style=\"margin-left: 40px\">\n<tbody style=\"padding-left: 40px\">\n<tr style=\"padding-left: 40px\">\n<td style=\"width: 99px;padding-left: 40px\"><\/td>\n<td class=\"shaded\" style=\"width: 112px;padding-left: 40px\">Singular<\/td>\n<td class=\"shaded\" style=\"width: 167px;padding-left: 40px\">Plural<\/td>\n<\/tr>\n<tr style=\"padding-left: 40px\">\n<td class=\"shaded\" style=\"width: 99px;padding-left: 40px\">1. Person<\/td>\n<td style=\"width: 112px;padding-left: 40px\"><span style=\"color: #0000ff\">fer<\/span>&#8211;<span style=\"color: #ff0000\">\u014d<\/span><\/td>\n<td style=\"width: 167px;padding-left: 40px\"><span style=\"color: #0000ff\">fer<\/span>&#8211;<span style=\"color: #ff6600\">i<\/span>&#8211;<span style=\"color: #ff0000\">mus<\/span><\/td>\n<\/tr>\n<tr style=\"padding-left: 40px\">\n<td class=\"shaded\" style=\"width: 99px;padding-left: 40px\">2. Person<\/td>\n<td style=\"width: 112px;padding-left: 40px\"><span style=\"color: #0000ff\">fer<\/span>&#8211;<span style=\"color: #ff0000\">s<\/span><\/td>\n<td style=\"width: 167px;padding-left: 40px\"><span style=\"color: #0000ff\">fer<\/span>&#8211;<span style=\"color: #ff0000\">tis<\/span><\/td>\n<\/tr>\n<tr style=\"padding-left: 40px\">\n<td class=\"shaded\" style=\"width: 99px;padding-left: 40px\">3. Person<\/td>\n<td style=\"width: 112px;padding-left: 40px\"><span style=\"color: #0000ff\">fer<\/span>&#8211;<span style=\"color: #ff0000\">t<\/span><\/td>\n<td style=\"width: 167px;padding-left: 40px\"><span style=\"color: #0000ff\">fer<\/span>&#8211;<span style=\"color: #ff6600\">u<\/span>&#8211;<span style=\"color: #ff0000\">nt<\/span><\/td>\n<\/tr>\n<tr style=\"padding-left: 40px\">\n<td class=\"shaded\" style=\"width: 99px;padding-left: 40px\">Imperativ<\/td>\n<td style=\"width: 112px;padding-left: 40px\"><span style=\"color: #0000ff\">fer<\/span>!<\/td>\n<td style=\"width: 167px;padding-left: 40px\"><span style=\"color: #0000ff\">fer<\/span>&#8211;<span style=\"color: #ff0000\">te<\/span>!<\/td>\n<\/tr>\n<\/tbody>\n<\/table>\n<p style=\"padding-left: 40px;text-align: justify\">Im Imperfekt wird \u2013 wie wir es f\u00fcr die 3. Konjugation erwarten \u2013 der Bindevokal <span style=\"color: #ff6600\">\u0113<\/span> eingef\u00fcgt: <span style=\"color: #0000ff\">fer<\/span>&#8211;<span style=\"color: #ff6600\">\u0113<\/span>-ba-<span style=\"color: #ff0000\">m<\/span>, <span style=\"color: #0000ff\">fer<\/span>&#8211;<span style=\"color: #ff6600\">\u0113<\/span>-ba-<span style=\"color: #ff0000\">s<\/span> etc.<\/p>\n<p style=\"padding-left: 40px\">Das Perfekt wird mit dem Perfektstamm <span style=\"color: #0000ff\">tul<\/span>&#8211; gebildet. Daraus ergeben sich die regelm\u00e4ssigen\u00a0Perfektformen: <span style=\"color: #0000ff\">tul<\/span>&#8211;<span style=\"color: #ff0000\">\u012b<\/span>, <span style=\"color: #0000ff\">tul<\/span>&#8211;<span style=\"color: #ff0000\">ist\u012b<\/span> etc.<\/p>\n","protected":false},"author":700,"menu_order":8,"template":"","meta":{"pb_show_title":"on","pb_short_title":"","pb_subtitle":"","pb_authors":[],"pb_section_license":""},"chapter-type":[],"contributor":[],"license":[],"class_list":["post-1051","chapter","type-chapter","status-publish","hentry"],"part":968,"_links":{"self":[{"href":"https:\/\/dlf.uzh.ch\/openbooks\/amor\/wp-json\/pressbooks\/v2\/chapters\/1051"}],"collection":[{"href":"https:\/\/dlf.uzh.ch\/openbooks\/amor\/wp-json\/pressbooks\/v2\/chapters"}],"about":[{"href":"https:\/\/dlf.uzh.ch\/openbooks\/amor\/wp-json\/wp\/v2\/types\/chapter"}],"author":[{"embeddable":true,"href":"https:\/\/dlf.uzh.ch\/openbooks\/amor\/wp-json\/wp\/v2\/users\/700"}],"version-history":[{"count":14,"href":"https:\/\/dlf.uzh.ch\/openbooks\/amor\/wp-json\/pressbooks\/v2\/chapters\/1051\/revisions"}],"predecessor-version":[{"id":4114,"href":"https:\/\/dlf.uzh.ch\/openbooks\/amor\/wp-json\/pressbooks\/v2\/chapters\/1051\/revisions\/4114"}],"part":[{"href":"https:\/\/dlf.uzh.ch\/openbooks\/amor\/wp-json\/pressbooks\/v2\/parts\/968"}],"metadata":[{"href":"https:\/\/dlf.uzh.ch\/openbooks\/amor\/wp-json\/pressbooks\/v2\/chapters\/1051\/metadata\/"}],"wp:attachment":[{"href":"https:\/\/dlf.uzh.ch\/openbooks\/amor\/wp-json\/wp\/v2\/media?parent=1051"}],"wp:term":[{"taxonomy":"chapter-type","embeddable":true,"href":"https:\/\/dlf.uzh.ch\/openbooks\/amor\/wp-json\/pressbooks\/v2\/chapter-type?post=1051"},{"taxonomy":"contributor","embeddable":true,"href":"https:\/\/dlf.uzh.ch\/openbooks\/amor\/wp-json\/wp\/v2\/contributor?post=1051"},{"taxonomy":"license","embeddable":true,"href":"https:\/\/dlf.uzh.ch\/openbooks\/amor\/wp-json\/wp\/v2\/license?post=1051"}],"curies":[{"name":"wp","href":"https:\/\/api.w.org\/{rel}","templated":true}]}}